{"id":14636,"date":"2024-09-26T12:59:08","date_gmt":"2024-09-26T10:59:08","guid":{"rendered":"https:\/\/www.mission-21.org\/?page_id=14636"},"modified":"2026-04-23T10:08:01","modified_gmt":"2026-04-23T08:08:01","slug":"events-3","status":"publish","type":"page","link":"https:\/\/www.mission-21.org\/en\/was-wir-tun\/bildungsveranstaltungen\/","title":{"rendered":"Educational Events"},"content":{"rendered":"<figure itemscope itemtype=\"https:\/\/schema.org\/ImageObject\">\n\t\t\t\t<img decoding=\"async\" src=\"https:\/\/www.mission-21.org\/wp-content\/uploads\/2022\/08\/csm_header_news_d521d70e38.jpeg\" alt=\"csm header news d521d70e38\" height=\"688\" width=\"1680\" title=\"csm_Header_News_d521d70e38\" onerror=\"this.style.display='none'\" loading=\"lazy\" \/>\n\t<\/figure>\n\t\t\t<h1>Info Box<\/h1>\t\t\t\n\t\t\t\t<p>Are you interested in topics such as interreligious cooperation and transcultural exchange? Are you interested in current issues that challenge us in our complex global world? Here you will find numerous events that will broaden your horizons and inspire your everyday life. Our educational work is EduQua certified.<\/p>\n<figure itemscope itemtype=\"https:\/\/schema.org\/ImageObject\">\n\t\t\t\t<img decoding=\"async\" src=\"https:\/\/www.mission-21.org\/wp-content\/uploads\/2022\/08\/csm_eduqua_logo.svg_a0d3023d4c.png\" alt=\"csm eduqua logo.svg a0d3023d4c\" height=\"30\" width=\"84\" title=\"csm_EduQua_Logo.svg_a0d3023d4c\" onerror=\"this.style.display='none'\" loading=\"lazy\" \/>\n\t<\/figure>\n\t<section>\n  <h2>\n    New webinar series \u201eGlobal Voices - Acting Together for Peace\u201c\n  <\/h2>\n  \n    Our new webinar series \u201eGlobal Voices - Acting Together for Peace\u201c ties in thematically with the International Forum 2025 entitled \u00abPeace on Earth. Peace with the Earth\u00bb. We are asking for a respectful and sustainable relationship with the earth and its elements. We want to confront the alienation between humans and nature and find common paths for peace, justice and sustainability. The series comprises three coordinated webinars on \u201eEarth\u201c, \u201eWater\u201c and \u201eFire\u201c, which complement each other thematically, but can also be attended independently of each other.\n  \n  <!-- Orangefarbener Button unten rechts -->\n  <a href=\"https:\/\/www.mission-21.org\/en\/event\/the-dignity-of-water-sacred-rivers\/\" \n     style=\"display:inline-block;position:absolute;right:0;bottom:0;            background:#E87722;color:#fff;padding:12px 20px;text-decoration:none;            font-weight:600;transition:background 0.25s;\">\n    Learn more\n  <\/a>\n<\/section>\n<!-- Hover-Farbe -->\n<style>\n.forum-recap-intro a:hover {\n  background:#cc5f10;\n}\n<\/style>\n<h2>\n\t\t\tUpcoming events\t<\/h2>\n\t<meta itemscope itemprop=\"mainEntityOfPage\" itemtype=\"https:\/\/schema.org\/WebPage\" itemid=\"https:\/\/www.mission-21.org\/veranstaltung\/plattform-weltsicht-2\/\" content=\"Abgesagt: Plattform Weltsicht\" \/><meta itemprop=\"datePublished\" content=\"2025-12-08\" \/><meta itemprop=\"dateModified\" content=\"2026-04-20\" \/><meta itemprop=\"name\" content=\"Mission 21\"\/><meta itemprop=\"url\" content=\"https:\/\/www.mission-21.org\/wp-content\/uploads\/2022\/08\/de-blau.svg\"\/><meta itemprop=\"url\" content=\"https:\/\/www.mission-21.org\/author\/betuel\/\" \/><meta itemprop=\"name\" content=\"Bet\u00fcl Cam\" \/><meta itemprop=\"url\" content=\"https:\/\/www.mission-21.org\/wp-content\/uploads\/2025\/07\/rundbrief_johanna_drach_nr__2-scaled-min.jpg\" \/><meta itemprop=\"width\" content=\"2000\" \/><meta itemprop=\"height\" content=\"1331\" \/><meta itemprop=\"interactionType\" content=\"https:\/\/schema.org\/CommentAction\" \/><meta itemprop=\"userInteractionCount\" content=\"0\" \/><h4><a href='https:\/\/www.mission-21.org\/en\/event\/platform-worldview-2\/' title='Canceled: Platform world view'>Canceled: Platform world view<\/a><\/h4>\n\t<a href='https:\/\/www.mission-21.org\/en\/event\/platform-worldview-2\/' title='Canceled: Platform world view'><img width=\"1200\" height=\"799\" src=\"https:\/\/www.mission-21.org\/wp-content\/uploads\/2025\/07\/rundbrief_johanna_drach_nr__2-scaled-min-1200x799.jpg\" alt=\"newsletter johanna drach no 2 scaled min\" itemprop=\"image\" decoding=\"async\" srcset=\"https:\/\/www.mission-21.org\/wp-content\/uploads\/2025\/07\/rundbrief_johanna_drach_nr__2-scaled-min-1200x799.jpg 1200w, https:\/\/www.mission-21.org\/wp-content\/uploads\/2025\/07\/rundbrief_johanna_drach_nr__2-scaled-min-900x599.jpg 900w, https:\/\/www.mission-21.org\/wp-content\/uploads\/2025\/07\/rundbrief_johanna_drach_nr__2-scaled-min-768x511.jpg 768w, https:\/\/www.mission-21.org\/wp-content\/uploads\/2025\/07\/rundbrief_johanna_drach_nr__2-scaled-min-1536x1022.jpg 1536w, https:\/\/www.mission-21.org\/wp-content\/uploads\/2025\/07\/rundbrief_johanna_drach_nr__2-scaled-min-18x12.jpg 18w, https:\/\/www.mission-21.org\/wp-content\/uploads\/2025\/07\/rundbrief_johanna_drach_nr__2-scaled-min-300x200.jpg 300w, https:\/\/www.mission-21.org\/wp-content\/uploads\/2025\/07\/rundbrief_johanna_drach_nr__2-scaled-min-600x399.jpg 600w, https:\/\/www.mission-21.org\/wp-content\/uploads\/2025\/07\/rundbrief_johanna_drach_nr__2-scaled-min.jpg 2000w\" sizes=\"(max-width: 1200px) 100vw, 1200px\" \/><\/a>\n    \t<p>At the annual World View platform, church employees and other interested parties are given an insight into the wide range of services offered by Mission 21 for their own activities. The platform is based on Mission 21's campaign - this year on the topic of \"Standing up for human rights: empowering people affected by violence, promoting self-determination\". The campaign focuses on projects for the prevention of violence and for acute care and self-determination in Peru, Bolivia and Indonesia. <\/p>\n     April 23, 2026 \n\t<meta itemscope itemprop=\"mainEntityOfPage\" itemtype=\"https:\/\/schema.org\/WebPage\" itemid=\"https:\/\/www.mission-21.org\/veranstaltung\/die-wuerde-des-wassers-heilige-fluesse\/\" content=\"Die W\u00fcrde des Wassers &#8211; Heilige Fl\u00fcsse und Seen\" \/><meta itemprop=\"datePublished\" content=\"2025-12-03\" \/><meta itemprop=\"dateModified\" content=\"2026-04-14\" \/><meta itemprop=\"name\" content=\"Mission 21\"\/><meta itemprop=\"url\" content=\"https:\/\/www.mission-21.org\/wp-content\/uploads\/2022\/08\/de-blau.svg\"\/><meta itemprop=\"url\" content=\"https:\/\/www.mission-21.org\/author\/martin-vonwylmission-21-org\/\" \/><meta itemprop=\"name\" content=\"Martin von Wyl\" \/><meta itemprop=\"url\" content=\"https:\/\/www.mission-21.org\/wp-content\/uploads\/2025\/12\/img_themenfoto_webinar-global-voices-3_20251113_cwe.jpg\" \/><meta itemprop=\"width\" content=\"1600\" \/><meta itemprop=\"height\" content=\"1200\" \/><meta itemprop=\"interactionType\" content=\"https:\/\/schema.org\/CommentAction\" \/><meta itemprop=\"userInteractionCount\" content=\"0\" \/><h4><a href='https:\/\/www.mission-21.org\/en\/event\/the-dignity-of-water-sacred-rivers\/' title='The dignity of water - sacred rivers and lakes'>The dignity of water - sacred rivers and lakes<\/a><\/h4>\n\t<a href='https:\/\/www.mission-21.org\/en\/event\/the-dignity-of-water-sacred-rivers\/' title='The dignity of water - sacred rivers and lakes'><img width=\"1200\" height=\"900\" src=\"https:\/\/www.mission-21.org\/wp-content\/uploads\/2025\/12\/img_themenfoto_webinar-global-voices-3_20251113_cwe-1200x900.jpg\" alt=\"A split-screen image of a woman drawing water in Indonesia, a farmer in South Sudan and a girl sitting behind a barbecue fire.\" itemprop=\"image\" decoding=\"async\" srcset=\"https:\/\/www.mission-21.org\/wp-content\/uploads\/2025\/12\/img_themenfoto_webinar-global-voices-3_20251113_cwe-1200x900.jpg 1200w, https:\/\/www.mission-21.org\/wp-content\/uploads\/2025\/12\/img_themenfoto_webinar-global-voices-3_20251113_cwe-900x675.jpg 900w, https:\/\/www.mission-21.org\/wp-content\/uploads\/2025\/12\/img_themenfoto_webinar-global-voices-3_20251113_cwe-768x576.jpg 768w, https:\/\/www.mission-21.org\/wp-content\/uploads\/2025\/12\/img_themenfoto_webinar-global-voices-3_20251113_cwe-1536x1152.jpg 1536w, https:\/\/www.mission-21.org\/wp-content\/uploads\/2025\/12\/img_themenfoto_webinar-global-voices-3_20251113_cwe-16x12.jpg 16w, https:\/\/www.mission-21.org\/wp-content\/uploads\/2025\/12\/img_themenfoto_webinar-global-voices-3_20251113_cwe-300x225.jpg 300w, https:\/\/www.mission-21.org\/wp-content\/uploads\/2025\/12\/img_themenfoto_webinar-global-voices-3_20251113_cwe-600x450.jpg 600w, https:\/\/www.mission-21.org\/wp-content\/uploads\/2025\/12\/img_themenfoto_webinar-global-voices-3_20251113_cwe.jpg 1600w\" sizes=\"(max-width: 1200px) 100vw, 1200px\" \/><\/a>\n    \t<p>In our new webinar series \u201cGlobal Voices - Acting Together for Peace\u201d, we ask about a respectful and sustainable relationship with the earth and its elements, earth, water and fire. This second webinar in the series focuses on the connection of indigenous communities to water and on examples and possibilities of water protection. <\/p>\n     May 12, 2026 \n\t<meta itemscope itemprop=\"mainEntityOfPage\" itemtype=\"https:\/\/schema.org\/WebPage\" itemid=\"https:\/\/www.mission-21.org\/veranstaltung\/stadtfuhrung-de-koloniale-kunst-in-basel\/\" content=\"Stadtf\u00fchrung: (De-)Koloniale Kunst in Basel\" \/><meta itemprop=\"datePublished\" content=\"2025-12-08\" \/><meta itemprop=\"dateModified\" content=\"2026-04-16\" \/><meta itemprop=\"name\" content=\"Mission 21\"\/><meta itemprop=\"url\" content=\"https:\/\/www.mission-21.org\/wp-content\/uploads\/2022\/08\/de-blau.svg\"\/><meta itemprop=\"url\" content=\"https:\/\/www.mission-21.org\/author\/monika\/\" \/><meta itemprop=\"name\" content=\"Monika Di Pietrantonio\" \/><meta itemprop=\"url\" content=\"https:\/\/www.mission-21.org\/wp-content\/uploads\/2023\/06\/img_kolonialismus-basel_20230614_cwe.jpg\" \/><meta itemprop=\"width\" content=\"1500\" \/><meta itemprop=\"height\" content=\"1125\" \/><meta itemprop=\"interactionType\" content=\"https:\/\/schema.org\/CommentAction\" \/><meta itemprop=\"userInteractionCount\" content=\"0\" \/><h4><a href='https:\/\/www.mission-21.org\/en\/event\/city-tour-of-colonial-art-in-basel\/' title='City tour: (De-)colonial art in Basel'>City tour: (De-)colonial art in Basel<\/a><\/h4>\n\t<a href='https:\/\/www.mission-21.org\/en\/event\/city-tour-of-colonial-art-in-basel\/' title='City tour: (De-)colonial art in Basel'><img width=\"1200\" height=\"900\" src=\"https:\/\/www.mission-21.org\/wp-content\/uploads\/2023\/06\/img_kolonialismus-basel_20230614_cwe-1200x900.jpg\" alt=\"img colonialism basel 20230614 cwe\" itemprop=\"image\" decoding=\"async\" srcset=\"https:\/\/www.mission-21.org\/wp-content\/uploads\/2023\/06\/img_kolonialismus-basel_20230614_cwe-1200x900.jpg 1200w, https:\/\/www.mission-21.org\/wp-content\/uploads\/2023\/06\/img_kolonialismus-basel_20230614_cwe-900x675.jpg 900w, https:\/\/www.mission-21.org\/wp-content\/uploads\/2023\/06\/img_kolonialismus-basel_20230614_cwe-768x576.jpg 768w, https:\/\/www.mission-21.org\/wp-content\/uploads\/2023\/06\/img_kolonialismus-basel_20230614_cwe-16x12.jpg 16w, https:\/\/www.mission-21.org\/wp-content\/uploads\/2023\/06\/img_kolonialismus-basel_20230614_cwe-300x225.jpg 300w, https:\/\/www.mission-21.org\/wp-content\/uploads\/2023\/06\/img_kolonialismus-basel_20230614_cwe-600x450.jpg 600w, https:\/\/www.mission-21.org\/wp-content\/uploads\/2023\/06\/img_kolonialismus-basel_20230614_cwe.jpg 1500w\" sizes=\"(max-width: 1200px) 100vw, 1200px\" \/><\/a>\n    \t<p>Why does the world's most important art fair take place in Basel and why was there a \u201cPicasso affair\u201d here? Mission 21's new city tour takes you to famous and unknown works of art and their connection to (de)colonialism in Basel.<\/p>\n     May 22, 2026 \n\t<meta itemscope itemprop=\"mainEntityOfPage\" itemtype=\"https:\/\/schema.org\/WebPage\" itemid=\"https:\/\/www.mission-21.org\/veranstaltung\/get-together-3\/\" content=\"Get-together\" \/><meta itemprop=\"datePublished\" content=\"2025-12-02\" \/><meta itemprop=\"dateModified\" content=\"2026-04-09\" \/><meta itemprop=\"name\" content=\"Mission 21\"\/><meta itemprop=\"url\" content=\"https:\/\/www.mission-21.org\/wp-content\/uploads\/2022\/08\/de-blau.svg\"\/><meta itemprop=\"url\" content=\"https:\/\/www.mission-21.org\/author\/nina\/\" \/><meta itemprop=\"name\" content=\"Nina Rusch\" \/><meta itemprop=\"url\" content=\"https:\/\/www.mission-21.org\/wp-content\/uploads\/2025\/08\/250818_m21_keyvisual_gettogether_font_cmyk_rz.png\" \/><meta itemprop=\"width\" content=\"4311\" \/><meta itemprop=\"height\" content=\"2070\" \/><meta itemprop=\"interactionType\" content=\"https:\/\/schema.org\/CommentAction\" \/><meta itemprop=\"userInteractionCount\" content=\"0\" \/><h4><a href='https:\/\/www.mission-21.org\/en\/event\/get-together-3\/' title='Get-together'>Get-together<\/a><\/h4>\n\t<a href='https:\/\/www.mission-21.org\/en\/event\/get-together-3\/' title='Get-together'><img width=\"1200\" height=\"576\" src=\"https:\/\/www.mission-21.org\/wp-content\/uploads\/2025\/08\/250818_m21_keyvisual_gettogether_font_cmyk_rz-1200x576.png\" alt=\"250818 m21 keyvisual gettogether font cmyk rz\" itemprop=\"image\" decoding=\"async\" srcset=\"https:\/\/www.mission-21.org\/wp-content\/uploads\/2025\/08\/250818_m21_keyvisual_gettogether_font_cmyk_rz-1200x576.png 1200w, https:\/\/www.mission-21.org\/wp-content\/uploads\/2025\/08\/250818_m21_keyvisual_gettogether_font_cmyk_rz-900x432.png 900w, https:\/\/www.mission-21.org\/wp-content\/uploads\/2025\/08\/250818_m21_keyvisual_gettogether_font_cmyk_rz-768x369.png 768w, https:\/\/www.mission-21.org\/wp-content\/uploads\/2025\/08\/250818_m21_keyvisual_gettogether_font_cmyk_rz-1536x738.png 1536w, https:\/\/www.mission-21.org\/wp-content\/uploads\/2025\/08\/250818_m21_keyvisual_gettogether_font_cmyk_rz-2048x983.png 2048w, https:\/\/www.mission-21.org\/wp-content\/uploads\/2025\/08\/250818_m21_keyvisual_gettogether_font_cmyk_rz-18x9.png 18w, https:\/\/www.mission-21.org\/wp-content\/uploads\/2025\/08\/250818_m21_keyvisual_gettogether_font_cmyk_rz-300x144.png 300w, https:\/\/www.mission-21.org\/wp-content\/uploads\/2025\/08\/250818_m21_keyvisual_gettogether_font_cmyk_rz-600x288.png 600w\" sizes=\"(max-width: 1200px) 100vw, 1200px\" \/><\/a>\n    \t<p>The \"Get-together\" of young@mission21 facilitates regular exchange between young adults worldwide. The format is closely linked to our podcast Young Voices and offers space for exchange, discussion and questions about the topics covered in the podcast.<\/p>\n     May 30, 2026 \n\t<meta itemscope itemprop=\"mainEntityOfPage\" itemtype=\"https:\/\/schema.org\/WebPage\" itemid=\"https:\/\/www.mission-21.org\/veranstaltung\/die-wuerde-des-feuers-energie-und-spiritualitaet\/\" content=\"Die W\u00fcrde des Feuers &#8211; Energie und Spiritualit\u00e4t\" \/><meta itemprop=\"datePublished\" content=\"2026-02-13\" \/><meta itemprop=\"dateModified\" content=\"2026-04-20\" \/><meta itemprop=\"name\" content=\"Mission 21\"\/><meta itemprop=\"url\" content=\"https:\/\/www.mission-21.org\/wp-content\/uploads\/2022\/08\/de-blau.svg\"\/><meta itemprop=\"url\" content=\"https:\/\/www.mission-21.org\/author\/monika\/\" \/><meta itemprop=\"name\" content=\"Monika Di Pietrantonio\" \/><meta itemprop=\"url\" content=\"https:\/\/www.mission-21.org\/wp-content\/uploads\/2025\/12\/img_themenfoto_webinar-global-voices-3_20251113_cwe.jpg\" \/><meta itemprop=\"width\" content=\"1600\" \/><meta itemprop=\"height\" content=\"1200\" \/><meta itemprop=\"interactionType\" content=\"https:\/\/schema.org\/CommentAction\" \/><meta itemprop=\"userInteractionCount\" content=\"0\" \/><h4><a href='https:\/\/www.mission-21.org\/en\/event\/the-power-of-fire-energy-and-spirituality\/' title='The dignity of fire - energy and spirituality'>The dignity of fire - energy and spirituality<\/a><\/h4>\n\t<a href='https:\/\/www.mission-21.org\/en\/event\/the-power-of-fire-energy-and-spirituality\/' title='The dignity of fire - energy and spirituality'><img width=\"1200\" height=\"900\" src=\"https:\/\/www.mission-21.org\/wp-content\/uploads\/2025\/12\/img_themenfoto_webinar-global-voices-3_20251113_cwe-1200x900.jpg\" alt=\"A split-screen image of a woman drawing water in Indonesia, a farmer in South Sudan and a girl sitting behind a barbecue fire.\" itemprop=\"image\" decoding=\"async\" srcset=\"https:\/\/www.mission-21.org\/wp-content\/uploads\/2025\/12\/img_themenfoto_webinar-global-voices-3_20251113_cwe-1200x900.jpg 1200w, https:\/\/www.mission-21.org\/wp-content\/uploads\/2025\/12\/img_themenfoto_webinar-global-voices-3_20251113_cwe-900x675.jpg 900w, https:\/\/www.mission-21.org\/wp-content\/uploads\/2025\/12\/img_themenfoto_webinar-global-voices-3_20251113_cwe-768x576.jpg 768w, https:\/\/www.mission-21.org\/wp-content\/uploads\/2025\/12\/img_themenfoto_webinar-global-voices-3_20251113_cwe-1536x1152.jpg 1536w, https:\/\/www.mission-21.org\/wp-content\/uploads\/2025\/12\/img_themenfoto_webinar-global-voices-3_20251113_cwe-16x12.jpg 16w, https:\/\/www.mission-21.org\/wp-content\/uploads\/2025\/12\/img_themenfoto_webinar-global-voices-3_20251113_cwe-300x225.jpg 300w, https:\/\/www.mission-21.org\/wp-content\/uploads\/2025\/12\/img_themenfoto_webinar-global-voices-3_20251113_cwe-600x450.jpg 600w, https:\/\/www.mission-21.org\/wp-content\/uploads\/2025\/12\/img_themenfoto_webinar-global-voices-3_20251113_cwe.jpg 1600w\" sizes=\"(max-width: 1200px) 100vw, 1200px\" \/><\/a>\n    \t<p>In our new webinar series \u201eGlobal Voices - Acting Together for Peace\u201c we ask for a respectful and sustainable relationship with the earth and its elements, earth, water and fire. In this third webinar of the series, we look at the connection of indigenous communities to fire and our spiritual attitude towards energy and resource consumption.<\/p>\n     September 26, 2026 \n<h2>\n\t\t\tArchive\t<\/h2>\n<figure itemscope itemtype=\"https:\/\/schema.org\/ImageObject\">\n\t\t\t\t<a href=\"https:\/\/www.mission-21.org\/en\/what-we-do\/archive-events\/\"  target=\"_self\" itemprop=\"url\">\n\t\t\t\t<img decoding=\"async\" src=\"https:\/\/www.mission-21.org\/wp-content\/uploads\/2026\/04\/frauenkonferenz-2019_-gruppenbild.jpg\" alt=\"women&#039;s conference 2019: group picture\" height=\"1333\" width=\"2000\" title=\"Women&#039;s Conference 2019: Group picture\" onerror=\"this.style.display='none'\" loading=\"lazy\" \/>\n\t\t\t\t<\/a>\n\t<\/figure>\n\t\t<p>Here you will find reviews of past events. Numerous events are also available as full-length video recordings and can be watched free of charge. <\/p>\n<p>In particular, you will find the sessions of the webinar series \"<a href=\"https:\/\/www.mission-21.org\/en\/what-we-do\/events\/mission-colonialism-revisited\/\" target=\"_blank\" rel=\"noopener\"><strong>Mission - Colonialism Revisited<\/strong><\/a>\", which provide critical and transparent insights into the intertwined history of mission and colonialism. <\/p>\n<p>If you have any questions or suggestions, we look forward to hearing from you.<\/p>","protected":false},"excerpt":{"rendered":"<p>Info Box Interessieren Sie sich f\u00fcr Themen wie interreligi\u00f6se Zusammenarbeit und transkulturellen Austausch? F\u00fcr aktuelle Themen, die uns in unserer komplexen globalen Welt herausfordern? Hier finden Sie zahlreiche Veranstaltungen, die Ihren Horizont weiten und Ihren Alltag inspirieren. Unsere Bildungsarbeit ist EduQua zertifiziert. Neue Webinarreihe &#8222;Global Voices &#8211; Acting Together for Peace&#8220; Unsere neue Webinar-Reihe &#8222;Global [&hellip;]<\/p>\n","protected":false},"author":6,"featured_media":2108,"parent":205,"menu_order":0,"comment_status":"closed","ping_status":"closed","template":"","meta":{"_acf_changed":false,"_seopress_robots_primary_cat":"","_seopress_titles_title":"","_seopress_titles_desc":"","_seopress_robots_index":"","_searchwp_excluded":"","site-sidebar-layout":"default","site-content-layout":"","ast-site-content-layout":"default","site-content-style":"default","site-sidebar-style":"default","ast-global-header-display":"","ast-banner-title-visibility":"","ast-main-header-display":"","ast-hfb-above-header-display":"","ast-hfb-below-header-display":"","ast-hfb-mobile-header-display":"","site-post-title":"","ast-breadcrumbs-content":"","ast-featured-img":"","footer-sml-layout":"","ast-disable-related-posts":"","theme-transparent-header-meta":"","adv-header-id-meta":"","stick-header-meta":"","header-above-stick-meta":"","header-main-stick-meta":"","header-below-stick-meta":"","astra-migrate-meta-layouts":"set","ast-page-background-enabled":"default","ast-page-background-meta":{"desktop":{"background-color":"var(--ast-global-color-4)","background-image":"","background-repeat":"repeat","background-position":"center center","background-size":"auto","background-attachment":"scroll","background-type":"","background-media":"","overlay-type":"","overlay-color":"","overlay-opacity":"","overlay-gradient":""},"tablet":{"background-color":"","background-image":"","background-repeat":"repeat","background-position":"center center","background-size":"auto","background-attachment":"scroll","background-type":"","background-media":"","overlay-type":"","overlay-color":"","overlay-opacity":"","overlay-gradient":""},"mobile":{"background-color":"","background-image":"","background-repeat":"repeat","background-position":"center center","background-size":"auto","background-attachment":"scroll","background-type":"","background-media":"","overlay-type":"","overlay-color":"","overlay-opacity":"","overlay-gradient":""}},"ast-content-background-meta":{"desktop":{"background-color":"var(--ast-global-color-5)","background-image":"","background-repeat":"repeat","background-position":"center center","background-size":"auto","background-attachment":"scroll","background-type":"","background-media":"","overlay-type":"","overlay-color":"","overlay-opacity":"","overlay-gradient":""},"tablet":{"background-color":"var(--ast-global-color-5)","background-image":"","background-repeat":"repeat","background-position":"center center","background-size":"auto","background-attachment":"scroll","background-type":"","background-media":"","overlay-type":"","overlay-color":"","overlay-opacity":"","overlay-gradient":""},"mobile":{"background-color":"var(--ast-global-color-5)","background-image":"","background-repeat":"repeat","background-position":"center center","background-size":"auto","background-attachment":"scroll","background-type":"","background-media":"","overlay-type":"","overlay-color":"","overlay-opacity":"","overlay-gradient":""}},"iawp_total_views":2574,"footnotes":""},"hf_cat_page":[300],"class_list":["post-14636","page","type-page","status-publish","has-post-thumbnail"],"acf":[],"_links":{"self":[{"href":"https:\/\/www.mission-21.org\/en\/wp-json\/wp\/v2\/pages\/14636","targetHints":{"allow":["GET"]}}],"collection":[{"href":"https:\/\/www.mission-21.org\/en\/wp-json\/wp\/v2\/pages"}],"about":[{"href":"https:\/\/www.mission-21.org\/en\/wp-json\/wp\/v2\/types\/page"}],"author":[{"embeddable":true,"href":"https:\/\/www.mission-21.org\/en\/wp-json\/wp\/v2\/users\/6"}],"replies":[{"embeddable":true,"href":"https:\/\/www.mission-21.org\/en\/wp-json\/wp\/v2\/comments?post=14636"}],"version-history":[{"count":11,"href":"https:\/\/www.mission-21.org\/en\/wp-json\/wp\/v2\/pages\/14636\/revisions"}],"predecessor-version":[{"id":20315,"href":"https:\/\/www.mission-21.org\/en\/wp-json\/wp\/v2\/pages\/14636\/revisions\/20315"}],"up":[{"embeddable":true,"href":"https:\/\/www.mission-21.org\/en\/wp-json\/wp\/v2\/pages\/205"}],"wp:featuredmedia":[{"embeddable":true,"href":"https:\/\/www.mission-21.org\/en\/wp-json\/wp\/v2\/media\/2108"}],"wp:attachment":[{"href":"https:\/\/www.mission-21.org\/en\/wp-json\/wp\/v2\/media?parent=14636"}],"wp:term":[{"taxonomy":"hf_cat_page","embeddable":true,"href":"https:\/\/www.mission-21.org\/en\/wp-json\/wp\/v2\/hf_cat_page?post=14636"}],"curies":[{"name":"wp","href":"https:\/\/api.w.org\/{rel}","templated":true}]}}