{"id":2107,"date":"2022-09-12T10:56:49","date_gmt":"2022-09-12T08:56:49","guid":{"rendered":"https:\/\/www.mission-21.org\/?page_id=2107"},"modified":"2025-11-06T09:57:41","modified_gmt":"2025-11-06T08:57:41","slug":"events","status":"publish","type":"page","link":"https:\/\/www.mission-21.org\/en\/was-wir-tun\/veranstaltungen\/","title":{"rendered":"Events"},"content":{"rendered":"<img decoding=\"async\" src=\"https:\/\/www.mission-21.org\/wp-content\/uploads\/2022\/08\/csm_header_news_d521d70e38.jpeg\" alt=\"csm header news d521d70e38\" itemprop=\"image\" height=\"688\" width=\"1680\" title=\"csm_Header_News_d521d70e38\" onerror=\"this.style.display='none'\"  \/>\n\t\t\t<h1>Info Box<\/h1>\t\t\t\n\t\t\t\t<p>Are you interested in topics such as interreligious cooperation and intercultural exchange? For current issues that challenge us in our complex global world? Here you will find numerous events that will broaden your horizons and inspire your everyday life. Our educational work is EduQua certified.<\/p>\n\t\t\t\t<img decoding=\"async\" src=\"https:\/\/www.mission-21.org\/wp-content\/uploads\/2022\/08\/csm_eduqua_logo.svg_a0d3023d4c.png\" alt=\"csm eduqua logo.svg a0d3023d4c\" itemprop=\"image\" height=\"30\" width=\"84\" title=\"csm_EduQua_Logo.svg_a0d3023d4c\" onerror=\"this.style.display='none'\"  \/>\n<h2>\n\t\tCurrent events\n\t<\/h2>\n\t<meta itemscope itemprop=\"mainEntityOfPage\" itemtype=\"https:\/\/schema.org\/WebPage\" itemid=\"https:\/\/www.mission-21.org\/veranstaltung\/youth-summit-2024-young-voices-intergenerational-meetup\/\" content=\"Ehemaligentag meets Youth Summit \"young voices. intergenerational meetup\"\" \/><meta itemprop=\"datePublished\" content=\"2024-01-10\" \/><meta itemprop=\"dateModified\" content=\"2024-01-22\" \/><meta itemprop=\"name\" content=\"Mission 21\"\/><meta itemprop=\"url\" content=\"https:\/\/www.mission-21.org\/wp-content\/uploads\/2022\/08\/de-blau.svg\"\/><meta itemprop=\"url\" content=\"https:\/\/www.mission-21.org\/author\/samuel\/\" \/><meta itemprop=\"name\" content=\"Samuel Rink\" \/><meta itemprop=\"url\" content=\"https:\/\/www.mission-21.org\/wp-content\/uploads\/2024\/01\/youthsummit_2024_rgb_4_3.jpg\" \/><meta itemprop=\"width\" content=\"2183\" \/><meta itemprop=\"height\" content=\"1635\" \/><meta itemprop=\"interactionType\" content=\"https:\/\/schema.org\/CommentAction\" \/><meta itemprop=\"userInteractionCount\" content=\"0\" \/>Young@Mission21\n<h4><a href='https:\/\/www.mission-21.org\/en\/event\/youth-summit-2024-young-voices-intergenerational-meetup\/' title='Alumni Day meets Youth Summit &quot;Young Voices. Intergenerational Meetup&quot;'>Alumni Day meets Youth Summit \"Young Voices. Intergenerational Meetup\"<\/a><\/h4>\n\t<a href='https:\/\/www.mission-21.org\/en\/event\/youth-summit-2024-young-voices-intergenerational-meetup\/' title='Alumni Day meets Youth Summit &quot;Young Voices. Intergenerational Meetup&quot;'><img width=\"1200\" height=\"899\" src=\"https:\/\/www.mission-21.org\/wp-content\/uploads\/2024\/01\/youthsummit_2024_rgb_4_3-1200x899.jpg\" alt=\"youthsummit 2024 rgb 4 3\" itemprop=\"image\" decoding=\"async\" srcset=\"https:\/\/www.mission-21.org\/wp-content\/uploads\/2024\/01\/youthsummit_2024_rgb_4_3-1200x899.jpg 1200w, https:\/\/www.mission-21.org\/wp-content\/uploads\/2024\/01\/youthsummit_2024_rgb_4_3-900x674.jpg 900w, https:\/\/www.mission-21.org\/wp-content\/uploads\/2024\/01\/youthsummit_2024_rgb_4_3-768x575.jpg 768w, https:\/\/www.mission-21.org\/wp-content\/uploads\/2024\/01\/youthsummit_2024_rgb_4_3-1536x1150.jpg 1536w, https:\/\/www.mission-21.org\/wp-content\/uploads\/2024\/01\/youthsummit_2024_rgb_4_3-2048x1534.jpg 2048w, https:\/\/www.mission-21.org\/wp-content\/uploads\/2024\/01\/youthsummit_2024_rgb_4_3-16x12.jpg 16w, https:\/\/www.mission-21.org\/wp-content\/uploads\/2024\/01\/youthsummit_2024_rgb_4_3-300x225.jpg 300w, https:\/\/www.mission-21.org\/wp-content\/uploads\/2024\/01\/youthsummit_2024_rgb_4_3-600x449.jpg 600w\" sizes=\"(max-width: 1200px) 100vw, 1200px\" \/><\/a>\n    \t<p>The Youth Summit 2024 \"Young Voices. Intergenerational Meetup\" brings generations together! Be part of it too! At the beginning of the event, the focus is on the first part of the title: young voices. The youth ambassadors will take the floor through a series of short inputs and we will talk about the concerns of young adults from our international network. Through a wide range of intergenerational activities (of which you can choose two), we will then exchange ideas and learn from each other. The international youth ambassadors and Mission 21 alumni will be present on this varied day and look forward to stimulating discussions... with you!<\/p>\n    June 29, 2024, 09:45 to 16:00, Missionshaus Basel\n\t<meta itemscope itemprop=\"mainEntityOfPage\" itemtype=\"https:\/\/schema.org\/WebPage\" itemid=\"https:\/\/www.mission-21.org\/veranstaltung\/verabschiedung-und-einsetzung-von-praesidium-und-vorstandsmitgliedern-von-mission-21\/\" content=\"Verabschiedung und Einsetzung von Pr\u00e4sidium und Vorstandsmitgliedern von Mission 21\" \/><meta itemprop=\"datePublished\" content=\"2024-06-21\" \/><meta itemprop=\"dateModified\" content=\"2024-06-24\" \/><meta itemprop=\"name\" content=\"Mission 21\"\/><meta itemprop=\"url\" content=\"https:\/\/www.mission-21.org\/wp-content\/uploads\/2022\/08\/de-blau.svg\"\/><meta itemprop=\"url\" content=\"https:\/\/www.mission-21.org\/author\/christoph\/\" \/><meta itemprop=\"name\" content=\"Christoph Racz\" \/><meta itemprop=\"url\" content=\"https:\/\/www.mission-21.org\/wp-content\/uploads\/2024\/06\/saenger2.png\" \/><meta itemprop=\"width\" content=\"716\" \/><meta itemprop=\"height\" content=\"444\" \/><meta itemprop=\"interactionType\" content=\"https:\/\/schema.org\/CommentAction\" \/><meta itemprop=\"userInteractionCount\" content=\"0\" \/>\n<h4><a href='https:\/\/www.mission-21.org\/en\/event\/farewell-and-appointment-of-the-presidium-and-board-members-of-mission-21\/' title='Farewell and appointment of the Presidium and Board members of Mission 21'>Farewell and appointment of the Presidium and Board members of Mission 21<\/a><\/h4>\n\t<a href='https:\/\/www.mission-21.org\/en\/event\/farewell-and-appointment-of-the-presidium-and-board-members-of-mission-21\/' title='Farewell and appointment of the Presidium and Board members of Mission 21'><img width=\"716\" height=\"444\" src=\"https:\/\/www.mission-21.org\/wp-content\/uploads\/2024\/06\/saenger2.png\" alt=\"singer2\" itemprop=\"image\" decoding=\"async\" srcset=\"https:\/\/www.mission-21.org\/wp-content\/uploads\/2024\/06\/saenger2.png 716w, https:\/\/www.mission-21.org\/wp-content\/uploads\/2024\/06\/saenger2-18x12.png 18w, https:\/\/www.mission-21.org\/wp-content\/uploads\/2024\/06\/saenger2-300x186.png 300w, https:\/\/www.mission-21.org\/wp-content\/uploads\/2024\/06\/saenger2-600x372.png 600w\" sizes=\"(max-width: 716px) 100vw, 716px\" \/><\/a>\n    \tDuring a festive church service led by cathedral pastor Lukas Kundert, the President of the Board of Directors Prof.<br \/>\nDr. med. Johannes Blum and the two<br \/>\nBoard members Andrea Tr\u00fcmpy and Dean B\u00e4rbel Sch\u00e4fer bid farewell and the newly elected Board members of Mission 21 are installed.\n    June 30, 2024, 10:00 a.m., Basel Minster\n\t<meta itemscope itemprop=\"mainEntityOfPage\" itemtype=\"https:\/\/schema.org\/WebPage\" itemid=\"https:\/\/www.mission-21.org\/veranstaltung\/mission-und-kolonialismus-in-basel-stadtfuehrung-im-september\/\" content=\"Mission und Kolonialismus in Basel: Stadtf\u00fchrung im September\" \/><meta itemprop=\"datePublished\" content=\"2024-06-17\" \/><meta itemprop=\"dateModified\" content=\"2024-06-19\" \/><meta itemprop=\"name\" content=\"Mission 21\"\/><meta itemprop=\"url\" content=\"https:\/\/www.mission-21.org\/wp-content\/uploads\/2022\/08\/de-blau.svg\"\/><meta itemprop=\"url\" content=\"https:\/\/www.mission-21.org\/author\/christian-weber\/\" \/><meta itemprop=\"name\" content=\"Christian Weber\" \/><meta itemprop=\"url\" content=\"https:\/\/www.mission-21.org\/wp-content\/uploads\/2023\/06\/img_kolonialismus-basel_20230614_cwe.jpg\" \/><meta itemprop=\"width\" content=\"1500\" \/><meta itemprop=\"height\" content=\"1125\" \/><meta itemprop=\"interactionType\" content=\"https:\/\/schema.org\/CommentAction\" \/><meta itemprop=\"userInteractionCount\" content=\"0\" \/>Educational event\n<h4><a href='https:\/\/www.mission-21.org\/en\/event\/mission-and-colonialism-in-basel-city-tour-in-september\/' title='Mission and colonialism in Basel: city tour in September'>Mission and colonialism in Basel: city tour in September<\/a><\/h4>\n\t<a href='https:\/\/www.mission-21.org\/en\/event\/mission-and-colonialism-in-basel-city-tour-in-september\/' title='Mission and colonialism in Basel: city tour in September'><img width=\"1200\" height=\"900\" src=\"https:\/\/www.mission-21.org\/wp-content\/uploads\/2023\/06\/img_kolonialismus-basel_20230614_cwe-1200x900.jpg\" alt=\"img colonialism basel 20230614 cwe\" itemprop=\"image\" decoding=\"async\" srcset=\"https:\/\/www.mission-21.org\/wp-content\/uploads\/2023\/06\/img_kolonialismus-basel_20230614_cwe-1200x900.jpg 1200w, https:\/\/www.mission-21.org\/wp-content\/uploads\/2023\/06\/img_kolonialismus-basel_20230614_cwe-900x675.jpg 900w, https:\/\/www.mission-21.org\/wp-content\/uploads\/2023\/06\/img_kolonialismus-basel_20230614_cwe-768x576.jpg 768w, https:\/\/www.mission-21.org\/wp-content\/uploads\/2023\/06\/img_kolonialismus-basel_20230614_cwe-16x12.jpg 16w, https:\/\/www.mission-21.org\/wp-content\/uploads\/2023\/06\/img_kolonialismus-basel_20230614_cwe-300x225.jpg 300w, https:\/\/www.mission-21.org\/wp-content\/uploads\/2023\/06\/img_kolonialismus-basel_20230614_cwe-600x450.jpg 600w, https:\/\/www.mission-21.org\/wp-content\/uploads\/2023\/06\/img_kolonialismus-basel_20230614_cwe.jpg 1500w\" sizes=\"(max-width: 1200px) 100vw, 1200px\" \/><\/a>\n    \t<p>Various places in Basel recall the city's special mission history and its international involvement with colonialism. The guided tour makes the colonial history of the city visible and its points of contact with the Basel mission. Which entanglements of the past continue to have an effect today?<\/p>\n    September 8, 2024, 16:00 to 18:00, Basel\n\t<meta itemscope itemprop=\"mainEntityOfPage\" itemtype=\"https:\/\/schema.org\/WebPage\" itemid=\"https:\/\/www.mission-21.org\/veranstaltung\/internationales-forum-zu-interreligioeser-und-transkultureller-friedensfoerderung\/\" content=\"Daring Reconcilation?! Vers\u00f6hnung wagen?!\" \/><meta itemprop=\"datePublished\" content=\"2024-03-12\" \/><meta itemprop=\"dateModified\" content=\"2024-06-26\" \/><meta itemprop=\"name\" content=\"Mission 21\"\/><meta itemprop=\"url\" content=\"https:\/\/www.mission-21.org\/wp-content\/uploads\/2022\/08\/de-blau.svg\"\/><meta itemprop=\"url\" content=\"https:\/\/www.mission-21.org\/author\/christian-weber\/\" \/><meta itemprop=\"name\" content=\"Christian Weber\" \/><meta itemprop=\"url\" content=\"https:\/\/www.mission-21.org\/wp-content\/uploads\/2024\/03\/keyvisual_international-forum-2024_2-x-3.jpg\" \/><meta itemprop=\"width\" content=\"1654\" \/><meta itemprop=\"height\" content=\"1103\" \/><meta itemprop=\"interactionType\" content=\"https:\/\/schema.org\/CommentAction\" \/><meta itemprop=\"userInteractionCount\" content=\"0\" \/>International Forum on interfaith and transcultural peacebuilding\n<h4><a href='https:\/\/www.mission-21.org\/en\/event\/international-forum-on-interreligious-and-transcultural-peacebuilding\/' title='Daring Reconciliation?!'>Daring Reconciliation?!<\/a><\/h4>\n\t<a href='https:\/\/www.mission-21.org\/en\/event\/international-forum-on-interreligious-and-transcultural-peacebuilding\/' title='Daring Reconciliation?!'><img width=\"1200\" height=\"800\" src=\"https:\/\/www.mission-21.org\/wp-content\/uploads\/2024\/03\/keyvisual_international-forum-2024_2-x-3-1200x800.jpg\" alt=\"230605 forum peacebuilding keyvisual\" itemprop=\"image\" decoding=\"async\" srcset=\"https:\/\/www.mission-21.org\/wp-content\/uploads\/2024\/03\/keyvisual_international-forum-2024_2-x-3-1200x800.jpg 1200w, https:\/\/www.mission-21.org\/wp-content\/uploads\/2024\/03\/keyvisual_international-forum-2024_2-x-3-900x600.jpg 900w, https:\/\/www.mission-21.org\/wp-content\/uploads\/2024\/03\/keyvisual_international-forum-2024_2-x-3-768x512.jpg 768w, https:\/\/www.mission-21.org\/wp-content\/uploads\/2024\/03\/keyvisual_international-forum-2024_2-x-3-1536x1024.jpg 1536w, https:\/\/www.mission-21.org\/wp-content\/uploads\/2024\/03\/keyvisual_international-forum-2024_2-x-3-18x12.jpg 18w, https:\/\/www.mission-21.org\/wp-content\/uploads\/2024\/03\/keyvisual_international-forum-2024_2-x-3-300x200.jpg 300w, https:\/\/www.mission-21.org\/wp-content\/uploads\/2024\/03\/keyvisual_international-forum-2024_2-x-3-600x400.jpg 600w, https:\/\/www.mission-21.org\/wp-content\/uploads\/2024\/03\/keyvisual_international-forum-2024_2-x-3.jpg 1654w\" sizes=\"(max-width: 1200px) 100vw, 1200px\" \/><\/a>\n    \t<p>Mission 21 is hosting its second International Forum on Interfaith and Transcultural Peacebuilding on September 19 and 20, 2024! As in the previous year, the program offers keynote speeches from Asia, Africa and Latin America. Workshops will allow for an exchange on how peace initiatives from different contexts can support each other.<\/p>\n    September 19-20, 2024, Online\n\t<meta itemscope itemprop=\"mainEntityOfPage\" itemtype=\"https:\/\/schema.org\/WebPage\" itemid=\"https:\/\/www.mission-21.org\/veranstaltung\/musik-und-poesie-in-bellach-so\/\" content=\"World Arts - Musik und Poesie in Bellach SO\" \/><meta itemprop=\"datePublished\" content=\"2024-01-16\" \/><meta itemprop=\"dateModified\" content=\"2024-06-06\" \/><meta itemprop=\"name\" content=\"Mission 21\"\/><meta itemprop=\"url\" content=\"https:\/\/www.mission-21.org\/wp-content\/uploads\/2022\/08\/de-blau.svg\"\/><meta itemprop=\"url\" content=\"https:\/\/www.mission-21.org\/author\/emilie\/\" \/><meta itemprop=\"name\" content=\"Emilie Buri\" \/><meta itemprop=\"url\" content=\"https:\/\/www.mission-21.org\/wp-content\/uploads\/2023\/06\/world-arts.jpg\" \/><meta itemprop=\"width\" content=\"2096\" \/><meta itemprop=\"height\" content=\"1573\" \/><meta itemprop=\"interactionType\" content=\"https:\/\/schema.org\/CommentAction\" \/><meta itemprop=\"userInteractionCount\" content=\"0\" \/>World Arts\n<h4><a href='https:\/\/www.mission-21.org\/en\/event\/music-and-poetry-in-bellach-so-2\/' title='World Arts - Music and Poetry in Bellach SO'>World Arts - Music and Poetry in Bellach SO<\/a><\/h4>\n\t<a href='https:\/\/www.mission-21.org\/en\/event\/music-and-poetry-in-bellach-so-2\/' title='World Arts - Music and Poetry in Bellach SO'><img width=\"1200\" height=\"901\" src=\"https:\/\/www.mission-21.org\/wp-content\/uploads\/2023\/06\/world-arts-1200x901.jpg\" alt=\"230530 baf flyera5 worldarts 2023.indd\" itemprop=\"image\" decoding=\"async\" srcset=\"https:\/\/www.mission-21.org\/wp-content\/uploads\/2023\/06\/world-arts-1200x901.jpg 1200w, https:\/\/www.mission-21.org\/wp-content\/uploads\/2023\/06\/world-arts-900x675.jpg 900w, https:\/\/www.mission-21.org\/wp-content\/uploads\/2023\/06\/world-arts-768x576.jpg 768w, https:\/\/www.mission-21.org\/wp-content\/uploads\/2023\/06\/world-arts-1536x1153.jpg 1536w, https:\/\/www.mission-21.org\/wp-content\/uploads\/2023\/06\/world-arts-2048x1537.jpg 2048w, https:\/\/www.mission-21.org\/wp-content\/uploads\/2023\/06\/world-arts-16x12.jpg 16w, https:\/\/www.mission-21.org\/wp-content\/uploads\/2023\/06\/world-arts-300x225.jpg 300w, https:\/\/www.mission-21.org\/wp-content\/uploads\/2023\/06\/world-arts-600x450.jpg 600w\" sizes=\"(max-width: 1200px) 100vw, 1200px\" \/><\/a>\n    \t<p>A musical and poetic journey around the world: Rebecca Hagmann and Priska Stampfli play melodies from all over the world on the cello and accordion. Accompanied by poems and thoughts on growing and becoming, sowing and harvesting from different cultures. <\/p>\n    September 20, 2024, 19:30 to 21:00, Bellach SO\n\t<meta itemscope itemprop=\"mainEntityOfPage\" itemtype=\"https:\/\/schema.org\/WebPage\" itemid=\"https:\/\/www.mission-21.org\/veranstaltung\/world-arts-bildung-und-bohnen-in-st-gallen\/\" content=\"World Arts - Bildung und Bohnen in St. Gallen!\" \/><meta itemprop=\"datePublished\" content=\"2024-06-06\" \/><meta itemprop=\"dateModified\" content=\"2024-06-07\" \/><meta itemprop=\"name\" content=\"Mission 21\"\/><meta itemprop=\"url\" content=\"https:\/\/www.mission-21.org\/wp-content\/uploads\/2022\/08\/de-blau.svg\"\/><meta itemprop=\"url\" content=\"https:\/\/www.mission-21.org\/author\/severine\/\" \/><meta itemprop=\"name\" content=\"S\u00e9verine Fischer\" \/><meta itemprop=\"url\" content=\"https:\/\/www.mission-21.org\/wp-content\/uploads\/2023\/06\/world-arts.jpg\" \/><meta itemprop=\"width\" content=\"2096\" \/><meta itemprop=\"height\" content=\"1573\" \/><meta itemprop=\"interactionType\" content=\"https:\/\/schema.org\/CommentAction\" \/><meta itemprop=\"userInteractionCount\" content=\"0\" \/>World Arts\n<h4><a href='https:\/\/www.mission-21.org\/en\/event\/world-arts-education-and-beans-in-st-gallen\/' title='World Arts - Education and beans in St. Gallen!'>World Arts - Education and beans in St. Gallen!<\/a><\/h4>\n\t<a href='https:\/\/www.mission-21.org\/en\/event\/world-arts-education-and-beans-in-st-gallen\/' title='World Arts - Education and beans in St. Gallen!'><img width=\"1200\" height=\"901\" src=\"https:\/\/www.mission-21.org\/wp-content\/uploads\/2023\/06\/world-arts-1200x901.jpg\" alt=\"230530 baf flyera5 worldarts 2023.indd\" itemprop=\"image\" decoding=\"async\" srcset=\"https:\/\/www.mission-21.org\/wp-content\/uploads\/2023\/06\/world-arts-1200x901.jpg 1200w, https:\/\/www.mission-21.org\/wp-content\/uploads\/2023\/06\/world-arts-900x675.jpg 900w, https:\/\/www.mission-21.org\/wp-content\/uploads\/2023\/06\/world-arts-768x576.jpg 768w, https:\/\/www.mission-21.org\/wp-content\/uploads\/2023\/06\/world-arts-1536x1153.jpg 1536w, https:\/\/www.mission-21.org\/wp-content\/uploads\/2023\/06\/world-arts-2048x1537.jpg 2048w, https:\/\/www.mission-21.org\/wp-content\/uploads\/2023\/06\/world-arts-16x12.jpg 16w, https:\/\/www.mission-21.org\/wp-content\/uploads\/2023\/06\/world-arts-300x225.jpg 300w, https:\/\/www.mission-21.org\/wp-content\/uploads\/2023\/06\/world-arts-600x450.jpg 600w\" sizes=\"(max-width: 1200px) 100vw, 1200px\" \/><\/a>\n    \t<p>Poetry from different cultures tell of longing, courage and personal paths. Music by Afi Sika Kuzeawu, a Swiss Togolese double bass player, singer, composer and dancer.<\/p>\n    September 22, 2024, 10:00 to 12:00, Bruggen (SG)\n\t<meta itemscope itemprop=\"mainEntityOfPage\" itemtype=\"https:\/\/schema.org\/WebPage\" itemid=\"https:\/\/www.mission-21.org\/veranstaltung\/mission-und-kolonialismus-in-basel-stadtfuehrung-im-oktober\/\" content=\"Mission und Kolonialismus in Basel: Stadtf\u00fchrung im Oktober\" \/><meta itemprop=\"datePublished\" content=\"2024-06-17\" \/><meta itemprop=\"dateModified\" content=\"2024-06-17\" \/><meta itemprop=\"name\" content=\"Mission 21\"\/><meta itemprop=\"url\" content=\"https:\/\/www.mission-21.org\/wp-content\/uploads\/2022\/08\/de-blau.svg\"\/><meta itemprop=\"url\" content=\"https:\/\/www.mission-21.org\/author\/christoph\/\" \/><meta itemprop=\"name\" content=\"Christoph Racz\" \/><meta itemprop=\"url\" content=\"https:\/\/www.mission-21.org\/wp-content\/uploads\/2023\/06\/img_kolonialismus-basel_20230614_cwe.jpg\" \/><meta itemprop=\"width\" content=\"1500\" \/><meta itemprop=\"height\" content=\"1125\" \/><meta itemprop=\"interactionType\" content=\"https:\/\/schema.org\/CommentAction\" \/><meta itemprop=\"userInteractionCount\" content=\"0\" \/>Educational event\n<h4><a href='https:\/\/www.mission-21.org\/en\/event\/mission-and-colonialism-in-basel-city-tour-in-october\/' title='Mission and colonialism in Basel: city tour in October'>Mission and colonialism in Basel: city tour in October<\/a><\/h4>\n\t<a href='https:\/\/www.mission-21.org\/en\/event\/mission-and-colonialism-in-basel-city-tour-in-october\/' title='Mission and colonialism in Basel: city tour in October'><img width=\"1200\" height=\"900\" src=\"https:\/\/www.mission-21.org\/wp-content\/uploads\/2023\/06\/img_kolonialismus-basel_20230614_cwe-1200x900.jpg\" alt=\"img colonialism basel 20230614 cwe\" itemprop=\"image\" decoding=\"async\" srcset=\"https:\/\/www.mission-21.org\/wp-content\/uploads\/2023\/06\/img_kolonialismus-basel_20230614_cwe-1200x900.jpg 1200w, https:\/\/www.mission-21.org\/wp-content\/uploads\/2023\/06\/img_kolonialismus-basel_20230614_cwe-900x675.jpg 900w, https:\/\/www.mission-21.org\/wp-content\/uploads\/2023\/06\/img_kolonialismus-basel_20230614_cwe-768x576.jpg 768w, https:\/\/www.mission-21.org\/wp-content\/uploads\/2023\/06\/img_kolonialismus-basel_20230614_cwe-16x12.jpg 16w, https:\/\/www.mission-21.org\/wp-content\/uploads\/2023\/06\/img_kolonialismus-basel_20230614_cwe-300x225.jpg 300w, https:\/\/www.mission-21.org\/wp-content\/uploads\/2023\/06\/img_kolonialismus-basel_20230614_cwe-600x450.jpg 600w, https:\/\/www.mission-21.org\/wp-content\/uploads\/2023\/06\/img_kolonialismus-basel_20230614_cwe.jpg 1500w\" sizes=\"(max-width: 1200px) 100vw, 1200px\" \/><\/a>\n    \t<p>Various places in Basel recall the city's special mission history and its international involvement with colonialism. The guided tour makes the colonial history of the city visible and its points of contact with the Basel mission. Which entanglements of the past continue to have an effect today?<\/p>\n    October 20, 2024, 3:30 to 5:30 p.m., Basel\n\t<meta itemscope itemprop=\"mainEntityOfPage\" itemtype=\"https:\/\/schema.org\/WebPage\" itemid=\"https:\/\/www.mission-21.org\/veranstaltung\/was-hat-die-ernaehrungskrise-mit-neokolonialen-nahrungssystemen-zu-tun\/\" content=\"Was hat die Ern\u00e4hrungskrise mit (neo)kolonialen Nahrungssystemen zu tun?\" \/><meta itemprop=\"datePublished\" content=\"2024-04-17\" \/><meta itemprop=\"dateModified\" content=\"2024-06-06\" \/><meta itemprop=\"name\" content=\"Mission 21\"\/><meta itemprop=\"url\" content=\"https:\/\/www.mission-21.org\/wp-content\/uploads\/2022\/08\/de-blau.svg\"\/><meta itemprop=\"url\" content=\"https:\/\/www.mission-21.org\/author\/emilie\/\" \/><meta itemprop=\"name\" content=\"Emilie Buri\" \/><meta itemprop=\"url\" content=\"https:\/\/www.mission-21.org\/wp-content\/uploads\/2022\/09\/csm_dona_juana_laura_und_abnehmerin_bolivien_5e9afab94c.jpg\" \/><meta itemprop=\"width\" content=\"785\" \/><meta itemprop=\"height\" content=\"589\" \/><meta itemprop=\"interactionType\" content=\"https:\/\/schema.org\/CommentAction\" \/><meta itemprop=\"userInteractionCount\" content=\"0\" \/>Webinar 'Mission-Colonialism Revisited'.\n<h4><a href='https:\/\/www.mission-21.org\/en\/event\/what-does-the-food-crisis-have-to-do-with-neo-colonial-food-systems-2\/' title='What does the food crisis have to do with (neo)colonial food systems?'>What does the food crisis have to do with (neo)colonial food systems?<\/a><\/h4>\n\t<a href='https:\/\/www.mission-21.org\/en\/event\/what-does-the-food-crisis-have-to-do-with-neo-colonial-food-systems-2\/' title='What does the food crisis have to do with (neo)colonial food systems?'><img width=\"785\" height=\"589\" src=\"https:\/\/www.mission-21.org\/wp-content\/uploads\/2022\/09\/csm_dona_juana_laura_und_abnehmerin_bolivien_5e9afab94c.jpg\" alt=\"\" itemprop=\"image\" decoding=\"async\" srcset=\"https:\/\/www.mission-21.org\/wp-content\/uploads\/2022\/09\/csm_dona_juana_laura_und_abnehmerin_bolivien_5e9afab94c.jpg 785w, https:\/\/www.mission-21.org\/wp-content\/uploads\/2022\/09\/csm_dona_juana_laura_und_abnehmerin_bolivien_5e9afab94c-300x225.jpg 300w, https:\/\/www.mission-21.org\/wp-content\/uploads\/2022\/09\/csm_dona_juana_laura_und_abnehmerin_bolivien_5e9afab94c-600x450.jpg 600w, https:\/\/www.mission-21.org\/wp-content\/uploads\/2022\/09\/csm_dona_juana_laura_und_abnehmerin_bolivien_5e9afab94c-768x576.jpg 768w\" sizes=\"(max-width: 785px) 100vw, 785px\" \/><\/a>\n    \t<p>Today, 735 million people suffer from chronic hunger - mainly women and children in rural areas. At the same time, over 900 million tons of food are thrown away every year - a quarter of which would be enough to feed the hungry. What developments have led to the global food crisis? How can food sovereignty be strengthened through biodiverse, sustainable, local agriculture? In this webinar, we want to find answers and provide suggestions for action.<\/p>\n    October 23, 2024, 6:15 pm to 7:45 pm, online\n\t<meta itemscope itemprop=\"mainEntityOfPage\" itemtype=\"https:\/\/schema.org\/WebPage\" itemid=\"https:\/\/www.mission-21.org\/veranstaltung\/youngmission21-meetingpoint\/\" content=\"young@mission21 - MeetingPoint\" \/><meta itemprop=\"datePublished\" content=\"2024-06-06\" \/><meta itemprop=\"dateModified\" content=\"2024-06-06\" \/><meta itemprop=\"name\" content=\"Mission 21\"\/><meta itemprop=\"url\" content=\"https:\/\/www.mission-21.org\/wp-content\/uploads\/2022\/08\/de-blau.svg\"\/><meta itemprop=\"url\" content=\"https:\/\/www.mission-21.org\/author\/emilie\/\" \/><meta itemprop=\"name\" content=\"Emilie Buri\" \/><meta itemprop=\"url\" content=\"https:\/\/www.mission-21.org\/wp-content\/uploads\/2023\/03\/tf-1775.jpg\" \/><meta itemprop=\"width\" content=\"1680\" \/><meta itemprop=\"height\" content=\"945\" \/><meta itemprop=\"interactionType\" content=\"https:\/\/schema.org\/CommentAction\" \/><meta itemprop=\"userInteractionCount\" content=\"0\" \/>Young@Mission21\n<h4><a href='https:\/\/www.mission-21.org\/en\/event\/youngmission21-meetingpoint\/' title='young@mission21 - MeetingPoint'>young@mission21 - MeetingPoint<\/a><\/h4>\n\t<a href='https:\/\/www.mission-21.org\/en\/event\/youngmission21-meetingpoint\/' title='young@mission21 - MeetingPoint'><img width=\"1200\" height=\"675\" src=\"https:\/\/www.mission-21.org\/wp-content\/uploads\/2023\/03\/tf-1775-1200x675.jpg\" alt=\"tf 1775\" itemprop=\"image\" decoding=\"async\" srcset=\"https:\/\/www.mission-21.org\/wp-content\/uploads\/2023\/03\/tf-1775-1200x675.jpg 1200w, https:\/\/www.mission-21.org\/wp-content\/uploads\/2023\/03\/tf-1775-900x506.jpg 900w, https:\/\/www.mission-21.org\/wp-content\/uploads\/2023\/03\/tf-1775-768x432.jpg 768w, https:\/\/www.mission-21.org\/wp-content\/uploads\/2023\/03\/tf-1775-1536x864.jpg 1536w, https:\/\/www.mission-21.org\/wp-content\/uploads\/2023\/03\/tf-1775-18x10.jpg 18w, https:\/\/www.mission-21.org\/wp-content\/uploads\/2023\/03\/tf-1775-720x405.jpg 720w, https:\/\/www.mission-21.org\/wp-content\/uploads\/2023\/03\/tf-1775-300x169.jpg 300w, https:\/\/www.mission-21.org\/wp-content\/uploads\/2023\/03\/tf-1775-600x338.jpg 600w, https:\/\/www.mission-21.org\/wp-content\/uploads\/2023\/03\/tf-1775.jpg 1680w\" sizes=\"(max-width: 1200px) 100vw, 1200px\" \/><\/a>\n    \t<p>Meet young adults who have already worked for young@mission21: Whether on a PEP! assignment abroad, organizing an event or in a joint workshop. We exchange ideas and inform you about current events.<\/p>\n    November 2, 2024, 16:00 to 20:30, Mission 21, Basel\n\t<meta itemscope itemprop=\"mainEntityOfPage\" itemtype=\"https:\/\/schema.org\/WebPage\" itemid=\"https:\/\/www.mission-21.org\/veranstaltung\/begegnungsreise-nach-chile\/\" content=\"Begegnungsreise nach Chile\" \/><meta itemprop=\"datePublished\" content=\"2023-07-24\" \/><meta itemprop=\"dateModified\" content=\"2023-07-25\" \/><meta itemprop=\"name\" content=\"Mission 21\"\/><meta itemprop=\"url\" content=\"https:\/\/www.mission-21.org\/wp-content\/uploads\/2022\/08\/de-blau.svg\"\/><meta itemprop=\"url\" content=\"https:\/\/www.mission-21.org\/author\/samuel\/\" \/><meta itemprop=\"name\" content=\"Samuel Rink\" \/><meta itemprop=\"url\" content=\"https:\/\/www.mission-21.org\/wp-content\/uploads\/2023\/07\/puerto-varas.jpg\" \/><meta itemprop=\"width\" content=\"1500\" \/><meta itemprop=\"height\" content=\"1125\" \/><meta itemprop=\"interactionType\" content=\"https:\/\/schema.org\/CommentAction\" \/><meta itemprop=\"userInteractionCount\" content=\"0\" \/>Trip\n<h4><a href='https:\/\/www.mission-21.org\/en\/event\/encounter-trip-to-chile\/' title='Encounter trip to Chile'>Encounter trip to Chile<\/a><\/h4>\n\t<a href='https:\/\/www.mission-21.org\/en\/event\/encounter-trip-to-chile\/' title='Encounter trip to Chile'><img width=\"1200\" height=\"900\" src=\"https:\/\/www.mission-21.org\/wp-content\/uploads\/2023\/07\/puerto-varas-1200x900.jpg\" alt=\"puerto varas\" itemprop=\"image\" decoding=\"async\" srcset=\"https:\/\/www.mission-21.org\/wp-content\/uploads\/2023\/07\/puerto-varas-1200x900.jpg 1200w, https:\/\/www.mission-21.org\/wp-content\/uploads\/2023\/07\/puerto-varas-900x675.jpg 900w, https:\/\/www.mission-21.org\/wp-content\/uploads\/2023\/07\/puerto-varas-768x576.jpg 768w, https:\/\/www.mission-21.org\/wp-content\/uploads\/2023\/07\/puerto-varas-16x12.jpg 16w, https:\/\/www.mission-21.org\/wp-content\/uploads\/2023\/07\/puerto-varas-300x225.jpg 300w, https:\/\/www.mission-21.org\/wp-content\/uploads\/2023\/07\/puerto-varas-600x450.jpg 600w, https:\/\/www.mission-21.org\/wp-content\/uploads\/2023\/07\/puerto-varas.jpg 1500w\" sizes=\"(max-width: 1200px) 100vw, 1200px\" \/><\/a>\n    \t<p>The encounter trip 2024 leads to Chile, \"the elongated country\" full of contrasts. The culture of the country is as rich as the landscape is diverse, ranging from untouched wilderness to endless expanses and pulsating life in the cities. In addition to the scenic sights, we will visit Mission 21 projects and church communities and get to know the country and its people. Optionally, the trip can be extended to Patagonia and Argentina.<\/p>\n    November 8-22, 2024\n\t<meta itemscope itemprop=\"mainEntityOfPage\" itemtype=\"https:\/\/schema.org\/WebPage\" itemid=\"https:\/\/www.mission-21.org\/veranstaltung\/mit-anderen-augen-die-bibel-lesen-ein-interkultureller-austausch-zur-klimakrise\/\" content=\"\u00abMit anderen Augen die Bibel lesen\u00bb: Ein interkultureller Austausch zur Klimakrise\" \/><meta itemprop=\"datePublished\" content=\"2024-06-10\" \/><meta itemprop=\"dateModified\" content=\"2024-06-11\" \/><meta itemprop=\"name\" content=\"Mission 21\"\/><meta itemprop=\"url\" content=\"https:\/\/www.mission-21.org\/wp-content\/uploads\/2022\/08\/de-blau.svg\"\/><meta itemprop=\"url\" content=\"https:\/\/www.mission-21.org\/author\/emilie\/\" \/><meta itemprop=\"name\" content=\"Emilie Buri\" \/><meta itemprop=\"url\" content=\"https:\/\/www.mission-21.org\/wp-content\/uploads\/2024\/06\/bild1.jpg\" \/><meta itemprop=\"width\" content=\"1063\" \/><meta itemprop=\"height\" content=\"709\" \/><meta itemprop=\"interactionType\" content=\"https:\/\/schema.org\/CommentAction\" \/><meta itemprop=\"userInteractionCount\" content=\"0\" \/>Educational event\n<h4><a href='https:\/\/www.mission-21.org\/en\/event\/reading-the-bible-with-different-eyes-an-intercultural-exchange-on-the-climate-crisis\/' title='&quot;Reading the Bible through someone else\u2019s eyes&quot;: an intercultural exchange on the climate crisis'>\"Reading the Bible through someone else\u2019s eyes\": an intercultural exchange on the climate crisis<\/a><\/h4>\n\t<a href='https:\/\/www.mission-21.org\/en\/event\/reading-the-bible-with-different-eyes-an-intercultural-exchange-on-the-climate-crisis\/' title='&quot;Reading the Bible through someone else\u2019s eyes&quot;: an intercultural exchange on the climate crisis'><img width=\"1063\" height=\"709\" src=\"https:\/\/www.mission-21.org\/wp-content\/uploads\/2024\/06\/bild1.jpg\" alt=\"Glasses on books\" itemprop=\"image\" decoding=\"async\" srcset=\"https:\/\/www.mission-21.org\/wp-content\/uploads\/2024\/06\/bild1.jpg 1063w, https:\/\/www.mission-21.org\/wp-content\/uploads\/2024\/06\/bild1-900x600.jpg 900w, https:\/\/www.mission-21.org\/wp-content\/uploads\/2024\/06\/bild1-768x512.jpg 768w, https:\/\/www.mission-21.org\/wp-content\/uploads\/2024\/06\/bild1-18x12.jpg 18w, https:\/\/www.mission-21.org\/wp-content\/uploads\/2024\/06\/bild1-300x200.jpg 300w, https:\/\/www.mission-21.org\/wp-content\/uploads\/2024\/06\/bild1-600x400.jpg 600w\" sizes=\"(max-width: 1063px) 100vw, 1063px\" \/><\/a>\n    \t<p>Without realising it, we in the Global North read the Bible from a Eurocentric perspective. We receive completely different readings of the Bible from other parts of the world. What can we learn from these perspectives? Three theologians present contextual interpretations of the Bible and invite you to discuss the current climate crisis.<\/p>\n    November 18, 2024, 6:00 pm to 7:30 pm, online\n\t<meta itemscope itemprop=\"mainEntityOfPage\" itemtype=\"https:\/\/schema.org\/WebPage\" itemid=\"https:\/\/www.mission-21.org\/veranstaltung\/entdeckungen-im-kulturgueterraum\/\" content=\"Entdeckungen im Kulturg\u00fcterraum\" \/><meta itemprop=\"datePublished\" content=\"2024-06-10\" \/><meta itemprop=\"dateModified\" content=\"2024-06-10\" \/><meta itemprop=\"name\" content=\"Mission 21\"\/><meta itemprop=\"url\" content=\"https:\/\/www.mission-21.org\/wp-content\/uploads\/2022\/08\/de-blau.svg\"\/><meta itemprop=\"url\" content=\"https:\/\/www.mission-21.org\/author\/emilie\/\" \/><meta itemprop=\"name\" content=\"Emilie Buri\" \/><meta itemprop=\"url\" content=\"https:\/\/www.mission-21.org\/wp-content\/uploads\/2024\/06\/20230721_134759-003-scaled.jpg\" \/><meta itemprop=\"width\" content=\"2560\" \/><meta itemprop=\"height\" content=\"1941\" \/><meta itemprop=\"interactionType\" content=\"https:\/\/schema.org\/CommentAction\" \/><meta itemprop=\"userInteractionCount\" content=\"0\" \/>Educational event\n<h4><a href='https:\/\/www.mission-21.org\/en\/event\/discoveries-in-the-cultural-goods-room\/' title='Discoveries in the Basel Mission Archives'>Discoveries in the Basel Mission Archives<\/a><\/h4>\n\t<a href='https:\/\/www.mission-21.org\/en\/event\/discoveries-in-the-cultural-goods-room\/' title='Discoveries in the Basel Mission Archives'><img width=\"1200\" height=\"910\" src=\"https:\/\/www.mission-21.org\/wp-content\/uploads\/2024\/06\/20230721_134759-003-1200x910.jpg\" alt=\"Discoveries in the Basel Mission Archives\" itemprop=\"image\" decoding=\"async\" srcset=\"https:\/\/www.mission-21.org\/wp-content\/uploads\/2024\/06\/20230721_134759-003-1200x910.jpg 1200w, https:\/\/www.mission-21.org\/wp-content\/uploads\/2024\/06\/20230721_134759-003-900x682.jpg 900w, https:\/\/www.mission-21.org\/wp-content\/uploads\/2024\/06\/20230721_134759-003-768x582.jpg 768w, https:\/\/www.mission-21.org\/wp-content\/uploads\/2024\/06\/20230721_134759-003-1536x1164.jpg 1536w, https:\/\/www.mission-21.org\/wp-content\/uploads\/2024\/06\/20230721_134759-003-2048x1552.jpg 2048w, https:\/\/www.mission-21.org\/wp-content\/uploads\/2024\/06\/20230721_134759-003-16x12.jpg 16w, https:\/\/www.mission-21.org\/wp-content\/uploads\/2024\/06\/20230721_134759-003-300x227.jpg 300w, https:\/\/www.mission-21.org\/wp-content\/uploads\/2024\/06\/20230721_134759-003-600x455.jpg 600w\" sizes=\"(max-width: 1200px) 100vw, 1200px\" \/><\/a>\n    \t<p>A journey through time in the historical research archive will give you an insight into the history of the Basel Mission and its links with global and colonial history. Original documents from missionaries, but also from local employees, bring voices from the mission areas in Africa and Asia in the 19th and early 20th centuries to life.<\/p>\n    November 22, 2024, 6:00 pm to 7:15 pm, Mission 21, Basel\n<h2>\n\t\tEducational events 2024\n\t<\/h2>\n\t\t\t<a href=\"https:\/\/www.mission-21.org\/en\/what-we-do\/education\/\" target=\"_self\" role=\"button\" aria-label=\"To the educational offers 2024\" rel=\"noopener\">\n\t\t\t\t\t\t\tTo the educational offers 2024\n\t\t<\/a>\n\t\t\t<h2>Past events<\/h2>\t\t\t\n\t\t\t\t<p>Here you can find reports and videos from past events. <a href=\"\/en\/what-we-do\/archive-events\/\">\u25ba Link<\/a><\/p>","protected":false},"excerpt":{"rendered":"<p>Info Box Interessieren Sie sich f\u00fcr Themen wie interreligi\u00f6se Zusammenarbeit und interkulturellen Austausch? F\u00fcr aktuelle Themen, die uns in unserer komplexen globalen Welt herausfordern? Hier finden Sie zahlreiche Veranstaltungen, die Ihren Horizont weiten und Ihren Alltag inspirieren. Unsere Bildungsarbeit ist EduQua zertifiziert. Aktuelle Veranstaltungen Young@Mission21 Ehemaligentag meets Youth Summit &#8222;Young Voices. Intergenerational Meetup&#8220; Der Youth [&hellip;]<\/p>\n","protected":false},"author":1,"featured_media":2108,"parent":205,"menu_order":0,"comment_status":"closed","ping_status":"closed","template":"","meta":{"_acf_changed":false,"_seopress_robots_primary_cat":"","_seopress_titles_title":"","_seopress_titles_desc":"","_seopress_robots_index":"","_searchwp_excluded":"","site-sidebar-layout":"default","site-content-layout":"","ast-site-content-layout":"default","site-content-style":"default","site-sidebar-style":"default","ast-global-header-display":"","ast-banner-title-visibility":"","ast-main-header-display":"","ast-hfb-above-header-display":"","ast-hfb-below-header-display":"","ast-hfb-mobile-header-display":"","site-post-title":"","ast-breadcrumbs-content":"","ast-featured-img":"","footer-sml-layout":"","ast-disable-related-posts":"","theme-transparent-header-meta":"","adv-header-id-meta":"","stick-header-meta":"","header-above-stick-meta":"","header-main-stick-meta":"","header-below-stick-meta":"","astra-migrate-meta-layouts":"set","ast-page-background-enabled":"default","ast-page-background-meta":{"desktop":{"background-color":"var(--ast-global-color-4)","background-image":"","background-repeat":"repeat","background-position":"center center","background-size":"auto","background-attachment":"scroll","background-type":"","background-media":"","overlay-type":"","overlay-color":"","overlay-opacity":"","overlay-gradient":""},"tablet":{"background-color":"","background-image":"","background-repeat":"repeat","background-position":"center center","background-size":"auto","background-attachment":"scroll","background-type":"","background-media":"","overlay-type":"","overlay-color":"","overlay-opacity":"","overlay-gradient":""},"mobile":{"background-color":"","background-image":"","background-repeat":"repeat","background-position":"center center","background-size":"auto","background-attachment":"scroll","background-type":"","background-media":"","overlay-type":"","overlay-color":"","overlay-opacity":"","overlay-gradient":""}},"ast-content-background-meta":{"desktop":{"background-color":"var(--ast-global-color-5)","background-image":"","background-repeat":"repeat","background-position":"center center","background-size":"auto","background-attachment":"scroll","background-type":"","background-media":"","overlay-type":"","overlay-color":"","overlay-opacity":"","overlay-gradient":""},"tablet":{"background-color":"var(--ast-global-color-5)","background-image":"","background-repeat":"repeat","background-position":"center center","background-size":"auto","background-attachment":"scroll","background-type":"","background-media":"","overlay-type":"","overlay-color":"","overlay-opacity":"","overlay-gradient":""},"mobile":{"background-color":"var(--ast-global-color-5)","background-image":"","background-repeat":"repeat","background-position":"center center","background-size":"auto","background-attachment":"scroll","background-type":"","background-media":"","overlay-type":"","overlay-color":"","overlay-opacity":"","overlay-gradient":""}},"iawp_total_views":3702,"footnotes":""},"hf_cat_page":[300],"class_list":["post-2107","page","type-page","status-publish","has-post-thumbnail"],"acf":[],"_links":{"self":[{"href":"https:\/\/www.mission-21.org\/en\/wp-json\/wp\/v2\/pages\/2107","targetHints":{"allow":["GET"]}}],"collection":[{"href":"https:\/\/www.mission-21.org\/en\/wp-json\/wp\/v2\/pages"}],"about":[{"href":"https:\/\/www.mission-21.org\/en\/wp-json\/wp\/v2\/types\/page"}],"author":[{"embeddable":true,"href":"https:\/\/www.mission-21.org\/en\/wp-json\/wp\/v2\/users\/1"}],"replies":[{"embeddable":true,"href":"https:\/\/www.mission-21.org\/en\/wp-json\/wp\/v2\/comments?post=2107"}],"version-history":[{"count":11,"href":"https:\/\/www.mission-21.org\/en\/wp-json\/wp\/v2\/pages\/2107\/revisions"}],"predecessor-version":[{"id":13258,"href":"https:\/\/www.mission-21.org\/en\/wp-json\/wp\/v2\/pages\/2107\/revisions\/13258"}],"up":[{"embeddable":true,"href":"https:\/\/www.mission-21.org\/en\/wp-json\/wp\/v2\/pages\/205"}],"wp:featuredmedia":[{"embeddable":true,"href":"https:\/\/www.mission-21.org\/en\/wp-json\/wp\/v2\/media\/2108"}],"wp:attachment":[{"href":"https:\/\/www.mission-21.org\/en\/wp-json\/wp\/v2\/media?parent=2107"}],"wp:term":[{"taxonomy":"hf_cat_page","embeddable":true,"href":"https:\/\/www.mission-21.org\/en\/wp-json\/wp\/v2\/hf_cat_page?post=2107"}],"curies":[{"name":"wp","href":"https:\/\/api.w.org\/{rel}","templated":true}]}}