{"id":3194,"date":"2022-09-29T19:49:58","date_gmt":"2022-09-29T17:49:58","guid":{"rendered":"https:\/\/www.mission-21.org\/?page_id=3194"},"modified":"2026-03-30T09:45:47","modified_gmt":"2026-03-30T07:45:47","slug":"organizational-structure","status":"publish","type":"page","link":"https:\/\/www.mission-21.org\/en\/wer-wir-sind\/organisationsstruktur\/","title":{"rendered":"Organizational structure"},"content":{"rendered":"<img decoding=\"async\" src=\"https:\/\/www.mission-21.org\/wp-content\/uploads\/2022\/08\/csm_header_news_d521d70e38.jpeg\" alt=\"csm header news d521d70e38\" itemprop=\"image\" height=\"688\" width=\"1680\" title=\"csm_Header_News_d521d70e38\" onerror=\"this.style.display='none'\" loading='lazy' \/>\n\t<div class=\"fl-builder-content fl-builder-content-3660 fl-builder-template fl-builder-module-template fl-builder-global-templates-locked\" data-post-id=\"3660\"><div class=\"fl-module fl-module-pp-toc fl-node-xrvkwe8ihtn6 toc\" data-node=\"xrvkwe8ihtn6\">\n\t<div class=\"fl-module-content fl-node-content\">\n\t\t<div class=\"pp-toc-container\">\n\t\n\t<div class=\"pp-toc-body\">\n\t\t\t\t\t<ul class=\"pp-toc-list-wrapper pp-toc-list-icon\"><\/ul>\n\t\t\t\t<\/div>\n<\/div>\n\n\t<\/div>\n<\/div>\n<\/div><div class=\"uabb-js-breakpoint\" style=\"display: none;\"><\/div>\n<ul>\n<li> <a href=\"https:\/\/www.mission-21.org\/wp-content\/uploads\/2025\/07\/250708_m21_jb_2024_organisation-chart_en_rz-1.pdf\">Organizational Chart (PDF, english)<\/a><\/li>\n<\/ul>\n\t\t\t<a href=\"\/en\/donate\/\" title=\"Donations\" target=\"_self\"   role=\"button\" aria-label=\"Donations\">\n\t\t\t\t\t\t\tDonations\n\t\t\t\t\t\t\t\t\t<img decoding=\"async\" src=\"https:\/\/www.mission-21.org\/wp-content\/uploads\/2022\/08\/csm_heat-icon_b1dbd40167.png\"\/>\n\t\t<\/a>\n<h2>\n\t\t\tMission Synod\t<\/h2>\n\t\t\t\t<img decoding=\"async\" src=\"https:\/\/www.mission-21.org\/wp-content\/uploads\/2022\/10\/csm_header_missionssynode_7064e971b2.jpg\" alt=\"csm header mission synod 7064e971b2\" itemprop=\"image\" height=\"659\" width=\"1170\" title=\"csm_Header_Missionssynode_7064e971b2\" onerror=\"this.style.display='none'\" loading='lazy' \/>\n<p><strong><a href=\"https:\/\/www.mission-21.org\/en\/who-we-are\/mission-synod\/\">\u25ba Mission Synod: Sponsoring Associations and Continental Assembly<\/a><\/strong><\/p>\n<p><strong><a href=\"https:\/\/www.mission-21.org\/en\/who-we-are\/mission-synod-actual\/\">\u25ba Mission Synod up to date<\/a><\/strong><\/p>\n<h2>\n\t\t\tBoard of Directors\t<\/h2>\n\t\t\t\t<img decoding=\"async\" src=\"https:\/\/www.mission-21.org\/wp-content\/uploads\/2024\/07\/evelyn-borer_portrait_-scaled.jpg\" alt=\"evelyn borer portrait \" itemprop=\"image\" height=\"2560\" width=\"1920\" title=\"evelyn borer_portrait_\" onerror=\"this.style.display='none'\" loading='lazy' \/>\n\t<strong>Evelyn Borer<br \/>\n<\/strong><strong>President of the Executive Board<\/strong>\n<p>Evelyn Borer (b. 1960) was elected as the new President on July 26, 2024 and installed in office on September 12, 2024. She completed her second term of office as President of the Synod of the Swiss Protestant Reformed Church (EKS) in December 2024, after four years as the country's highest Reformed leader. As President of the Synodal Council, she heads the executive of the Protestant Reformed Church of the Canton of Solothurn and is also active as a leader in her parish of Dornach-Gempen-Hochwald.<\/p>\n<p>Evelyn Borer held a management position in the social services of the municipality of Reinach (BL) until 2019 and was politically active: For twelve years as a municipal councillor in Dornach at executive level and at parliamentary level as a member of the Solothurn Cantonal Council.<\/p>\n\t\t\t\t<img decoding=\"async\" src=\"https:\/\/www.mission-21.org\/wp-content\/uploads\/2024\/07\/anders_stokholm1.png\" alt=\"different stokholm1\" itemprop=\"image\" height=\"858\" width=\"667\" title=\"Anders_Stokholm1\" onerror=\"this.style.display='none'\" loading='lazy' \/>\n\t<strong>Anders Stokholm, Pastor<\/strong><br \/>\n<strong>Vice President of the Board<\/strong>\n<p>Anders Stokholm (born 1966) was elected to the Executive Board at Synod 2024. He has been mayor of Frauenfeld, Thurgau, since 2015. Anders Stokholm studied theology in Zurich from 1983-1990 and completed his vicariate at the Grossm\u00fcnster. He then worked as a parish priest in Stein am Rhein from 1991-1998. From 1998-2002, he worked as an editor at the Reformed Press in Zurich and trained as a qualified journalist MAZ. From 2002-2008 he headed the Zukunft Thurgau Foundation and from 2008-2015 he was Director of the Thurgau Social Insurance Center. With Mission 21, he would like to expand his social work in a global context.<\/p>\n\t\t\t\t<img decoding=\"async\" src=\"https:\/\/www.mission-21.org\/wp-content\/uploads\/2024\/07\/becker_barbara.png\" alt=\"becker barbara\" itemprop=\"image\" height=\"1064\" width=\"803\" title=\"Becker_Barbara\" onerror=\"this.style.display='none'\" loading='lazy' \/>\n\t<strong>Dr. Barbara Becker<br \/>\nMember of the Board<\/strong>\n<p>Barbara Becker (born 1954) is a retired agricultural scientist and has been a member of the church council of the Protestant Reformed parish of Zurich since 2019. She is responsible for parish affairs and OeME (ecumenism, mission and development) and is therefore also the contact person for Mission 21. Until her retirement, she was responsible for cooperation with developing countries at ETH Zurich. She was involved in research and development projects in Africa (Kenya, Senegal) and Latin America (Peru, Colombia, Bolivia) as well as in political consulting and research management.<\/p>\n<p>&nbsp;<\/p>\n\t\t\t\t<img decoding=\"async\" src=\"https:\/\/www.mission-21.org\/wp-content\/uploads\/2025\/08\/sandro_bugmann_2025_3-zu-4_web.jpg\" alt=\"Portrait picture of Sandro Bugamann 2025\" itemprop=\"image\" height=\"658\" width=\"494\" title=\"Sandro_Bugmann_2025_Board_member_3-to-4_web\" onerror=\"this.style.display='none'\" loading='lazy' \/>\n\t<strong>Sandro Bugmann<\/strong><br \/>\n<strong>Member of the Board<\/strong>\n<p>Sandro Bugmann (born 1998) was elected as a member of the Board of Directors at Synod 2024. He works as an investment advisor at a cantonal bank. He has been a member of the Council of the Swiss Protestant Reformed Church (EKS) since July 2025. He is responsible for Finance and Solidarity.<\/p>\n<p>From 2022 to 2025, Sandro Bugmann was a church councillor for the Evangelical Church of the Canton of Schwyz, where he was responsible for finance and insurance. He was previously active as a synod member and youth leader in his parish. He is also a member of the editorial committee of the Kirchenbote.<\/p>\n\t\t\t\t<img decoding=\"async\" src=\"https:\/\/www.mission-21.org\/wp-content\/uploads\/2023\/04\/gerhard-buetschi-900x1200.jpg\" alt=\"gerhard b\u00fctschi\" itemprop=\"image\" height=\"1200\" width=\"900\" title=\"Gerhard B\u00fctschi\" onerror=\"this.style.display='none'\" loading='lazy' \/>\n\t<strong>Dr. Gerhard B\u00fctschi-Hassler<br \/>\n<\/strong><strong>Member of the Board<\/strong>\n<p>Gerhard B\u00fctschi-Hassler (born 1955) is an independent management consultant in the field of marketing and communications. He has been a lecturer in communications management in Switzerland and abroad, as well as a consultant to the Tanzanian government for training courses for those responsible for communications in the presidency and ministries. Gerhard B\u00fctschi is a church councilor of the Reformed Church of Aargau and a synod member of the EKS.<\/p>\n\t\t\t\t<img decoding=\"async\" src=\"https:\/\/www.mission-21.org\/wp-content\/uploads\/2024\/07\/portraet_christoph_knoch.jpg\" alt=\"portrait christoph knoch\" itemprop=\"image\" height=\"2560\" width=\"1920\" title=\"portraet_christoph_knoch\" onerror=\"this.style.display='none'\" loading='lazy' \/>\n\t<strong>Christoph Knoch, Pastor<\/strong><br \/>\n<strong>Member of the Board<\/strong>\n<p>Christoph Knoch (born 1957) was elected as a member of the Board at Synod 2024. He is a full professor of the Reformed Church of the Canton of Bern and a retired pastor. He completed his studies in T\u00fcbingen and Bern and was a theological student at Dormitio Abbey in 1979\/80. From 1986-2002 he was pastor in Langendorf (SO) and from 2002-2022 he was pastor in Muri-G\u00fcmligen near Bern. Christoph Knoch is President of the Association of Churches in the Canton of Bern and Vice President of the Interreligious Association of Switzerland (IRAS COTIS). He regularly takes photographs for church media and lives with his family in Bern.<\/p>\n<p>&nbsp;<\/p>\n<p>&nbsp;<\/p>\n\t\t\t\t<img decoding=\"async\" src=\"https:\/\/www.mission-21.org\/wp-content\/uploads\/2022\/10\/csm_michal_maurer_vorstand_foto-gabriela-mueller_33a8937f63.jpg\" alt=\"csm michal maurer board photo gabriela mueller 33a8937f63\" itemprop=\"image\" height=\"480\" width=\"360\" title=\"csm_Michal_Maurer_Executive_board_photo-gabriela-mueller_33a8937f63\" onerror=\"this.style.display='none'\" loading='lazy' \/>\n\t<strong>Michal Maurer, Pastor<\/strong><br \/>\n<strong>Member of the Board<\/strong>\n<p>Michal Maurer Pfenninger (born 1993) worked as a pastor in the diaspora congregation in Sargans, Mels, Vilters-Wangs and since January 2024 she has been working as a hospital chaplain at Zurich City Hospital. She studied at the universities of Zurich, Basel and Strasbourg and was involved in the YMCA for a long time. Interested in languages and people, she has traveled extensively. Michal Maurer-Pfenninger is associated with Mission 21 through a trip to Cameroon and her work as a youth ambassador.<\/p>\n<p>&nbsp;<\/p>\n<p>&nbsp;<\/p>\n<p>&nbsp;<\/p>\n\t\t\t\t<img decoding=\"async\" src=\"https:\/\/www.mission-21.org\/wp-content\/uploads\/2024\/07\/portraet_blum-scaled.jpg\" alt=\"portrait blum\" itemprop=\"image\" height=\"2560\" width=\"1920\" title=\"Portrait_Blum\" onerror=\"this.style.display='none'\" loading='lazy' \/>\n\t<strong>Johannes Blum-Hasler, Prof. Dr. med.<\/strong><br \/>\n<strong>Honorary President of the Board of Directors<\/strong>\n<p>Prof. Dr. Johannes Blum-Hasler completed his term of office as President of the Board of Mission 21 on June 30, 2024. The Synod elected him Honorary President for life for his services.<\/p>\n<p>Johannes Blum (b. 1955) was elected by the synod on June 10, 2015, as the new president of the board of which he has been a member since 2012. Previously, he served as president of the Mission 21 supporting association Evangelical Mission in the Kwango, EMIK. Johannes Blum worked as a tropical doctor with training function at the H\u00f4pital de Vanga in the DR Congo from 1987 to 1991. Since 1991 he has been working at the Swiss Tropical and Public Health Institute, currently as senior physician and head of the polyclinic. He is a lecturer at the Medical Faculty of the University of Basel. Johannes Blum undertakes annual missions to the DR Congo and other African countries for medical training and research.<\/p>\n\t\t\t\t<img decoding=\"async\" src=\"https:\/\/www.mission-21.org\/wp-content\/uploads\/2022\/10\/csm_vollprecht_vorstand_mission_21_9cbb3039d8.jpg\" alt=\"csm vollprecht board mission 21 9cbb3039d8\" itemprop=\"image\" height=\"463\" width=\"360\" title=\"csm_Vollprecht_Vorstand_Mission_21_9cbb3039d8\" onerror=\"this.style.display='none'\" loading='lazy' \/>\n\t<strong>Frieder Vollprecht, Pastor<br \/>\nMember of the Board<\/strong>\n<p>Frieder Vollprecht (born 1960) is pastor of the Herrnhut Societies of Basel and Bern and collaborates in the House of Religions in Bern. Frieder Vollprecht worked in parish ministries in Herrnhut, Berlin and Neuwied am Rhein. From 1997 to 2002 he was parish pastor and lecturer in church history at the theological seminary of the Brethren community in Paramaribo (Surinam). In addition, he looks back on twelve years in the Herrnhut church leadership for continental Europe. He has been associated with Mission 21 for many years, among other things as a member of the board of the supporting association \"Herrnhuter Mission\".<\/p>\n<p>&nbsp;<\/p>\n<p>&nbsp;<\/p>\n\t\t\t\t<img decoding=\"async\" src=\"https:\/\/www.mission-21.org\/wp-content\/uploads\/2024\/07\/wagner2.png\" alt=\"wagner2\" itemprop=\"image\" height=\"574\" width=\"431\" title=\"Wagner2\" onerror=\"this.style.display='none'\" loading='lazy' \/>\n\t<strong>Marianne Wagner, Pastor<\/strong><br \/>\n<strong>Member of the Board<\/strong>\nPastor Marianne Wagner M.A. (born 1962) was elected to the Board at Synod 2024. She has been a Senior Church Councillor of the Protestant Church of the Palatinate (Prot. Landeskirche) since 2016 and heads the personnel department of her church.<br \/>\nShe studied Protestant Theology and Romance Studies in Mainz and Valencia.<br \/>\nAfter her vicariate, she taught Protestant religion at the vocational school in Neustadt\/Weinstrasse, after which she was a pastor at the Stiftskirchen parish in Neustadt.<br \/>\nFrom 2002 to 2016, Wagner headed the Parish Office for World Mission and Ecumenism in the Missionary-Ecumenical Service of the Evangelical Church of the Palatinate in Landau. She was responsible for ecumenical relations between the Palatinate regional church and partner churches and organizations in Bolivia, Ghana, South Korea and West Papua, as well as for development projects. She has been in contact with Mission 21 ever since.\n<h2>\n\t\t\tManagement\t<\/h2>\n\t\t\t\t<img decoding=\"async\" src=\"https:\/\/www.mission-21.org\/wp-content\/uploads\/2025\/12\/jochen-kirsch-11_update-fuer-web_1920x2560.jpg\" alt=\"jochen kirsch 11 update for web 1920x2560\" itemprop=\"image\" height=\"2560\" width=\"1920\" title=\"Jochen Kirsch-11_update for web_1920x2560\" onerror=\"this.style.display='none'\" loading='lazy' \/>\n\t<p><strong>Jochen Kirsch, Pastor<\/strong><\/p>\n<p><strong>Director<\/strong><\/p>\n<p>Jochen Kirsch has led Mission 21 as director since September 2019. Previously, he was head of the International Relations Department at Mission 21. From 2004 to September 2014, he held various positions in this department: team leader for Africa, program officer for Cameroon, Nigeria and South Sudan, and thematic officer for HIV and theological education. Most recently, Kirsch was also responsible for the area of religion and development.<\/p>\n<p><a href=\"mailto:jochen.kirsch@mission-21.org\">\u25ba E-mail<\/a><\/p>\n\t\t\t\t<img decoding=\"async\" src=\"https:\/\/www.mission-21.org\/wp-content\/uploads\/2025\/12\/gaby-ullrich_2025-12_1920x2560-scaled.jpg\" alt=\"gaby ullrich 2025 12 1920x2560\" itemprop=\"image\" height=\"2560\" width=\"1919\" title=\"Gaby Ullrich_2025-12_1920x2560\" onerror=\"this.style.display='none'\" loading='lazy' \/>\n<p><strong>Gaby Ullrich<\/strong><\/p>\n<p><strong>Head of the \"Marketing and Communication\" department and contact person for media inquiries, Deputy Director<\/strong><\/p>\n<p>Gaby Ullrich has been Head of Marketing and Communications at Mission 21 since May 2019. Gaby Ullrich originally studied business administration and marketing and has many years of diverse management experience in marketing, communications and fundraising in the private sector (airlines, advertising, financial services) as well as with well-known Swiss NPOs.  She completed further studies in Nonprofit Management and Law at the University of Basel in 2015 and is currently studying Ethics at the University of Zurich.<\/p>\n<p><a href=\"mailto:gaby.ullrich@mission-21.org\">\u25ba E-mail<\/a><\/p>\n\t\t\t\t<img decoding=\"async\" src=\"https:\/\/www.mission-21.org\/wp-content\/uploads\/2025\/08\/ekueamele_high-res_4-zu-3_20250804-scaled.jpg\" alt=\"Am\u00e9l\u00e9 Eku\u00e9 portrait picture\" itemprop=\"image\" height=\"2560\" width=\"1920\" title=\"Am\u00e9l\u00e9 Eku\u00e9 portrait picture\" onerror=\"this.style.display='none'\" loading='lazy' \/>\n\t<p><strong>Dr. Am\u00e9l\u00e9 Eku\u00e9<\/strong><\/p>\n<p><strong>Head of the \u201eEducation Exchange Research\u201c department\u201c<\/strong><\/p>\n<p>With a doctorate in theology and a degree in African studies, specializing in intercultural theology, ecumenical studies and ethics, she has extensive international teaching and research experience. She has headed the Department of Education, Exchange and Research since July 2025. Prior to that, she was Director of Studies at the Mission Academy, Research Assistant at the University of Hamburg and, from 2007 to 2019, Professor at the Ecumenical Institute in Bossey. Most recently, she worked as academic dean at a foundation for ethics in Geneva.<\/p>\n<p><a href=\"mailto:amele.ekue@mission-21.org\">\u25ba E-mail<\/a><\/p>\n\t\t\t\t<img decoding=\"async\" src=\"https:\/\/www.mission-21.org\/wp-content\/uploads\/2023\/08\/katharina-gfeller-1.jpg\" alt=\"katharina gfeller\" itemprop=\"image\" height=\"564\" width=\"432\" title=\"katharina gfeller\" onerror=\"this.style.display='none'\" loading='lazy' \/>\n<p><strong>Katharina Gfeller<\/strong><\/p>\n<p><strong>Head of the \"International Relations\" Department<\/strong><\/p>\n<p>Katharina Gfeller has headed the International Relations department since September 2019. Prior to that, she was Team Leader Asia, responsible for projects and programs in Indonesia, Hong Kong and Malaysia. With a degree in social geography, she worked for two years as a peace specialist in Indonesia and completed an MAS course in nonprofit management.<\/p>\n<p><a href=\"mailto:katharina.gfeller@mission-21.org\">\u25ba E-mail<\/a><\/p>\n\t\t\t\t<img decoding=\"async\" src=\"https:\/\/www.mission-21.org\/wp-content\/uploads\/2025\/12\/pellet-myriam_update-1920x2560-1.jpg\" alt=\"pellet myriam update 1920x2560\" itemprop=\"image\" height=\"2560\" width=\"1920\" title=\"Pellet-Myriam_update-1920x2560\" onerror=\"this.style.display='none'\" loading='lazy' \/>\n<p><strong>Myriam Pellet<\/strong><\/p>\n<p><strong>Head of personnel<\/strong><\/p>\n<p>Myriam Pellet has been working as Head of Human Resources at Mission 21 since November 2016. In addition to training as a business economist and further training as a human resources manager, she has many years of diverse professional experience in the field of human resources in an international environment.<\/p>\n<p><a href=\"mailto:myriam.pellet@mission-21.org\">\u25ba E-mail<\/a><\/p>\n<p><strong>Daniel Tschumper<\/strong><\/p>\n<p><strong>Head of Finance<\/strong><\/p>\n<p><a href=\"mailto:daniel.tschumper@mission-21.org\">\u25ba E-mail<\/a><\/p>\n\t\t\t\t<img decoding=\"async\" src=\"https:\/\/www.mission-21.org\/wp-content\/uploads\/2022\/10\/csm_heer_barbara_frauen_und_gender_b812fc2e16.jpg\" alt=\"Barbara Heer, Head of the Women and Gender Unit\" itemprop=\"image\" height=\"450\" width=\"351\" title=\"csm_Heer_Barbara_Women_and_Gender_b812fc2e16\" onerror=\"this.style.display='none'\" loading='lazy' \/>\n<p><strong>Dr. Barbara Heer<\/strong><\/p>\n<p><strong>Head of Staff Office Women and Gender<\/strong><\/p>\n<p>Barbara Heer has been working at the Mission House since June 2021. She holds a doctorate in ethnology and has conducted research on cities in southern Africa, taught at the University of Basel, and worked in intercultural and interreligious dialogue at the parish level. As a member of parliament in the canton of Basel-Stadt, she is committed to gender justice.<\/p>\n<p><a href=\"mailto:barbara.heer@mission-21.org\">\u25ba E-mail<\/a><\/p>\n<h2>\n\t\t\tWomen and gender\t<\/h2>\n\t\t\t\t<img decoding=\"async\" src=\"https:\/\/www.mission-21.org\/wp-content\/uploads\/2022\/10\/csm_16_tage_gegen_gewalt_c34d13fb27.jpg\" alt=\"csm 16 days against violence c34d13fb27\" itemprop=\"image\" height=\"658\" width=\"1170\" title=\"csm_16_Tage_gegen_Gewalt_c34d13fb27\" onerror=\"this.style.display='none'\" loading='lazy' \/>\n<p>Since Mission 21 was founded in 2001, the ministry has had a Women and Gender staff unit. Gender justice is a guiding principle for all Mission 21 development programs in Africa, Asia and Latin America. Attached to the Directorate Department, the staff unit therefore works in close cooperation with the International Relations Department towards a world free of gender-based discrimination and violence. The task of the staff unit is to guarantee that the concerns and living situations of women are taken into account in the planning, design and implementation of programs.<\/p>\n<p><a href=\"https:\/\/www.mission-21.org\/en\/who-we-are\/staff-office-women-and-gender\/\">\u25ba Staff unit Women and Gender<\/a><\/p>\n<p><strong>Advisory Board Gender Justice<\/strong><\/p>\n<p>The Advisory Board Gender Justice advises Mission 21 as an expert body. Its task is to support the strategic orientation of Mission 21 for gender justice and gender mainstreaming. The four coordinators of the Continental Assemblies, representatives of the Mission 21 Board of Directors, and external gender experts participate in the Board. The board meets online three times a year and works on a voluntary basis.<br \/>The Advisory Board is intended to further strengthen Mission 21's work for gender justice and to increase its international focus at the strategic level.<\/p>\n<p><a href=\"https:\/\/www.mission-21.org\/en\/who-we-are\/organizational-structure\/advisory-board-gender-justice\/\">\u25ba Members of the Advisory Board Gender Justice<\/a><\/p>\n<p>Until spring 2023, the Expert Commission Women and Gender (FaKo) supported the staff unit as a dedicated body for many years. The members of the commission during the last term of office can be found at <a href=\"https:\/\/www.mission-21.org\/en\/who-we-are\/organizational-structure\/expert-commission-women-and-gender\/\">here<\/a>.<\/p>\n<p><a href=\"https:\/\/www.mission-21.org\/en\/thanks-and-appreciation-for-the-commission-of-experts-women-and-gender\/\">\u25ba An appreciation of the work of the Expert Commission took place in February 2023.<\/a><\/p>\n<h2>\n\t\t\tRegional office Bern\t<\/h2>\n\t<p>The Berne regional office of Mission 21 is integrated into the \"Ecumenical Mission and Development Cooperation\" (OeME) department of the Reformed Churches of Berne-Jura-Solothurn. The Bern Regional Office makes the World Church tangible in Bern parishes. In particular, the focus is on educational and project work with youth and young adults.<\/p>\n<p><a href=\"https:\/\/www.refbejuso.ch\/welt\/internationale-zusammenarbeit\/werke\" target=\"_blank\" rel=\"noopener\">\u25ba \u201eWorks of international cooperation\u201c website at refbejuso.ch<\/a><\/p>\n<h2>\n\t\t\tInternational employees\t<\/h2>\n\t<p>Mission 21 is present with competent experts in the 15 project countries in Africa, Asia and Latin America. As coordinators, these international employees network Mission 21's programme work with the partner churches and partner organizations on the ground. Specialists from Switzerland also work in the projects, currently in the field of theology. These specialists are deployed at the express request of Mission 21's partner churches and partner organizations. By working abroad, they hone their intercultural skills and make a significant contribution to Mission 21's international network.<\/p>\n<p><a href=\"https:\/\/www.mission-21.org\/en\/what-we-do\/international-employees\/\" target=\"_self\">\u25ba further information<\/a><\/p>","protected":false},"excerpt":{"rendered":"<p>Organigramm als PDF Spenden Missionssynode \u25ba Missionssynode: Tr\u00e4gervereine und Kontinentalversammlung \u25ba Missionssynode\u00a0aktuell Vorstand Evelyn Borer Pr\u00e4sidentin des Vorstands Evelyn Borer (geb. 1960) wurde per 26. Juli 2024 als neue Pr\u00e4sidentin gew\u00e4hlt und am 12. September 2024 in ihr Amt eingesetzt. Sie schloss im Dezember 2024 ihre zweite Amtszeit als Synodenpr\u00e4sidentin der Evangelisch-reformierten Kirche Schweiz (EKS) [&hellip;]<\/p>\n","protected":false},"author":1,"featured_media":3196,"parent":218,"menu_order":0,"comment_status":"closed","ping_status":"closed","template":"","meta":{"_acf_changed":false,"_seopress_robots_primary_cat":"","_seopress_titles_title":"","_seopress_titles_desc":"","_seopress_robots_index":"","_searchwp_excluded":"","site-sidebar-layout":"default","site-content-layout":"","ast-site-content-layout":"default","site-content-style":"default","site-sidebar-style":"default","ast-global-header-display":"","ast-banner-title-visibility":"","ast-main-header-display":"","ast-hfb-above-header-display":"","ast-hfb-below-header-display":"","ast-hfb-mobile-header-display":"","site-post-title":"","ast-breadcrumbs-content":"","ast-featured-img":"","footer-sml-layout":"","ast-disable-related-posts":"","theme-transparent-header-meta":"","adv-header-id-meta":"","stick-header-meta":"","header-above-stick-meta":"","header-main-stick-meta":"","header-below-stick-meta":"","astra-migrate-meta-layouts":"set","ast-page-background-enabled":"default","ast-page-background-meta":{"desktop":{"background-color":"var(--ast-global-color-4)","background-image":"","background-repeat":"repeat","background-position":"center center","background-size":"auto","background-attachment":"scroll","background-type":"","background-media":"","overlay-type":"","overlay-color":"","overlay-opacity":"","overlay-gradient":""},"tablet":{"background-color":"","background-image":"","background-repeat":"repeat","background-position":"center center","background-size":"auto","background-attachment":"scroll","background-type":"","background-media":"","overlay-type":"","overlay-color":"","overlay-opacity":"","overlay-gradient":""},"mobile":{"background-color":"","background-image":"","background-repeat":"repeat","background-position":"center center","background-size":"auto","background-attachment":"scroll","background-type":"","background-media":"","overlay-type":"","overlay-color":"","overlay-opacity":"","overlay-gradient":""}},"ast-content-background-meta":{"desktop":{"background-color":"var(--ast-global-color-5)","background-image":"","background-repeat":"repeat","background-position":"center center","background-size":"auto","background-attachment":"scroll","background-type":"","background-media":"","overlay-type":"","overlay-color":"","overlay-opacity":"","overlay-gradient":""},"tablet":{"background-color":"var(--ast-global-color-5)","background-image":"","background-repeat":"repeat","background-position":"center center","background-size":"auto","background-attachment":"scroll","background-type":"","background-media":"","overlay-type":"","overlay-color":"","overlay-opacity":"","overlay-gradient":""},"mobile":{"background-color":"var(--ast-global-color-5)","background-image":"","background-repeat":"repeat","background-position":"center center","background-size":"auto","background-attachment":"scroll","background-type":"","background-media":"","overlay-type":"","overlay-color":"","overlay-opacity":"","overlay-gradient":""}},"iawp_total_views":10357,"footnotes":""},"hf_cat_page":[302],"class_list":["post-3194","page","type-page","status-publish","has-post-thumbnail"],"acf":[],"_links":{"self":[{"href":"https:\/\/www.mission-21.org\/en\/wp-json\/wp\/v2\/pages\/3194","targetHints":{"allow":["GET"]}}],"collection":[{"href":"https:\/\/www.mission-21.org\/en\/wp-json\/wp\/v2\/pages"}],"about":[{"href":"https:\/\/www.mission-21.org\/en\/wp-json\/wp\/v2\/types\/page"}],"author":[{"embeddable":true,"href":"https:\/\/www.mission-21.org\/en\/wp-json\/wp\/v2\/users\/1"}],"replies":[{"embeddable":true,"href":"https:\/\/www.mission-21.org\/en\/wp-json\/wp\/v2\/comments?post=3194"}],"version-history":[{"count":11,"href":"https:\/\/www.mission-21.org\/en\/wp-json\/wp\/v2\/pages\/3194\/revisions"}],"predecessor-version":[{"id":20136,"href":"https:\/\/www.mission-21.org\/en\/wp-json\/wp\/v2\/pages\/3194\/revisions\/20136"}],"up":[{"embeddable":true,"href":"https:\/\/www.mission-21.org\/en\/wp-json\/wp\/v2\/pages\/218"}],"wp:featuredmedia":[{"embeddable":true,"href":"https:\/\/www.mission-21.org\/en\/wp-json\/wp\/v2\/media\/3196"}],"wp:attachment":[{"href":"https:\/\/www.mission-21.org\/en\/wp-json\/wp\/v2\/media?parent=3194"}],"wp:term":[{"taxonomy":"hf_cat_page","embeddable":true,"href":"https:\/\/www.mission-21.org\/en\/wp-json\/wp\/v2\/hf_cat_page?post=3194"}],"curies":[{"name":"wp","href":"https:\/\/api.w.org\/{rel}","templated":true}]}}