{"id":986,"date":"2022-09-07T21:03:16","date_gmt":"2022-09-07T19:03:16","guid":{"rendered":"https:\/\/www.mission-21.org\/projekte\/lateinamerika-wird-in-religioeser-hinsicht-immer-pluralistischer-gleichzeitig-nehmen-politisch-religioes-gefaerbte-fundamentalismen-welche-demokratie-und-rechtsstaatlichkeit-untergraben-in-besorgni\/"},"modified":"2026-03-09T18:15:17","modified_gmt":"2026-03-09T17:15:17","slug":"education-for-social-change-in-latin-america","status":"publish","type":"projekte","link":"https:\/\/www.mission-21.org\/en\/projekte\/bildung-fuer-den-sozialen-wandel-in-lateinamerika\/","title":{"rendered":"Theological training for democratic and socially inclusive societies in Peru and Costa Rica"},"content":{"rendered":"<h2 class=\"wp-block-heading has-text-align-left\" id=\"hintergrundinformationen\">Background information on the partner organizations<\/h2>\n\n\n\n<p><strong>The Latin American Bible University<\/strong> <strong>(UBL)<\/strong> is a theological university in San Jos\u00e9, Costa Rica. In its educational work, UBL promotes awareness of gender justice, environmental issues and alternative economic models that are oriented towards a \"good life\" for all. Its principles are ecumenical openness, holistic spirituality, commitment to peace and a special sensitivity towards the ethnic diversity of Latin America. Committed to contextual theology, the UBL decided two years ago to make \"planetary life\" a new key aspect of teaching, research and community life. To this end, UBL was certified as a Green Seminary in 2020. UBL's educational offer is open to everyone and is aimed at people throughout Latin America. The <a href=\"https:\/\/www.youtube.com\/watch?v=oPTYJEB56yc\">Documentary film<\/a> on the occasion of the 100th anniversary in 2023 provides an insight into the liberation theology profile of the institution, which is committed to justice.<\/p>\n\n\n\n<p><strong>The Ecumenical Training Center \"Departamento Ecum\u00e9nico de Investigaciones\" (DEI)<\/strong> in San Jos\u00e9, Costa Rica, works in the fields of education and supporting human rights defenders. The starting point is the conviction that theology must be in exchange with other fields of knowledge. The seminars deal with interdisciplinary issues from theology, economics, environmental and social sciences. The DEI draws its inspiration from Latin American liberation theologies and is committed to the protection of human rights defenders.<\/p>\n\n\n\n<p><strong>The \"Asociaci\u00f3n Educativa Teol\u00f3gica Evang\u00e9lica\" (AETE)<\/strong> is a training center for evangelical-ecumenical theology in Peru. It trains full-time pastors as well as volunteers and religiously interested people for church and social commitment. Among other things, the ability to initiate processes of change in the respective environment is imparted. AETE was first founded by Protestant churches from the ecumenical environment as a Peruvian branch of the Latin American Bible University UBL in Costa Rica. Since 2012, it has been functioning independently of UBL.<\/p>\n\n\n\n<p><strong>The theological institute \"Seminario Andino San Pablo\" (SASP) <\/strong>offers basic theological training as well as university theological training. The university training is aimed at future pastors and takes place in collaboration with the Universidad Biblica Latinoamericana (UBL) in Costa Rica. SASP is based in the city of Huancayo in the Peruvian Central Andes. One of the main focuses of the SASP is the promotion of women and intercultural dialogue. To this end, the Institute conducts theology courses in communities in the nearby rainforest, as well as in the Central (Cerro de Pasco and Huanuco) and Southern Andes (Puno, Apurimac).<\/p>\n\n\n\n<h2 class=\"wp-block-heading has-text-align-left\" id=\"projektzieleProgrammphase20222025\">Project objectives program phase 2025-2028<\/h2>\n\n\n\n<p>In the Latin American context, theological educational institutions that are committed to contextual liberation theology teaching and research make an important contribution to the social inclusion of socially marginalized and vulnerable population groups (<strong>SDGs 10.2 <\/strong>and<strong> 16.7)<\/strong>. The aim is to provide students with a sound theological education and training that enables them to take on responsibility in society and the church.<\/p>\n\n\n\n<p>Ecumenism, interculturality, environmental and gender justice are important cross-cutting themes during training. The institutions particularly promote the training and further education of women, who are still underrepresented in leadership positions and discriminated against by a misogynistic interpretation of the Bible, among other things.<strong><\/strong><\/p>\n\n\n\n<h2 class=\"wp-block-heading has-text-align-left\" id=\"zielgruppe\">Target groups<\/h2>\n\n\n\n<p>The educational opportunities offered by our partners are open to anyone interested in a theological training or further education program.<\/p>\n\n\n\n<p>The <strong>Casa DEI\" protection center<\/strong> is aimed at threatened human rights defenders from all over Latin America and the Caribbean.<\/p>\n\n\n\n<ul class=\"wp-block-list\">\n<li>The <strong>Higher academic education<\/strong> is aimed at prospective pastors, leaders of church organizations and professionals interested in theology or Christian religious education. In order to expand the circle of potential theology students, our partners have expanded their existing virtual study program so that students from all over Latin America and the Caribbean can participate.<\/li>\n<\/ul>\n\n\n\n<ul class=\"wp-block-list\">\n<li>The <strong>low-threshold offers<\/strong> (courses, workshops) are aimed at members of communities and social movements as well as theologians and animators. This also includes particularly vulnerable population groups such as women, young people, indigenous people and African-Americans. These people only have limited access to educational opportunities. They experience discrimination and exclusion due to poverty, their commitment to the environment and human rights, their ethnic and social characteristics or their sexual orientation. The courses strengthen their ability to participate in church and society and promote a self-determined life.<\/li>\n\n\n\n<li>The <strong>Casa DEI\" protection center<\/strong> is aimed at threatened human rights defenders from all over Latin America and the Caribbean.<\/li>\n<\/ul>\n\n\n\n<h2 class=\"wp-block-heading has-text-align-left\" id=\"aktivitTen\">Activities<\/h2>\n\n\n\n<p><strong>Our partner organizations implement the following activities in their projects:<\/strong><\/p>\n\n\n\n<p>The <strong>UBL<\/strong> offers comprehensive virtual theology studies with a state-recognized degree (licentiate in biblical studies or theology) for students from all over Latin America. It is possible to specialize with a Master's degree in Religion, Gender and Diversity or in Theology and Interculturality in collaboration with the National University of UNA.<\/p>\n\n\n\n<p>The <strong>DEI<\/strong> organizes an annual four-week intensive course on a current socio-political topic. This offers participants the opportunity to analyze mechanisms of violence, discrimination and exploitation of people and the environment in Latin America and to derive impulses for their own commitment. In addition, the DEI runs a protection program for threatened human rights defenders, the \"Casa DEI\". The program includes accommodation, meals and psychosocial support as well as further training courses to strengthen resilience and clarify future prospects.<\/p>\n\n\n\n<p><strong>AETE<\/strong> promotes self-determination and leadership skills by offering low-threshold courses for women from local, mostly conservative church communities in Lima, Chiclayo and Cajamarca. An important aspect of the courses is the prevention of gender-specific violence. To this end, AETE deliberately relies on workshop leaders who are familiar with the religious and church context and are respected by pastors. AETE thus makes an important contribution to the prevention and removal of taboos surrounding violence against women in churches and, if necessary, also arranges professional help for those affected by violence. AETE also offers a diploma course on Latin American theology and pastoral care and further training courses.<\/p>\n\n\n\n<p>The <strong>SASP<\/strong> is closely linked to the UBL and provides students with a foundation course in Bible and theology and a diploma course aimed primarily at women involved in the church. The SASP pays particular attention to the pedagogical placement and support of participants, as they often come from very conservative churches. Thanks to an agreement with the UBL, particularly interested students can continue their studies and obtain a state-recognized degree.<\/p>\n\n\n\n<h2 class=\"wp-block-heading has-text-align-left\" id=\"aktivitTen\">Project progress <\/h2>\n\n\n\n<p>With the support of Mission 21, our four partner organizations active in this project offered a total of 217 courses, workshops and training programmes in 2025 and were able to reach 591 participants, 60% of whom were women. The focus and quality of the training courses were also further developed.<\/p>\n\n\n\n<h3 class=\"wp-block-heading\"><strong>Costa Rica<\/strong><\/h3>\n\n\n\n<h4 class=\"wp-block-heading\"><strong>UBL<\/strong><\/h4>\n\n\n\n<p>The influence of the study process on students' attitudes and commitment is impressive. Surveys and other qualitative evidence show that students develop in terms of critical thinking and personal self-empowerment and in linking faith and theology. Students combine this with reflection on key issues in their context and with pastoral and social action aimed at supporting vulnerable groups and social transformation.<\/p>\n\n\n\n<p>All activities - university courses, practical activities as well as public activities (advocacy campaigns) and publications - represent spaces for awareness-raising and intensive exchange. Students are thus motivated and take the opportunity to acquire tools for analysis and active change for a fairer world, especially in gender justice, religion and politics as well as climate justice. The students show above-average social commitment and stand up for the interests of vulnerable people, both in social networks and in communities. The work produced in the courses and the field reports show that this commitment is closely linked to their biblical, theological and pastoral training at UBL.<\/p>\n\n\n\n<h4 class=\"wp-block-heading\"><strong>Casa DEI<\/strong><\/h4>\n\n\n\n<p>Two central events were held as part of the educational work: a socio-theological workshop on migration and spirituality and a thematic biblical-theological seminar on gender justice. A total of 39 people from 25 organizations and 12 countries in the region took part in both formats. They practised exchange, joint learning and critical reflection from an ecumenical perspective and then took the impetus they had gained back to their organizations and congregations to put the approaches and methods they had learned into practice.<\/p>\n\n\n\n<p>The human rights defenders accommodated in the Casa DEI project were offered holistic protection - physical, emotional and digital - for better self-care and increased personal safety. Concrete help for dealing with risks, for consciously designing life and work plans and for social networking with organizations in the region strengthened the participants. They concluded their stay with more self-confidence, greater health awareness and new energy to continue campaigning for human rights and nature conservation.<\/p>\n\n\n\n<h3 class=\"wp-block-heading\"><strong>Peru<\/strong><\/h3>\n\n\n\n<h4 class=\"wp-block-heading\"><strong>AETE<\/strong><\/h4>\n\n\n\n<p>The project has significantly strengthened AETE's role as a trustworthy and transformative actor in conservative church and social contexts. Issues such as human rights, justice, gender, citizenship and the environment have been successfully communicated to the target group. Young people and women in particular have become active change agents in their communities.<\/p>\n\n\n\n<p>The project has initiated change within conservative churches, for example through workshops on the culture of remembrance and human rights, and has promoted the view of Christian commitment from a social and political responsibility. Churches networked with the \u201eColectivo Evang\u00e9licos Presentes\u201c, which accompanies family members of the victims of the January 2023 protests, and positioned themselves as an important player in the field of human rights. Women were also sustainably empowered through educational measures, violence prevention and the establishment of local networks.<\/p>\n\n\n\n<h4 class=\"wp-block-heading\"><strong>SASP<\/strong><\/h4>\n\n\n\n<p>The project is continuously developing: in 2025, 135 students, the majority of whom were women, took part in theological and pastoral training programs. This reflects the institutional commitment to gender equality and inclusive access to theological education.<\/p>\n\n\n\n<p>The training took the form of both virtual theology courses (Bachillerato in Theologie) for participants inside and outside Peru, as well as face-to-face courses in three communities. Thanks to these hybrid course formats, access to education was expanded and learning processes strengthened. Six students successfully completed the Bachelor's program and began their Master's studies. At the same time, the \u201eDiplomado Pastoral de la Mujer\u201c program was implemented, which strengthens the leadership role, participation and pastoral skills of women in their parishes.<\/p>\n\n\n\n<p>The SASP integrates gender justice and climate justice approaches throughout its academic program and works more closely with the UBL in Costa Rica. This gives students access to university theological studies at a higher academic level.<\/p>\n\n\n\n<h3 class=\"wp-block-heading\"><strong>Joint project \u201eFaith and democracy\u201c<\/strong><\/h3>\n\n\n\n<h4 class=\"wp-block-heading\"><strong>AETE, DEI, SASP, UBL<\/strong><\/h4>\n\n\n\n<p>The new regional Faith and Democracy campaign made significant progress in its conceptual, technical and inter-institutional preparation:<\/p>\n\n\n\n<ul class=\"wp-block-list\">\n<li>The political-communicative diagnosis was developed and validated. This makes it possible to identify target groups, opportunities and risks as well as the regional context of the campaign.<\/li>\n\n\n\n<li>Strengthening the skills of the project team through continuous training in strategic communication, socio-political advocacy, analysis of the religious field and narrative building.<\/li>\n\n\n\n<li>A communication strategy has been developed that defines the objectives, messages, central narrative, visual identity, target groups and working guidelines for the four years of the project. And basic materials have already been produced, including graphic elements, introductory videos and key texts for a permanent resource for the campaign.<\/li>\n\n\n\n<li>Kick-off events in Peru and Costa Rica in November 2025 and initial public presence, which marked the start of the project and enabled the first messages to be disseminated.<\/li>\n<\/ul>\n\n\n\n<p>These preparations form a solid basis for the continuation of the project:<\/p>\n\n\n\n<ul class=\"wp-block-list\">\n<li>Institutional communication skills for political and social influence were developed within the partner organizations.<\/li>\n\n\n\n<li>Stable coordination between the institutions with clearly defined roles and joint working mechanisms has been established.<\/li>\n\n\n\n<li>The adopted strategy ensures narrative coherence and continuity for the years 2026-2028.<\/li>\n<\/ul>\n\n\n\n<p><\/p>\n\n\n\n<p><strong>See here the <a href=\"https:\/\/www.youtube.com\/watch?v=oPTYJEB56yc\">Film celebrating the 100th anniversary of our partner organization UBL<\/a><\/strong><\/p>\n\n\n\n<figure class=\"wp-block-embed is-type-video is-provider-youtube wp-block-embed-youtube wp-embed-aspect-16-9 wp-has-aspect-ratio\"><div class=\"wp-block-embed__wrapper\">\n<iframe hcb-fetch-image-from=\"https:\/\/www.youtube.com\/watch?v=oPTYJEB56yc\" title=\"Documental \ud83c\udfa5 &quot;La UBL en la historia, la historia de la UBL&quot;\" width=\"500\" height=\"281\" src=\"https:\/\/www.youtube.com\/embed\/oPTYJEB56yc?feature=oembed\" frameborder=\"0\" allow=\"accelerometer; autoplay; clipboard-write; encrypted-media; gyroscope; picture-in-picture; web-share\" referrerpolicy=\"strict-origin-when-cross-origin\" allowfullscreen><\/iframe>\n<\/div><\/figure>\n\n\n\n<figure class=\"wp-block-image size-full is-resized\"><img decoding=\"async\" width=\"740\" height=\"740\" src=\"https:\/\/www.mission-21.org\/wp-content\/uploads\/2022\/09\/ubl.png\" alt=\"ubl\" class=\"wp-image-16282\" style=\"object-fit:cover;width:50px;height:50px\" srcset=\"https:\/\/www.mission-21.org\/wp-content\/uploads\/2022\/09\/ubl.png 740w, https:\/\/www.mission-21.org\/wp-content\/uploads\/2022\/09\/ubl-300x300.png 300w, https:\/\/www.mission-21.org\/wp-content\/uploads\/2022\/09\/ubl-12x12.png 12w, https:\/\/www.mission-21.org\/wp-content\/uploads\/2022\/09\/ubl-600x600.png 600w, https:\/\/www.mission-21.org\/wp-content\/uploads\/2022\/09\/ubl-100x100.png 100w\" sizes=\"(max-width: 740px) 100vw, 740px\" \/><\/figure>\n\n\n\n<p><strong>To the podcast \"Voices of hope\", <a href=\"https:\/\/open.spotify.com\/episode\/3QLfG3H8GjV0GbEOmFe7a2\">Episode \"Casa DEI - we protect people who defend our rights\"<\/a><\/strong><\/p>\n\n\n\n<figure class=\"wp-block-image size-full is-resized\"><img decoding=\"async\" width=\"98\" height=\"98\" src=\"https:\/\/www.mission-21.org\/wp-content\/uploads\/2022\/09\/image-2.png\" alt=\"image\" class=\"wp-image-16156\" style=\"object-fit:cover;width:50px;height:50px\" srcset=\"https:\/\/www.mission-21.org\/wp-content\/uploads\/2022\/09\/image-2.png 98w, https:\/\/www.mission-21.org\/wp-content\/uploads\/2022\/09\/image-2-12x12.png 12w\" sizes=\"(max-width: 98px) 100vw, 98px\" \/><\/figure>","protected":false},"featured_media":15826,"template":"","meta":{"_acf_changed":false,"_seopress_robots_primary_cat":"","_seopress_titles_title":"","_seopress_titles_desc":"","_seopress_robots_index":"","_searchwp_excluded":"","site-sidebar-layout":"default","site-content-layout":"","ast-site-content-layout":"default","site-content-style":"default","site-sidebar-style":"default","ast-global-header-display":"","ast-banner-title-visibility":"","ast-main-header-display":"","ast-hfb-above-header-display":"","ast-hfb-below-header-display":"","ast-hfb-mobile-header-display":"","site-post-title":"","ast-breadcrumbs-content":"","ast-featured-img":"disabled","footer-sml-layout":"","ast-disable-related-posts":"","theme-transparent-header-meta":"","adv-header-id-meta":"","stick-header-meta":"","header-above-stick-meta":"","header-main-stick-meta":"","header-below-stick-meta":"","astra-migrate-meta-layouts":"set","ast-page-background-enabled":"default","ast-page-background-meta":{"desktop":{"background-color":"var(--ast-global-color-4)","background-image":"","background-repeat":"repeat","background-position":"center center","background-size":"auto","background-attachment":"scroll","background-type":"","background-media":"","overlay-type":"","overlay-color":"","overlay-opacity":"","overlay-gradient":""},"tablet":{"background-color":"","background-image":"","background-repeat":"repeat","background-position":"center center","background-size":"auto","background-attachment":"scroll","background-type":"","background-media":"","overlay-type":"","overlay-color":"","overlay-opacity":"","overlay-gradient":""},"mobile":{"background-color":"","background-image":"","background-repeat":"repeat","background-position":"center center","background-size":"auto","background-attachment":"scroll","background-type":"","background-media":"","overlay-type":"","overlay-color":"","overlay-opacity":"","overlay-gradient":""}},"ast-content-background-meta":{"desktop":{"background-color":"var(--ast-global-color-5)","background-image":"","background-repeat":"repeat","background-position":"center center","background-size":"auto","background-attachment":"scroll","background-type":"","background-media":"","overlay-type":"","overlay-color":"","overlay-opacity":"","overlay-gradient":""},"tablet":{"background-color":"var(--ast-global-color-5)","background-image":"","background-repeat":"repeat","background-position":"center center","background-size":"auto","background-attachment":"scroll","background-type":"","background-media":"","overlay-type":"","overlay-color":"","overlay-opacity":"","overlay-gradient":""},"mobile":{"background-color":"var(--ast-global-color-5)","background-image":"","background-repeat":"repeat","background-position":"center center","background-size":"auto","background-attachment":"scroll","background-type":"","background-media":"","overlay-type":"","overlay-color":"","overlay-opacity":"","overlay-gradient":""}},"footnotes":""},"land":[46,65,28],"wirkungsbereich":[475],"class_list":{"0":"post-986","1":"projekte","2":"type-projekte","3":"status-publish","4":"has-post-thumbnail","6":"land-costa-rica","7":"land-lateinamerika","8":"land-peru","9":"wirkungsbereich-bildung-fuer-den-sozialen-wandel"},"acf":[],"_links":{"self":[{"href":"https:\/\/www.mission-21.org\/en\/wp-json\/wp\/v2\/projekte\/986","targetHints":{"allow":["GET"]}}],"collection":[{"href":"https:\/\/www.mission-21.org\/en\/wp-json\/wp\/v2\/projekte"}],"about":[{"href":"https:\/\/www.mission-21.org\/en\/wp-json\/wp\/v2\/types\/projekte"}],"version-history":[{"count":9,"href":"https:\/\/www.mission-21.org\/en\/wp-json\/wp\/v2\/projekte\/986\/revisions"}],"predecessor-version":[{"id":19968,"href":"https:\/\/www.mission-21.org\/en\/wp-json\/wp\/v2\/projekte\/986\/revisions\/19968"}],"wp:featuredmedia":[{"embeddable":true,"href":"https:\/\/www.mission-21.org\/en\/wp-json\/wp\/v2\/media\/15826"}],"wp:attachment":[{"href":"https:\/\/www.mission-21.org\/en\/wp-json\/wp\/v2\/media?parent=986"}],"wp:term":[{"taxonomy":"land","embeddable":true,"href":"https:\/\/www.mission-21.org\/en\/wp-json\/wp\/v2\/land?post=986"},{"taxonomy":"wirkungsbereich","embeddable":true,"href":"https:\/\/www.mission-21.org\/en\/wp-json\/wp\/v2\/wirkungsbereich?post=986"}],"curies":[{"name":"wp","href":"https:\/\/api.w.org\/{rel}","templated":true}]}}