{"id":14501,"date":"2024-09-24T16:44:25","date_gmt":"2024-09-24T14:44:25","guid":{"rendered":"https:\/\/www.mission-21.org\/?page_id=14501"},"modified":"2025-09-15T17:12:14","modified_gmt":"2025-09-15T15:12:14","slug":"foro-internacional-2024-dossier","status":"publish","type":"page","link":"https:\/\/www.mission-21.org\/es\/internationales-forum-2024-dossier\/","title":{"rendered":"Dossier del Foro Internacional 2024"},"content":{"rendered":"<h1>\n\t\tForo Internacional para la Consolidaci\u00f3n de la Paz Interreligiosa y Transcultural\n\t<\/h1>\n\t\t\t\t<img decoding=\"async\" src=\"https:\/\/www.mission-21.org\/wp-content\/uploads\/2024\/03\/keyvisual_international-forum-2024_2-x-3-e1721921139931.jpg\" alt=\"230605 foro consolidaci\u00f3n de la paz keyvisual\" itemprop=\"image\" height=\"619\" width=\"1651\" title=\"230605_Foro Consolidaci\u00f3n de la Paz_Keyvisual\" onerror=\"this.style.display='none'\"  \/>\n\t<p>Personas de todo el mundo participaron en el Foro Internacional 2024.<\/p>\n\t\t\t\t<img decoding=\"async\" src=\"https:\/\/www.mission-21.org\/wp-content\/uploads\/2024\/09\/img_forum-2024_weltkarte2_20240920_ldb.jpg\" alt=\"img foro 2024 mapa del mundo2 20240920 ldb\" itemprop=\"image\" height=\"1274\" width=\"1992\" title=\"IMG_Forum 2024_Weltkarte2_20240920_LdB\" onerror=\"this.style.display='none'\"  \/>\n\t\t\t\t\t\tCaptura de pantalla mapa del mundo participantes - Misi\u00f3n 21\n\t<p><strong>Oradores principales<\/strong><\/p>\n\t\t\t<h3>P. Michael Lapsley (SSM)<\/h3>\t\t\t\n\t\t\t\t<p>Padre en Sud\u00e1frica, Premio Niwano de la Paz 2021 y actualmente Presidente de la Red Mundial para la Sanaci\u00f3n de la Memoria.<\/p>\n\t\t\t<h3>Profesor Oluwafunmilayo Para-Mallam<\/h3>\t\t\t\n\t\t\t\t<p>Profesora de G\u00e9nero y Desarrollo. Es Presidenta de la Red de Liderazgo de Mujeres Africanas y una de las 100 Mujeres L\u00edderes 2024 de Nigeria.<\/p>\n\t\t\t<h3>Dr. Martin Sinaga<\/h3>\t\t\t\n\t\t\t\t<p>Te\u00f3logo, instructor nacional en el programa de moderaci\u00f3n religiosa del Ministerio de Asuntos Religiosos de Indonesia.\u00a0<\/p>\n\t<div class=\"fl-builder-content fl-builder-content-3660 fl-builder-template fl-builder-module-template fl-builder-global-templates-locked\" data-post-id=\"3660\"><div class=\"fl-module fl-module-pp-toc fl-node-xrvkwe8ihtn6 toc\" data-node=\"xrvkwe8ihtn6\">\n\t<div class=\"fl-module-content fl-node-content\">\n\t\t<div class=\"pp-toc-container\">\n\t\n\t<div class=\"pp-toc-body\">\n\t\t\t\t\t<ul class=\"pp-toc-list-wrapper pp-toc-list-icon\"><\/ul>\n\t\t\t\t<\/div>\n<\/div>\n\n\t<\/div>\n<\/div>\n<\/div><div class=\"uabb-js-breakpoint\" style=\"display: none;\"><\/div>\n\t\t\t<h1>Caja de informaci\u00f3n<\/h1>\t\t\t\n\t\t\t\t<p>Para muchas de las iglesias y organizaciones asociadas a Mission 21, el trabajo por la paz interreligioso y transcultural es una cuesti\u00f3n existencial, ya que viven y trabajan en regiones en crisis y conflicto. Por ello, Mission 21 puso en marcha en 2023 el Foro Internacional para la Construcci\u00f3n de la Paz Interreligiosa y Transcultural. La segunda edici\u00f3n del Foro Internacional tuvo lugar los d\u00edas 19 y 20 de septiembre de 2024 y volvi\u00f3 a reunir a m\u00e1s de 200 participantes de cuatro continentes en un intenso intercambio.<\/p>\n<p>La reuni\u00f3n en l\u00ednea de dos d\u00edas titulada \"\u00a1\u00bfAtreverse a la reconciliaci\u00f3n?! - \"\u00bfAtreverse a la reconciliaci\u00f3n?\" se centr\u00f3 en el tema de la reconciliaci\u00f3n y sus retos. Este dossier contiene los v\u00eddeos de las presentaciones, as\u00ed como documentos sobre las ponencias de los oradores de Sud\u00e1frica, Nigeria, Indonesia y otros pa\u00edses.<\/p>\n\t<h2><strong>\u00bfLa conciliaci\u00f3n como riesgo? \u00bfCu\u00e1l es el reto?<\/strong><\/h2>\n\t<p>Inicialmente, se debe recomendar y exigir la reconciliaci\u00f3n como base de un proceso de paz. La mayor\u00eda de la gente entiende probablemente por reconciliaci\u00f3n la reanudaci\u00f3n o reanudaci\u00f3n de una relaci\u00f3n rota o un acercamiento entre partes en conflicto con la intenci\u00f3n de hacerla m\u00e1s positiva y pac\u00edfica. \u00bfQu\u00e9 puede oponerse a ello?<\/p>\n\t\t\t\t\t<a href=\"#\" id=\"fl-accordion--label-0\" tabindex=\"0\" aria-controls=\"fl-accordion--panel-0\">Una mirada m\u00e1s atenta revela los distintos niveles de este proceso y su complejidad: <\/a>\n\t\t\t\t\t\t\t\t\t\t\t<a href=\"#\" id=\"fl-accordion--icon-0\" tabindex=\"-1\"><i>Ampliar<\/i><\/a>\n\t\t\t\t\t<p>Por un lado, la reconciliaci\u00f3n puede entenderse como un proceso interior, vinculado a la b\u00fasqueda de la propia identidad y a la reconciliaci\u00f3n con las experiencias y huellas individuales. Reconciliarse con uno mismo y con el propio dolor requiere valor y, a menudo, tiempo y energ\u00eda.<\/p>\n<p>La reconciliaci\u00f3n tambi\u00e9n describe procesos en las relaciones en los que dos o m\u00e1s personas vuelven a acercarse mediante encuentros y di\u00e1logos tras conflictos y heridas. Comprometerse con el dolor ajeno y exponerse a una retroalimentaci\u00f3n sincera es a la vez gratificante y desafiante.<\/p>\n<p>La reconciliaci\u00f3n tambi\u00e9n puede considerarse una necesidad en relaci\u00f3n con las partes en conflicto a nivel social y entre Estados, y puede incluir la superaci\u00f3n de acontecimientos hist\u00f3ricos o influencias culturales. Adem\u00e1s de los conflictos armados actuales, tambi\u00e9n nos conmueven las disputas polarizadas y los conflictos por los recursos, en los que cuestiones como el cambio clim\u00e1tico o la migraci\u00f3n cargan emocionalmente y endurecen los frentes. Aparte de los acuerdos contractuales, las sentencias judiciales y los acuerdos de alto el fuego que ponen fin o limitan un conflicto armado, \u00bfes necesario tambi\u00e9n un proceso de reconciliaci\u00f3n para lograr la paz a largo plazo? \u00bfEs \u00fatil o incluso posible la reconciliaci\u00f3n como actitud interior a nivel de estructuras y sociedades?<\/p>\n\t\t\t\t\t<a href=\"#\" id=\"fl-accordion--label-1\" tabindex=\"0\" aria-controls=\"fl-accordion--panel-1\">La idea del Foro Internacional<\/a>\n\t\t\t\t\t\t\t\t\t\t\t<a href=\"#\" id=\"fl-accordion--icon-1\" tabindex=\"-1\"><i>Ampliar<\/i><\/a>\n\t\t\t\t\t<p>En cada caso, la reconciliaci\u00f3n afecta a la propia identidad y, por tanto, a diversos aspectos de la convivencia humana en la sociedad, la pol\u00edtica y la religi\u00f3n.<\/p>\n<p>El Foro Internacional para la Consolidaci\u00f3n de la Paz Interreligiosa y Transcultural pretende aclarar y comprender el paso de la reconciliaci\u00f3n dentro de un proceso de paz, a todos los niveles mencionados.<\/p>\n<p>Intercambiamos puntos de vista sobre las condiciones necesarias para que tenga lugar un proceso de reconciliaci\u00f3n, compartimos ejemplos exitosos de intervenciones y enfoques que pueden ser prometedores en el camino hacia la reconciliaci\u00f3n.<\/p>\n<p>Adem\u00e1s de los modelos de apoyo terap\u00e9utico y coaching en expresi\u00f3n y comunicaci\u00f3n, tambi\u00e9n se analiza la importancia de la espiritualidad, la religi\u00f3n y los enfoques teol\u00f3gicos, as\u00ed como el papel de las instituciones y organizaciones religiosas. <em>Basado en la fe<\/em> organizaciones, as\u00ed como aspectos de jurisprudencia, negocios y pol\u00edtica. Un intento de iluminar de forma diversa y hol\u00edstica c\u00f3mo el proceso de reconciliaci\u00f3n puede atreverse y puede tener \u00e9xito. Esperamos que un foro en una comunidad internacional de aprendizaje proporcione perspectivas inspiradoras y nuevas sobre los procesos de reconciliaci\u00f3n en todo el mundo.<\/p>\n\t\t\t<p>\"Al final, la reconciliaci\u00f3n es un proceso espiritual, que requiere algo m\u00e1s que un marco jur\u00eddico. Tiene que ocurrir en los corazones y las mentes de la gente\".<em>Nelson Mandela<\/em><\/p>\t\t\n\t\t\t<p>\"No se trata de \"perdonar y olvidar\" como si nunca hubiera ocurrido nada malo, sino de \"perdonar y seguir adelante\", aprovechando los errores del pasado y la energ\u00eda generada por la reconciliaci\u00f3n para crear un nuevo futuro\".<em>Alan Paton<\/em><\/p>\t\t\n\t\t\t<p>\"Superar el veneno de la amargura requiere un mayor esfuerzo personal para conservar nuestra relaci\u00f3n con Dios a trav\u00e9s del perd\u00f3n y la reconciliaci\u00f3n\".<em>Padre James Oyet<\/em><\/p>\t\t\n\t\t\t<p>\"Ser\u00eda demasiado ingenuo que las heridas causadas en 100 a\u00f1os se curaran en 5 a\u00f1os\"<em>Padre Michael Lapsley<\/em><\/p>\t\t\n<h2>\n\t\tSesi\u00f3n 1\n\t<\/h2>\n\tAdem\u00e1s del orador principal, el Padre Michael Lapsley, intervinieron en esta sesi\u00f3n otros tres oradores experimentados.<br \/>\nTodos nuestros ponentes han participado en procesos de reconciliaci\u00f3n. Entre ellos, el padre James Oyet Latansio (sobre el papel de la reconciliaci\u00f3n en el estancado conflicto de Sud\u00e1n del Sur), Carmen de los R\u00edos (sobre la esperanza de reconciliaci\u00f3n en Per\u00fa) y el pastor Dr. Jerda Djawa (Indonesia).\n<p>La sesi\u00f3n 1 tuvo lugar el jueves 19 de septiembre. Aqu\u00ed puede encontrar las grabaciones de v\u00eddeo en ingl\u00e9s y espa\u00f1ol, as\u00ed como informaci\u00f3n sobre los ponentes, incluidos sus textos y presentaciones.<\/p>\n\t<iframe src=\"https:\/\/player.vimeo.com\/video\/1012323639?badge=0&amp;autopause=0&amp;player_id=0&amp;app_id=58479\" frameborder=\"0\" allow=\"autoplay; fullscreen; picture-in-picture; clipboard-write\" title=\"Foro Internacional 2024 Parte 1 ES\"><\/iframe>\n\t<iframe src=\"https:\/\/player.vimeo.com\/video\/1012323770?badge=0&amp;autopause=0&amp;player_id=0&amp;app_id=58479\" frameborder=\"0\" allow=\"autoplay; fullscreen; picture-in-picture; clipboard-write\" title=\"V\u00eddeo Foro Internacional 2024 Parte 1 ES\"><\/iframe>\n\t\t\t\t<img decoding=\"async\" src=\"https:\/\/www.mission-21.org\/wp-content\/uploads\/2024\/08\/unknown.jpeg\" alt=\"Michael Lapsley\" title=\"Michael Lapsley\" itemprop=\"image\"\/>\n\t\t\t<h2>\"\u00bfC\u00f3mo es posible la reconciliaci\u00f3n tras el trauma del apartheid en Sud\u00e1frica?\".<\/h2><h3>P. Michael Lapsley (SSM)<\/h3>\t\t\t\n\t\t\t\t<p>El padre Michael particip\u00f3 en el movimiento sudafricano contra el apartheid y apoy\u00f3 a la Comisi\u00f3n de la Verdad y la Reconciliaci\u00f3n (CVR). Fue capell\u00e1n del centro traumatol\u00f3gico para v\u00edctimas de la violencia y la tortura de Ciudad del Cabo y fund\u00f3 all\u00ed el Instituto para la Curaci\u00f3n de la Memoria en 1998. Tiene seis doctorados honoris causa y fue condecorado por Nueva Zelanda con la Queen's Service Medal. De 2014 a 2017 fue vicepresidente del Consejo Sudafricano de Iglesias. En 2021 recibi\u00f3 el Premio Niwano de la Paz. En la actualidad es presidente de la Red Mundial para la Sanaci\u00f3n de la Memoria.<\/p>\n\t\t\t\t\t<a href=\"#\" id=\"fl-accordion--label-0\" tabindex=\"0\" aria-controls=\"fl-accordion--panel-0\">M\u00e1s informaci\u00f3n sobre el padre Michael Lapsley<\/a>\n\t\t\t\t\t<p>El P. Michael Lapsley es un sudafricano nacido en Nueva Zelanda que se orden\u00f3 en la Sociedad Anglicana de la Santa Misi\u00f3n (SSM). Lleg\u00f3 a Sud\u00e1frica como estudiante en 1973 y pronto se convirti\u00f3 en capell\u00e1n de estudiantes blancos y negros en las universidades de Durban. Tras defender a las v\u00edctimas del levantamiento de Soweto en 1976, fue expulsado de Sud\u00e1frica, se afili\u00f3 al Congreso Nacional Africano y se convirti\u00f3 en capell\u00e1n de la organizaci\u00f3n en el exilio, viajando por todo el mundo para movilizar a las comunidades religiosas contra el apartheid. Perdi\u00f3 ambas manos, la vista en un ojo y sufri\u00f3 graves quemaduras tras recibir una carta bomba del r\u00e9gimen del apartheid. Regres\u00f3 a Sud\u00e1frica en 1992 para convertirse en capell\u00e1n del Centro de Trauma para V\u00edctimas de la Violencia y la Tortura de Ciudad del Cabo y apoyar a la Comisi\u00f3n de la Verdad y la Reconciliaci\u00f3n (CVR), lo que condujo a la fundaci\u00f3n del Instituto para la Sanaci\u00f3n de las Memorias en Ciudad del Cabo en 1998. Recibi\u00f3 6 doctorados honoris causa y la Medalla al Servicio de la Reina de Nueva Zelanda. El padre Michael fue vicepresidente del Consejo Sudafricano de Iglesias entre 2014 y 2017. En 2006 cofund\u00f3 la Red Internacional por la Paz con v\u00edctimas del terrorismo de todo el mundo para promover soluciones eficaces y no violentas al terrorismo En 2021 fue galardonado con el Premio Niwano de la Paz. En la actualidad es Presidente de la Red Mundial para la Sanaci\u00f3n de la Memoria.<\/p>\n\t\t\t<a href=\"https:\/\/www.mission-21.org\/wp-content\/uploads\/2024\/09\/en_1.-michael-lapsley.pdf\" target=\"_blank\" rel=\"noopener\">\n\t\t\t\t\t\tPresentaci\u00f3n (en ingl\u00e9s)\n\t\t\t\t\t<\/a>\n\t\t\t<a href=\"https:\/\/www.mission-21.org\/wp-content\/uploads\/2024\/09\/es_1.-michael-lapsley.pdf\" target=\"_blank\" rel=\"noopener\">\n\t\t\t\t\t\tPresentaci\u00f3n (espa\u00f1ol)\n\t\t\t\t\t<\/a>\n\t\t\t\t<img decoding=\"async\" src=\"https:\/\/www.mission-21.org\/wp-content\/uploads\/2024\/08\/father_james_square.jpg\" alt=\" mg 9034\" title=\"NO.\" itemprop=\"image\"\/>\n\t\t\t<h2>\"Reconciliaci\u00f3n y paz: un camino hacia el alivio\"<\/h2><h3>Padre James Oyet Latansio<\/h3>\t\t\t\n\t\t\t\t<p>El padre James es sacerdote cat\u00f3lico romano, doctor en Filosof\u00eda y fue secretario general de la Confederaci\u00f3n de Iglesias de Sud\u00e1n del Sur (SSCC), donde ha estado al frente desde abril de 2015.<\/p>\n\t\t\t\t\t<a href=\"#\" id=\"fl-accordion--label-0\" tabindex=\"0\" aria-controls=\"fl-accordion--panel-0\">M\u00e1s informaci\u00f3n sobre el padre James Oyet Latansio<\/a>\n\t\t\t\t\t<p>El padre James creci\u00f3 en una guerra que dur\u00f3 d\u00e9cadas y es un apasionado de la paz y la reconciliaci\u00f3n. Como secretario general de la SSCC, ha colaborado con diversas organizaciones, especialmente en iniciativas para promover la construcci\u00f3n de la paz, la sanaci\u00f3n y la reconciliaci\u00f3n en Sud\u00e1n del Sur.<\/p>\n\t\t\t<a href=\"https:\/\/www.mission-21.org\/wp-content\/uploads\/2024\/09\/en_2.-pater-james.pdf\" target=\"_blank\" rel=\"noopener\">\n\t\t\t\t\t\tPresentaci\u00f3n (en ingl\u00e9s)\n\t\t\t\t\t<\/a>\n\t\t\t<a href=\"https:\/\/www.mission-21.org\/wp-content\/uploads\/2024\/09\/es_2.-pater-james.pdf\" target=\"_blank\" rel=\"noopener\">\n\t\t\t\t\t\tPresentaci\u00f3n (espa\u00f1ol)\n\t\t\t\t\t<\/a>\n\t\t\t\t<img decoding=\"async\" src=\"https:\/\/www.mission-21.org\/wp-content\/uploads\/2024\/08\/jerda-djawa.png\" alt=\"jerda djawa\" title=\"Jerda Djawa\" itemprop=\"image\"\/>\n\t\t\t<h2>\"La reconciliaci\u00f3n en el contexto del conflicto de Halmahera en Indonesia\"<\/h2><h3>Reverendo Dr. Jerda Djawa<\/h3>\t\t\t\n\t\t\t\t<p>Jerda Djawa es pastor de la Iglesia Cristiana Evang\u00e9lica de Halmahera y ense\u00f1a hermen\u00e9utica del Antiguo Testamento y teolog\u00eda contextual en el Seminario de Filosof\u00eda Teol\u00f3gica de Indonesia Oriental, en Makassar. La pastora Djawa fue jefa del Departamento de la Mujer de la Comunidad de Iglesias de Indonesia (CCI).<\/p>\n\t\t\t\t\t<a href=\"#\" id=\"fl-accordion--label-0\" tabindex=\"0\" aria-controls=\"fl-accordion--panel-0\">M\u00e1s informaci\u00f3n sobre el pastor Dr. Jerda Djawa<\/a>\n\t\t\t\t\t<p>Sus \u00faltimos libros son: \"Faith in Cultural Roots\", con una introducci\u00f3n del Prof. Emmanuel Gerrit Singgih, Ph.D (2023) y \"He Looked at Me and Laughed; Experience as a Cancer Patient Undergoing Chemotherapy\", con una introducci\u00f3n del Prof. Tabita Kartika Christiani, Ph.D (2023).<\/p>\n\t\t\t<a href=\"https:\/\/www.mission-21.org\/wp-content\/uploads\/2024\/09\/en_4.-jerda-djawa-indonesien.pdf\" target=\"_blank\" rel=\"noopener\">\n\t\t\t\t\t\tPresentaci\u00f3n (en ingl\u00e9s)\n\t\t\t\t\t<\/a>\n\t\t\t<a href=\"https:\/\/www.mission-21.org\/wp-content\/uploads\/2024\/09\/es_4.-jerda-djawa-indonesien.pdf\" target=\"_blank\" rel=\"noopener\">\n\t\t\t\t\t\tPresentaci\u00f3n (espa\u00f1ol)\n\t\t\t\t\t<\/a>\n\t\t\t\t<img decoding=\"async\" src=\"https:\/\/www.mission-21.org\/wp-content\/uploads\/2024\/08\/carmen-de-los-rios.png\" alt=\"carmen de los r\u00edos\" title=\"Carmen de los R\u00edos\" itemprop=\"image\"\/>\n\t\t\t<h2>\"No perdamos la esperanza ... de un Per\u00fa reconciliado\"<\/h2><h3>Carmen de los R\u00edos<\/h3>\t\t\t\n\t\t\t\t<p>Carmen de los R\u00edos tiene una maestr\u00eda en Gesti\u00f3n Social con enfoque en programas y proyectos. Es fundadora y directora del Centro Loyola de Ilo (Moquegua) y del Centro Loyola de Huamanga (Ayacucho).<\/p>\n\t\t\t\t\t<a href=\"#\" id=\"fl-accordion--label-0\" tabindex=\"0\" aria-controls=\"fl-accordion--panel-0\">M\u00e1s informaci\u00f3n sobre Carmen de los R\u00edos<\/a>\n\t\t\t\t\t<p>Durante los \u00faltimos tres a\u00f1os, ha sido delegada de la Misi\u00f3n para el Apostolado Social de la Conferencia de Provinciales Jesuitas de Am\u00e9rica Latina y el Caribe.<\/p>\n<p>Es licenciada en Trabajo Social por la Pontificia Universidad Cat\u00f3lica del Per\u00fa (PUCP). Diplomada en Interculturalidad, Salud Mental Comunitaria, Doctrina Social de la Iglesia. Tambi\u00e9n tiene una Maestr\u00eda en Gesti\u00f3n Social con enfoque en programas y proyectos. Es Secretaria Ejecutiva del Consorcio Ignaciano de Educaci\u00f3n y miembro antiguo de la Comunidad de Vida Cristiana - CVX.<\/p>\n<p>&nbsp;<\/p>\n\t\t\t<a href=\"https:\/\/www.mission-21.org\/wp-content\/uploads\/2024\/09\/en_3.-carmen-de-los-rios-peru.pdf\" target=\"_blank\" rel=\"noopener\">\n\t\t\t\t\t\tPresentaci\u00f3n (en ingl\u00e9s)\n\t\t\t\t\t<\/a>\n\t\t\t<a href=\"https:\/\/www.mission-21.org\/wp-content\/uploads\/2024\/09\/es_3.-carmen-de-los-rios-peru.pdf\" target=\"_blank\" rel=\"noopener\">\n\t\t\t\t\t\tPresentaci\u00f3n (espa\u00f1ol)\n\t\t\t\t\t<\/a>\n\t\t\t<a href=\"https:\/\/www.mission-21.org\/wp-content\/uploads\/2024\/09\/es_ppp-3.-carmen-de-los-rios.pdf\" target=\"_blank\" rel=\"noopener\">\n\t\t\t\t\t\tPower Point (espa\u00f1ol)\n\t\t\t\t\t<\/a>\n\t\t\t<h2>Informaci\u00f3n del programa en formato descargable<\/h2>\t\t\t\n\t\t\t<a href=\"https:\/\/www.mission-21.org\/wp-content\/uploads\/2024\/09\/pub_programm-interreligioeses-forum-2024-en-2.pdf\" title=\"Haga clic aqu\u00ed\" target=\"_blank\" rel=\"noopener\" role=\"button\" aria-label=\"Descargar el programa (en ingl\u00e9s)\">\n\t\t\t\t\t\t\t\t\t\t\tDescargar el programa (en ingl\u00e9s)\n\t\t<\/a>\n\t\t\t<a href=\"https:\/\/www.mission-21.org\/wp-content\/uploads\/2024\/09\/pub_programm-interreligioeses-forum-2024-es-1.pdf\" title=\"Haga clic aqu\u00ed\" target=\"_blank\" rel=\"noopener\" role=\"button\" aria-label=\"Descargar programa\">\n\t\t\t\t\t\t\t\t\t\t\tDescargar programa\n\t\t<\/a>\n<h2>\n\t\tSesi\u00f3n 2\n\t<\/h2>\n\t<p>La profesora Oluwafunmilayo Para-Mallam fue nuestra segunda oradora principal en el Foro Internacional de este a\u00f1o. Habl\u00f3 de la armon\u00eda de g\u00e9nero para la reconciliaci\u00f3n y la consolidaci\u00f3n de la paz.<\/p>\n<p>La sesi\u00f3n 2 tuvo lugar el jueves 19 de septiembre a las 19:30 CET. Aqu\u00ed puede encontrar las grabaciones de v\u00eddeo en ingl\u00e9s y espa\u00f1ol e informaci\u00f3n sobre la ponente y su presentaci\u00f3n.<\/p>\n\t<iframe src=\"https:\/\/player.vimeo.com\/video\/1012324198?badge=0&amp;autopause=0&amp;player_id=0&amp;app_id=58479\" frameborder=\"0\" allow=\"autoplay; fullscreen; picture-in-picture; clipboard-write\" title=\"V\u00eddeo Foro Internacional 2024 Parte 2 ES\"><\/iframe>\n\t<iframe src=\"https:\/\/player.vimeo.com\/video\/1012324394?badge=0&amp;autopause=0&amp;player_id=0&amp;app_id=58479\" frameborder=\"0\" allow=\"autoplay; fullscreen; picture-in-picture; clipboard-write\" title=\"V\u00eddeo Foro Internacional 2024 Parte 2 ES\"><\/iframe>\n\t\t\t\t<img decoding=\"async\" src=\"https:\/\/www.mission-21.org\/wp-content\/uploads\/2024\/07\/prof.-funmi-para-mallam-1.jpg\" alt=\"prof. funmi para mallam 1\" title=\"prof.-funmi-para-mallam-1\" itemprop=\"image\"\/>\n\t\t\t<h2>\"Un debate exploratorio sobre la armon\u00eda de g\u00e9nero para la reconciliaci\u00f3n y la construcci\u00f3n de la paz en un mundo multicultural\".<\/h2><h3>Profesor Oluwafunmilayo Para-Mallam<\/h3>\t\t\t\n\t\t\t\t<p>Funmi Para-Mallam es catedr\u00e1tica de G\u00e9nero y Desarrollo y la primera mujer directora de estudios del Instituto Nacional de Estudios Pol\u00edticos y Estrat\u00e9gicos de Nigeria. Es Presidenta de la Red de Liderazgo de Mujeres Africanas y fue nombrada una de las 100 Mujeres L\u00edderes de Nigeria en 2024.<\/p>\n\t\t\t\t\t<a href=\"#\" id=\"fl-accordion--label-0\" tabindex=\"0\" aria-controls=\"fl-accordion--panel-0\">M\u00e1s informaci\u00f3n sobre la profesora Oluwafunmilayo Para-Mallam<\/a>\n\t\t\t<a href=\"https:\/\/www.mission-21.org\/wp-content\/uploads\/2024\/09\/en_5.-funmi-para-mallam.pdf\" target=\"_blank\" rel=\"noopener\">\n\t\t\t\t\t\tPresentaci\u00f3n (en ingl\u00e9s)\n\t\t\t\t\t<\/a>\n<h2>\n\t\tSesi\u00f3n 3\n\t<\/h2>\n\t<p>Adem\u00e1s del orador principal, el Dr. Martin Sinaga, de Indonesia, otros tres expertos internacionales compartieron sus experiencias con nosotros el viernes. El Dr. Andr\u00e9s Pacheco Lozano habl\u00f3 sobre \"Una peregrinaci\u00f3n de reconciliaci\u00f3n en Colombia\", el pastor Nam Ki Pyung (Corea del Sur) sobre \"Ochenta a\u00f1os, divisi\u00f3n y reconciliaci\u00f3n\" y M\u00f3nica Trevi\u00f1o Alvarez (M\u00e9xico) sobre la integraci\u00f3n de las personas queer en la iglesia.<\/p>\n<p>La sesi\u00f3n 3 tuvo lugar el viernes 20 de septiembre. Aqu\u00ed puede encontrar las grabaciones de v\u00eddeo en ingl\u00e9s y espa\u00f1ol, as\u00ed como informaci\u00f3n sobre los ponentes y sus textos y presentaciones.<\/p>\n\t<iframe src=\"https:\/\/player.vimeo.com\/video\/1012324519?badge=0&amp;autopause=0&amp;player_id=0&amp;app_id=58479\" frameborder=\"0\" allow=\"autoplay; fullscreen; picture-in-picture; clipboard-write\" title=\"Foro Internacional 2024 Parte 3 ES\"><\/iframe>\n\t<iframe src=\"https:\/\/player.vimeo.com\/video\/1012324722?badge=0&amp;autopause=0&amp;player_id=0&amp;app_id=58479\" frameborder=\"0\" allow=\"autoplay; fullscreen; picture-in-picture; clipboard-write\" title=\"Foro Internacional 2024 Parte 3 ES\"><\/iframe>\n\t\t\t\t<img decoding=\"async\" src=\"https:\/\/www.mission-21.org\/wp-content\/uploads\/2024\/07\/martin-sinaga.png\" alt=\"martin sinaga\" title=\"martin-sinaga\" itemprop=\"image\"\/>\n\t\t\t<h2>\"De la conversi\u00f3n a la reconciliaci\u00f3n: por qu\u00e9 es importante la religi\u00f3n en una sociedad polarizada\"<\/h2><h3>Dr. Martin Sinaga<\/h3>\t\t\t\n\t\t\t\t<p>Martin Lukito Sinaga es un te\u00f3logo p\u00fablico activo en muchos campos, por ejemplo como conferenciante y como formador nacional en el Programa de Moderaci\u00f3n Religiosa del Ministerio de Asuntos Religiosos de Indonesia. Tras finalizar su mandato como experto especial en la inculturaci\u00f3n nacional de la ideolog\u00eda Pancasila (2018-2020), se ha dedicado a la investigaci\u00f3n sobre el conflicto social y la cohesi\u00f3n social. Se orden\u00f3 en la Iglesia Cristiana de Simalungun (GKPS) y escribi\u00f3 su tesis doctoral en el campo de los estudios poscoloniales.<\/p>\n\t\t\t\t\t<a href=\"#\" id=\"fl-accordion--label-0\" tabindex=\"0\" aria-controls=\"fl-accordion--panel-0\">M\u00e1s informaci\u00f3n sobre el Dr. Martin Sinaga<\/a>\n\t\t\t<a href=\"https:\/\/www.mission-21.org\/wp-content\/uploads\/2024\/09\/en_6.-martin-sinaga.pdf\" target=\"_blank\" rel=\"noopener\">\n\t\t\t\t\t\tPresentaci\u00f3n (en ingl\u00e9s)\n\t\t\t\t\t<\/a>\n\t\t\t<a href=\"https:\/\/www.mission-21.org\/wp-content\/uploads\/2024\/09\/es_6.-martin-sinaga.pdf\" target=\"_blank\" rel=\"noopener\">\n\t\t\t\t\t\tPresentaci\u00f3n (espa\u00f1ol)\n\t\t\t\t\t<\/a>\n\t\t\t\t<img decoding=\"async\" src=\"https:\/\/www.mission-21.org\/wp-content\/uploads\/2024\/08\/andres-pacheco-lozano.jpg\" alt=\"andr\u00e9s pacheco lozano\" title=\"Andr\u00e9s Pacheco Lozano\" itemprop=\"image\"\/>\n\t\t\t<h2>\"Peregrinaci\u00f3n de reconciliaci\u00f3n: Espiritualidades transformadoras de comunidades en Colombia\"<\/h2><h3>Dr. Andr\u00e9s Pacheco Lozano<\/h3>\t\t\t\n\t\t\t\t<p>Andr\u00e9s Pacheco Lozano es codirector del Centro de Estudios sobre Religi\u00f3n, Paz y Justicia de \u00c1msterdam (ACRPJ) y profesor del Seminario Menonita Holand\u00e9s. Andr\u00e9s Pacheco Lozano es investigador postdoctoral en el Centro de Teolog\u00eda de las Iglesias de Paz de la Universidad de Hamburgo.\u00a0<\/p>\n\t\t\t\t\t<a href=\"#\" id=\"fl-accordion--label-0\" tabindex=\"0\" aria-controls=\"fl-accordion--panel-0\">M\u00e1s informaci\u00f3n sobre el Dr. Andr\u00e9s Pacheco Lozano<\/a>\n\t\t\t\t\t<p>Complet\u00f3 su doctorado en la Facultad de Religi\u00f3n y Teolog\u00eda de la Vrije Universiteit Amsterdam (VU Amsterdam) en 2020 con el tema: \"Hacia una teolog\u00eda de la reconciliaci\u00f3n: una peregrinaci\u00f3n de justicia y paz para sanar las relaciones rotas en Colombia\". Tambi\u00e9n es presidente de la Comisi\u00f3n de Paz del Congreso Mundial Menonita (CMM).<\/p>\n\t\t\t<a href=\"https:\/\/www.mission-21.org\/wp-content\/uploads\/2024\/09\/en_7.-andres-pacheco-1.pdf\" target=\"_blank\" rel=\"noopener\">\n\t\t\t\t\t\tPresentaci\u00f3n (en ingl\u00e9s)\n\t\t\t\t\t<\/a>\n\t\t\t<a href=\"https:\/\/www.mission-21.org\/wp-content\/uploads\/2024\/09\/es_7.-andres-pacheco.pdf\" target=\"_blank\" rel=\"noopener\">\n\t\t\t\t\t\tPresentaci\u00f3n (espa\u00f1ol)\n\t\t\t\t\t<\/a>\n\t\t\t\t<img decoding=\"async\" src=\"https:\/\/www.mission-21.org\/wp-content\/uploads\/2024\/08\/nam-ki-pyung.png\" alt=\"nam ki pyung\" title=\"Nam Ki Pyung\" itemprop=\"image\"\/>\n\t\t\t<h2>\"Ochenta a\u00f1os, divisi\u00f3n, reconciliaci\u00f3n y los retos que siguen\"<\/h2><h3>Reverendo Nam Ki Pyung<\/h3>\t\t\t\n\t\t\t\t<p>Nam Ki Pyung fue Secretario General del Consejo Ecum\u00e9nico de la Juventud de Corea. En 2022, fue miembro del Comit\u00e9 Ejecutivo de Acci\u00f3n Coreana por la Paz durante dos a\u00f1os. Desde 2021, trabaja como Director de Programas del Departamento de Reconciliaci\u00f3n y Reunificaci\u00f3n del Consejo Nacional de Iglesias de Corea.<\/p>\n\t\t\t\t\t<a href=\"#\" id=\"fl-accordion--label-0\" tabindex=\"0\" aria-controls=\"fl-accordion--panel-0\">M\u00e1s informaci\u00f3n sobre el pastor Nam Ki Pyung<\/a>\n\t\t\t<a href=\"https:\/\/www.mission-21.org\/wp-content\/uploads\/2024\/09\/en_8.-nam-ki-pyung.pdf\" target=\"_blank\" rel=\"noopener\">\n\t\t\t\t\t\tPresentaci\u00f3n (en ingl\u00e9s)\n\t\t\t\t\t<\/a>\n\t\t\t<a href=\"https:\/\/www.mission-21.org\/wp-content\/uploads\/2024\/09\/es_8.-nam-ki-pyung.pdf\" target=\"_blank\" rel=\"noopener\">\n\t\t\t\t\t\tPresentaci\u00f3n (espa\u00f1ol)\n\t\t\t\t\t<\/a>\n\t\t\t<a href=\"https:\/\/www.mission-21.org\/wp-content\/uploads\/2024\/09\/en_ppp_8.-nam-ki-pyung.pdf\" target=\"_blank\" rel=\"noopener\">\n\t\t\t\t\t\tPower Point (ingl\u00e9s)\n\t\t\t\t\t<\/a>\n\t\t\t\t<img decoding=\"async\" src=\"https:\/\/www.mission-21.org\/wp-content\/uploads\/2024\/09\/monika-alvarez.png\" alt=\"m\u00f3nika alvarez\" title=\"M\u00f3nika \u00c1lvarez\" itemprop=\"image\"\/>\n\t\t\t<h2>\"Dios, soy lesbiana. Por favor, ay\u00fadame a construir una iglesia donde pueda estar en paz\".<\/h2><h3>M\u00f3nica Trevi\u00f1o \u00c1lvarez<\/h3>\t\t\t\n\t\t\t\t<p>M\u00f3nica Alvarez es M\u00e1ster en Derechos Humanos y Paz y en Estudios de Cr\u00edtica de G\u00e9nero y Teolog\u00eda. Actualmente es secretaria regional de la Federaci\u00f3n Mundial de Estudiantes de Am\u00e9rica Latina y el Caribe y forma parte de varios grupos juveniles internacionales.<\/p>\n\t\t\t\t\t<a href=\"#\" id=\"fl-accordion--label-0\" tabindex=\"0\" aria-controls=\"fl-accordion--panel-0\">M\u00e1s informaci\u00f3n sobre M\u00f3nica Trevi\u00f1o Alvarez<\/a>\n\t\t\t\t\t\u00a1Hola!<br \/>\nSoy licenciada en Derechos Humanos y Paz por la Universidad del Claustro Sor Juana.<br \/>\nde Sor Juana. Luego complet\u00e9 una maestr\u00eda en estudios cr\u00edticos de g\u00e9nero y teolog\u00eda en la<br \/>\nTeolog\u00eda en la Comunidad Teol\u00f3gica de M\u00e9xico. He tomado varios cursos en<br \/>\nEstudios cr\u00edticos de g\u00e9nero.<br \/>\nActualmente soy Secretario Regional para Am\u00e9rica Latina y el Caribe de la Federaci\u00f3n Mundial de Movimientos Estudiantiles (UFEMU).<br \/>\nFederaci\u00f3n Mundial de Movimientos Estudiantiles (FUMEC-ALC). Tambi\u00e9n soy<br \/>\nMiembro del Consejo Asesor de G\u00e9nero de Mission 21.<br \/>\nDesde 2020, soy pastor asociado en las Iglesias de la Comunidad Metropolitana (ICM) Libres por Amor, Puebla.<br \/>\npor Amor, Puebla de 2020 a 2021 y parte de la gesti\u00f3n en 2019.<br \/>\nFormo parte de la red de te\u00f3logos pastorales, activistas y l\u00edderes cristianos (TEPALI)<br \/>\nParticipo en la coordinaci\u00f3n de TEPALI desde 2019.<br \/>\nHe escrito art\u00edculos acad\u00e9micos sobre Teolog\u00eda Feminista, Teolog\u00eda Cuir y Teolog\u00eda Crip en varias revistas brasile\u00f1as e internacionales.<br \/>\nTeolog\u00eda Crip en algunas revistas de Brasil y M\u00e9xico.<br \/>\nHe participado en encuentros internacionales de j\u00f3venes en los que la interculturalidad y la religi\u00f3n<br \/>\nLa interculturalidad y la diversidad religiosa son una prioridad. Por ejemplo, la juventud<br \/>\nHe participado en espacios de diversidad religiosa y descolonizaci\u00f3n en Am\u00e9rica.<br \/>\nDiversidad y descolonizaci\u00f3n en Am\u00e9rica Latina y el Caribe. Por ejemplo, la DEI de Costa<br \/>\nRica.\n\t\t\t<a href=\"https:\/\/www.mission-21.org\/wp-content\/uploads\/2024\/09\/en_9.-monika-alvarez.pdf\" target=\"_blank\" rel=\"noopener\">\n\t\t\t\t\t\tPresentaci\u00f3n (en ingl\u00e9s)\n\t\t\t\t\t<\/a>\n\t\t\t<a href=\"https:\/\/www.mission-21.org\/wp-content\/uploads\/2024\/09\/es_9.-monika-alvarez.pdf\" target=\"_blank\" rel=\"noopener\">\n\t\t\t\t\t\tPresentaci\u00f3n (espa\u00f1ol)\n\t\t\t\t\t<\/a>\n\t\t\t<a href=\"https:\/\/www.mission-21.org\/wp-content\/uploads\/2024\/09\/es_ppp_9.-monika-alvarez.pdf\" target=\"_blank\" rel=\"noopener\">\n\t\t\t\t\t\tPower Point (ingl\u00e9s)\n\t\t\t\t\t<\/a>\n\t\t\t<h2>Informaci\u00f3n del programa en formato descargable<\/h2>\t\t\t\n\t\t\t<a href=\"https:\/\/www.mission-21.org\/wp-content\/uploads\/2024\/09\/pub_programm-interreligioeses-forum-2024-en-2.pdf\" title=\"Haga clic aqu\u00ed\" target=\"_blank\" rel=\"noopener\" role=\"button\" aria-label=\"Descargar el programa (en ingl\u00e9s)\">\n\t\t\t\t\t\t\t\t\t\t\tDescargar el programa (en ingl\u00e9s)\n\t\t<\/a>\n\t\t\t<a href=\"https:\/\/www.mission-21.org\/wp-content\/uploads\/2024\/09\/pub_programm-interreligioeses-forum-2024-es-1.pdf\" title=\"Haga clic aqu\u00ed\" target=\"_blank\" rel=\"noopener\" role=\"button\" aria-label=\"Descargar programa\">\n\t\t\t\t\t\t\t\t\t\t\tDescargar programa\n\t\t<\/a>","protected":false},"excerpt":{"rendered":"<p>Internationales Forum f\u00fcr interreligi\u00f6se und transkulturelle Friedensf\u00f6rderung Menschen auf der ganzen Welt haben am Internationalen Forum 2024 teilgenommen. Screenshot Weltkarte Teilnehmenden &#8211; Mission 21 Hauptreferent*innen Pater Michael Lapsley (SSM) Pater in S\u00fcdafrika, Niwano-Friedenspreistr\u00e4ger 2021 und aktuell Pr\u00e4sident des Healing of Memories Global Network. Prof. Oluwafunmilayo Para-Mallam Professorin f\u00fcr Gender und Entwicklung. Sie ist Vorsitzende des [&hellip;]<\/p>\n","protected":false},"author":6,"featured_media":0,"parent":0,"menu_order":0,"comment_status":"closed","ping_status":"closed","template":"","meta":{"_acf_changed":false,"_seopress_robots_primary_cat":"","_seopress_titles_title":"","_seopress_titles_desc":"","_seopress_robots_index":"","_searchwp_excluded":"","site-sidebar-layout":"default","site-content-layout":"","ast-site-content-layout":"default","site-content-style":"default","site-sidebar-style":"default","ast-global-header-display":"","ast-banner-title-visibility":"","ast-main-header-display":"","ast-hfb-above-header-display":"","ast-hfb-below-header-display":"","ast-hfb-mobile-header-display":"","site-post-title":"","ast-breadcrumbs-content":"","ast-featured-img":"","footer-sml-layout":"","ast-disable-related-posts":"","theme-transparent-header-meta":"","adv-header-id-meta":"","stick-header-meta":"","header-above-stick-meta":"","header-main-stick-meta":"","header-below-stick-meta":"","astra-migrate-meta-layouts":"set","ast-page-background-enabled":"default","ast-page-background-meta":{"desktop":{"background-color":"var(--ast-global-color-4)","background-image":"","background-repeat":"repeat","background-position":"center center","background-size":"auto","background-attachment":"scroll","background-type":"","background-media":"","overlay-type":"","overlay-color":"","overlay-opacity":"","overlay-gradient":""},"tablet":{"background-color":"","background-image":"","background-repeat":"repeat","background-position":"center center","background-size":"auto","background-attachment":"scroll","background-type":"","background-media":"","overlay-type":"","overlay-color":"","overlay-opacity":"","overlay-gradient":""},"mobile":{"background-color":"","background-image":"","background-repeat":"repeat","background-position":"center center","background-size":"auto","background-attachment":"scroll","background-type":"","background-media":"","overlay-type":"","overlay-color":"","overlay-opacity":"","overlay-gradient":""}},"ast-content-background-meta":{"desktop":{"background-color":"var(--ast-global-color-5)","background-image":"","background-repeat":"repeat","background-position":"center center","background-size":"auto","background-attachment":"scroll","background-type":"","background-media":"","overlay-type":"","overlay-color":"","overlay-opacity":"","overlay-gradient":""},"tablet":{"background-color":"var(--ast-global-color-5)","background-image":"","background-repeat":"repeat","background-position":"center center","background-size":"auto","background-attachment":"scroll","background-type":"","background-media":"","overlay-type":"","overlay-color":"","overlay-opacity":"","overlay-gradient":""},"mobile":{"background-color":"var(--ast-global-color-5)","background-image":"","background-repeat":"repeat","background-position":"center center","background-size":"auto","background-attachment":"scroll","background-type":"","background-media":"","overlay-type":"","overlay-color":"","overlay-opacity":"","overlay-gradient":""}},"iawp_total_views":391,"footnotes":""},"hf_cat_page":[],"class_list":["post-14501","page","type-page","status-publish"],"acf":[],"_links":{"self":[{"href":"https:\/\/www.mission-21.org\/es\/wp-json\/wp\/v2\/pages\/14501","targetHints":{"allow":["GET"]}}],"collection":[{"href":"https:\/\/www.mission-21.org\/es\/wp-json\/wp\/v2\/pages"}],"about":[{"href":"https:\/\/www.mission-21.org\/es\/wp-json\/wp\/v2\/types\/page"}],"author":[{"embeddable":true,"href":"https:\/\/www.mission-21.org\/es\/wp-json\/wp\/v2\/users\/6"}],"replies":[{"embeddable":true,"href":"https:\/\/www.mission-21.org\/es\/wp-json\/wp\/v2\/comments?post=14501"}],"version-history":[{"count":11,"href":"https:\/\/www.mission-21.org\/es\/wp-json\/wp\/v2\/pages\/14501\/revisions"}],"predecessor-version":[{"id":18494,"href":"https:\/\/www.mission-21.org\/es\/wp-json\/wp\/v2\/pages\/14501\/revisions\/18494"}],"wp:attachment":[{"href":"https:\/\/www.mission-21.org\/es\/wp-json\/wp\/v2\/media?parent=14501"}],"wp:term":[{"taxonomy":"hf_cat_page","embeddable":true,"href":"https:\/\/www.mission-21.org\/es\/wp-json\/wp\/v2\/hf_cat_page?post=14501"}],"curies":[{"name":"wp","href":"https:\/\/api.w.org\/{rel}","templated":true}]}}