{"id":14636,"date":"2024-09-26T12:59:08","date_gmt":"2024-09-26T10:59:08","guid":{"rendered":"https:\/\/www.mission-21.org\/?page_id=14636"},"modified":"2026-04-23T10:08:01","modified_gmt":"2026-04-23T08:08:01","slug":"eventos-3","status":"publish","type":"page","link":"https:\/\/www.mission-21.org\/es\/was-wir-tun\/bildungsveranstaltungen\/","title":{"rendered":"Eventos educativos"},"content":{"rendered":"<figure itemscope itemtype=\"https:\/\/schema.org\/ImageObject\">\n\t\t\t\t<img decoding=\"async\" src=\"https:\/\/www.mission-21.org\/wp-content\/uploads\/2022\/08\/csm_header_news_d521d70e38.jpeg\" alt=\"csm header news d521d70e38\" height=\"688\" width=\"1680\" title=\"csm_Header_News_d521d70e38\" onerror=\"this.style.display='none'\" loading=\"lazy\" \/>\n\t<\/figure>\n\t\t\t<h1>Caja de informaci\u00f3n<\/h1>\t\t\t\n\t\t\t\t<p>\u00bfLe interesan temas como la cooperaci\u00f3n interreligiosa y el intercambio transcultural? \u00bfEn cuestiones de actualidad que nos desaf\u00edan en nuestro complejo mundo global? Aqu\u00ed encontrar\u00e1 numerosos eventos que ampliar\u00e1n sus horizontes e inspirar\u00e1n su vida cotidiana. Nuestra labor educativa cuenta con la certificaci\u00f3n EduQua.<\/p>\n<figure itemscope itemtype=\"https:\/\/schema.org\/ImageObject\">\n\t\t\t\t<img decoding=\"async\" src=\"https:\/\/www.mission-21.org\/wp-content\/uploads\/2022\/08\/csm_eduqua_logo.svg_a0d3023d4c.png\" alt=\"csm eduqua logo.svg a0d3023d4c\" height=\"30\" width=\"84\" title=\"csm_EduQua_Logo.svg_a0d3023d4c\" onerror=\"this.style.display='none'\" loading=\"lazy\" \/>\n\t<\/figure>\n\t<section>\n  <h2>\n    Nueva serie de seminarios web \u201eGlobal Voices - Actuar juntos por la paz\u201c\n  <\/h2>\n  \n    Nuestra nueva serie de seminarios web \u201eGlobal Voices - Acting Together for Peace\u201c est\u00e1 relacionada tem\u00e1ticamente con el Foro Internacional 2025 titulado \u00abPaz en la Tierra. Paz con la Tierra\u00bb. Pedimos una relaci\u00f3n respetuosa y sostenible con la Tierra y sus elementos. Queremos hacer frente a la alienaci\u00f3n entre los seres humanos y la naturaleza y encontrar v\u00edas comunes para la paz, la justicia y la sostenibilidad. La serie consta de tres seminarios web coordinados sobre \u201eTierra\u201c, \u201eAgua\u201c y \u201eFuego\u201c, que se complementan tem\u00e1ticamente, pero a los que tambi\u00e9n se puede asistir de forma independiente.\n  \n  <!-- Orangefarbener Button unten rechts -->\n  <a href=\"https:\/\/www.mission-21.org\/es\/evento\/la-dignidad-del-agua-rios-sagrados\/\" \n     style=\"display:inline-block;position:absolute;right:0;bottom:0;            background:#E87722;color:#fff;padding:12px 20px;text-decoration:none;            font-weight:600;transition:background 0.25s;\">\n    M\u00e1s informaci\u00f3n\n  <\/a>\n<\/section>\n<!-- Hover-Farbe -->\n<style>\n.forum-recap-intro a:hover {\n  background:#cc5f10;\n}\n<\/style>\n<h2>\n\t\t\tPr\u00f3ximos eventos\t<\/h2>\n\t<meta itemscope itemprop=\"mainEntityOfPage\" itemtype=\"https:\/\/schema.org\/WebPage\" itemid=\"https:\/\/www.mission-21.org\/veranstaltung\/plattform-weltsicht-2\/\" content=\"Abgesagt: Plattform Weltsicht\" \/><meta itemprop=\"datePublished\" content=\"2025-12-08\" \/><meta itemprop=\"dateModified\" content=\"2026-04-20\" \/><meta itemprop=\"name\" content=\"Mission 21\"\/><meta itemprop=\"url\" content=\"https:\/\/www.mission-21.org\/wp-content\/uploads\/2022\/08\/de-blau.svg\"\/><meta itemprop=\"url\" content=\"https:\/\/www.mission-21.org\/author\/betuel\/\" \/><meta itemprop=\"name\" content=\"Bet\u00fcl Cam\" \/><meta itemprop=\"url\" content=\"https:\/\/www.mission-21.org\/wp-content\/uploads\/2025\/07\/rundbrief_johanna_drach_nr__2-scaled-min.jpg\" \/><meta itemprop=\"width\" content=\"2000\" \/><meta itemprop=\"height\" content=\"1331\" \/><meta itemprop=\"interactionType\" content=\"https:\/\/schema.org\/CommentAction\" \/><meta itemprop=\"userInteractionCount\" content=\"0\" \/><h4><a href='https:\/\/www.mission-21.org\/es\/evento\/plataforma-cosmovision-2\/' title='Cancelado: Plataforma visi\u00f3n del mundo'>Cancelado: Plataforma visi\u00f3n del mundo<\/a><\/h4>\n\t<a href='https:\/\/www.mission-21.org\/es\/evento\/plataforma-cosmovision-2\/' title='Cancelado: Plataforma visi\u00f3n del mundo'><img width=\"1200\" height=\"799\" src=\"https:\/\/www.mission-21.org\/wp-content\/uploads\/2025\/07\/rundbrief_johanna_drach_nr__2-scaled-min-1200x799.jpg\" alt=\"bolet\u00edn johanna drach no 2 escala min\" itemprop=\"image\" decoding=\"async\" srcset=\"https:\/\/www.mission-21.org\/wp-content\/uploads\/2025\/07\/rundbrief_johanna_drach_nr__2-scaled-min-1200x799.jpg 1200w, https:\/\/www.mission-21.org\/wp-content\/uploads\/2025\/07\/rundbrief_johanna_drach_nr__2-scaled-min-900x599.jpg 900w, https:\/\/www.mission-21.org\/wp-content\/uploads\/2025\/07\/rundbrief_johanna_drach_nr__2-scaled-min-768x511.jpg 768w, https:\/\/www.mission-21.org\/wp-content\/uploads\/2025\/07\/rundbrief_johanna_drach_nr__2-scaled-min-1536x1022.jpg 1536w, https:\/\/www.mission-21.org\/wp-content\/uploads\/2025\/07\/rundbrief_johanna_drach_nr__2-scaled-min-18x12.jpg 18w, https:\/\/www.mission-21.org\/wp-content\/uploads\/2025\/07\/rundbrief_johanna_drach_nr__2-scaled-min-300x200.jpg 300w, https:\/\/www.mission-21.org\/wp-content\/uploads\/2025\/07\/rundbrief_johanna_drach_nr__2-scaled-min-600x399.jpg 600w, https:\/\/www.mission-21.org\/wp-content\/uploads\/2025\/07\/rundbrief_johanna_drach_nr__2-scaled-min.jpg 2000w\" sizes=\"(max-width: 1200px) 100vw, 1200px\" \/><\/a>\n    \t<p>En la plataforma anual World View, los empleados de las iglesias y otras partes interesadas reciben una visi\u00f3n de la amplia gama de servicios que ofrece Mission 21 para sus propias actividades. La plataforma se basa siempre en la campa\u00f1a de Mission 21 - este a\u00f1o sobre el tema \"Defender los derechos humanos: capacitar a las personas afectadas por la violencia, promover la autodeterminaci\u00f3n\". La campa\u00f1a se centra en proyectos de prevenci\u00f3n de la violencia, as\u00ed como de atenci\u00f3n aguda y autodeterminaci\u00f3n en Per\u00fa, Bolivia e Indonesia. <\/p>\n     23 de abril de 2026 \n\t<meta itemscope itemprop=\"mainEntityOfPage\" itemtype=\"https:\/\/schema.org\/WebPage\" itemid=\"https:\/\/www.mission-21.org\/veranstaltung\/die-wuerde-des-wassers-heilige-fluesse\/\" content=\"Die W\u00fcrde des Wassers &#8211; Heilige Fl\u00fcsse und Seen\" \/><meta itemprop=\"datePublished\" content=\"2025-12-03\" \/><meta itemprop=\"dateModified\" content=\"2026-04-14\" \/><meta itemprop=\"name\" content=\"Mission 21\"\/><meta itemprop=\"url\" content=\"https:\/\/www.mission-21.org\/wp-content\/uploads\/2022\/08\/de-blau.svg\"\/><meta itemprop=\"url\" content=\"https:\/\/www.mission-21.org\/author\/martin-vonwylmission-21-org\/\" \/><meta itemprop=\"name\" content=\"Martin von Wyl\" \/><meta itemprop=\"url\" content=\"https:\/\/www.mission-21.org\/wp-content\/uploads\/2025\/12\/img_themenfoto_webinar-global-voices-3_20251113_cwe.jpg\" \/><meta itemprop=\"width\" content=\"1600\" \/><meta itemprop=\"height\" content=\"1200\" \/><meta itemprop=\"interactionType\" content=\"https:\/\/schema.org\/CommentAction\" \/><meta itemprop=\"userInteractionCount\" content=\"0\" \/><h4><a href='https:\/\/www.mission-21.org\/es\/evento\/la-dignidad-del-agua-rios-sagrados\/' title='La dignidad del agua: r\u00edos y lagos sagrados'>La dignidad del agua: r\u00edos y lagos sagrados<\/a><\/h4>\n\t<a href='https:\/\/www.mission-21.org\/es\/evento\/la-dignidad-del-agua-rios-sagrados\/' title='La dignidad del agua: r\u00edos y lagos sagrados'><img width=\"1200\" height=\"900\" src=\"https:\/\/www.mission-21.org\/wp-content\/uploads\/2025\/12\/img_themenfoto_webinar-global-voices-3_20251113_cwe-1200x900.jpg\" alt=\"Una imagen en pantalla dividida de una mujer sacando agua en Indonesia, un agricultor en Sud\u00e1n del Sur y una ni\u00f1a sentada detr\u00e1s del fuego de una barbacoa.\" itemprop=\"image\" decoding=\"async\" srcset=\"https:\/\/www.mission-21.org\/wp-content\/uploads\/2025\/12\/img_themenfoto_webinar-global-voices-3_20251113_cwe-1200x900.jpg 1200w, https:\/\/www.mission-21.org\/wp-content\/uploads\/2025\/12\/img_themenfoto_webinar-global-voices-3_20251113_cwe-900x675.jpg 900w, https:\/\/www.mission-21.org\/wp-content\/uploads\/2025\/12\/img_themenfoto_webinar-global-voices-3_20251113_cwe-768x576.jpg 768w, https:\/\/www.mission-21.org\/wp-content\/uploads\/2025\/12\/img_themenfoto_webinar-global-voices-3_20251113_cwe-1536x1152.jpg 1536w, https:\/\/www.mission-21.org\/wp-content\/uploads\/2025\/12\/img_themenfoto_webinar-global-voices-3_20251113_cwe-16x12.jpg 16w, https:\/\/www.mission-21.org\/wp-content\/uploads\/2025\/12\/img_themenfoto_webinar-global-voices-3_20251113_cwe-300x225.jpg 300w, https:\/\/www.mission-21.org\/wp-content\/uploads\/2025\/12\/img_themenfoto_webinar-global-voices-3_20251113_cwe-600x450.jpg 600w, https:\/\/www.mission-21.org\/wp-content\/uploads\/2025\/12\/img_themenfoto_webinar-global-voices-3_20251113_cwe.jpg 1600w\" sizes=\"(max-width: 1200px) 100vw, 1200px\" \/><\/a>\n    \t<p>En nuestra nueva serie de webinarios \u201cGlobal Voices - Acting Together for Peace\u201d, nos preguntamos por una relaci\u00f3n respetuosa y sostenible con la tierra y sus elementos, la tierra, el agua y el fuego. En este segundo webinario de la serie, analizamos la conexi\u00f3n de las comunidades ind\u00edgenas con el agua y ejemplos y posibilidades de protecci\u00f3n del agua. <\/p>\n     12 de mayo de 2026 \n\t<meta itemscope itemprop=\"mainEntityOfPage\" itemtype=\"https:\/\/schema.org\/WebPage\" itemid=\"https:\/\/www.mission-21.org\/veranstaltung\/stadtfuhrung-de-koloniale-kunst-in-basel\/\" content=\"Stadtf\u00fchrung: (De-)Koloniale Kunst in Basel\" \/><meta itemprop=\"datePublished\" content=\"2025-12-08\" \/><meta itemprop=\"dateModified\" content=\"2026-04-16\" \/><meta itemprop=\"name\" content=\"Mission 21\"\/><meta itemprop=\"url\" content=\"https:\/\/www.mission-21.org\/wp-content\/uploads\/2022\/08\/de-blau.svg\"\/><meta itemprop=\"url\" content=\"https:\/\/www.mission-21.org\/author\/monika\/\" \/><meta itemprop=\"name\" content=\"Monika Di Pietrantonio\" \/><meta itemprop=\"url\" content=\"https:\/\/www.mission-21.org\/wp-content\/uploads\/2023\/06\/img_kolonialismus-basel_20230614_cwe.jpg\" \/><meta itemprop=\"width\" content=\"1500\" \/><meta itemprop=\"height\" content=\"1125\" \/><meta itemprop=\"interactionType\" content=\"https:\/\/schema.org\/CommentAction\" \/><meta itemprop=\"userInteractionCount\" content=\"0\" \/><h4><a href='https:\/\/www.mission-21.org\/es\/evento\/visita-a-la-ciudad-del-arte-colonial-de-basilea\/' title='Visita guiada: Arte (des)colonial en Basilea'>Visita guiada: Arte (des)colonial en Basilea<\/a><\/h4>\n\t<a href='https:\/\/www.mission-21.org\/es\/evento\/visita-a-la-ciudad-del-arte-colonial-de-basilea\/' title='Visita guiada: Arte (des)colonial en Basilea'><img width=\"1200\" height=\"900\" src=\"https:\/\/www.mission-21.org\/wp-content\/uploads\/2023\/06\/img_kolonialismus-basel_20230614_cwe-1200x900.jpg\" alt=\"img colonialismo basilea 20230614 cwe\" itemprop=\"image\" decoding=\"async\" srcset=\"https:\/\/www.mission-21.org\/wp-content\/uploads\/2023\/06\/img_kolonialismus-basel_20230614_cwe-1200x900.jpg 1200w, https:\/\/www.mission-21.org\/wp-content\/uploads\/2023\/06\/img_kolonialismus-basel_20230614_cwe-900x675.jpg 900w, https:\/\/www.mission-21.org\/wp-content\/uploads\/2023\/06\/img_kolonialismus-basel_20230614_cwe-768x576.jpg 768w, https:\/\/www.mission-21.org\/wp-content\/uploads\/2023\/06\/img_kolonialismus-basel_20230614_cwe-16x12.jpg 16w, https:\/\/www.mission-21.org\/wp-content\/uploads\/2023\/06\/img_kolonialismus-basel_20230614_cwe-300x225.jpg 300w, https:\/\/www.mission-21.org\/wp-content\/uploads\/2023\/06\/img_kolonialismus-basel_20230614_cwe-600x450.jpg 600w, https:\/\/www.mission-21.org\/wp-content\/uploads\/2023\/06\/img_kolonialismus-basel_20230614_cwe.jpg 1500w\" sizes=\"(max-width: 1200px) 100vw, 1200px\" \/><\/a>\n    \t<p>\u00bfPor qu\u00e9 se celebra en Basilea la feria de arte m\u00e1s importante del mundo y por qu\u00e9 hubo aqu\u00ed un \u201caffaire Picasso\u201d? El nuevo recorrido urbano de Mission 21 le lleva a conocer obras de arte famosas y desconocidas y su relaci\u00f3n con el (des)colonialismo en Basilea.<\/p>\n     22 de mayo de 2026 \n\t<meta itemscope itemprop=\"mainEntityOfPage\" itemtype=\"https:\/\/schema.org\/WebPage\" itemid=\"https:\/\/www.mission-21.org\/veranstaltung\/get-together-3\/\" content=\"Get-together\" \/><meta itemprop=\"datePublished\" content=\"2025-12-02\" \/><meta itemprop=\"dateModified\" content=\"2026-04-09\" \/><meta itemprop=\"name\" content=\"Mission 21\"\/><meta itemprop=\"url\" content=\"https:\/\/www.mission-21.org\/wp-content\/uploads\/2022\/08\/de-blau.svg\"\/><meta itemprop=\"url\" content=\"https:\/\/www.mission-21.org\/author\/nina\/\" \/><meta itemprop=\"name\" content=\"Nina Rusch\" \/><meta itemprop=\"url\" content=\"https:\/\/www.mission-21.org\/wp-content\/uploads\/2025\/08\/250818_m21_keyvisual_gettogether_font_cmyk_rz.png\" \/><meta itemprop=\"width\" content=\"4311\" \/><meta itemprop=\"height\" content=\"2070\" \/><meta itemprop=\"interactionType\" content=\"https:\/\/schema.org\/CommentAction\" \/><meta itemprop=\"userInteractionCount\" content=\"0\" \/><h4><a href='https:\/\/www.mission-21.org\/es\/evento\/reunirse-3\/' title='Reuni\u00f3n'>Reuni\u00f3n<\/a><\/h4>\n\t<a href='https:\/\/www.mission-21.org\/es\/evento\/reunirse-3\/' title='Reuni\u00f3n'><img width=\"1200\" height=\"576\" src=\"https:\/\/www.mission-21.org\/wp-content\/uploads\/2025\/08\/250818_m21_keyvisual_gettogether_font_cmyk_rz-1200x576.png\" alt=\"250818 m21 keyvisual gettogether font cmyk rz\" itemprop=\"image\" decoding=\"async\" srcset=\"https:\/\/www.mission-21.org\/wp-content\/uploads\/2025\/08\/250818_m21_keyvisual_gettogether_font_cmyk_rz-1200x576.png 1200w, https:\/\/www.mission-21.org\/wp-content\/uploads\/2025\/08\/250818_m21_keyvisual_gettogether_font_cmyk_rz-900x432.png 900w, https:\/\/www.mission-21.org\/wp-content\/uploads\/2025\/08\/250818_m21_keyvisual_gettogether_font_cmyk_rz-768x369.png 768w, https:\/\/www.mission-21.org\/wp-content\/uploads\/2025\/08\/250818_m21_keyvisual_gettogether_font_cmyk_rz-1536x738.png 1536w, https:\/\/www.mission-21.org\/wp-content\/uploads\/2025\/08\/250818_m21_keyvisual_gettogether_font_cmyk_rz-2048x983.png 2048w, https:\/\/www.mission-21.org\/wp-content\/uploads\/2025\/08\/250818_m21_keyvisual_gettogether_font_cmyk_rz-18x9.png 18w, https:\/\/www.mission-21.org\/wp-content\/uploads\/2025\/08\/250818_m21_keyvisual_gettogether_font_cmyk_rz-300x144.png 300w, https:\/\/www.mission-21.org\/wp-content\/uploads\/2025\/08\/250818_m21_keyvisual_gettogether_font_cmyk_rz-600x288.png 600w\" sizes=\"(max-width: 1200px) 100vw, 1200px\" \/><\/a>\n    \t<p>El \"encuentro\" young@mission21 facilita el di\u00e1logo peri\u00f3dico entre j\u00f3venes adultos de todo el mundo. El formato est\u00e1 estrechamente vinculado a nuestro podcast Young Voices y ofrece un espacio para el di\u00e1logo, el debate y las preguntas sobre los temas tratados en el podcast.<\/p>\n     30 de mayo de 2026 \n\t<meta itemscope itemprop=\"mainEntityOfPage\" itemtype=\"https:\/\/schema.org\/WebPage\" itemid=\"https:\/\/www.mission-21.org\/veranstaltung\/die-wuerde-des-feuers-energie-und-spiritualitaet\/\" content=\"Die W\u00fcrde des Feuers &#8211; Energie und Spiritualit\u00e4t\" \/><meta itemprop=\"datePublished\" content=\"2026-02-13\" \/><meta itemprop=\"dateModified\" content=\"2026-04-20\" \/><meta itemprop=\"name\" content=\"Mission 21\"\/><meta itemprop=\"url\" content=\"https:\/\/www.mission-21.org\/wp-content\/uploads\/2022\/08\/de-blau.svg\"\/><meta itemprop=\"url\" content=\"https:\/\/www.mission-21.org\/author\/monika\/\" \/><meta itemprop=\"name\" content=\"Monika Di Pietrantonio\" \/><meta itemprop=\"url\" content=\"https:\/\/www.mission-21.org\/wp-content\/uploads\/2025\/12\/img_themenfoto_webinar-global-voices-3_20251113_cwe.jpg\" \/><meta itemprop=\"width\" content=\"1600\" \/><meta itemprop=\"height\" content=\"1200\" \/><meta itemprop=\"interactionType\" content=\"https:\/\/schema.org\/CommentAction\" \/><meta itemprop=\"userInteractionCount\" content=\"0\" \/><h4><a href='https:\/\/www.mission-21.org\/es\/evento\/el-poder-de-la-energia-del-fuego-y-la-espiritualidad\/' title='La dignidad del fuego: energ\u00eda y espiritualidad'>La dignidad del fuego: energ\u00eda y espiritualidad<\/a><\/h4>\n\t<a href='https:\/\/www.mission-21.org\/es\/evento\/el-poder-de-la-energia-del-fuego-y-la-espiritualidad\/' title='La dignidad del fuego: energ\u00eda y espiritualidad'><img width=\"1200\" height=\"900\" src=\"https:\/\/www.mission-21.org\/wp-content\/uploads\/2025\/12\/img_themenfoto_webinar-global-voices-3_20251113_cwe-1200x900.jpg\" alt=\"Una imagen en pantalla dividida de una mujer sacando agua en Indonesia, un agricultor en Sud\u00e1n del Sur y una ni\u00f1a sentada detr\u00e1s del fuego de una barbacoa.\" itemprop=\"image\" decoding=\"async\" srcset=\"https:\/\/www.mission-21.org\/wp-content\/uploads\/2025\/12\/img_themenfoto_webinar-global-voices-3_20251113_cwe-1200x900.jpg 1200w, https:\/\/www.mission-21.org\/wp-content\/uploads\/2025\/12\/img_themenfoto_webinar-global-voices-3_20251113_cwe-900x675.jpg 900w, https:\/\/www.mission-21.org\/wp-content\/uploads\/2025\/12\/img_themenfoto_webinar-global-voices-3_20251113_cwe-768x576.jpg 768w, https:\/\/www.mission-21.org\/wp-content\/uploads\/2025\/12\/img_themenfoto_webinar-global-voices-3_20251113_cwe-1536x1152.jpg 1536w, https:\/\/www.mission-21.org\/wp-content\/uploads\/2025\/12\/img_themenfoto_webinar-global-voices-3_20251113_cwe-16x12.jpg 16w, https:\/\/www.mission-21.org\/wp-content\/uploads\/2025\/12\/img_themenfoto_webinar-global-voices-3_20251113_cwe-300x225.jpg 300w, https:\/\/www.mission-21.org\/wp-content\/uploads\/2025\/12\/img_themenfoto_webinar-global-voices-3_20251113_cwe-600x450.jpg 600w, https:\/\/www.mission-21.org\/wp-content\/uploads\/2025\/12\/img_themenfoto_webinar-global-voices-3_20251113_cwe.jpg 1600w\" sizes=\"(max-width: 1200px) 100vw, 1200px\" \/><\/a>\n    \t<p>En nuestra nueva serie de webinarios \u201cGlobal Voices - Acting Together for Peace\u201d, nos preguntamos por una relaci\u00f3n respetuosa y sostenible con la tierra y sus elementos, la tierra, el agua y el fuego. En este tercer webinario de la serie, analizamos la conexi\u00f3n de las comunidades ind\u00edgenas con el fuego y nuestra actitud espiritual ante el consumo de energ\u00eda y recursos.<\/p>\n     26 de septiembre de 2026 \n<h2>\n\t\t\tArchivo\t<\/h2>\n<figure itemscope itemtype=\"https:\/\/schema.org\/ImageObject\">\n\t\t\t\t<a href=\"https:\/\/www.mission-21.org\/es\/que-hacemos\/archivo-de-eventos\/\"  target=\"_self\" itemprop=\"url\">\n\t\t\t\t<img decoding=\"async\" src=\"https:\/\/www.mission-21.org\/wp-content\/uploads\/2026\/04\/frauenkonferenz-2019_-gruppenbild.jpg\" alt=\"conferencia de mujeres 2019: foto de grupo\" height=\"1333\" width=\"2000\" title=\"Conferencia de la Mujer 2019: Foto de familia\" onerror=\"this.style.display='none'\" loading=\"lazy\" \/>\n\t\t\t\t<\/a>\n\t<\/figure>\n\t\t<p>Aqu\u00ed encontrar\u00e1 rese\u00f1as de actos anteriores. Numerosos actos est\u00e1n tambi\u00e9n disponibles como grabaciones de v\u00eddeo completas y pueden verse gratuitamente. <\/p>\n<p>En particular, encontrar\u00e1 las sesiones de la serie de seminarios web \"<a href=\"https:\/\/www.mission-21.org\/es\/que-hacemos\/eventos\/mision-colonialismo-revisado\/\" target=\"_blank\" rel=\"noopener\"><strong>Misi\u00f3n - El colonialismo revisado<\/strong><\/a>\", que aportan una visi\u00f3n cr\u00edtica y transparente de la historia entrelazada de la misi\u00f3n y el colonialismo. <\/p>\n<p>Si tiene alguna pregunta o sugerencia, estaremos encantados de atenderle.<\/p>","protected":false},"excerpt":{"rendered":"<p>Info Box Interessieren Sie sich f\u00fcr Themen wie interreligi\u00f6se Zusammenarbeit und transkulturellen Austausch? F\u00fcr aktuelle Themen, die uns in unserer komplexen globalen Welt herausfordern? Hier finden Sie zahlreiche Veranstaltungen, die Ihren Horizont weiten und Ihren Alltag inspirieren. Unsere Bildungsarbeit ist EduQua zertifiziert. Neue Webinarreihe &#8222;Global Voices &#8211; Acting Together for Peace&#8220; Unsere neue Webinar-Reihe &#8222;Global [&hellip;]<\/p>\n","protected":false},"author":6,"featured_media":2108,"parent":205,"menu_order":0,"comment_status":"closed","ping_status":"closed","template":"","meta":{"_acf_changed":false,"_seopress_robots_primary_cat":"","_seopress_titles_title":"","_seopress_titles_desc":"","_seopress_robots_index":"","_searchwp_excluded":"","site-sidebar-layout":"default","site-content-layout":"","ast-site-content-layout":"default","site-content-style":"default","site-sidebar-style":"default","ast-global-header-display":"","ast-banner-title-visibility":"","ast-main-header-display":"","ast-hfb-above-header-display":"","ast-hfb-below-header-display":"","ast-hfb-mobile-header-display":"","site-post-title":"","ast-breadcrumbs-content":"","ast-featured-img":"","footer-sml-layout":"","ast-disable-related-posts":"","theme-transparent-header-meta":"","adv-header-id-meta":"","stick-header-meta":"","header-above-stick-meta":"","header-main-stick-meta":"","header-below-stick-meta":"","astra-migrate-meta-layouts":"set","ast-page-background-enabled":"default","ast-page-background-meta":{"desktop":{"background-color":"var(--ast-global-color-4)","background-image":"","background-repeat":"repeat","background-position":"center center","background-size":"auto","background-attachment":"scroll","background-type":"","background-media":"","overlay-type":"","overlay-color":"","overlay-opacity":"","overlay-gradient":""},"tablet":{"background-color":"","background-image":"","background-repeat":"repeat","background-position":"center center","background-size":"auto","background-attachment":"scroll","background-type":"","background-media":"","overlay-type":"","overlay-color":"","overlay-opacity":"","overlay-gradient":""},"mobile":{"background-color":"","background-image":"","background-repeat":"repeat","background-position":"center center","background-size":"auto","background-attachment":"scroll","background-type":"","background-media":"","overlay-type":"","overlay-color":"","overlay-opacity":"","overlay-gradient":""}},"ast-content-background-meta":{"desktop":{"background-color":"var(--ast-global-color-5)","background-image":"","background-repeat":"repeat","background-position":"center center","background-size":"auto","background-attachment":"scroll","background-type":"","background-media":"","overlay-type":"","overlay-color":"","overlay-opacity":"","overlay-gradient":""},"tablet":{"background-color":"var(--ast-global-color-5)","background-image":"","background-repeat":"repeat","background-position":"center center","background-size":"auto","background-attachment":"scroll","background-type":"","background-media":"","overlay-type":"","overlay-color":"","overlay-opacity":"","overlay-gradient":""},"mobile":{"background-color":"var(--ast-global-color-5)","background-image":"","background-repeat":"repeat","background-position":"center center","background-size":"auto","background-attachment":"scroll","background-type":"","background-media":"","overlay-type":"","overlay-color":"","overlay-opacity":"","overlay-gradient":""}},"iawp_total_views":2571,"footnotes":""},"hf_cat_page":[300],"class_list":["post-14636","page","type-page","status-publish","has-post-thumbnail"],"acf":[],"_links":{"self":[{"href":"https:\/\/www.mission-21.org\/es\/wp-json\/wp\/v2\/pages\/14636","targetHints":{"allow":["GET"]}}],"collection":[{"href":"https:\/\/www.mission-21.org\/es\/wp-json\/wp\/v2\/pages"}],"about":[{"href":"https:\/\/www.mission-21.org\/es\/wp-json\/wp\/v2\/types\/page"}],"author":[{"embeddable":true,"href":"https:\/\/www.mission-21.org\/es\/wp-json\/wp\/v2\/users\/6"}],"replies":[{"embeddable":true,"href":"https:\/\/www.mission-21.org\/es\/wp-json\/wp\/v2\/comments?post=14636"}],"version-history":[{"count":11,"href":"https:\/\/www.mission-21.org\/es\/wp-json\/wp\/v2\/pages\/14636\/revisions"}],"predecessor-version":[{"id":20315,"href":"https:\/\/www.mission-21.org\/es\/wp-json\/wp\/v2\/pages\/14636\/revisions\/20315"}],"up":[{"embeddable":true,"href":"https:\/\/www.mission-21.org\/es\/wp-json\/wp\/v2\/pages\/205"}],"wp:featuredmedia":[{"embeddable":true,"href":"https:\/\/www.mission-21.org\/es\/wp-json\/wp\/v2\/media\/2108"}],"wp:attachment":[{"href":"https:\/\/www.mission-21.org\/es\/wp-json\/wp\/v2\/media?parent=14636"}],"wp:term":[{"taxonomy":"hf_cat_page","embeddable":true,"href":"https:\/\/www.mission-21.org\/es\/wp-json\/wp\/v2\/hf_cat_page?post=14636"}],"curies":[{"name":"wp","href":"https:\/\/api.w.org\/{rel}","templated":true}]}}