{"id":17966,"date":"2025-09-09T09:10:11","date_gmt":"2025-09-09T07:10:11","guid":{"rendered":"https:\/\/www.mission-21.org\/?page_id=17966"},"modified":"2026-03-31T15:13:53","modified_gmt":"2026-03-31T13:13:53","slug":"luz-de-esperanza","status":"publish","type":"page","link":"https:\/\/www.mission-21.org\/es\/lichtblick\/","title":{"rendered":"Punto brillante 2026"},"content":{"rendered":"<img decoding=\"async\" src=\"https:\/\/www.mission-21.org\/wp-content\/uploads\/bb-plugin\/cache\/nora-300x300-circle-0225c072c73f73d53f5b5060de56e773-.png\" alt=\"nora\" itemprop=\"image\" height=\"300\" width=\"300\" title=\"Nora\" onerror=\"this.style.display='none'\" loading='lazy' \/>\n\t\t<h3>\"Gracias a los talleres, podemos animar a la gente a pensar m\u00e1s all\u00e1 de las fronteras \u00e9tnicas y actuar juntos\".<\/h3><p>Nora Zangabeyo, trabajadora social en Sud\u00e1n del Sur<\/p>\n\t<p>Sud\u00e1n del Sur es uno de los pa\u00edses m\u00e1s pobres del mundo. La pobreza extrema y la violencia hacen que la vida cotidiana de la poblaci\u00f3n se caracterice por numerosos conflictos. Las mujeres y los ni\u00f1os se ven especialmente afectados. Un rayo de esperanza en su vida cotidiana son los talleres apoyados por Mission 21 sobre prevenci\u00f3n de conflictos y consolidaci\u00f3n de la paz, as\u00ed como el apoyo psicosocial, que es m\u00e1s importante que nunca.<\/p>\n\t\t<h3>\"Gracias a la formaci\u00f3n, cosechamos m\u00e1s hortalizas y m\u00e1s sanas y podemos mantener f\u00e9rtil nuestro suelo\".<\/h3><p>Elva Apaza Quispe, agricultora de Per\u00fa<\/p>\n\t\t\t\t<img decoding=\"async\" src=\"https:\/\/www.mission-21.org\/wp-content\/uploads\/bb-plugin\/cache\/ernaehrungssouveraenitaet-la-story-elva_q-1-300x300-circle-da85a9c87f7f8e7849291075f8e09a92-.jpg\" alt=\"soberan\u00eda alimentaria la, historia elva\" itemprop=\"image\" height=\"300\" width=\"300\" title=\"Soberan\u00eda Alimentaria LA, Story Elva\" onerror=\"this.style.display='none'\" loading='lazy' \/>\n\t<p>Elva y su familia de ocho miembros viven en las alturas de los Andes, a casi 4.000 metros sobre el nivel del mar. La tierra es \u00e1rida y dif\u00edcil de cultivar. Nuestra organizaci\u00f3n socia local ayuda a Elva Apaza con formaci\u00f3n complementaria en agricultura sostenible. Aprendi\u00f3 a diversificar los cultivos y a producir abono org\u00e1nico en un peque\u00f1o invernadero. Hoy, Elva Apaza cosecha suficientes verduras para proporcionar a su familia una dieta sana y regular.<\/p>\n\t\t\t\t<img decoding=\"async\" src=\"https:\/\/www.mission-21.org\/wp-content\/uploads\/bb-plugin\/cache\/img_0529-300x300-circle-90627cb7a8e2417caa28660eae843fbe-.jpg\" alt=\"img 0529\" itemprop=\"image\" height=\"300\" width=\"300\" title=\"img_0529\" onerror=\"this.style.display='none'\" loading='lazy' \/>\n\t\t<h3>\"He aprendido mucho y lo transmitir\u00e9 a los dem\u00e1s\".<\/h3><p>Ladi Zachariah, agricultor de Nigeria<\/p>\n\t<p>Ladi Zachariah vive en el noreste de Nigeria. Siembra alubias, cacahuetes y ma\u00edz, pero las cosechas son escasas porque el calentamiento global est\u00e1 provocando sequ\u00edas m\u00e1s frecuentes e inundaciones m\u00e1s graves. Gracias a las oportunidades educativas que ofrecen las organizaciones locales asociadas a Mission 21, Ladi Zachariah est\u00e1 complementando los conocimientos tradicionales con m\u00e9todos agroecol\u00f3gicos. Esto le permite cosechar m\u00e1s de suelos m\u00e1s sanos y alimentar mejor a su familia.<\/p>\n\n\t<h1>Lo que hemos conseguido con nuestras organizaciones locales asociadas<\/h1>\n\t\t\t\t\t<a href=\"#\"  id=\"fl-accordion--label-0\" tabindex=\"0\" aria-controls=\"fl-accordion--panel-0\">Construcci\u00f3n de la paz<\/a>\n\t\t\t\t\t\t\t\t\t\t\t<a href=\"#\" id=\"fl-accordion--icon-0\"  tabindex=\"0\"><i title=\"Ampliar\">Ampliar<\/i><\/a>\n\t\t\t\t\t<p>Juntos conseguimos empoderar a mujeres y ni\u00f1as en todos los \u00e1mbitos. Esto incluye espacios seguros para intercambiar ideas, compartir y procesar experiencias y construirse mutuamente. Tambi\u00e9n proporcionamos a las mujeres y las ni\u00f1as una valiosa formaci\u00f3n y educaci\u00f3n complementaria, y las apoyamos en la construcci\u00f3n de su independencia econ\u00f3mica.<\/p>\n\t\t\t\t\t<a href=\"#\"  id=\"fl-accordion--label-1\" tabindex=\"0\" aria-controls=\"fl-accordion--panel-1\">Agroecolog\u00eda<\/a>\n\t\t\t\t\t\t\t\t\t\t\t<a href=\"#\" id=\"fl-accordion--icon-1\"  tabindex=\"0\"><i title=\"Ampliar\">Ampliar<\/i><\/a>\n\t\t\t\t\t<p>Gracias a nuestras organizaciones asociadas, m\u00e1s de 6.000 personas de los Altos Andes ya est\u00e1n recibiendo formaci\u00f3n en agroecolog\u00eda y gesti\u00f3n ecol\u00f3gica del agua, pilares importantes para una mayor justicia clim\u00e1tica.<\/p>\n\t\t\t\t\t<a href=\"#\"  id=\"fl-accordion--label-2\" tabindex=\"0\" aria-controls=\"fl-accordion--panel-2\">Bombas solares, dep\u00f3sitos de agua, viveros<\/a>\n\t\t\t\t\t\t\t\t\t\t\t<a href=\"#\" id=\"fl-accordion--icon-2\"  tabindex=\"0\"><i title=\"Ampliar\">Ampliar<\/i><\/a>\n\t\t\t\t\t<p>En Tanzania, instalamos otras dos bombas solares y dep\u00f3sitos de agua con nuestras organizaciones socias en 2024. Ahora hay un suministro fiable de agua potable fresca y limpia para unos 3.500 habitantes en cinco localidades, lo que contribuye a la justicia clim\u00e1tica. Las bombas tambi\u00e9n riegan tres viveros de \u00e1rboles, que constituyen una base importante para la reforestaci\u00f3n.<\/p>\n\t\t\t\t\t<a href=\"#\"  id=\"fl-accordion--label-3\" tabindex=\"0\" aria-controls=\"fl-accordion--panel-3\">Invernaderos<\/a>\n\t\t\t\t\t\t\t\t\t\t\t<a href=\"#\" id=\"fl-accordion--icon-3\"  tabindex=\"0\"><i title=\"Ampliar\">Ampliar<\/i><\/a>\n\t\t\t\t\t<p>Cada vez se construyen o renuevan m\u00e1s invernaderos en Bolivia y Per\u00fa. En 2023, por ejemplo, se reactivaron 32 invernaderos financiados por el Estado y que estaban en barbecho. Gracias a esta renovaci\u00f3n y a los conocimientos agroecol\u00f3gicos, otras 32 familias pueden ahora cultivar y cosechar verduras y frutas sanas.<\/p>\n\t\t\t\t\t<a href=\"#\"  id=\"fl-accordion--label-4\" tabindex=\"0\" aria-controls=\"fl-accordion--panel-4\">Reforestaci\u00f3n y cocinas energ\u00e9ticamente eficientes<\/a>\n\t\t\t\t\t\t\t\t\t\t\t<a href=\"#\" id=\"fl-accordion--icon-4\"  tabindex=\"0\"><i title=\"Ampliar\">Ampliar<\/i><\/a>\n\t\t\t\t\t<p>En Nigeria, cada a\u00f1o se forma a m\u00e1s de 500 agricultores en agroecolog\u00eda, reforestaci\u00f3n y aprovechamiento de los recursos naturales. Tambi\u00e9n ofrecemos formaci\u00f3n y apoyo para la construcci\u00f3n de cocinas energ\u00e9ticamente eficientes y respetuosas con el medio ambiente.<\/p>\n\t\t\t\t<img decoding=\"async\" src=\"https:\/\/www.mission-21.org\/wp-content\/uploads\/2022\/11\/logo_m21-de-weiss_20160310_vv-900x300.png\" alt=\"logo m21 en blanco 20160310 vv\" itemprop=\"image\" height=\"300\" width=\"900\" title=\"Logo_m21 en blanco_20160310_VVV\" onerror=\"this.style.display='none'\" loading='lazy' \/>\n\t<p>&nbsp;<\/p>\n<p><a href=\"http:\/\/www.mission-21.org\/es\/\">Mission 21<\/a> act\u00faa en 15 pa\u00edses de \u00c1frica, Asia y Am\u00e9rica Latina en el marco de la cooperaci\u00f3n internacional para el desarrollo sostenible y con ayuda humanitaria para la consolidaci\u00f3n de la paz, la educaci\u00f3n, la salud, la soberan\u00eda alimentaria y la igualdad de g\u00e9nero. De este modo, contribuimos a alcanzar los Objetivos de Desarrollo Sostenible de la ONU.<\/p>\n<p><a href=\"https:\/\/www.mission-21.org\/es\/que-hacemos\/clima\/\"><strong>&gt; M\u00e1s informaci\u00f3n sobre nuestros proyectos en el \u00e1mbito de la justicia clim\u00e1tica<\/strong><\/a><\/p>\n<p><a href=\"https:\/\/www.mission-21.org\/es\/campana-2030\/\"><strong>&gt; M\u00e1s informaci\u00f3n sobre nuestros proyectos de consolidaci\u00f3n de la paz<\/strong><\/a><\/p>","protected":false},"excerpt":{"rendered":"<p>\u00abDank Workshops k\u00f6nnen wir die Menschen dazu bewegen, \u00fcber ethnische Grenzen hinweg zu denken und gemeinsam zu handeln.\u00bb Nora Zangabeyo, Sozialarbeiterin im S\u00fcdsudan Der S\u00fcdsudan geh\u00f6rt zu den \u00e4rmsten L\u00e4ndern der Welt. Die grosse Armut und auch Gewalt f\u00fchren dazu, dass der Alltag der Bev\u00f6lkerung von vielen Konflikten gepr\u00e4gt ist. Besonders betroffen sind Frauen und [&hellip;]<\/p>\n","protected":false},"author":30,"featured_media":11442,"parent":0,"menu_order":0,"comment_status":"closed","ping_status":"closed","template":"","meta":{"_acf_changed":false,"_seopress_robots_primary_cat":"","_seopress_titles_title":"","_seopress_titles_desc":"","_seopress_robots_index":"","_searchwp_excluded":"","site-sidebar-layout":"default","site-content-layout":"","ast-site-content-layout":"default","site-content-style":"default","site-sidebar-style":"default","ast-global-header-display":"disabled","ast-banner-title-visibility":"","ast-main-header-display":"","ast-hfb-above-header-display":"","ast-hfb-below-header-display":"","ast-hfb-mobile-header-display":"","site-post-title":"","ast-breadcrumbs-content":"","ast-featured-img":"","footer-sml-layout":"","ast-disable-related-posts":"","theme-transparent-header-meta":"","adv-header-id-meta":"","stick-header-meta":"","header-above-stick-meta":"","header-main-stick-meta":"","header-below-stick-meta":"","astra-migrate-meta-layouts":"set","ast-page-background-enabled":"default","ast-page-background-meta":{"desktop":{"background-color":"var(--ast-global-color-4)","background-image":"","background-repeat":"repeat","background-position":"center center","background-size":"auto","background-attachment":"scroll","background-type":"","background-media":"","overlay-type":"","overlay-color":"","overlay-opacity":"","overlay-gradient":""},"tablet":{"background-color":"","background-image":"","background-repeat":"repeat","background-position":"center center","background-size":"auto","background-attachment":"scroll","background-type":"","background-media":"","overlay-type":"","overlay-color":"","overlay-opacity":"","overlay-gradient":""},"mobile":{"background-color":"","background-image":"","background-repeat":"repeat","background-position":"center center","background-size":"auto","background-attachment":"scroll","background-type":"","background-media":"","overlay-type":"","overlay-color":"","overlay-opacity":"","overlay-gradient":""}},"ast-content-background-meta":{"desktop":{"background-color":"var(--ast-global-color-5)","background-image":"","background-repeat":"repeat","background-position":"center center","background-size":"auto","background-attachment":"scroll","background-type":"","background-media":"","overlay-type":"","overlay-color":"","overlay-opacity":"","overlay-gradient":""},"tablet":{"background-color":"var(--ast-global-color-5)","background-image":"","background-repeat":"repeat","background-position":"center center","background-size":"auto","background-attachment":"scroll","background-type":"","background-media":"","overlay-type":"","overlay-color":"","overlay-opacity":"","overlay-gradient":""},"mobile":{"background-color":"var(--ast-global-color-5)","background-image":"","background-repeat":"repeat","background-position":"center center","background-size":"auto","background-attachment":"scroll","background-type":"","background-media":"","overlay-type":"","overlay-color":"","overlay-opacity":"","overlay-gradient":""}},"iawp_total_views":1914,"footnotes":""},"hf_cat_page":[485,347],"class_list":["post-17966","page","type-page","status-publish","has-post-thumbnail"],"acf":[],"_links":{"self":[{"href":"https:\/\/www.mission-21.org\/es\/wp-json\/wp\/v2\/pages\/17966","targetHints":{"allow":["GET"]}}],"collection":[{"href":"https:\/\/www.mission-21.org\/es\/wp-json\/wp\/v2\/pages"}],"about":[{"href":"https:\/\/www.mission-21.org\/es\/wp-json\/wp\/v2\/types\/page"}],"author":[{"embeddable":true,"href":"https:\/\/www.mission-21.org\/es\/wp-json\/wp\/v2\/users\/30"}],"replies":[{"embeddable":true,"href":"https:\/\/www.mission-21.org\/es\/wp-json\/wp\/v2\/comments?post=17966"}],"version-history":[{"count":10,"href":"https:\/\/www.mission-21.org\/es\/wp-json\/wp\/v2\/pages\/17966\/revisions"}],"predecessor-version":[{"id":20174,"href":"https:\/\/www.mission-21.org\/es\/wp-json\/wp\/v2\/pages\/17966\/revisions\/20174"}],"wp:featuredmedia":[{"embeddable":true,"href":"https:\/\/www.mission-21.org\/es\/wp-json\/wp\/v2\/media\/11442"}],"wp:attachment":[{"href":"https:\/\/www.mission-21.org\/es\/wp-json\/wp\/v2\/media?parent=17966"}],"wp:term":[{"taxonomy":"hf_cat_page","embeddable":true,"href":"https:\/\/www.mission-21.org\/es\/wp-json\/wp\/v2\/hf_cat_page?post=17966"}],"curies":[{"name":"wp","href":"https:\/\/api.w.org\/{rel}","templated":true}]}}