{"id":2107,"date":"2022-09-12T10:56:49","date_gmt":"2022-09-12T08:56:49","guid":{"rendered":"https:\/\/www.mission-21.org\/?page_id=2107"},"modified":"2025-11-06T09:57:41","modified_gmt":"2025-11-06T08:57:41","slug":"eventos","status":"publish","type":"page","link":"https:\/\/www.mission-21.org\/es\/was-wir-tun\/veranstaltungen\/","title":{"rendered":"Eventos"},"content":{"rendered":"<img decoding=\"async\" src=\"https:\/\/www.mission-21.org\/wp-content\/uploads\/2022\/08\/csm_header_news_d521d70e38.jpeg\" alt=\"csm header news d521d70e38\" itemprop=\"image\" height=\"688\" width=\"1680\" title=\"csm_Header_News_d521d70e38\" onerror=\"this.style.display='none'\"  \/>\n\t\t\t<h1>Caja de informaci\u00f3n<\/h1>\t\t\t\n\t\t\t\t<p>\u00bfLe interesan temas como la cooperaci\u00f3n interreligiosa y el intercambio intercultural? \u00bfPara los problemas actuales que nos desaf\u00edan en nuestro complejo mundo global? Aqu\u00ed encontrar\u00e1 numerosos eventos que ampliar\u00e1n sus horizontes e inspirar\u00e1n su vida cotidiana. Nuestra labor educativa est\u00e1 certificada por EduQua.<\/p>\n\t\t\t\t<img decoding=\"async\" src=\"https:\/\/www.mission-21.org\/wp-content\/uploads\/2022\/08\/csm_eduqua_logo.svg_a0d3023d4c.png\" alt=\"csm eduqua logo.svg a0d3023d4c\" itemprop=\"image\" height=\"30\" width=\"84\" title=\"csm_EduQua_Logo.svg_a0d3023d4c\" onerror=\"this.style.display='none'\"  \/>\n<h2>\n\t\tActualidad\n\t<\/h2>\n\t<meta itemscope itemprop=\"mainEntityOfPage\" itemtype=\"https:\/\/schema.org\/WebPage\" itemid=\"https:\/\/www.mission-21.org\/veranstaltung\/youth-summit-2024-young-voices-intergenerational-meetup\/\" content=\"Ehemaligentag meets Youth Summit \"young voices. intergenerational meetup\"\" \/><meta itemprop=\"datePublished\" content=\"2024-01-10\" \/><meta itemprop=\"dateModified\" content=\"2024-01-22\" \/><meta itemprop=\"name\" content=\"Mission 21\"\/><meta itemprop=\"url\" content=\"https:\/\/www.mission-21.org\/wp-content\/uploads\/2022\/08\/de-blau.svg\"\/><meta itemprop=\"url\" content=\"https:\/\/www.mission-21.org\/author\/samuel\/\" \/><meta itemprop=\"name\" content=\"Samuel Rink\" \/><meta itemprop=\"url\" content=\"https:\/\/www.mission-21.org\/wp-content\/uploads\/2024\/01\/youthsummit_2024_rgb_4_3.jpg\" \/><meta itemprop=\"width\" content=\"2183\" \/><meta itemprop=\"height\" content=\"1635\" \/><meta itemprop=\"interactionType\" content=\"https:\/\/schema.org\/CommentAction\" \/><meta itemprop=\"userInteractionCount\" content=\"0\" \/>Joven@Misi\u00f3n21\n<h4><a href='https:\/\/www.mission-21.org\/es\/evento\/cumbre-de-la-juventud-2024-encuentro-intergeneracional-de-voces-jovenes\/' title='El D\u00eda de los Antiguos Alumnos se re\u00fane con la Cumbre Juvenil &quot;Voces j\u00f3venes. Encuentro intergeneracional&quot;'>El D\u00eda de los Antiguos Alumnos se re\u00fane con la Cumbre Juvenil \"Voces j\u00f3venes. Encuentro intergeneracional\"<\/a><\/h4>\n\t<a href='https:\/\/www.mission-21.org\/es\/evento\/cumbre-de-la-juventud-2024-encuentro-intergeneracional-de-voces-jovenes\/' title='El D\u00eda de los Antiguos Alumnos se re\u00fane con la Cumbre Juvenil &quot;Voces j\u00f3venes. Encuentro intergeneracional&quot;'><img width=\"1200\" height=\"899\" src=\"https:\/\/www.mission-21.org\/wp-content\/uploads\/2024\/01\/youthsummit_2024_rgb_4_3-1200x899.jpg\" alt=\"cumbre de la juventud 2024 rgb 4 3\" itemprop=\"image\" decoding=\"async\" srcset=\"https:\/\/www.mission-21.org\/wp-content\/uploads\/2024\/01\/youthsummit_2024_rgb_4_3-1200x899.jpg 1200w, https:\/\/www.mission-21.org\/wp-content\/uploads\/2024\/01\/youthsummit_2024_rgb_4_3-900x674.jpg 900w, https:\/\/www.mission-21.org\/wp-content\/uploads\/2024\/01\/youthsummit_2024_rgb_4_3-768x575.jpg 768w, https:\/\/www.mission-21.org\/wp-content\/uploads\/2024\/01\/youthsummit_2024_rgb_4_3-1536x1150.jpg 1536w, https:\/\/www.mission-21.org\/wp-content\/uploads\/2024\/01\/youthsummit_2024_rgb_4_3-2048x1534.jpg 2048w, https:\/\/www.mission-21.org\/wp-content\/uploads\/2024\/01\/youthsummit_2024_rgb_4_3-16x12.jpg 16w, https:\/\/www.mission-21.org\/wp-content\/uploads\/2024\/01\/youthsummit_2024_rgb_4_3-300x225.jpg 300w, https:\/\/www.mission-21.org\/wp-content\/uploads\/2024\/01\/youthsummit_2024_rgb_4_3-600x449.jpg 600w\" sizes=\"(max-width: 1200px) 100vw, 1200px\" \/><\/a>\n    \t<p>La Cumbre de la Juventud 2024 \"Voces j\u00f3venes. Encuentro intergeneracional\" re\u00fane a varias generaciones. \u00a1Participa t\u00fa tambi\u00e9n! Al principio del evento, la atenci\u00f3n se centra en la primera parte del t\u00edtulo: voces j\u00f3venes. Los j\u00f3venes embajadores tomar\u00e1n la palabra a trav\u00e9s de una serie de breves aportaciones y hablaremos de las preocupaciones de los j\u00f3venes adultos de nuestra red internacional. A continuaci\u00f3n, mediante una amplia gama de actividades intergeneracionales (de las que puedes elegir dos), intercambiaremos ideas y aprenderemos unos de otros. Los embajadores internacionales de la juventud y los antiguos alumnos de Mission 21 estar\u00e1n presentes en esta variada jornada y esperan mantener conversaciones estimulantes... \u00a1contigo!<\/p>\n    29 de junio de 2024, de 09:45 a 16:00, Missionshaus Basel\n\t<meta itemscope itemprop=\"mainEntityOfPage\" itemtype=\"https:\/\/schema.org\/WebPage\" itemid=\"https:\/\/www.mission-21.org\/veranstaltung\/verabschiedung-und-einsetzung-von-praesidium-und-vorstandsmitgliedern-von-mission-21\/\" content=\"Verabschiedung und Einsetzung von Pr\u00e4sidium und Vorstandsmitgliedern von Mission 21\" \/><meta itemprop=\"datePublished\" content=\"2024-06-21\" \/><meta itemprop=\"dateModified\" content=\"2024-06-24\" \/><meta itemprop=\"name\" content=\"Mission 21\"\/><meta itemprop=\"url\" content=\"https:\/\/www.mission-21.org\/wp-content\/uploads\/2022\/08\/de-blau.svg\"\/><meta itemprop=\"url\" content=\"https:\/\/www.mission-21.org\/author\/christoph\/\" \/><meta itemprop=\"name\" content=\"Christoph Racz\" \/><meta itemprop=\"url\" content=\"https:\/\/www.mission-21.org\/wp-content\/uploads\/2024\/06\/saenger2.png\" \/><meta itemprop=\"width\" content=\"716\" \/><meta itemprop=\"height\" content=\"444\" \/><meta itemprop=\"interactionType\" content=\"https:\/\/schema.org\/CommentAction\" \/><meta itemprop=\"userInteractionCount\" content=\"0\" \/>\n<h4><a href='https:\/\/www.mission-21.org\/es\/evento\/despedida-y-nombramiento-del-presidium-y-de-los-miembros-de-la-junta-directiva-de-mission-21\/' title='Despedida y nombramiento del Presidium y de los miembros de la Junta Directiva de Mission 21'>Despedida y nombramiento del Presidium y de los miembros de la Junta Directiva de Mission 21<\/a><\/h4>\n\t<a href='https:\/\/www.mission-21.org\/es\/evento\/despedida-y-nombramiento-del-presidium-y-de-los-miembros-de-la-junta-directiva-de-mission-21\/' title='Despedida y nombramiento del Presidium y de los miembros de la Junta Directiva de Mission 21'><img width=\"716\" height=\"444\" src=\"https:\/\/www.mission-21.org\/wp-content\/uploads\/2024\/06\/saenger2.png\" alt=\"cantante2\" itemprop=\"image\" decoding=\"async\" srcset=\"https:\/\/www.mission-21.org\/wp-content\/uploads\/2024\/06\/saenger2.png 716w, https:\/\/www.mission-21.org\/wp-content\/uploads\/2024\/06\/saenger2-18x12.png 18w, https:\/\/www.mission-21.org\/wp-content\/uploads\/2024\/06\/saenger2-300x186.png 300w, https:\/\/www.mission-21.org\/wp-content\/uploads\/2024\/06\/saenger2-600x372.png 600w\" sizes=\"(max-width: 716px) 100vw, 716px\" \/><\/a>\n    \tEn el marco de un servicio festivo dirigido por el sacerdote de la catedral Lukas Kundert, el Presidente del Consejo de Administraci\u00f3n Prof.<br \/>\nEl Dr. Johannes Blum y los dos<br \/>\nAndrea Tr\u00fcmpy y B\u00e4rbel Sch\u00e4fer, miembros de la Junta Directiva, se despiden y los nuevos miembros elegidos de la Junta Directiva de Mission 21 toman posesi\u00f3n de sus cargos.\n    30 de junio de 2024, 10:00 horas, Basel Minster.\n\t<meta itemscope itemprop=\"mainEntityOfPage\" itemtype=\"https:\/\/schema.org\/WebPage\" itemid=\"https:\/\/www.mission-21.org\/veranstaltung\/mission-und-kolonialismus-in-basel-stadtfuehrung-im-september\/\" content=\"Mission und Kolonialismus in Basel: Stadtf\u00fchrung im September\" \/><meta itemprop=\"datePublished\" content=\"2024-06-17\" \/><meta itemprop=\"dateModified\" content=\"2024-06-19\" \/><meta itemprop=\"name\" content=\"Mission 21\"\/><meta itemprop=\"url\" content=\"https:\/\/www.mission-21.org\/wp-content\/uploads\/2022\/08\/de-blau.svg\"\/><meta itemprop=\"url\" content=\"https:\/\/www.mission-21.org\/author\/christian-weber\/\" \/><meta itemprop=\"name\" content=\"Christian Weber\" \/><meta itemprop=\"url\" content=\"https:\/\/www.mission-21.org\/wp-content\/uploads\/2023\/06\/img_kolonialismus-basel_20230614_cwe.jpg\" \/><meta itemprop=\"width\" content=\"1500\" \/><meta itemprop=\"height\" content=\"1125\" \/><meta itemprop=\"interactionType\" content=\"https:\/\/schema.org\/CommentAction\" \/><meta itemprop=\"userInteractionCount\" content=\"0\" \/>Acto educativo\n<h4><a href='https:\/\/www.mission-21.org\/es\/evento\/mision-y-colonialismo-en-basilea-city-tour-en-septiembre\/' title='Misi\u00f3n y colonialismo en Basilea: visita de la ciudad en septiembre'>Misi\u00f3n y colonialismo en Basilea: visita de la ciudad en septiembre<\/a><\/h4>\n\t<a href='https:\/\/www.mission-21.org\/es\/evento\/mision-y-colonialismo-en-basilea-city-tour-en-septiembre\/' title='Misi\u00f3n y colonialismo en Basilea: visita de la ciudad en septiembre'><img width=\"1200\" height=\"900\" src=\"https:\/\/www.mission-21.org\/wp-content\/uploads\/2023\/06\/img_kolonialismus-basel_20230614_cwe-1200x900.jpg\" alt=\"img colonialismo basilea 20230614 cwe\" itemprop=\"image\" decoding=\"async\" srcset=\"https:\/\/www.mission-21.org\/wp-content\/uploads\/2023\/06\/img_kolonialismus-basel_20230614_cwe-1200x900.jpg 1200w, https:\/\/www.mission-21.org\/wp-content\/uploads\/2023\/06\/img_kolonialismus-basel_20230614_cwe-900x675.jpg 900w, https:\/\/www.mission-21.org\/wp-content\/uploads\/2023\/06\/img_kolonialismus-basel_20230614_cwe-768x576.jpg 768w, https:\/\/www.mission-21.org\/wp-content\/uploads\/2023\/06\/img_kolonialismus-basel_20230614_cwe-16x12.jpg 16w, https:\/\/www.mission-21.org\/wp-content\/uploads\/2023\/06\/img_kolonialismus-basel_20230614_cwe-300x225.jpg 300w, https:\/\/www.mission-21.org\/wp-content\/uploads\/2023\/06\/img_kolonialismus-basel_20230614_cwe-600x450.jpg 600w, https:\/\/www.mission-21.org\/wp-content\/uploads\/2023\/06\/img_kolonialismus-basel_20230614_cwe.jpg 1500w\" sizes=\"(max-width: 1200px) 100vw, 1200px\" \/><\/a>\n    \t<p>Diversos lugares de Basilea recuerdan la especial historia misionera de la ciudad y su implicaci\u00f3n internacional con el colonialismo. El recorrido hace visible la historia colonial de la ciudad y sus puntos de contacto con la misi\u00f3n de Basilea. \u00bfQu\u00e9 enredos del pasado siguen teniendo efecto hoy en d\u00eda?<\/p>\n    8 de septiembre de 2024, de 16:00 a 18:00, Basilea\n\t<meta itemscope itemprop=\"mainEntityOfPage\" itemtype=\"https:\/\/schema.org\/WebPage\" itemid=\"https:\/\/www.mission-21.org\/veranstaltung\/internationales-forum-zu-interreligioeser-und-transkultureller-friedensfoerderung\/\" content=\"Daring Reconcilation?! Vers\u00f6hnung wagen?!\" \/><meta itemprop=\"datePublished\" content=\"2024-03-12\" \/><meta itemprop=\"dateModified\" content=\"2024-06-26\" \/><meta itemprop=\"name\" content=\"Mission 21\"\/><meta itemprop=\"url\" content=\"https:\/\/www.mission-21.org\/wp-content\/uploads\/2022\/08\/de-blau.svg\"\/><meta itemprop=\"url\" content=\"https:\/\/www.mission-21.org\/author\/christian-weber\/\" \/><meta itemprop=\"name\" content=\"Christian Weber\" \/><meta itemprop=\"url\" content=\"https:\/\/www.mission-21.org\/wp-content\/uploads\/2024\/03\/keyvisual_international-forum-2024_2-x-3.jpg\" \/><meta itemprop=\"width\" content=\"1654\" \/><meta itemprop=\"height\" content=\"1103\" \/><meta itemprop=\"interactionType\" content=\"https:\/\/schema.org\/CommentAction\" \/><meta itemprop=\"userInteractionCount\" content=\"0\" \/>Foro Internacional para la Consolidaci\u00f3n de la Paz Interreligiosa y Transcultural\n<h4><a href='https:\/\/www.mission-21.org\/es\/evento\/foro-internacional-sobre-consolidacion-de-la-paz-interreligiosa-y-transcultural\/' title='Daring Reconciliation?! \u00bfOsada reconciliaci\u00f3n?'>Daring Reconciliation?! \u00bfOsada reconciliaci\u00f3n?<\/a><\/h4>\n\t<a href='https:\/\/www.mission-21.org\/es\/evento\/foro-internacional-sobre-consolidacion-de-la-paz-interreligiosa-y-transcultural\/' title='Daring Reconciliation?! \u00bfOsada reconciliaci\u00f3n?'><img width=\"1200\" height=\"800\" src=\"https:\/\/www.mission-21.org\/wp-content\/uploads\/2024\/03\/keyvisual_international-forum-2024_2-x-3-1200x800.jpg\" alt=\"230605 foro consolidaci\u00f3n de la paz keyvisual\" itemprop=\"image\" decoding=\"async\" srcset=\"https:\/\/www.mission-21.org\/wp-content\/uploads\/2024\/03\/keyvisual_international-forum-2024_2-x-3-1200x800.jpg 1200w, https:\/\/www.mission-21.org\/wp-content\/uploads\/2024\/03\/keyvisual_international-forum-2024_2-x-3-900x600.jpg 900w, https:\/\/www.mission-21.org\/wp-content\/uploads\/2024\/03\/keyvisual_international-forum-2024_2-x-3-768x512.jpg 768w, https:\/\/www.mission-21.org\/wp-content\/uploads\/2024\/03\/keyvisual_international-forum-2024_2-x-3-1536x1024.jpg 1536w, https:\/\/www.mission-21.org\/wp-content\/uploads\/2024\/03\/keyvisual_international-forum-2024_2-x-3-18x12.jpg 18w, https:\/\/www.mission-21.org\/wp-content\/uploads\/2024\/03\/keyvisual_international-forum-2024_2-x-3-300x200.jpg 300w, https:\/\/www.mission-21.org\/wp-content\/uploads\/2024\/03\/keyvisual_international-forum-2024_2-x-3-600x400.jpg 600w, https:\/\/www.mission-21.org\/wp-content\/uploads\/2024\/03\/keyvisual_international-forum-2024_2-x-3.jpg 1654w\" sizes=\"(max-width: 1200px) 100vw, 1200px\" \/><\/a>\n    \t<p>Mission 21 organiza el segundo encuentro internacional de expertos en la consolidaci\u00f3n de la paz interreligiosa y transcultural. Al igual que el a\u00f1o pasado, el programa ofrece conferencias magistrales procedentes de Asia, \u00c1frica y Am\u00e9rica Latina. Los talleres permitir\u00e1n a los participantes debatir c\u00f3mo pueden apoyarse mutuamente las iniciativas de paz de distintos contextos.<\/p>\n    19-20 de septiembre de 2024, en l\u00ednea\n\t<meta itemscope itemprop=\"mainEntityOfPage\" itemtype=\"https:\/\/schema.org\/WebPage\" itemid=\"https:\/\/www.mission-21.org\/veranstaltung\/musik-und-poesie-in-bellach-so\/\" content=\"World Arts - Musik und Poesie in Bellach SO\" \/><meta itemprop=\"datePublished\" content=\"2024-01-16\" \/><meta itemprop=\"dateModified\" content=\"2024-06-06\" \/><meta itemprop=\"name\" content=\"Mission 21\"\/><meta itemprop=\"url\" content=\"https:\/\/www.mission-21.org\/wp-content\/uploads\/2022\/08\/de-blau.svg\"\/><meta itemprop=\"url\" content=\"https:\/\/www.mission-21.org\/author\/emilie\/\" \/><meta itemprop=\"name\" content=\"Emilie Buri\" \/><meta itemprop=\"url\" content=\"https:\/\/www.mission-21.org\/wp-content\/uploads\/2023\/06\/world-arts.jpg\" \/><meta itemprop=\"width\" content=\"2096\" \/><meta itemprop=\"height\" content=\"1573\" \/><meta itemprop=\"interactionType\" content=\"https:\/\/schema.org\/CommentAction\" \/><meta itemprop=\"userInteractionCount\" content=\"0\" \/>Artes del mundo\n<h4><a href='https:\/\/www.mission-21.org\/es\/evento\/musica-y-poesia-en-bellach-so-2\/' title='Artes del mundo - M\u00fasica y poes\u00eda en Bellach SO'>Artes del mundo - M\u00fasica y poes\u00eda en Bellach SO<\/a><\/h4>\n\t<a href='https:\/\/www.mission-21.org\/es\/evento\/musica-y-poesia-en-bellach-so-2\/' title='Artes del mundo - M\u00fasica y poes\u00eda en Bellach SO'><img width=\"1200\" height=\"901\" src=\"https:\/\/www.mission-21.org\/wp-content\/uploads\/2023\/06\/world-arts-1200x901.jpg\" alt=\"230530 baf flyera5 worldarts 2023.indd\" itemprop=\"image\" decoding=\"async\" srcset=\"https:\/\/www.mission-21.org\/wp-content\/uploads\/2023\/06\/world-arts-1200x901.jpg 1200w, https:\/\/www.mission-21.org\/wp-content\/uploads\/2023\/06\/world-arts-900x675.jpg 900w, https:\/\/www.mission-21.org\/wp-content\/uploads\/2023\/06\/world-arts-768x576.jpg 768w, https:\/\/www.mission-21.org\/wp-content\/uploads\/2023\/06\/world-arts-1536x1153.jpg 1536w, https:\/\/www.mission-21.org\/wp-content\/uploads\/2023\/06\/world-arts-2048x1537.jpg 2048w, https:\/\/www.mission-21.org\/wp-content\/uploads\/2023\/06\/world-arts-16x12.jpg 16w, https:\/\/www.mission-21.org\/wp-content\/uploads\/2023\/06\/world-arts-300x225.jpg 300w, https:\/\/www.mission-21.org\/wp-content\/uploads\/2023\/06\/world-arts-600x450.jpg 600w\" sizes=\"(max-width: 1200px) 100vw, 1200px\" \/><\/a>\n    \t<p>Un viaje musical y po\u00e9tico alrededor del mundo: Rebecca Hagmann y Priska Stampfli tocan melod\u00edas de todo el mundo con el violonchelo y el acorde\u00f3n. Acompa\u00f1adas de poemas y reflexiones sobre el crecimiento y el devenir, la siembra y la cosecha de diferentes culturas. <\/p>\n    20 de septiembre de 2024, de 19:30 a 21:00, Bellach SO\n\t<meta itemscope itemprop=\"mainEntityOfPage\" itemtype=\"https:\/\/schema.org\/WebPage\" itemid=\"https:\/\/www.mission-21.org\/veranstaltung\/world-arts-bildung-und-bohnen-in-st-gallen\/\" content=\"World Arts - Bildung und Bohnen in St. Gallen!\" \/><meta itemprop=\"datePublished\" content=\"2024-06-06\" \/><meta itemprop=\"dateModified\" content=\"2024-06-07\" \/><meta itemprop=\"name\" content=\"Mission 21\"\/><meta itemprop=\"url\" content=\"https:\/\/www.mission-21.org\/wp-content\/uploads\/2022\/08\/de-blau.svg\"\/><meta itemprop=\"url\" content=\"https:\/\/www.mission-21.org\/author\/severine\/\" \/><meta itemprop=\"name\" content=\"S\u00e9verine Fischer\" \/><meta itemprop=\"url\" content=\"https:\/\/www.mission-21.org\/wp-content\/uploads\/2023\/06\/world-arts.jpg\" \/><meta itemprop=\"width\" content=\"2096\" \/><meta itemprop=\"height\" content=\"1573\" \/><meta itemprop=\"interactionType\" content=\"https:\/\/schema.org\/CommentAction\" \/><meta itemprop=\"userInteractionCount\" content=\"0\" \/>Artes del mundo\n<h4><a href='https:\/\/www.mission-21.org\/es\/evento\/educacion-artistica-mundial-y-judias-en-st-gallen\/' title='World Arts - \u00a1Educaci\u00f3n y frijoles en San Gall!'>World Arts - \u00a1Educaci\u00f3n y frijoles en San Gall!<\/a><\/h4>\n\t<a href='https:\/\/www.mission-21.org\/es\/evento\/educacion-artistica-mundial-y-judias-en-st-gallen\/' title='World Arts - \u00a1Educaci\u00f3n y frijoles en San Gall!'><img width=\"1200\" height=\"901\" src=\"https:\/\/www.mission-21.org\/wp-content\/uploads\/2023\/06\/world-arts-1200x901.jpg\" alt=\"230530 baf flyera5 worldarts 2023.indd\" itemprop=\"image\" decoding=\"async\" srcset=\"https:\/\/www.mission-21.org\/wp-content\/uploads\/2023\/06\/world-arts-1200x901.jpg 1200w, https:\/\/www.mission-21.org\/wp-content\/uploads\/2023\/06\/world-arts-900x675.jpg 900w, https:\/\/www.mission-21.org\/wp-content\/uploads\/2023\/06\/world-arts-768x576.jpg 768w, https:\/\/www.mission-21.org\/wp-content\/uploads\/2023\/06\/world-arts-1536x1153.jpg 1536w, https:\/\/www.mission-21.org\/wp-content\/uploads\/2023\/06\/world-arts-2048x1537.jpg 2048w, https:\/\/www.mission-21.org\/wp-content\/uploads\/2023\/06\/world-arts-16x12.jpg 16w, https:\/\/www.mission-21.org\/wp-content\/uploads\/2023\/06\/world-arts-300x225.jpg 300w, https:\/\/www.mission-21.org\/wp-content\/uploads\/2023\/06\/world-arts-600x450.jpg 600w\" sizes=\"(max-width: 1200px) 100vw, 1200px\" \/><\/a>\n    \t<p>Poemas de diferentes culturas hablan de anhelo, coraje y caminos personales. M\u00fasica de Afi Sika Kuzeawu, contrabajista, cantante, compositora y bailarina togolesa de origen suizo.<\/p>\n    22 de septiembre de 2024, de 10:00 a 12:00, Bruggen (SG)\n\t<meta itemscope itemprop=\"mainEntityOfPage\" itemtype=\"https:\/\/schema.org\/WebPage\" itemid=\"https:\/\/www.mission-21.org\/veranstaltung\/mission-und-kolonialismus-in-basel-stadtfuehrung-im-oktober\/\" content=\"Mission und Kolonialismus in Basel: Stadtf\u00fchrung im Oktober\" \/><meta itemprop=\"datePublished\" content=\"2024-06-17\" \/><meta itemprop=\"dateModified\" content=\"2024-06-17\" \/><meta itemprop=\"name\" content=\"Mission 21\"\/><meta itemprop=\"url\" content=\"https:\/\/www.mission-21.org\/wp-content\/uploads\/2022\/08\/de-blau.svg\"\/><meta itemprop=\"url\" content=\"https:\/\/www.mission-21.org\/author\/christoph\/\" \/><meta itemprop=\"name\" content=\"Christoph Racz\" \/><meta itemprop=\"url\" content=\"https:\/\/www.mission-21.org\/wp-content\/uploads\/2023\/06\/img_kolonialismus-basel_20230614_cwe.jpg\" \/><meta itemprop=\"width\" content=\"1500\" \/><meta itemprop=\"height\" content=\"1125\" \/><meta itemprop=\"interactionType\" content=\"https:\/\/schema.org\/CommentAction\" \/><meta itemprop=\"userInteractionCount\" content=\"0\" \/>Acto educativo\n<h4><a href='https:\/\/www.mission-21.org\/es\/evento\/mision-y-colonialismo-en-basilea-city-tour-en-octubre\/' title='Misi\u00f3n y colonialismo en Basilea: visita de la ciudad en octubre'>Misi\u00f3n y colonialismo en Basilea: visita de la ciudad en octubre<\/a><\/h4>\n\t<a href='https:\/\/www.mission-21.org\/es\/evento\/mision-y-colonialismo-en-basilea-city-tour-en-octubre\/' title='Misi\u00f3n y colonialismo en Basilea: visita de la ciudad en octubre'><img width=\"1200\" height=\"900\" src=\"https:\/\/www.mission-21.org\/wp-content\/uploads\/2023\/06\/img_kolonialismus-basel_20230614_cwe-1200x900.jpg\" alt=\"img colonialismo basilea 20230614 cwe\" itemprop=\"image\" decoding=\"async\" srcset=\"https:\/\/www.mission-21.org\/wp-content\/uploads\/2023\/06\/img_kolonialismus-basel_20230614_cwe-1200x900.jpg 1200w, https:\/\/www.mission-21.org\/wp-content\/uploads\/2023\/06\/img_kolonialismus-basel_20230614_cwe-900x675.jpg 900w, https:\/\/www.mission-21.org\/wp-content\/uploads\/2023\/06\/img_kolonialismus-basel_20230614_cwe-768x576.jpg 768w, https:\/\/www.mission-21.org\/wp-content\/uploads\/2023\/06\/img_kolonialismus-basel_20230614_cwe-16x12.jpg 16w, https:\/\/www.mission-21.org\/wp-content\/uploads\/2023\/06\/img_kolonialismus-basel_20230614_cwe-300x225.jpg 300w, https:\/\/www.mission-21.org\/wp-content\/uploads\/2023\/06\/img_kolonialismus-basel_20230614_cwe-600x450.jpg 600w, https:\/\/www.mission-21.org\/wp-content\/uploads\/2023\/06\/img_kolonialismus-basel_20230614_cwe.jpg 1500w\" sizes=\"(max-width: 1200px) 100vw, 1200px\" \/><\/a>\n    \t<p>Diversos lugares de Basilea recuerdan la especial historia misionera de la ciudad y su implicaci\u00f3n internacional con el colonialismo. El recorrido hace visible la historia colonial de la ciudad y sus puntos de contacto con la misi\u00f3n de Basilea. \u00bfQu\u00e9 enredos del pasado siguen teniendo efecto hoy en d\u00eda?<\/p>\n    20 de octubre de 2024, de 15:30 a 17:30, Basilea\n\t<meta itemscope itemprop=\"mainEntityOfPage\" itemtype=\"https:\/\/schema.org\/WebPage\" itemid=\"https:\/\/www.mission-21.org\/veranstaltung\/was-hat-die-ernaehrungskrise-mit-neokolonialen-nahrungssystemen-zu-tun\/\" content=\"Was hat die Ern\u00e4hrungskrise mit (neo)kolonialen Nahrungssystemen zu tun?\" \/><meta itemprop=\"datePublished\" content=\"2024-04-17\" \/><meta itemprop=\"dateModified\" content=\"2024-06-06\" \/><meta itemprop=\"name\" content=\"Mission 21\"\/><meta itemprop=\"url\" content=\"https:\/\/www.mission-21.org\/wp-content\/uploads\/2022\/08\/de-blau.svg\"\/><meta itemprop=\"url\" content=\"https:\/\/www.mission-21.org\/author\/emilie\/\" \/><meta itemprop=\"name\" content=\"Emilie Buri\" \/><meta itemprop=\"url\" content=\"https:\/\/www.mission-21.org\/wp-content\/uploads\/2022\/09\/csm_dona_juana_laura_und_abnehmerin_bolivien_5e9afab94c.jpg\" \/><meta itemprop=\"width\" content=\"785\" \/><meta itemprop=\"height\" content=\"589\" \/><meta itemprop=\"interactionType\" content=\"https:\/\/schema.org\/CommentAction\" \/><meta itemprop=\"userInteractionCount\" content=\"0\" \/>Webinar \"Mission-Colonialism Revisited\"\n<h4><a href='https:\/\/www.mission-21.org\/es\/evento\/que-tiene-que-ver-la-crisis-alimentaria-con-los-sistemas-alimentarios-neocoloniales-2\/' title='\u00bfQu\u00e9 tiene que ver la crisis alimentaria con los sistemas alimentarios (neo)coloniales?'>\u00bfQu\u00e9 tiene que ver la crisis alimentaria con los sistemas alimentarios (neo)coloniales?<\/a><\/h4>\n\t<a href='https:\/\/www.mission-21.org\/es\/evento\/que-tiene-que-ver-la-crisis-alimentaria-con-los-sistemas-alimentarios-neocoloniales-2\/' title='\u00bfQu\u00e9 tiene que ver la crisis alimentaria con los sistemas alimentarios (neo)coloniales?'><img width=\"785\" height=\"589\" src=\"https:\/\/www.mission-21.org\/wp-content\/uploads\/2022\/09\/csm_dona_juana_laura_und_abnehmerin_bolivien_5e9afab94c.jpg\" alt=\"\" itemprop=\"image\" decoding=\"async\" srcset=\"https:\/\/www.mission-21.org\/wp-content\/uploads\/2022\/09\/csm_dona_juana_laura_und_abnehmerin_bolivien_5e9afab94c.jpg 785w, https:\/\/www.mission-21.org\/wp-content\/uploads\/2022\/09\/csm_dona_juana_laura_und_abnehmerin_bolivien_5e9afab94c-300x225.jpg 300w, https:\/\/www.mission-21.org\/wp-content\/uploads\/2022\/09\/csm_dona_juana_laura_und_abnehmerin_bolivien_5e9afab94c-600x450.jpg 600w, https:\/\/www.mission-21.org\/wp-content\/uploads\/2022\/09\/csm_dona_juana_laura_und_abnehmerin_bolivien_5e9afab94c-768x576.jpg 768w\" sizes=\"(max-width: 785px) 100vw, 785px\" \/><\/a>\n    \t<p>En la actualidad, 735 millones de personas padecen hambre cr\u00f3nica, sobre todo mujeres y ni\u00f1os de zonas rurales. Al mismo tiempo, cada a\u00f1o se tiran a la basura m\u00e1s de 900 millones de toneladas de alimentos, una cuarta parte de los cuales bastar\u00eda para alimentar a los hambrientos. \u00bfQu\u00e9 acontecimientos han provocado la crisis alimentaria mundial? \u00bfC\u00f3mo puede reforzarse la soberan\u00eda alimentaria mediante una agricultura local, sostenible y biodiversa? En este seminario web queremos encontrar respuestas y ofrecer sugerencias para la acci\u00f3n.<\/p>\n    23 de octubre de 2024, de 18:15 a 19:45, en l\u00ednea\n\t<meta itemscope itemprop=\"mainEntityOfPage\" itemtype=\"https:\/\/schema.org\/WebPage\" itemid=\"https:\/\/www.mission-21.org\/veranstaltung\/youngmission21-meetingpoint\/\" content=\"young@mission21 - MeetingPoint\" \/><meta itemprop=\"datePublished\" content=\"2024-06-06\" \/><meta itemprop=\"dateModified\" content=\"2024-06-06\" \/><meta itemprop=\"name\" content=\"Mission 21\"\/><meta itemprop=\"url\" content=\"https:\/\/www.mission-21.org\/wp-content\/uploads\/2022\/08\/de-blau.svg\"\/><meta itemprop=\"url\" content=\"https:\/\/www.mission-21.org\/author\/emilie\/\" \/><meta itemprop=\"name\" content=\"Emilie Buri\" \/><meta itemprop=\"url\" content=\"https:\/\/www.mission-21.org\/wp-content\/uploads\/2023\/03\/tf-1775.jpg\" \/><meta itemprop=\"width\" content=\"1680\" \/><meta itemprop=\"height\" content=\"945\" \/><meta itemprop=\"interactionType\" content=\"https:\/\/schema.org\/CommentAction\" \/><meta itemprop=\"userInteractionCount\" content=\"0\" \/>Joven@Misi\u00f3n21\n<h4><a href='https:\/\/www.mission-21.org\/es\/evento\/punto-de-encuentro-youngmission21\/' title='joven@misi\u00f3n21 - MeetingPoint'>joven@misi\u00f3n21 - MeetingPoint<\/a><\/h4>\n\t<a href='https:\/\/www.mission-21.org\/es\/evento\/punto-de-encuentro-youngmission21\/' title='joven@misi\u00f3n21 - MeetingPoint'><img width=\"1200\" height=\"675\" src=\"https:\/\/www.mission-21.org\/wp-content\/uploads\/2023\/03\/tf-1775-1200x675.jpg\" alt=\"tf 1775\" itemprop=\"image\" decoding=\"async\" srcset=\"https:\/\/www.mission-21.org\/wp-content\/uploads\/2023\/03\/tf-1775-1200x675.jpg 1200w, https:\/\/www.mission-21.org\/wp-content\/uploads\/2023\/03\/tf-1775-900x506.jpg 900w, https:\/\/www.mission-21.org\/wp-content\/uploads\/2023\/03\/tf-1775-768x432.jpg 768w, https:\/\/www.mission-21.org\/wp-content\/uploads\/2023\/03\/tf-1775-1536x864.jpg 1536w, https:\/\/www.mission-21.org\/wp-content\/uploads\/2023\/03\/tf-1775-18x10.jpg 18w, https:\/\/www.mission-21.org\/wp-content\/uploads\/2023\/03\/tf-1775-720x405.jpg 720w, https:\/\/www.mission-21.org\/wp-content\/uploads\/2023\/03\/tf-1775-300x169.jpg 300w, https:\/\/www.mission-21.org\/wp-content\/uploads\/2023\/03\/tf-1775-600x338.jpg 600w, https:\/\/www.mission-21.org\/wp-content\/uploads\/2023\/03\/tf-1775.jpg 1680w\" sizes=\"(max-width: 1200px) 100vw, 1200px\" \/><\/a>\n    \t<p>Conoce a j\u00f3venes adultos que ya han trabajado para young@mission21: Ya sea en una misi\u00f3n PEP! en el extranjero, organizando un evento o en un taller conjunto. Intercambiamos ideas entre nosotros y te mantenemos al d\u00eda.<\/p>\n    2 de noviembre de 2024, de 16:00 a 20:30, Misi\u00f3n 21, Basilea\n\t<meta itemscope itemprop=\"mainEntityOfPage\" itemtype=\"https:\/\/schema.org\/WebPage\" itemid=\"https:\/\/www.mission-21.org\/veranstaltung\/begegnungsreise-nach-chile\/\" content=\"Begegnungsreise nach Chile\" \/><meta itemprop=\"datePublished\" content=\"2023-07-24\" \/><meta itemprop=\"dateModified\" content=\"2023-07-25\" \/><meta itemprop=\"name\" content=\"Mission 21\"\/><meta itemprop=\"url\" content=\"https:\/\/www.mission-21.org\/wp-content\/uploads\/2022\/08\/de-blau.svg\"\/><meta itemprop=\"url\" content=\"https:\/\/www.mission-21.org\/author\/samuel\/\" \/><meta itemprop=\"name\" content=\"Samuel Rink\" \/><meta itemprop=\"url\" content=\"https:\/\/www.mission-21.org\/wp-content\/uploads\/2023\/07\/puerto-varas.jpg\" \/><meta itemprop=\"width\" content=\"1500\" \/><meta itemprop=\"height\" content=\"1125\" \/><meta itemprop=\"interactionType\" content=\"https:\/\/schema.org\/CommentAction\" \/><meta itemprop=\"userInteractionCount\" content=\"0\" \/>Viajar\n<h4><a href='https:\/\/www.mission-21.org\/es\/evento\/encuentro-trip-to-chile\/' title='Viaje de encuentro a Chile'>Viaje de encuentro a Chile<\/a><\/h4>\n\t<a href='https:\/\/www.mission-21.org\/es\/evento\/encuentro-trip-to-chile\/' title='Viaje de encuentro a Chile'><img width=\"1200\" height=\"900\" src=\"https:\/\/www.mission-21.org\/wp-content\/uploads\/2023\/07\/puerto-varas-1200x900.jpg\" alt=\"puerto varas\" itemprop=\"image\" decoding=\"async\" srcset=\"https:\/\/www.mission-21.org\/wp-content\/uploads\/2023\/07\/puerto-varas-1200x900.jpg 1200w, https:\/\/www.mission-21.org\/wp-content\/uploads\/2023\/07\/puerto-varas-900x675.jpg 900w, https:\/\/www.mission-21.org\/wp-content\/uploads\/2023\/07\/puerto-varas-768x576.jpg 768w, https:\/\/www.mission-21.org\/wp-content\/uploads\/2023\/07\/puerto-varas-16x12.jpg 16w, https:\/\/www.mission-21.org\/wp-content\/uploads\/2023\/07\/puerto-varas-300x225.jpg 300w, https:\/\/www.mission-21.org\/wp-content\/uploads\/2023\/07\/puerto-varas-600x450.jpg 600w, https:\/\/www.mission-21.org\/wp-content\/uploads\/2023\/07\/puerto-varas.jpg 1500w\" sizes=\"(max-width: 1200px) 100vw, 1200px\" \/><\/a>\n    \t<p>El Viaje de Encuentro 2024 lleva a Chile, \"el pa\u00eds alargado\" lleno de contrastes. La cultura del pa\u00eds es tan rica como diverso es el paisaje, que va desde la naturaleza virgen hasta las interminables extensiones y la palpitante vida en las ciudades. Adem\u00e1s de las vistas panor\u00e1micas, visitaremos proyectos de Misi\u00f3n 21 y comunidades eclesi\u00e1sticas y conoceremos el pa\u00eds y sus gentes. Opcionalmente, el viaje puede ampliarse a la Patagonia y Argentina.<\/p>\n    8-22 de noviembre de 2024\n\t<meta itemscope itemprop=\"mainEntityOfPage\" itemtype=\"https:\/\/schema.org\/WebPage\" itemid=\"https:\/\/www.mission-21.org\/veranstaltung\/mit-anderen-augen-die-bibel-lesen-ein-interkultureller-austausch-zur-klimakrise\/\" content=\"\u00abMit anderen Augen die Bibel lesen\u00bb: Ein interkultureller Austausch zur Klimakrise\" \/><meta itemprop=\"datePublished\" content=\"2024-06-10\" \/><meta itemprop=\"dateModified\" content=\"2024-06-11\" \/><meta itemprop=\"name\" content=\"Mission 21\"\/><meta itemprop=\"url\" content=\"https:\/\/www.mission-21.org\/wp-content\/uploads\/2022\/08\/de-blau.svg\"\/><meta itemprop=\"url\" content=\"https:\/\/www.mission-21.org\/author\/emilie\/\" \/><meta itemprop=\"name\" content=\"Emilie Buri\" \/><meta itemprop=\"url\" content=\"https:\/\/www.mission-21.org\/wp-content\/uploads\/2024\/06\/bild1.jpg\" \/><meta itemprop=\"width\" content=\"1063\" \/><meta itemprop=\"height\" content=\"709\" \/><meta itemprop=\"interactionType\" content=\"https:\/\/schema.org\/CommentAction\" \/><meta itemprop=\"userInteractionCount\" content=\"0\" \/>Acto educativo\n<h4><a href='https:\/\/www.mission-21.org\/es\/evento\/leer-la-biblia-con-otros-ojos-un-intercambio-intercultural-sobre-la-crisis-climatica\/' title='&quot;Leer la Biblia con otros ojos&quot;: un di\u00e1logo intercultural sobre la crisis clim\u00e1tica'>\"Leer la Biblia con otros ojos\": un di\u00e1logo intercultural sobre la crisis clim\u00e1tica<\/a><\/h4>\n\t<a href='https:\/\/www.mission-21.org\/es\/evento\/leer-la-biblia-con-otros-ojos-un-intercambio-intercultural-sobre-la-crisis-climatica\/' title='&quot;Leer la Biblia con otros ojos&quot;: un di\u00e1logo intercultural sobre la crisis clim\u00e1tica'><img width=\"1063\" height=\"709\" src=\"https:\/\/www.mission-21.org\/wp-content\/uploads\/2024\/06\/bild1.jpg\" alt=\"Gafas sobre libros\" itemprop=\"image\" decoding=\"async\" srcset=\"https:\/\/www.mission-21.org\/wp-content\/uploads\/2024\/06\/bild1.jpg 1063w, https:\/\/www.mission-21.org\/wp-content\/uploads\/2024\/06\/bild1-900x600.jpg 900w, https:\/\/www.mission-21.org\/wp-content\/uploads\/2024\/06\/bild1-768x512.jpg 768w, https:\/\/www.mission-21.org\/wp-content\/uploads\/2024\/06\/bild1-18x12.jpg 18w, https:\/\/www.mission-21.org\/wp-content\/uploads\/2024\/06\/bild1-300x200.jpg 300w, https:\/\/www.mission-21.org\/wp-content\/uploads\/2024\/06\/bild1-600x400.jpg 600w\" sizes=\"(max-width: 1063px) 100vw, 1063px\" \/><\/a>\n    \t<p>Sin darnos cuenta, en el Norte Global leemos la Biblia desde una perspectiva euroc\u00e9ntrica. En otras partes del mundo recibimos lecturas de la Biblia completamente diferentes. \u00bfQu\u00e9 podemos aprender de estas perspectivas? Tres te\u00f3logos presentan interpretaciones contextuales de la Biblia e invitan a debatir sobre la actual crisis clim\u00e1tica.<\/p>\n    18 de noviembre de 2024, de 18:00 a 19:30, en l\u00ednea\n\t<meta itemscope itemprop=\"mainEntityOfPage\" itemtype=\"https:\/\/schema.org\/WebPage\" itemid=\"https:\/\/www.mission-21.org\/veranstaltung\/entdeckungen-im-kulturgueterraum\/\" content=\"Entdeckungen im Kulturg\u00fcterraum\" \/><meta itemprop=\"datePublished\" content=\"2024-06-10\" \/><meta itemprop=\"dateModified\" content=\"2024-06-10\" \/><meta itemprop=\"name\" content=\"Mission 21\"\/><meta itemprop=\"url\" content=\"https:\/\/www.mission-21.org\/wp-content\/uploads\/2022\/08\/de-blau.svg\"\/><meta itemprop=\"url\" content=\"https:\/\/www.mission-21.org\/author\/emilie\/\" \/><meta itemprop=\"name\" content=\"Emilie Buri\" \/><meta itemprop=\"url\" content=\"https:\/\/www.mission-21.org\/wp-content\/uploads\/2024\/06\/20230721_134759-003-scaled.jpg\" \/><meta itemprop=\"width\" content=\"2560\" \/><meta itemprop=\"height\" content=\"1941\" \/><meta itemprop=\"interactionType\" content=\"https:\/\/schema.org\/CommentAction\" \/><meta itemprop=\"userInteractionCount\" content=\"0\" \/>Acto educativo\n<h4><a href='https:\/\/www.mission-21.org\/es\/evento\/descubrimientos-en-la-zona-del-patrimonio-cultural\/' title='Descubrimientos en la Sala de Bienes Culturales'>Descubrimientos en la Sala de Bienes Culturales<\/a><\/h4>\n\t<a href='https:\/\/www.mission-21.org\/es\/evento\/descubrimientos-en-la-zona-del-patrimonio-cultural\/' title='Descubrimientos en la Sala de Bienes Culturales'><img width=\"1200\" height=\"910\" src=\"https:\/\/www.mission-21.org\/wp-content\/uploads\/2024\/06\/20230721_134759-003-1200x910.jpg\" alt=\"Descubrimientos en la Sala de Bienes Culturales\" itemprop=\"image\" decoding=\"async\" srcset=\"https:\/\/www.mission-21.org\/wp-content\/uploads\/2024\/06\/20230721_134759-003-1200x910.jpg 1200w, https:\/\/www.mission-21.org\/wp-content\/uploads\/2024\/06\/20230721_134759-003-900x682.jpg 900w, https:\/\/www.mission-21.org\/wp-content\/uploads\/2024\/06\/20230721_134759-003-768x582.jpg 768w, https:\/\/www.mission-21.org\/wp-content\/uploads\/2024\/06\/20230721_134759-003-1536x1164.jpg 1536w, https:\/\/www.mission-21.org\/wp-content\/uploads\/2024\/06\/20230721_134759-003-2048x1552.jpg 2048w, https:\/\/www.mission-21.org\/wp-content\/uploads\/2024\/06\/20230721_134759-003-16x12.jpg 16w, https:\/\/www.mission-21.org\/wp-content\/uploads\/2024\/06\/20230721_134759-003-300x227.jpg 300w, https:\/\/www.mission-21.org\/wp-content\/uploads\/2024\/06\/20230721_134759-003-600x455.jpg 600w\" sizes=\"(max-width: 1200px) 100vw, 1200px\" \/><\/a>\n    \t<p>Un viaje a trav\u00e9s del tiempo en el archivo de investigaci\u00f3n hist\u00f3rica le permitir\u00e1 conocer la historia de la Misi\u00f3n de Basilea y sus v\u00ednculos con la historia global y colonial. Los documentos originales de los misioneros y de los empleados locales dan vida a las voces de las zonas de misi\u00f3n en \u00c1frica y Asia en el siglo XIX y principios del XX.<\/p>\n    22 de noviembre de 2024, de 18:00 a 19:15, Misi\u00f3n 21, Basilea\n<h2>\n\t\tActos educativos 2024\n\t<\/h2>\n\t\t\t<a href=\"https:\/\/www.mission-21.org\/es\/que-hacemos\/educacion\/\" target=\"_self\" role=\"button\" aria-label=\"A los programas de educaci\u00f3n 2024\" rel=\"noopener\">\n\t\t\t\t\t\t\tA los programas de educaci\u00f3n 2024\n\t\t<\/a>\n\t\t\t<h2>Eventos pasados<\/h2>\t\t\t\n\t\t\t\t<p>Aqu\u00ed encontrar\u00e1 informes y v\u00eddeos de eventos anteriores. <a href=\"\/es\/que-hacemos\/archivo-de-eventos\/\">\u25ba Enlace<\/a><\/p>","protected":false},"excerpt":{"rendered":"<p>Info Box Interessieren Sie sich f\u00fcr Themen wie interreligi\u00f6se Zusammenarbeit und interkulturellen Austausch? F\u00fcr aktuelle Themen, die uns in unserer komplexen globalen Welt herausfordern? Hier finden Sie zahlreiche Veranstaltungen, die Ihren Horizont weiten und Ihren Alltag inspirieren. Unsere Bildungsarbeit ist EduQua zertifiziert. Aktuelle Veranstaltungen Young@Mission21 Ehemaligentag meets Youth Summit &#8222;Young Voices. Intergenerational Meetup&#8220; Der Youth [&hellip;]<\/p>\n","protected":false},"author":1,"featured_media":2108,"parent":205,"menu_order":0,"comment_status":"closed","ping_status":"closed","template":"","meta":{"_acf_changed":false,"_seopress_robots_primary_cat":"","_seopress_titles_title":"","_seopress_titles_desc":"","_seopress_robots_index":"","_searchwp_excluded":"","site-sidebar-layout":"default","site-content-layout":"","ast-site-content-layout":"default","site-content-style":"default","site-sidebar-style":"default","ast-global-header-display":"","ast-banner-title-visibility":"","ast-main-header-display":"","ast-hfb-above-header-display":"","ast-hfb-below-header-display":"","ast-hfb-mobile-header-display":"","site-post-title":"","ast-breadcrumbs-content":"","ast-featured-img":"","footer-sml-layout":"","ast-disable-related-posts":"","theme-transparent-header-meta":"","adv-header-id-meta":"","stick-header-meta":"","header-above-stick-meta":"","header-main-stick-meta":"","header-below-stick-meta":"","astra-migrate-meta-layouts":"set","ast-page-background-enabled":"default","ast-page-background-meta":{"desktop":{"background-color":"var(--ast-global-color-4)","background-image":"","background-repeat":"repeat","background-position":"center center","background-size":"auto","background-attachment":"scroll","background-type":"","background-media":"","overlay-type":"","overlay-color":"","overlay-opacity":"","overlay-gradient":""},"tablet":{"background-color":"","background-image":"","background-repeat":"repeat","background-position":"center center","background-size":"auto","background-attachment":"scroll","background-type":"","background-media":"","overlay-type":"","overlay-color":"","overlay-opacity":"","overlay-gradient":""},"mobile":{"background-color":"","background-image":"","background-repeat":"repeat","background-position":"center center","background-size":"auto","background-attachment":"scroll","background-type":"","background-media":"","overlay-type":"","overlay-color":"","overlay-opacity":"","overlay-gradient":""}},"ast-content-background-meta":{"desktop":{"background-color":"var(--ast-global-color-5)","background-image":"","background-repeat":"repeat","background-position":"center center","background-size":"auto","background-attachment":"scroll","background-type":"","background-media":"","overlay-type":"","overlay-color":"","overlay-opacity":"","overlay-gradient":""},"tablet":{"background-color":"var(--ast-global-color-5)","background-image":"","background-repeat":"repeat","background-position":"center center","background-size":"auto","background-attachment":"scroll","background-type":"","background-media":"","overlay-type":"","overlay-color":"","overlay-opacity":"","overlay-gradient":""},"mobile":{"background-color":"var(--ast-global-color-5)","background-image":"","background-repeat":"repeat","background-position":"center center","background-size":"auto","background-attachment":"scroll","background-type":"","background-media":"","overlay-type":"","overlay-color":"","overlay-opacity":"","overlay-gradient":""}},"iawp_total_views":3702,"footnotes":""},"hf_cat_page":[300],"class_list":["post-2107","page","type-page","status-publish","has-post-thumbnail"],"acf":[],"_links":{"self":[{"href":"https:\/\/www.mission-21.org\/es\/wp-json\/wp\/v2\/pages\/2107","targetHints":{"allow":["GET"]}}],"collection":[{"href":"https:\/\/www.mission-21.org\/es\/wp-json\/wp\/v2\/pages"}],"about":[{"href":"https:\/\/www.mission-21.org\/es\/wp-json\/wp\/v2\/types\/page"}],"author":[{"embeddable":true,"href":"https:\/\/www.mission-21.org\/es\/wp-json\/wp\/v2\/users\/1"}],"replies":[{"embeddable":true,"href":"https:\/\/www.mission-21.org\/es\/wp-json\/wp\/v2\/comments?post=2107"}],"version-history":[{"count":11,"href":"https:\/\/www.mission-21.org\/es\/wp-json\/wp\/v2\/pages\/2107\/revisions"}],"predecessor-version":[{"id":13258,"href":"https:\/\/www.mission-21.org\/es\/wp-json\/wp\/v2\/pages\/2107\/revisions\/13258"}],"up":[{"embeddable":true,"href":"https:\/\/www.mission-21.org\/es\/wp-json\/wp\/v2\/pages\/205"}],"wp:featuredmedia":[{"embeddable":true,"href":"https:\/\/www.mission-21.org\/es\/wp-json\/wp\/v2\/media\/2108"}],"wp:attachment":[{"href":"https:\/\/www.mission-21.org\/es\/wp-json\/wp\/v2\/media?parent=2107"}],"wp:term":[{"taxonomy":"hf_cat_page","embeddable":true,"href":"https:\/\/www.mission-21.org\/es\/wp-json\/wp\/v2\/hf_cat_page?post=2107"}],"curies":[{"name":"wp","href":"https:\/\/api.w.org\/{rel}","templated":true}]}}