{"id":320,"date":"2022-08-17T21:33:56","date_gmt":"2022-08-17T19:33:56","guid":{"rendered":"https:\/\/www.mission-21.org\/?page_id=320"},"modified":"2026-02-27T10:30:54","modified_gmt":"2026-02-27T09:30:54","slug":"publicaciones","status":"publish","type":"page","link":"https:\/\/www.mission-21.org\/es\/informieren\/publikationen\/","title":{"rendered":"Publicaciones"},"content":{"rendered":"<img decoding=\"async\" src=\"https:\/\/www.mission-21.org\/wp-content\/uploads\/2022\/08\/csm_header_news_d521d70e38.jpeg\" alt=\"csm header news d521d70e38\" itemprop=\"image\" height=\"688\" width=\"1680\" title=\"csm_Header_News_d521d70e38\" onerror=\"this.style.display='none'\" loading='lazy' \/>\n\t<div class=\"fl-builder-content fl-builder-content-3660 fl-builder-template fl-builder-module-template fl-builder-global-templates-locked\" data-post-id=\"3660\"><div class=\"fl-module fl-module-pp-toc fl-node-xrvkwe8ihtn6 toc\" data-node=\"xrvkwe8ihtn6\">\n\t<div class=\"fl-module-content fl-node-content\">\n\t\t<div class=\"pp-toc-container\">\n\t\n\t<div class=\"pp-toc-body\">\n\t\t\t\t\t<ul class=\"pp-toc-list-wrapper pp-toc-list-icon\"><\/ul>\n\t\t\t\t<\/div>\n<\/div>\n\n\t<\/div>\n<\/div>\n<\/div><div class=\"uabb-js-breakpoint\" style=\"display: none;\"><\/div>\n\t\t\t<a href=\"\/es\/donar\/\" title=\"Donaciones\" target=\"_self\"   role=\"button\" aria-label=\"Donaciones\">\n\t\t\t\t\t\t\tDonaciones\n\t\t\t\t\t\t\t\t\t<img decoding=\"async\" src=\"https:\/\/www.mission-21.org\/wp-content\/uploads\/2022\/08\/csm_heat-icon_b1dbd40167.png\"\/>\n\t\t<\/a>\n<h2>\n\t\t\tComunicaci\u00f3n responsable\t<\/h2>\n\t<h3>Manifiesto por una comunicaci\u00f3n responsable de la cooperaci\u00f3n internacional<\/h3>\n<p>La cooperaci\u00f3n internacional nace de la solidaridad con las personas marginadas y desfavorecidas. Quienes comunican sobre cooperaci\u00f3n internacional asumen su responsabilidad: por las personas que mejoran sus medios de vida gracias a la cooperaci\u00f3n y por quienes muestran su solidaridad.<\/p>\n<p>Asumimos esta responsabilidad reflexionando cr\u00edticamente sobre el contenido de nuestra comunicaci\u00f3n y nuestra captaci\u00f3n de fondos. Esta reflexi\u00f3n implica un proceso de aprendizaje continuo en el que las personas sobre las que comunicamos est\u00e1n tan implicadas como aquellas a las que nos dirigimos con nuestra comunicaci\u00f3n.<\/p>\n<p>Por ello, Mission 21 ha firmado el \"Manifiesto por una Comunicaci\u00f3n Responsable\", elaborado por Alliance Sud, junto con m\u00e1s de 25 organizaciones de cooperaci\u00f3n internacional.<\/p>\n<p><a href=\"https:\/\/www.mission-21.org\/wp-content\/uploads\/2024\/05\/20240115_manifest_iza_kommunikation_dt.pdf\">Manifiesto por una comunicaci\u00f3n responsable (PDF)<\/a><\/p>\n<h2>\n\t\t\tbegegnen\t<\/h2>\n\t<iframe width=\"620px\" height=\"600px\" src=\"https:\/\/www.yumpu.com\/de\/embed\/view\/Tz27gN1tXqi09FUd\" frameborder=\"0\" allowfullscreen=\"true\"  allowtransparency=\"true\"><\/iframe>\n\t<h6>N\u00famero actual: encuentro 1\/2026<\/h6>\n<p><strong>Nigeria une al mundo: foco de atenci\u00f3n en la Jornada Mundial de Oraci\u00f3n 2026<\/strong><\/p>\nEl 6 de marzo de 2026, los cristianos de m\u00e1s de 150 pa\u00edses celebrar\u00e1n la Jornada Mundial de Oraci\u00f3n, preparada por mujeres de Nigeria. El pa\u00eds m\u00e1s poblado de \u00c1frica se caracteriza por su diversidad cultural, una gran riqueza de lenguas y tradiciones, y al mismo tiempo por profundos contrastes: La pobreza, la violencia, el terror de los grupos armados, el aumento del coste de la vida y las consecuencias del cambio clim\u00e1tico caracterizan la vida cotidiana de muchas personas.\nLas mujeres y los ni\u00f1os se ven especialmente afectados. Muchos viven como desplazados internos en campamentos, han perdido familiares o luchan por acceder a la educaci\u00f3n y a los ingresos. Las organizaciones socias de Mission 21 -entre ellas la Iglesia de los Hermanos (EYN)- proporcionan ayuda humanitaria, posibilitan la formaci\u00f3n profesional, promueven el di\u00e1logo interreligioso entre cristianos y musulmanes y prestan apoyo psicosocial a las mujeres afectadas por la violencia. Todo ello crea perspectivas en un entorno fr\u00e1gil.\nTambi\u00e9n en este n\u00famero: En Bolivia, los invernaderos que promueven la soberan\u00eda alimentaria y la autodeterminaci\u00f3n crecen a m\u00e1s de 4.000 metros sobre el nivel del mar. Las familias desaf\u00edan las heladas y la sequ\u00eda con m\u00e9todos agroecol\u00f3gicos y empoderan sobre todo a las mujeres en nuevas funciones de liderazgo.\nM\u00e1s informaci\u00f3n en el n\u00famero actual de \u00abbegegnen\u00bb.\n\t<p>La revista <strong>\"encuentro\" <\/strong>es la revista para donantes de Mission 21 y se publica cuatro veces al a\u00f1o. La revista contiene informaci\u00f3n e historias sobre los proyectos de Mission 21 y las personas que hay detr\u00e1s de ellos.<\/p>\n<p>La revista se imprime en Suiza. La imprenta Gremper imprime con neutralidad clim\u00e1tica e invierte en proyectos clim\u00e1ticos significativos. <a href=\"https:\/\/gremper.ch\/de\/nachhaltigkeit\/klimabeitrag\" target=\"_blank\" rel=\"noopener\">\u25baM\u00e1s informaci\u00f3n sobre la imprenta Gremper<\/a><\/p>\n<h2>\n\t\t\tEdiciones anteriores\t<\/h2>\n\t<iframe width=\"940px\" height=\"328px\" src=\"https:\/\/www.yumpu.com\/en\/embed\/view\/0QslUNpzh5STwPuH\" frameborder=\"0\" allowfullscreen=\"true\" allowtransparency=\"true\"><\/iframe>\n<h2>\n\t\t\t Prensa de la Misi\u00f3n de Cooperaci\u00f3n \t<\/h2>\n\t\t\t\t<a href=\"https:\/\/app.missionspresse.org\/de\/profiles\/1fbeb62bce96\/editions\"  target=\"_blank\" rel=\"noopener\"  itemprop=\"url\">\n\t\t\t\t<img decoding=\"async\" src=\"https:\/\/www.mission-21.org\/wp-content\/uploads\/2022\/10\/csm_logo_missionspresse_app_b688a71e10.jpg\" alt=\"csm logo mission press app b688a71e10\" itemprop=\"image\" height=\"150\" width=\"150\" title=\"csm_Logo_Missionspresse_App_b688a71e10\" onerror=\"this.style.display='none'\" loading='lazy' \/>\n\t\t\t\t<\/a>\n\t<p>Mission 21 colabora con otras cinco agencias misioneras en Alemania y Austria. Juntos formamos el <strong>Prensa de la Misi\u00f3n de Cooperaci\u00f3n<\/strong>. Todas las revistas de estas agencias misioneras -incluidas las \"begegnen\"- son accesibles en l\u00ednea en una app, un quiosco de revistas digitales. En la revista \"Eine Welt\" encontrar\u00e1 art\u00edculos sobre el tema de la misi\u00f3n y el ecumenismo, que hasta ahora tambi\u00e9n han aparecido en nuestra revista \"Auftrag\". En el futuro, sin embargo, tambi\u00e9n encontrar\u00e1 art\u00edculos seleccionados de esta cooperaci\u00f3n en l\u00ednea en nuestro sitio web en la secci\u00f3n <a href=\"https:\/\/www.mission-21.org\/es\/informar-a\/noticias\/\">Noticias<\/a>.<\/p>\n<p>Quiosco de revistas digitales (en parte con costes): <a href=\"https:\/\/app.missionspresse.org\/de\/profiles\/1fbeb62bce96\/editions\" target=\"_blank\" rel=\"noopener\">App.missionpress.org<\/a> o a trav\u00e9s de la aplicaci\u00f3n, pulse la palabra clave de la misi\u00f3n<\/p>\n<h2>\n\t\t\tPel\u00edculas\t<\/h2>\n\t<p>Aqu\u00ed encontrar\u00e1 emocionantes pel\u00edculas sobre los proyectos y socios de Mission 21.<\/p>\n<p><a href=\"https:\/\/vimeo.com\/channels\/mission21\" target=\"_blank\" rel=\"noopener\">\u25ba a nuestro canal de Vimeo<\/a><\/p>\n<p><a href=\"https:\/\/www.youtube.com\/user\/mission21Basel\/videos\" target=\"_blank\" rel=\"noopener\">\u25ba a nuestro canal de Youtube<\/a><\/p>\n<h4>\n\t\t\tSelecci\u00f3n de pel\u00edculas actuales\t<\/h4>\n\t\t\t\t\t<a href=\"\"><img decoding=\"async\" src=\"https:\/\/i.vimeocdn.com\/portrait\/75431195_300x300?subrect=99%2C99%2C1308%2C1308&#038;r=cover&#038;sig=b1ec81f14c6c5a1eeebdf1ec93ec992c03088e46b5797e9dd4df2c12241370f6&#038;v=1&#038;region=us\"\/><\/a>\n\t\t\t\t\t\t\t<a href=\"\">Campa\u00f1a 2023 - La educaci\u00f3n decide lo que cosecharemos en el futuro<\/a>\n\t\t\t\t\t\t\tde <a href=\"\">Mission 21<\/a>\n\t\t\t\t\t<img decoding=\"async\" src=\"https:\/\/i.vimeocdn.com\/video\/1648041745-f48eef5750e6543d5788fe9182e003ce3336c4605591c1e364fa85482f32f888-d_840?region=us\" alt=\"vimeo-video-thumbnail\"\/>\n\t\t\t\t\t<a href=\"\"><img decoding=\"async\" src=\"https:\/\/i.vimeocdn.com\/portrait\/75431195_300x300?subrect=99%2C99%2C1308%2C1308&#038;r=cover&#038;sig=b1ec81f14c6c5a1eeebdf1ec93ec992c03088e46b5797e9dd4df2c12241370f6&#038;v=1&#038;region=us\"\/><\/a>\n\t\t\t\t\t\t\t<a href=\"\">young@mission21<\/a>\n\t\t\t\t\t\t\tde <a href=\"\">Mission 21<\/a>\n\t\t\t\t\t<img decoding=\"async\" src=\"https:\/\/i.vimeocdn.com\/video\/756919325-91d3fb8593283cffa02d56fe68ba4fb11eeea980319f26cb70e497865e9740e3-d_840?region=us\" alt=\"vimeo-video-thumbnail\"\/>\n\t\t\t\t\t<a href=\"\"><img decoding=\"async\" src=\"https:\/\/i.vimeocdn.com\/portrait\/75431195_300x300?subrect=99%2C99%2C1308%2C1308&#038;r=cover&#038;sig=b1ec81f14c6c5a1eeebdf1ec93ec992c03088e46b5797e9dd4df2c12241370f6&#038;v=1&#038;region=us\"\/><\/a>\n\t\t\t\t\t\t\t<a href=\"\">Breve retrato Misi\u00f3n 21<\/a>\n\t\t\t\t\t\t\tde <a href=\"\">Mission 21<\/a>\n\t\t\t\t\t<img decoding=\"async\" src=\"https:\/\/i.vimeocdn.com\/video\/1459492741-033fec1ae9ba8c605bfbd22af56098aebaa36b4649514d4ddfe9cf2b50dae529-d_840?region=us\" alt=\"vimeo-video-thumbnail\"\/>\n\t\t\t\t\t<a href=\"\"><img decoding=\"async\" src=\"https:\/\/i.vimeocdn.com\/portrait\/75431195_300x300?subrect=99%2C99%2C1308%2C1308&#038;r=cover&#038;sig=b1ec81f14c6c5a1eeebdf1ec93ec992c03088e46b5797e9dd4df2c12241370f6&#038;v=1&#038;region=us\"\/><\/a>\n\t\t\t\t\t\t\t<a href=\"\">Historias entrelazadas.mp4<\/a>\n\t\t\t\t\t\t\tde <a href=\"\">Mission 21<\/a>\n\t\t\t\t\t<img decoding=\"async\" src=\"https:\/\/i.vimeocdn.com\/video\/1459505979-9d5a7045d5615571d2f78dc0912c2beb0cb0aa8a17ce07f059ddb105ff484535-d_840?region=us\" alt=\"vimeo-video-thumbnail\"\/>\n\t\t<h2>\n\t\t\tInforme anual e informe financiero\t<\/h2>\n\t\t\t<a href=\"https:\/\/www.mission-21.org\/es\/tienda\/producto\/informe-anual-2022\/\" title=\"Solicitar copia impresa\" target=\"_self\"   role=\"button\" aria-label=\"Solicitar copia impresa\">\n\t\t\t\t\t\t\tSolicitar copia impresa\n\t\t<\/a>\n\t<!DOCTYPE html>\n<html lang=\"de\">\n<head>\n    <meta charset=\"UTF-8\"\/>\n    <meta name=\"viewport\" content=\"width=device-width, initial-scale=1.0\"\/>\n<style>\n    .download-button {\n        background-color: #ff9422;\n        color: white;\n        border: none;\n        padding: 15px 30px;\n        text-align: center;\n        text-decoration: none;\n        display: inline-block;\n        font-size: 20px;\n        border-radius: 0px;\n        cursor: pointer;\n    }\n    .download-button:hover {\n        background-color: #335198;\n        color: white;\n    }\n    .download-button:focus,\n    .download-button:active {\n        background-color: #335198; \/* Same as hover state *\/\n        color: white;\n        outline: none; \/* Remove default outline *\/\n    }\n<\/style>\n<\/head>\n<body>\n    <a id=\"download-link\" download>\n        Descargar como PDF\n    <\/a>\n<\/body>\n<\/html>\n\t<p>El <strong>Informe anual<\/strong> ofrece informaci\u00f3n sobre el impacto de nuestro trabajo en el \u00faltimo a\u00f1o y muestra c\u00f3mo se utilizaron las donaciones recibidas en funci\u00f3n de proyectos concretos. Contiene los estados financieros anuales, incluida informaci\u00f3n sobre el origen y la utilizaci\u00f3n de los fondos. Tambi\u00e9n contiene informaci\u00f3n sobre la estructura y los comit\u00e9s de la organizaci\u00f3n misionera, as\u00ed como un breve retrato de Mission 21. El informe anual se publica en julio, tras el S\u00ednodo internacional de Mission 21.<\/p>\n<h4>\n\t\t\tInformes anuales anteriores\t<\/h4>\n\t<iframe   src=\"https:\/\/www.yumpu.com\/en\/embed\/view\/VNKnkpS4DwT2CJrl\" frameborder=\"0\" allowfullscreen=\"true\" allowtransparency=\"true\"><\/iframe>\n\t<h4>Informe financiero (cada uno en alem\u00e1n)<\/h4>\n<p><a href=\"https:\/\/www.mission-21.org\/wp-content\/uploads\/2025\/07\/finanzbericht-jahresrechnung_2024_mission-21_signiert.pdf\" target=\"_blank\" rel=\"noopener\">Informe financiero 2024 (PDF)<\/a><\/p>\n<p><a href=\"https:\/\/www.mission-21.org\/wp-content\/uploads\/2024\/07\/jahresrechnung_2023_revidiert.pdf\">\u25baInforme financiero 2023 (PDF)<\/a><\/p>\n<p><a href=\"https:\/\/www.mission-21.org\/wp-content\/uploads\/2023\/07\/mission-21-jahresrechnung-revision-ok_20230706.pdf\">Informe financiero 2022 (PDF)<\/a><\/p>\n<p><a href=\"https:\/\/www.mission-21.org\/fileadmin\/Webseite_Mission_21\/Publikationen\/Finanzbericht\/Mission_21_-_Revisionsbericht_Finanzbericht_2021.pdf\">\u25ba Informe financiero 2021 (PDF)<\/a><\/p>\n<p><a href=\"https:\/\/www.mission-21.org\/fileadmin\/Webseite_Mission_21\/Publikationen\/Finanzbericht\/Finanzbericht_20210712_Revisoren_bestaetigt_2020.pdf\">\u25ba Informe financiero 2020 (PDF)<\/a><\/p>\n<p><a href=\"https:\/\/www.mission-21.org\/fileadmin\/Webseite_Mission_21\/Publikationen\/Finanzbericht\/Finanzbericht-2019_Mission_21.pdf\">\u25ba Informe financiero 2019 (PDF)<\/a><\/p>\n<p><a href=\"https:\/\/www.mission-21.org\/wp-content\/uploads\/2023\/04\/finanzbericht-2018.pdf\" target=\"_blank\" rel=\"noopener\">\u25ba Informe financiero de PWC de 2018 (PDF)<\/a><\/p>\n<p><a href=\"https:\/\/www.mission-21.org\/wp-content\/uploads\/2023\/04\/finanzbericht-mission-21_2017.pdf\" target=\"_blank\" rel=\"noopener\">\u25ba Informe financiero de PWC de 2017 (PDF)<\/a><\/p>\n<p><a href=\"https:\/\/www.mission-21.org\/fileadmin\/Mission_21\/Steuerbefreiung_2013_Mission_21.pdf\">\u25ba Bono de exenci\u00f3n fiscal (PDF)<\/a><\/p>\n<h2>\n\t\t\tFolleto del proyecto\t<\/h2>\n\t<iframe width=\"620px\" height=\"600px\" src=\"https:\/\/www.yumpu.com\/de\/embed\/view\/fbTEWsKZ5mNcI0x9\" frameborder=\"0\" allowfullscreen=\"true\"  allowtransparency=\"true\"><\/iframe>\n\t<p>El folleto del proyecto ofrece una visi\u00f3n general de la cooperaci\u00f3n al desarrollo de Mission 21, HEKS\/Pan para Todos y DM-\u00e9change et mission. Sobre el trasfondo de las condiciones pol\u00edticas, econ\u00f3micas y sociales de los pa\u00edses, el folleto de proyectos presenta los programas por pa\u00edses y las organizaciones contraparte sobre el terreno. La informaci\u00f3n sobre cada uno de los proyectos y sobre las donaciones completan la visi\u00f3n de conjunto. El folleto de proyectos se actualiza anualmente y es gratuito.<\/p>\n<p><strong>Nota importante: Si usted, como congregaci\u00f3n eclesi\u00e1stica, desea apoyar el trabajo de Mission 21, especialmente los proyectos en el marco de la Campa\u00f1a Ecum\u00e9nica, los pagos deber\u00e1n transferirse directamente a Mission 21 a partir del 1 de enero de 2021 (cuenta de donativos\/IBAN: CH58 0900 0000 4072 6233 2). Una transferencia a trav\u00e9s de <em>HEKS\/Pan para todos<\/em> ya no es posible.\u00a0<\/strong><\/p>\n<p><a href=\"https:\/\/www.mission-21.org\/wp-content\/uploads\/2025\/11\/projektheft-2026_def-interaktiv_10mb.pdf\" target=\"_blank\" rel=\"noopener\">\u25ba Descargar el folleto del proyecto 2026 en formato PDF<\/a><\/p>\n<p><a href=\"https:\/\/www.mission-21.org\/wp-content\/uploads\/2024\/10\/heksm21_projektheft-2025_de_def.pdf\" target=\"_blank\" rel=\"noopener\">\u25ba Descargar el folleto del proyecto 2025 en PDF<\/a><\/p>\n<h2>\n\t\t\t Boletines de noticias \t<\/h2>\n\t<p>El personal internacional de Mission 21 en las iglesias y organizaciones asociadas de \u00c1frica, Asia y Am\u00e9rica Latina informa regularmente. Con los boletines informativos, ofrecen una visi\u00f3n personal de los proyectos in situ.<\/p>\n<p><a href=\"https:\/\/www.mission-21.org\/es\/informar-a\/noticias\/?_kategorien=rundbriefe\" target=\"_self\">\u25ba todos los boletines informativos<\/a><\/p>\n<h4>\n\t\t\tBoletines actuales\t<\/h4>\n\t\t\t\t\t\t\t\t\t\t\t\t\t\t<a href=\"https:\/\/www.mission-21.org\/es\/gracias-y-adios-solveig-schrickels-last-newsletter-from-chile\/\" target=\"_self\" title=\"\u00a1Gracias y adi\u00f3s! \u00daltimo bolet\u00edn de Solveig Schrickel desde Chile\">\n\t\t\t\t<img decoding=\"async\" src=\"https:\/\/www.mission-21.org\/wp-content\/uploads\/2024\/12\/bild-1-rundbrief-15_heilkraeuterarbeit-900x675.jpeg\" alt=\"imagen 1 bolet\u00edn 16 trabajo con hierbas medicinales\" \/>\n\t\t\t\t<\/a>\n\t\t\t\t\t\t<h4>\n\t\t\t\t<a href=\"https:\/\/www.mission-21.org\/es\/gracias-y-adios-solveig-schrickels-last-newsletter-from-chile\/\" title=\"\u00a1Gracias y adi\u00f3s! \u00daltimo bolet\u00edn de Solveig Schrickel desde Chile\">\u00a1Gracias y adi\u00f3s! \u00daltimo bolet\u00edn de Solveig Schrickel desde Chile<\/a>\t\t\t<\/h4>\n\t\t\t\t\t\t\t<h5>\n\t\t\t19 de diciembre de 2024\t\t\t\n\t\t\t\t\t\t\t<\/h5>\n\t\t\t\t\t\t\t\t\t\t\t\t\t\t<a href=\"https:\/\/www.mission-21.org\/es\/estudios-sobre-el-coran-en-el-cairo-y-un-curso-semestral-sobre-satan-en-sabah\/\" target=\"_self\" title=\"Estudios cor\u00e1nicos en El Cairo y un curso semestral sobre S\u00e2t\u00e2n en Sabah.\">\n\t\t\t\t<img decoding=\"async\" src=\"https:\/\/www.mission-21.org\/wp-content\/uploads\/2024\/08\/bild-6_dscn0020-scaled-e1724161187210-900x677.jpg\" alt=\"imagen 6 dscn0020\" \/>\n\t\t\t\t<\/a>\n\t\t\t\t\t\t<h4>\n\t\t\t\t<a href=\"https:\/\/www.mission-21.org\/es\/estudios-sobre-el-coran-en-el-cairo-y-un-curso-semestral-sobre-satan-en-sabah\/\" title=\"Estudios cor\u00e1nicos en El Cairo y un curso semestral sobre S\u00e2t\u00e2n en Sabah.\">Estudios cor\u00e1nicos en El Cairo y un curso semestral sobre S\u00e2t\u00e2n en Sabah.<\/a>\t\t\t<\/h4>\n\t\t\t\t\t\t\t<h5>\n\t\t\t20 de agosto de 2024\t\t\t\n\t\t\t\t\t\t\t<\/h5>\n\t\t\t\t\t\t\t\t\t\t\t\t\t\t<a href=\"https:\/\/www.mission-21.org\/es\/daniel-gloor-en-malasia-navidad-y-reflexiones-sobre-el-antisemitismo-3\/\" target=\"_self\" title=\"Solveig Schrickel en Chile: chocolate y pol\u00edtica\">\n\t\t\t\t<img decoding=\"async\" src=\"https:\/\/www.mission-21.org\/wp-content\/uploads\/2024\/04\/bild-2-die-heilkraeuterkurse-sind-weiterhin-beliebt-scaled-e1712053759211-900x675.jpg\" alt=\"Personas en una mesa\" \/>\n\t\t\t\t<\/a>\n\t\t\t\t\t\t<h4>\n\t\t\t\t<a href=\"https:\/\/www.mission-21.org\/es\/daniel-gloor-en-malasia-navidad-y-reflexiones-sobre-el-antisemitismo-3\/\" title=\"Solveig Schrickel en Chile: chocolate y pol\u00edtica\">Solveig Schrickel en Chile: chocolate y pol\u00edtica<\/a>\t\t\t<\/h4>\n\t\t\t\t\t\t\t<h5>\n\t\t\t2 de abril de 2024\t\t\t\n\t\t\t\t\t\t\t<\/h5>","protected":false},"excerpt":{"rendered":"<p>Spenden Verantwortungsvolle Kommunikation Manifest f\u00fcr eine verantwortungsvolle Kommunikation der internationalen Zusammenarbeit Die internationale Zusammenarbeit entspringt der Solidarit\u00e4t mit ausgegrenzten und benachteiligten Menschen. Wer \u00fcber internationale Zusammenarbeit kommuniziert, \u00fcbernimmt Verantwortung &#8211; f\u00fcr die Menschen, die dank der Zusammenarbeit ihre Lebensgrundlagen verbessern, und f\u00fcr jene, die sich solidarisch zeigen. Wir \u00fcbernehmen diese Verantwortung mit einer kritischen Reflexion [&hellip;]<\/p>\n","protected":false},"author":1,"featured_media":3534,"parent":215,"menu_order":0,"comment_status":"closed","ping_status":"closed","template":"","meta":{"_acf_changed":false,"_seopress_robots_primary_cat":"","_seopress_titles_title":"","_seopress_titles_desc":"","_seopress_robots_index":"","_searchwp_excluded":"","site-sidebar-layout":"default","site-content-layout":"","ast-site-content-layout":"default","site-content-style":"default","site-sidebar-style":"default","ast-global-header-display":"","ast-banner-title-visibility":"","ast-main-header-display":"","ast-hfb-above-header-display":"","ast-hfb-below-header-display":"","ast-hfb-mobile-header-display":"","site-post-title":"","ast-breadcrumbs-content":"","ast-featured-img":"","footer-sml-layout":"","ast-disable-related-posts":"","theme-transparent-header-meta":"","adv-header-id-meta":"","stick-header-meta":"","header-above-stick-meta":"","header-main-stick-meta":"","header-below-stick-meta":"","astra-migrate-meta-layouts":"set","ast-page-background-enabled":"default","ast-page-background-meta":{"desktop":{"background-color":"var(--ast-global-color-4)","background-image":"","background-repeat":"repeat","background-position":"center center","background-size":"auto","background-attachment":"scroll","background-type":"","background-media":"","overlay-type":"","overlay-color":"","overlay-opacity":"","overlay-gradient":""},"tablet":{"background-color":"","background-image":"","background-repeat":"repeat","background-position":"center center","background-size":"auto","background-attachment":"scroll","background-type":"","background-media":"","overlay-type":"","overlay-color":"","overlay-opacity":"","overlay-gradient":""},"mobile":{"background-color":"","background-image":"","background-repeat":"repeat","background-position":"center center","background-size":"auto","background-attachment":"scroll","background-type":"","background-media":"","overlay-type":"","overlay-color":"","overlay-opacity":"","overlay-gradient":""}},"ast-content-background-meta":{"desktop":{"background-color":"var(--ast-global-color-5)","background-image":"","background-repeat":"repeat","background-position":"center center","background-size":"auto","background-attachment":"scroll","background-type":"","background-media":"","overlay-type":"","overlay-color":"","overlay-opacity":"","overlay-gradient":""},"tablet":{"background-color":"var(--ast-global-color-5)","background-image":"","background-repeat":"repeat","background-position":"center center","background-size":"auto","background-attachment":"scroll","background-type":"","background-media":"","overlay-type":"","overlay-color":"","overlay-opacity":"","overlay-gradient":""},"mobile":{"background-color":"var(--ast-global-color-5)","background-image":"","background-repeat":"repeat","background-position":"center center","background-size":"auto","background-attachment":"scroll","background-type":"","background-media":"","overlay-type":"","overlay-color":"","overlay-opacity":"","overlay-gradient":""}},"iawp_total_views":2595,"footnotes":""},"hf_cat_page":[301],"class_list":["post-320","page","type-page","status-publish","has-post-thumbnail"],"acf":[],"_links":{"self":[{"href":"https:\/\/www.mission-21.org\/es\/wp-json\/wp\/v2\/pages\/320","targetHints":{"allow":["GET"]}}],"collection":[{"href":"https:\/\/www.mission-21.org\/es\/wp-json\/wp\/v2\/pages"}],"about":[{"href":"https:\/\/www.mission-21.org\/es\/wp-json\/wp\/v2\/types\/page"}],"author":[{"embeddable":true,"href":"https:\/\/www.mission-21.org\/es\/wp-json\/wp\/v2\/users\/1"}],"replies":[{"embeddable":true,"href":"https:\/\/www.mission-21.org\/es\/wp-json\/wp\/v2\/comments?post=320"}],"version-history":[{"count":11,"href":"https:\/\/www.mission-21.org\/es\/wp-json\/wp\/v2\/pages\/320\/revisions"}],"predecessor-version":[{"id":19845,"href":"https:\/\/www.mission-21.org\/es\/wp-json\/wp\/v2\/pages\/320\/revisions\/19845"}],"up":[{"embeddable":true,"href":"https:\/\/www.mission-21.org\/es\/wp-json\/wp\/v2\/pages\/215"}],"wp:featuredmedia":[{"embeddable":true,"href":"https:\/\/www.mission-21.org\/es\/wp-json\/wp\/v2\/media\/3534"}],"wp:attachment":[{"href":"https:\/\/www.mission-21.org\/es\/wp-json\/wp\/v2\/media?parent=320"}],"wp:term":[{"taxonomy":"hf_cat_page","embeddable":true,"href":"https:\/\/www.mission-21.org\/es\/wp-json\/wp\/v2\/hf_cat_page?post=320"}],"curies":[{"name":"wp","href":"https:\/\/api.w.org\/{rel}","templated":true}]}}