{"id":323,"date":"2022-08-17T21:34:14","date_gmt":"2022-08-17T19:34:14","guid":{"rendered":"https:\/\/www.mission-21.org\/?page_id=323"},"modified":"2025-12-30T14:22:59","modified_gmt":"2025-12-30T13:22:59","slug":"centro-de-medios","status":"publish","type":"page","link":"https:\/\/www.mission-21.org\/es\/informieren\/medienstelle\/","title":{"rendered":"Oficina de prensa"},"content":{"rendered":"<img decoding=\"async\" src=\"https:\/\/www.mission-21.org\/wp-content\/uploads\/2022\/08\/csm_header_news_d521d70e38.jpeg\" alt=\"csm header news d521d70e38\" itemprop=\"image\" height=\"688\" width=\"1680\" title=\"csm_Header_News_d521d70e38\" onerror=\"this.style.display='none'\" loading='lazy' \/>\n\t<div class=\"fl-builder-content fl-builder-content-3660 fl-builder-template fl-builder-module-template fl-builder-global-templates-locked\" data-post-id=\"3660\"><div class=\"fl-module fl-module-pp-toc fl-node-xrvkwe8ihtn6 toc\" data-node=\"xrvkwe8ihtn6\">\n\t<div class=\"fl-module-content fl-node-content\">\n\t\t<div class=\"pp-toc-container\">\n\t\n\t<div class=\"pp-toc-body\">\n\t\t\t\t\t<ul class=\"pp-toc-list-wrapper pp-toc-list-icon\"><\/ul>\n\t\t\t\t<\/div>\n<\/div>\n\n\t<\/div>\n<\/div>\n<\/div><div class=\"uabb-js-breakpoint\" style=\"display: none;\"><\/div>\n\t\t\t<a href=\"\/es\/donar\/\" title=\"Pulse aqu\u00ed\" target=\"_self\"   role=\"button\" aria-label=\"Donaciones\">\n\t\t\t\t\t\t\tDonaciones\n\t\t\t\t\t\t\t\t\t<img decoding=\"async\" src=\"https:\/\/www.mission-21.org\/wp-content\/uploads\/2022\/08\/csm_heat-icon_b1dbd40167.png\"\/>\n\t\t<\/a>\n<h2>\n\t\t\tContacte con\t<\/h2>\n\t<p>Le proporcionaremos informaci\u00f3n sobre nuestro trabajo, le ayudaremos con la investigaci\u00f3n y las solicitudes de im\u00e1genes y organizaremos entrevistas con expertos y personal internacional en misi\u00f3n. Estaremos encantados de incluirle en nuestra lista de correo de medios de comunicaci\u00f3n, s\u00f3lo tiene que enviarnos un breve mensaje.<\/p>\n\t\t<a href=\"https:\/\/www.mission-21.org\/es\/equipo\/christoph-racz\/\" title=\"Mostrar el contenido del campo de visualizaci\u00f3n\" target=\"_self\"  aria-label=\"Elemento de puesto\"><\/a>\t\t\n\t<meta itemscope itemprop=\"mainEntityOfPage\" itemtype=\"https:\/\/schema.org\/WebPage\" itemid=\"https:\/\/www.mission-21.org\/team\/christoph-racz\/\" content=\"Christoph R\u00e1cz\" \/><meta itemprop=\"datePublished\" content=\"2022-10-06\" \/><meta itemprop=\"dateModified\" content=\"2025-12-30\" \/><meta itemprop=\"name\" content=\"Mission 21\"\/><meta itemprop=\"url\" content=\"https:\/\/www.mission-21.org\/wp-content\/uploads\/2022\/08\/de-blau.svg\"\/><meta itemprop=\"url\" content=\"https:\/\/www.mission-21.org\/author\/ms_i2r4b8vl\/\" \/><meta itemprop=\"name\" content=\"Michael Salzer\" \/><meta itemprop=\"url\" content=\"https:\/\/www.mission-21.org\/wp-content\/uploads\/2022\/10\/img_2863_christoph-racz_quadrat-fuer-web.jpg\" \/><meta itemprop=\"width\" content=\"350\" \/><meta itemprop=\"height\" content=\"350\" \/><meta itemprop=\"interactionType\" content=\"https:\/\/schema.org\/CommentAction\" \/><meta itemprop=\"userInteractionCount\" content=\"0\" \/>\n\t<img width=\"350\" height=\"350\" src=\"https:\/\/www.mission-21.org\/wp-content\/uploads\/2022\/10\/img_2863_christoph-racz_quadrat-fuer-web.jpg\" alt=\"img 2863 christoph racz cuadrado para web\" itemprop=\"image\" decoding=\"async\" srcset=\"https:\/\/www.mission-21.org\/wp-content\/uploads\/2022\/10\/img_2863_christoph-racz_quadrat-fuer-web.jpg 350w, https:\/\/www.mission-21.org\/wp-content\/uploads\/2022\/10\/img_2863_christoph-racz_quadrat-fuer-web-300x300.jpg 300w, https:\/\/www.mission-21.org\/wp-content\/uploads\/2022\/10\/img_2863_christoph-racz_quadrat-fuer-web-12x12.jpg 12w, https:\/\/www.mission-21.org\/wp-content\/uploads\/2022\/10\/img_2863_christoph-racz_quadrat-fuer-web-100x100.jpg 100w\" sizes=\"(max-width: 350px) 100vw, 350px\" \/>\n<h3>Christoph R\u00e1cz<\/h3>\n<p>Responsable de comunicaci\u00f3n y medios de comunicaci\u00f3n<br \/>Tel\u00e9fono: +41 61 260 22 49<br \/><a href=\"mailto:christoph.racz@mission-21.org\" data-type=\"mailto\" data-id=\"mailto:christoph.racz@mission-21.org\">\u25ba Correo electr\u00f3nico<\/a><\/p>\n<h2>\n\t\t\t Comunicados de prensa actuales \t<\/h2>\n\t<p>Desde 2023, los comunicados de prensa se publican en nuestras Noticias, en la categor\u00eda \"<a href=\"https:\/\/www.mission-21.org\/es\/informar-a\/noticias\/?_kategorien=medien\" target=\"_blank\" rel=\"noopener\">Medios de comunicaci\u00f3n<\/a>\u201e.<\/p>\n<h2>\n\t\t\tArchivo de comunicados de prensa\t<\/h2>\n\t\t\t\t\t<a href=\"#\"  id=\"fl-accordion--label-0\" tabindex=\"0\" aria-controls=\"fl-accordion--panel-0\">Comunicados de prensa 2020-2023<\/a>\n\t\t\t\t\t\t\t\t\t\t\t<a href=\"#\" id=\"fl-accordion--icon-0\"  tabindex=\"0\"><i title=\"Ampliar\">Ampliar<\/i><\/a>\n\t\t\t\t\t<p><a href=\"https:\/\/www.mission-21.org\/wp-content\/uploads\/2023\/07\/medienmitteilung-mission-21-transparente-aufarbeitung-der-geschichte_20230706.pdf\">\u25ba Comunicado de prensa del 6 de julio de 2023 - Revalorizaci\u00f3n transparente y cr\u00edtica de la historia<\/a><\/p>\n<p><a href=\"https:\/\/www.mission-21.org\/fileadmin\/Webseite_Mission_21\/Medienmitteilungen\/2021\/MM-Mission_21_20210503_Klimagerechtigkeit_und_CO2-Gesetz.pdf\">\u25ba Comunicado de prensa del 3 de mayo de 2021 - Mission 21 se compromete con la justicia clim\u00e1tica en todo el mundo<\/a><\/p>\n<p><a href=\"https:\/\/www.mission-21.org\/fileadmin\/Webseite_Mission_21\/Medienmitteilungen\/2021\/MM-20210223_Verschiebung_Synode_Davos.pdf\">\u25ba Comunicado de prensa del 25 de febrero de 2021 - El S\u00ednodo de la Misi\u00f3n en Davos se celebrar\u00e1 ahora en junio de 2022<\/a><\/p>\n<p><a href=\"https:\/\/www.mission-21.org\/fileadmin\/Webseite_Mission_21\/Medienmitteilungen\/2020\/MM_20200901_Auszeichnung_Frieden_und_Demokratie_Jakatarub_Mission_21.pdf\">\u25ba Comunicado de prensa del 1 de septiembre de 2020 - Premio oficial para la organizaci\u00f3n asociada de Indonesia<\/a><\/p>\n<p><a href=\"https:\/\/www.mission-21.org\/fileadmin\/Webseite_Mission_21\/Medienmitteilungen\/2020\/MM_20200302_Fachtagung_interrel_Friedensarbeit_2020.pdf\">\u25ba Comunicado de prensa del 2 de marzo de 2020: Las religiones, \u00bfcausa de conflicto o potencial de paz? CANCELADO<\/a><\/p>\n\t\t\t\t\t<a href=\"#\"  id=\"fl-accordion--label-1\" tabindex=\"0\" aria-controls=\"fl-accordion--panel-1\">Comunicados de prensa 2018-2019<\/a>\n\t\t\t\t\t\t\t\t\t\t\t<a href=\"#\" id=\"fl-accordion--icon-1\"  tabindex=\"0\"><i title=\"Ampliar\">Ampliar<\/i><\/a>\n\t\t\t\t\t<p><a href=\"https:\/\/www.mission-21.org\/fileadmin\/Webseite_Mission_21\/Medienmitteilungen\/2019\/Medienmitteilung_Mission_21_und_Martin-Stucki-Stiftung_20191210.pdf\">\u25ba Comunicado de prensa del 10 de diciembre de 2019: Misi\u00f3n 21 asume las tareas y los fondos de la Fundaci\u00f3n Martin Stucki Camer\u00fan Obang<\/a><\/p>\n<p><a href=\"https:\/\/www.mission-21.org\/fileadmin\/Webseite_Mission_21\/Medienmitteilungen\/2019\/Medienmitteilung_vom_31._Oktober_2019_Dialog_International_Neue_Mannsbilder.pdf\">\u25ba Comunicado de prensa del 31 de octubre de 2019: Nuevas im\u00e1genes de los hombres: m\u00e1s all\u00e1 de los machos y los blandos<\/a><\/p>\n<p><a href=\"https:\/\/www.mission-21.org\/fileadmin\/Webseite_Mission_21\/Medienmitteilungen\/2019\/Medienmitteilung_vom_30._Oktober_2019__Erloes_Missionsbazar.pdf\">\u25ba Comunicado de prensa del 30 de octubre de 2019: Bazar de oto\u00f1o: 27.845 francos suizos para el trabajo por la paz<\/a><\/p>\n<p><a href=\"https:\/\/www.mission-21.org\/fileadmin\/Webseite_Mission_21\/Medienmitteilungen\/2019\/Medienmitteilung_vom_16._Oktober_2019_Herbstbazar_Gaeste_aus_Suedsudan.pdf\">\u25ba Comunicado de prensa del 16 de octubre de 2019: Invitados de Sud\u00e1n del Sur en el Bazar de la Misi\u00f3n<\/a><\/p>\n<p><a href=\"https:\/\/www.mission-21.org\/fileadmin\/Webseite_Mission_21\/Medienmitteilungen\/2019\/Medienmitteilung_vom_06_September_2019_Jugend_fuer_den_Frieden.pdf\">\u25ba Comunicado de prensa del 06 de septiembre de 2019: Juventud por la Paz<\/a><\/p>\n<p><a href=\"https:\/\/www.mission-21.org\/fileadmin\/Webseite_Mission_21\/Medienmitteilungen\/2018\/Medienmitteilung_vom_24._Mai_2019_zum_Youth_Summit.pdf\">\u25ba Comunicado de prensa del 24 de mayo de 2019: La cooperaci\u00f3n al desarrollo a examen<\/a><\/p>\n<p><a href=\"https:\/\/www.mission-21.org\/fileadmin\/Webseite_Mission_21\/Medienmitteilungen\/2018\/Medienmitteilung_vom_11._Feburar_2019_Fachtagung.pdf\">\u25ba Comunicado de prensa del 11 de febrero de 2019: Simposio: El Islam pertenece a Suiza<\/a><\/p>\n<p><a href=\"https:\/\/www.mission-21.org\/fileadmin\/Webseite_Mission_21\/Medienmitteilungen\/2018\/Medienmitteilung_vom_29._Januar_2019_Wechsel_Direktion.pdf\">\u25ba Comunicado de prensa del 29 de enero de 2019: Cambio en la c\u00fapula de la Misi\u00f3n 21<\/a><\/p>\n<p><a href=\"https:\/\/www.mission-21.org\/fileadmin\/Webseite_Mission_21\/Medienmitteilungen\/2018\/Moderator_Statement_Presbyterian_Church_in_Cameroon_abductions_students.pdf\">\u25ba Comunicado de prensa de la iglesia asociada a Mission 21 en Camer\u00fan del 05 de noviembre de 2018: 78 alumnos secuestrados (ingl\u00e9s)<\/a><\/p>\n<p><a href=\"https:\/\/www.mission-21.org\/fileadmin\/Webseite_Mission_21\/Medienmitteilungen\/2018\/Medienmitteilung_vom_5._November_2018_Friedensarbeit.pdf\">\u25ba Comunicado de prensa del 5 de noviembre de 2018: Trabajo por la paz en todo el mundo<\/a><\/p>\n<p><a href=\"https:\/\/www.mission-21.org\/fileadmin\/Webseite_Mission_21\/Medienmitteilungen\/2018\/Medienmitteilung_vom_29_Oktober_2018_Erloes_Herbstbazar.pdf\">\u25ba Comunicado de prensa del 29 de octubre de 2018: Recaudaci\u00f3n del Bazar de Oto\u00f1o<\/a><\/p>\n<p><a href=\"https:\/\/www.mission-21.org\/fileadmin\/Webseite_Mission_21\/Medienmitteilungen\/2018\/Medienmitteilung_von_22_Oktober_2018_Herbstbazar_Weberinnen_zu_Gast.pdf\">\u25ba Comunicado de prensa del 22 de octubre de 2018: Misi\u00f3n bazar con invitados de Borneo<\/a><\/p>\n<p><a href=\"https:\/\/www.mission-21.org\/fileadmin\/Webseite_Mission_21\/Medienmitteilungen\/2018\/Medienmitteilung_vom_6_Juni_2018_Missionssynode.pdf\">\u25ba Comunicado de prensa del 06 de junio de 2018: Semana de la Misi\u00f3n sobre el tema de la migraci\u00f3n, la huida y la persecuci\u00f3n<\/a><\/p>\n<p><a href=\"https:\/\/www.mission-21.org\/fileadmin\/Webseite_Mission_21\/Medienmitteilungen\/2018\/Medienmitteilung_20180412_gedenktag_entfuehrung_chibok.pdf\">\u25ba Comunicado de prensa del 12 de abril de 2018: En memoria de las mujeres y ni\u00f1as secuestradas en Nigeria<\/a><\/p>\n<p><a href=\"https:\/\/www.mission-21.org\/fileadmin\/Webseite_Mission_21\/Medienmitteilungen\/2018\/Communique__Fachtagung_2018.pdf\">\u25ba Comunicado de prensa del 05 de febrero de 2018: Simposio interconfesional sobre el tema de los roles de g\u00e9nero en las religiones<\/a><\/p>\n<h2>\n\t\t\tDescargas para profesionales de los medios de comunicaci\u00f3n\t<\/h2>\n<p><a href=\"https:\/\/www.mission-21.org\/es\/informar-a\/publicaciones\/\" target=\"_blank\" rel=\"noopener\">\u25ba Aqu\u00ed puede descargar informes anuales, informes financieros y otras publicaciones de Misi\u00f3n 21.\u00a0<\/a><\/p>\n<h2>\n\t\t\t Anuncios de relleno \"Lichtblick\"\t<\/h2>\n\t\t\t\t\t\t\t\t<a href=\"#\" id=\"fl-tabs--label-0\" data-index=\"0\" aria-selected=\"true\" aria-controls=\"fl-tabs--panel-0\" aria-expanded=\"true\" role=\"tab\" tabindex=\"0\">\t\t\t\tPDF coloreado\t\t\t\t<\/a>\n\t\t\t\t\t\tPDF coloreado\n\t\t\t\t\t\t\t\t\t\t\t<p><img decoding=\"async\" src=\"https:\/\/www.mission-21.org\/wp-content\/uploads\/2025\/11\/inserat-lichtblick-hoch-fuer-illu-9-zu-16_20251119.png\" width=\"256\" height=\"461\" \/><\/p>\n<p><a href=\"https:\/\/www.mission-21.org\/wp-content\/uploads\/2025\/11\/fuellerinserat_lichtblick_41x84.pdf\" target=\"_blank\" rel=\"noopener\">\u25ba Publicidad 41\u00d784 (tres variantes)<\/a><\/p>\n<p><a href=\"https:\/\/www.mission-21.org\/wp-content\/uploads\/2025\/11\/fuellerinserat_lichtblick_50x138.pdf\" target=\"_blank\" rel=\"noopener\">\u25ba Publicidad 50\u00d7138 (dos variantes)<\/a><\/p>\n<p><a href=\"https:\/\/www.mission-21.org\/wp-content\/uploads\/2025\/11\/fuellerinserat_lichtblick_84x41.pdf\" target=\"_blank\" rel=\"noopener\">Publicidad 84\u00d741<\/a><\/p>\n<p><a href=\"https:\/\/www.mission-21.org\/wp-content\/uploads\/2025\/11\/fuellerinserat_lichtblick_140x50.pdf\" target=\"_blank\" rel=\"noopener\">\u25baPublicidad 140\u00d750<\/a><\/p>\n<p>&nbsp;<\/p>\n<p>&nbsp;<\/p>\n<p>Para preguntas:<\/p>\n\t\t<a href=\"https:\/\/www.mission-21.org\/es\/equipo\/christoph-racz\/\" title=\"Mostrar el contenido del campo de visualizaci\u00f3n\" target=\"_self\"  aria-label=\"Elemento de puesto\"><\/a>\t\t\n\t<meta itemscope itemprop=\"mainEntityOfPage\" itemtype=\"https:\/\/schema.org\/WebPage\" itemid=\"https:\/\/www.mission-21.org\/team\/christoph-racz\/\" content=\"Christoph R\u00e1cz\" \/><meta itemprop=\"datePublished\" content=\"2022-10-06\" \/><meta itemprop=\"dateModified\" content=\"2025-12-30\" \/><meta itemprop=\"name\" content=\"Mission 21\"\/><meta itemprop=\"url\" content=\"https:\/\/www.mission-21.org\/wp-content\/uploads\/2022\/08\/de-blau.svg\"\/><meta itemprop=\"url\" content=\"https:\/\/www.mission-21.org\/author\/ms_i2r4b8vl\/\" \/><meta itemprop=\"name\" content=\"Michael Salzer\" \/><meta itemprop=\"url\" content=\"https:\/\/www.mission-21.org\/wp-content\/uploads\/2022\/10\/img_2863_christoph-racz_quadrat-fuer-web.jpg\" \/><meta itemprop=\"width\" content=\"350\" \/><meta itemprop=\"height\" content=\"350\" \/><meta itemprop=\"interactionType\" content=\"https:\/\/schema.org\/CommentAction\" \/><meta itemprop=\"userInteractionCount\" content=\"0\" \/>\n\t<img width=\"350\" height=\"350\" src=\"https:\/\/www.mission-21.org\/wp-content\/uploads\/2022\/10\/img_2863_christoph-racz_quadrat-fuer-web.jpg\" alt=\"img 2863 christoph racz cuadrado para web\" itemprop=\"image\" decoding=\"async\" srcset=\"https:\/\/www.mission-21.org\/wp-content\/uploads\/2022\/10\/img_2863_christoph-racz_quadrat-fuer-web.jpg 350w, https:\/\/www.mission-21.org\/wp-content\/uploads\/2022\/10\/img_2863_christoph-racz_quadrat-fuer-web-300x300.jpg 300w, https:\/\/www.mission-21.org\/wp-content\/uploads\/2022\/10\/img_2863_christoph-racz_quadrat-fuer-web-12x12.jpg 12w, https:\/\/www.mission-21.org\/wp-content\/uploads\/2022\/10\/img_2863_christoph-racz_quadrat-fuer-web-100x100.jpg 100w\" sizes=\"(max-width: 350px) 100vw, 350px\" \/>\n<h3>Christoph R\u00e1cz<\/h3>\n<p>Responsable de comunicaci\u00f3n y medios de comunicaci\u00f3n<br \/>Tel\u00e9fono: +41 61 260 22 49<br \/><a href=\"mailto:christoph.racz@mission-21.org\" data-type=\"mailto\" data-id=\"mailto:christoph.racz@mission-21.org\">\u25ba Correo electr\u00f3nico<\/a><\/p>\n<h2>\n\t\t\t Anuncios de relleno Legados\t<\/h2>\n\t\t\t\t\t\t\t\t<a href=\"#\" id=\"fl-tabs--label-0\" data-index=\"0\" aria-selected=\"true\" aria-controls=\"fl-tabs--panel-0\" aria-expanded=\"true\" role=\"tab\" tabindex=\"0\">\t\t\t\tPDF coloreado\t\t\t\t<\/a>\n\t\t\t\t\t\t\t\t<a href=\"#\" id=\"fl-tabs--label-1\" data-index=\"1\" aria-selected=\"false\" aria-controls=\"fl-tabs--panel-1\" aria-expanded=\"false\" role=\"tab\" tabindex=\"0\">\t\t\t\tPDF en blanco y negro\t\t\t\t<\/a>\n\t\t\t\t\t\tPDF coloreado\n\t\t\t\t\t\t\t\t\t\t\t<p><img decoding=\"async\" src=\"https:\/\/www.mission-21.org\/wp-content\/uploads\/2022\/10\/csm_m21_ins_weitergeben_50x138_20minuten_9de2cbacb4.jpg\" alt=\"csm m21 en pase en 50x138 20minutos 9de2cbacb4\" width=\"300\" height=\"497\" \/><\/p>\n<p><a href=\"https:\/\/www.mission-21.org\/wp-content\/uploads\/2022\/11\/m21_ins_weitergeben_50x138_20minuten.pdf\">Publicidad 50\u00d7138<\/a><\/p>\n<p><a href=\"https:\/\/www.mission-21.org\/wp-content\/uploads\/2022\/11\/m21_ins_weitergeben_56x130.pdf\">Publicidad 56\u00d7130<\/a><\/p>\n<p><a href=\"https:\/\/www.mission-21.org\/wp-content\/uploads\/2022\/11\/m21_ins_weitergeben_114x150.pdf\">Publicidad 114\u00d7150<\/a><\/p>\n<p><a href=\"https:\/\/www.mission-21.org\/wp-content\/uploads\/2022\/11\/m21_ins_weitergeben_quer_103x65_20minuten.pdf\">\u25ba Publicidad 103\u00d765<\/a><\/p>\n<p><a href=\"https:\/\/www.mission-21.org\/wp-content\/uploads\/2022\/11\/m21_ins_weitergeben_quer_112x56.pdf\">Publicidad 112\u00d756<\/a><\/p>\n<p><a href=\"https:\/\/www.mission-21.org\/wp-content\/uploads\/2022\/11\/m21_ins_weitergeben_102x33_migros.pdf\">\u25ba Publicidad 102\u00d733<\/a><\/p>\n<p><a href=\"https:\/\/www.mission-21.org\/wp-content\/uploads\/2022\/11\/m21_ins_weitergeben_102x141_migros.pdf\">\u25ba Publicidad 102\u00d7141<\/a><\/p>\n\t\t\t\t\t\tPDF en blanco y negro\n\t\t\t\t\t\t\t\t\t\t\t<p><a href=\"https:\/\/www.mission-21.org\/wp-content\/uploads\/2022\/11\/m21_ins_weitergeben_50x138_20minuten-1.pdf\">Publicidad 50\u00d7138<img decoding=\"async\" src=\"https:\/\/www.mission-21.org\/wp-content\/uploads\/2022\/11\/fuellerinserat-bw.jpg\" alt=\"fueller ad bw\" width=\"361\" height=\"593\" \/><\/a><\/p>\n<p><a href=\"https:\/\/www.mission-21.org\/wp-content\/uploads\/2022\/11\/m21_ins_weitergeben_56x130-1.pdf\">Publicidad 56\u00d7130<\/a><\/p>\n<p><a href=\"https:\/\/www.mission-21.org\/wp-content\/uploads\/2022\/11\/m21_ins_weitergeben_114x150-1.pdf\">Publicidad 114\u00d7150<\/a><\/p>\n<p><a href=\"https:\/\/www.mission-21.org\/wp-content\/uploads\/2022\/11\/m21_ins_weitergeben_quer_103x65_20minuten-1.pdf\">\u25ba Publicidad 103\u00d765<\/a><\/p>\n<p><a href=\"https:\/\/www.mission-21.org\/wp-content\/uploads\/2022\/11\/m21_ins_weitergeben_quer_112x56-1.pdf\">Publicidad 112\u00d756<\/a><\/p>\n<p>Para otros formatos y preguntas:<\/p>\n\t\t<a href=\"https:\/\/www.mission-21.org\/es\/equipo\/stefanie-schaad-2\/\" title=\"Mostrar el contenido del campo de visualizaci\u00f3n\" target=\"_self\"  aria-label=\"Elemento de puesto\"><\/a>\t\t\n\t<meta itemscope itemprop=\"mainEntityOfPage\" itemtype=\"https:\/\/schema.org\/WebPage\" itemid=\"https:\/\/www.mission-21.org\/team\/stefanie-schaad\/\" content=\"Stefanie Schaad\" \/><meta itemprop=\"datePublished\" content=\"2024-06-20\" \/><meta itemprop=\"dateModified\" content=\"2024-06-27\" \/><meta itemprop=\"name\" content=\"Mission 21\"\/><meta itemprop=\"url\" content=\"https:\/\/www.mission-21.org\/wp-content\/uploads\/2022\/08\/de-blau.svg\"\/><meta itemprop=\"url\" content=\"https:\/\/www.mission-21.org\/author\/ms_i2r4b8vl\/\" \/><meta itemprop=\"name\" content=\"Michael Salzer\" \/><meta itemprop=\"url\" content=\"https:\/\/www.mission-21.org\/wp-content\/uploads\/2024\/06\/stefanie_schaad-1.png\" \/><meta itemprop=\"width\" content=\"654\" \/><meta itemprop=\"height\" content=\"787\" \/><meta itemprop=\"interactionType\" content=\"https:\/\/schema.org\/CommentAction\" \/><meta itemprop=\"userInteractionCount\" content=\"0\" \/>\n\t<img width=\"654\" height=\"787\" src=\"https:\/\/www.mission-21.org\/wp-content\/uploads\/2024\/06\/stefanie_schaad-1.png\" alt=\"stefanie schaad\" itemprop=\"image\" decoding=\"async\" srcset=\"https:\/\/www.mission-21.org\/wp-content\/uploads\/2024\/06\/stefanie_schaad-1.png 654w, https:\/\/www.mission-21.org\/wp-content\/uploads\/2024\/06\/stefanie_schaad-1-10x12.png 10w, https:\/\/www.mission-21.org\/wp-content\/uploads\/2024\/06\/stefanie_schaad-1-300x361.png 300w, https:\/\/www.mission-21.org\/wp-content\/uploads\/2024\/06\/stefanie_schaad-1-600x722.png 600w\" sizes=\"(max-width: 654px) 100vw, 654px\" \/>\n<h3>Stefanie Schaad<\/h3>\n<p>Legados y herencias responsables<\/p>\n<p>Tel\u00e9fono +41 (0)61 260 22 28<\/p>\n<p><a href=\"mailto:stefanie.schaad@mission-21.org\">\u25ba Correo electr\u00f3nico<\/a><\/p>","protected":false},"excerpt":{"rendered":"<p>Spenden Kontakt Wir geben Ihnen Ausk\u00fcnfte zu unserer Arbeit, helfen Ihnen bei Recherchen und Bildanfragen und vermitteln Ihnen Interviews mit Fachpersonen und internationalen Mitarbeitenden im Einsatz. Sehr gerne nehmen wir Sie in unseren Medienverteiler auf, eine kurze Mitteilung gen\u00fcgt. Christoph R\u00e1cz Verantwortlicher Kommunikation und MedienbeauftragterTel.: +41 61 260 22 49\u25ba E-Mail Aktuelle Medienmitteilungen Seit 2023 [&hellip;]<\/p>\n","protected":false},"author":1,"featured_media":3509,"parent":215,"menu_order":0,"comment_status":"closed","ping_status":"closed","template":"","meta":{"_acf_changed":false,"_seopress_robots_primary_cat":"","_seopress_titles_title":"","_seopress_titles_desc":"","_seopress_robots_index":"","_searchwp_excluded":"","site-sidebar-layout":"default","site-content-layout":"","ast-site-content-layout":"default","site-content-style":"default","site-sidebar-style":"default","ast-global-header-display":"","ast-banner-title-visibility":"","ast-main-header-display":"","ast-hfb-above-header-display":"","ast-hfb-below-header-display":"","ast-hfb-mobile-header-display":"","site-post-title":"","ast-breadcrumbs-content":"","ast-featured-img":"","footer-sml-layout":"","ast-disable-related-posts":"","theme-transparent-header-meta":"","adv-header-id-meta":"","stick-header-meta":"","header-above-stick-meta":"","header-main-stick-meta":"","header-below-stick-meta":"","astra-migrate-meta-layouts":"set","ast-page-background-enabled":"default","ast-page-background-meta":{"desktop":{"background-color":"var(--ast-global-color-4)","background-image":"","background-repeat":"repeat","background-position":"center center","background-size":"auto","background-attachment":"scroll","background-type":"","background-media":"","overlay-type":"","overlay-color":"","overlay-opacity":"","overlay-gradient":""},"tablet":{"background-color":"","background-image":"","background-repeat":"repeat","background-position":"center center","background-size":"auto","background-attachment":"scroll","background-type":"","background-media":"","overlay-type":"","overlay-color":"","overlay-opacity":"","overlay-gradient":""},"mobile":{"background-color":"","background-image":"","background-repeat":"repeat","background-position":"center center","background-size":"auto","background-attachment":"scroll","background-type":"","background-media":"","overlay-type":"","overlay-color":"","overlay-opacity":"","overlay-gradient":""}},"ast-content-background-meta":{"desktop":{"background-color":"var(--ast-global-color-5)","background-image":"","background-repeat":"repeat","background-position":"center center","background-size":"auto","background-attachment":"scroll","background-type":"","background-media":"","overlay-type":"","overlay-color":"","overlay-opacity":"","overlay-gradient":""},"tablet":{"background-color":"var(--ast-global-color-5)","background-image":"","background-repeat":"repeat","background-position":"center center","background-size":"auto","background-attachment":"scroll","background-type":"","background-media":"","overlay-type":"","overlay-color":"","overlay-opacity":"","overlay-gradient":""},"mobile":{"background-color":"var(--ast-global-color-5)","background-image":"","background-repeat":"repeat","background-position":"center center","background-size":"auto","background-attachment":"scroll","background-type":"","background-media":"","overlay-type":"","overlay-color":"","overlay-opacity":"","overlay-gradient":""}},"iawp_total_views":937,"footnotes":""},"hf_cat_page":[301],"class_list":["post-323","page","type-page","status-publish","has-post-thumbnail"],"acf":[],"_links":{"self":[{"href":"https:\/\/www.mission-21.org\/es\/wp-json\/wp\/v2\/pages\/323","targetHints":{"allow":["GET"]}}],"collection":[{"href":"https:\/\/www.mission-21.org\/es\/wp-json\/wp\/v2\/pages"}],"about":[{"href":"https:\/\/www.mission-21.org\/es\/wp-json\/wp\/v2\/types\/page"}],"author":[{"embeddable":true,"href":"https:\/\/www.mission-21.org\/es\/wp-json\/wp\/v2\/users\/1"}],"replies":[{"embeddable":true,"href":"https:\/\/www.mission-21.org\/es\/wp-json\/wp\/v2\/comments?post=323"}],"version-history":[{"count":11,"href":"https:\/\/www.mission-21.org\/es\/wp-json\/wp\/v2\/pages\/323\/revisions"}],"predecessor-version":[{"id":19532,"href":"https:\/\/www.mission-21.org\/es\/wp-json\/wp\/v2\/pages\/323\/revisions\/19532"}],"up":[{"embeddable":true,"href":"https:\/\/www.mission-21.org\/es\/wp-json\/wp\/v2\/pages\/215"}],"wp:featuredmedia":[{"embeddable":true,"href":"https:\/\/www.mission-21.org\/es\/wp-json\/wp\/v2\/media\/3509"}],"wp:attachment":[{"href":"https:\/\/www.mission-21.org\/es\/wp-json\/wp\/v2\/media?parent=323"}],"wp:term":[{"taxonomy":"hf_cat_page","embeddable":true,"href":"https:\/\/www.mission-21.org\/es\/wp-json\/wp\/v2\/hf_cat_page?post=323"}],"curies":[{"name":"wp","href":"https:\/\/api.w.org\/{rel}","templated":true}]}}