{"id":3379,"date":"2022-10-06T10:26:41","date_gmt":"2022-10-06T08:26:41","guid":{"rendered":"https:\/\/www.mission-21.org\/?page_id=3379"},"modified":"2026-01-27T11:17:45","modified_gmt":"2026-01-27T10:17:45","slug":"red","status":"publish","type":"page","link":"https:\/\/www.mission-21.org\/es\/wer-wir-sind\/netzwerk\/","title":{"rendered":"Red"},"content":{"rendered":"<img decoding=\"async\" src=\"https:\/\/www.mission-21.org\/wp-content\/uploads\/2022\/08\/csm_header_news_d521d70e38.jpeg\" alt=\"csm header news d521d70e38\" itemprop=\"image\" height=\"688\" width=\"1680\" title=\"csm_Header_News_d521d70e38\" onerror=\"this.style.display='none'\" loading='lazy' \/>\n\t<div class=\"fl-builder-content fl-builder-content-3660 fl-builder-template fl-builder-module-template fl-builder-global-templates-locked\" data-post-id=\"3660\"><div class=\"fl-module fl-module-pp-toc fl-node-xrvkwe8ihtn6 toc\" data-node=\"xrvkwe8ihtn6\">\n\t<div class=\"fl-module-content fl-node-content\">\n\t\t<div class=\"pp-toc-container\">\n\t\n\t<div class=\"pp-toc-body\">\n\t\t\t\t\t<ul class=\"pp-toc-list-wrapper pp-toc-list-icon\"><\/ul>\n\t\t\t\t<\/div>\n<\/div>\n\n\t<\/div>\n<\/div>\n<\/div><div class=\"uabb-js-breakpoint\" style=\"display: none;\"><\/div>\n\t\t\t<a href=\"\/es\/donar\/\" title=\"Donaciones\" target=\"_self\"   role=\"button\" aria-label=\"Donaciones\">\n\t\t\t\t\t\t\tDonaciones\n\t\t\t\t\t\t\t\t\t<img decoding=\"async\" src=\"https:\/\/www.mission-21.org\/wp-content\/uploads\/2022\/08\/csm_heat-icon_b1dbd40167.png\"\/>\n\t\t<\/a>\n\t\t\t\t<img decoding=\"async\" src=\"https:\/\/www.mission-21.org\/wp-content\/uploads\/2022\/10\/csm_partner_header_werwirsind_4fa4815693.jpg\" alt=\"csm partner header werwirsind 4fa4815693\" itemprop=\"image\" height=\"659\" width=\"1170\" title=\"csm_Partner_Header_Werwirsind_4fa4815693\" onerror=\"this.style.display='none'\" loading='lazy' \/>\n<h2>\n\t\t\tOrganizaciones asociadas\t<\/h2>\n\t<p>La consolidaci\u00f3n de la paz, la salud, la educaci\u00f3n y la soberan\u00eda alimentaria, la buena gobernanza y los derechos humanos, as\u00ed como la justicia de g\u00e9nero y la superaci\u00f3n de la violencia de g\u00e9nero, son los \u00e1mbitos en los que trabaja Mission 21. Junto con unas 60 iglesias y organizaciones asociadas, participamos en la cooperaci\u00f3n internacional y la ayuda humanitaria a largo plazo. Las relaciones, especialmente con las iglesias asociadas, se remontan a d\u00e9cadas, en algunos casos hasta 200 a\u00f1os.<\/p>\n<p><a href=\"https:\/\/www.mission-21.org\/es\/que-hacemos\/socio\/\">\u25ba a nuestras organizaciones asociadas<\/a><\/p>\n<h2>\n\t\t\tOrganizaciones de apoyo\t<\/h2>\n\t\t\t\t<img decoding=\"async\" src=\"https:\/\/www.mission-21.org\/wp-content\/uploads\/2022\/10\/csm_deza_schweiz_0abdc82f60.jpg\" alt=\"csm deza suiza 0abdc82f60\" title=\"csm_DEZA_Schweiz_0abdc82f60\" itemprop=\"image\"\/>\n\t\t\t\t<p>El <strong>Agencia Suiza para el Desarrollo y la Cooperaci\u00f3n (COSUDE)<\/strong> del Departamento Federal de Asuntos Exteriores (DFAE) lleva varios a\u00f1os apoyando el trabajo program\u00e1tico de Mission 21, incluso en la fase actual 2018-2021.<\/p>\n\t\t\t\t<img decoding=\"async\" src=\"https:\/\/www.mission-21.org\/wp-content\/uploads\/2025\/01\/logo_positiv_farbig_swissfondsbs4f-1.jpg\" alt=\"logo positive coloured swissfondsbs4f\" title=\"Logo_positive_colour_swissfondsbs4f\" itemprop=\"image\"\/>\n<p>El <strong>Swisslos Fund Basel-Stadt<\/strong> apoy\u00f3 el proyecto de ayuda de emergencia en Sud\u00e1n del Sur en 2024.\u00a0<\/p>\n<p><a href=\"https:\/\/www.mission-21.org\/es\/proyectos\/inundaciones-en-sudan-del-sur-temp\/\">\u25ba Sobre el proyecto<\/a><\/p>\n\t\t\t\t<img decoding=\"async\" src=\"https:\/\/www.mission-21.org\/wp-content\/uploads\/2024\/07\/logo-stiftung-wegweiser-web.jpg\" alt=\"imprimir\" title=\"Presi\u00f3n\" itemprop=\"image\"\/>\n<p>El\u00a0<strong>Fundaci\u00f3n Signpost <\/strong>apoy\u00f3 nuestro Programa Embajada de la Juventud 2023-2025.<\/p>\n<p><a href=\"https:\/\/www.mission-21.org\/es\/programa-embajada-de-la-juventud\/\">\u25ba Sobre el proyecto<\/a><\/p>\n\t\t\t\t<img decoding=\"async\" src=\"https:\/\/www.mission-21.org\/wp-content\/uploads\/2022\/10\/csm_egs_schriftzug_schwarz_66ef71dd9f.jpg\" alt=\"csm egs lettering black 66ef71dd9f\" title=\"csm_EGS_lettering_black_66ef71dd9f\" itemprop=\"image\"\/>\n<p>El <strong>Fundaci\u00f3n Ernst G\u00f6hner<\/strong> apoy\u00f3 al archivo de Misi\u00f3n 21 en la catalogaci\u00f3n de la colecci\u00f3n.<\/p>\n<p><a href=\"https:\/\/www.mission-21.org\/es\/que-hacemos\/investigacion\/archivo-de-investigacion\/\">\u25ba Sobre el proyecto<\/a><\/p>\n\t\t\t\t<img decoding=\"async\" src=\"https:\/\/www.mission-21.org\/wp-content\/uploads\/2022\/10\/csm_logo_symphasis_3affbd5254.jpg\" alt=\"csm logo symphasis 3affbd5254\" title=\"csm_Logo_Symphasis_3affbd5254\" itemprop=\"image\"\/>\n<p>El\u00a0<strong>Fundaci\u00f3n Symphasis<\/strong> apoy\u00f3 el proyecto \"Trabajo con hu\u00e9rfanos\" en Tanzania.\u00a0<\/p>\n<p><a href=\"https:\/\/www.mission-21.org\/es\/proyectos\/trabajo-con-huerfanos\/\">\u25ba Sobre el proyecto<\/a><\/p>\n\t\t\t\t<img decoding=\"async\" src=\"https:\/\/www.mission-21.org\/wp-content\/uploads\/2024\/07\/logo_movetia_rgb_red_green.jpg\" alt=\"logo movetia rgb rojo verde\" title=\"Logo_Movetia_RGB_Rojo_Verde\" itemprop=\"image\"\/>\n<p>El\u00a0<strong>Fundaci\u00f3n Movetia <\/strong>apoy\u00f3 nuestro Programa Embajada de la Juventud 2023-2025.<\/p>\n<p><a href=\"https:\/\/www.mission-21.org\/es\/programa-embajada-de-la-juventud\/\">\u25ba Sobre el proyecto<\/a><\/p>\n\t\t\t\t<img decoding=\"async\" src=\"https:\/\/www.mission-21.org\/wp-content\/uploads\/2022\/10\/csm_mercator_logo_1164ebe913.png\" alt=\"csm mercator logo 1164ebe913\" title=\"csm_Mercator_Logo_1164ebe913\" itemprop=\"image\"\/>\n<p>El\u00a0<strong>Fundaci\u00f3n Mercator Suiza\u00a0<\/strong>apoy\u00f3 nuestro Programa Embajada de la Juventud 2019-2022.<\/p>\n<p><a href=\"https:\/\/www.mission-21.org\/es\/youngmission21\/\">\u25ba Sobre el proyecto<\/a><\/p>\n\t\t\t\t<img decoding=\"async\" src=\"https:\/\/www.mission-21.org\/wp-content\/uploads\/2022\/10\/csm_logo_christoph_merian_stiftung_0848d3a40f.jpg\" alt=\"csm logo fundaci\u00f3n christoph merian 0848d3a40f\" title=\"csm_Logo_Fundaci\u00f3n Cristoph_Merian_0848d3a40f\" itemprop=\"image\"\/>\n<p>El <strong>Fundaci\u00f3n Christoph Merian<\/strong> apoy\u00f3 al archivo de Misi\u00f3n 21 en la catalogaci\u00f3n de la colecci\u00f3n.<\/p>\n<p><a href=\"https:\/\/www.mission-21.org\/es\/que-hacemos\/investigacion\/archivo-de-investigacion\/\">\u25ba Sobre el proyecto<\/a><\/p>\n\t\t\t\t<img decoding=\"async\" src=\"https:\/\/www.mission-21.org\/wp-content\/uploads\/2026\/01\/dr-ernst-guenther-broeder-stiftung.png\" alt=\"fundaci\u00f3n dr ernst guenther broeder\" title=\"dr-ernst-guenther-broeder-foundation\" itemprop=\"image\"\/>\n<p><strong>Fundaci\u00f3n Dr. Ernst-G\u00fcnther Br\u00f6der<\/strong> apoya nuestro proyecto \"Formaci\u00f3n profesional inclusiva para j\u00f3venes en Tanzania\".<\/p>\n<p><a href=\"https:\/\/www.egbroederstiftung.ch\/de\/die_stiftung\">\u25ba Sobre el proyecto<\/a><\/p>\n<h2>\n\t\t\tApoyo a los proveedores de servicios\t<\/h2>\n\t<p>Aqu\u00ed enlazamos organizaciones y empresas que apoyan Mission 21 mediante la presentaci\u00f3n gratuita en su sitio web.<\/p>\n<p><a href=\"https:\/\/www.daibau.ch\/gute_taten_schaffen_helden\">\u25ba Daibau: plataforma de construcci\u00f3n para encontrar proveedores adecuados<\/a><\/p>\n<h2>\n\t\t\tRed de Mujeres de Mission 21\t<\/h2>\n\t<p>En todos sus proyectos y programas en \u00c1frica, Asia y Am\u00e9rica Latina, as\u00ed como en su labor educativa en Suiza, Mission 21 trabaja con sus organizaciones asociadas para promover a las mujeres y la igualdad de g\u00e9nero. Las coordinadoras de Mission 21 trabajan para lograr este objetivo con pericia y experiencia. Mujeres de todos los continentes intercambian ideas en la red de mujeres de Mission 21.<\/p>\n\t\t\t\t<img decoding=\"async\" src=\"https:\/\/www.mission-21.org\/wp-content\/uploads\/2022\/10\/csm_foto_frauennetzwerk_beatrice_ngeh_00b2d9fd7e.jpg\" alt=\"csm photo women network beatrice ngeh 00b2d9fd7e\" itemprop=\"image\" height=\"274\" width=\"365\" title=\"csm_Foto_Red_Mujeres_Beatrice_Ngeh_00b2d9fd7e\" onerror=\"this.style.display='none'\" loading='lazy' \/>\n<p><strong>Beatrice Ngeh, coordinadora de ACA desde 2014<\/strong><\/p>\n<p>Coordina el Departamento de la Mujer del PCC. En sus grupos de mujeres, se anima y capacita a las mujeres para que participen en igualdad de condiciones en la sociedad camerunesa y tengan voz en la toma de decisiones. Estudi\u00f3 ciencias sociales, educaci\u00f3n, historia y geograf\u00eda en la Universidad de Yaund\u00e9 y es diplomada en estudios b\u00edblicos.<\/p>\n\t\t\t\t<img decoding=\"async\" src=\"https:\/\/www.mission-21.org\/wp-content\/uploads\/2022\/10\/csm_ebed_yauri_portraet_dadb48ee16.jpg\" alt=\"csm ebed yauri portraet dadb48ee16\" itemprop=\"image\" height=\"300\" width=\"399\" title=\"csm_Ebed_Yauri_Portraet_dadb48ee16\" onerror=\"this.style.display='none'\" loading='lazy' \/>\n<p><strong>Ebed Adai Grijalva Yauri, Direcci\u00f3n General de CEDEPAS <\/strong><\/p>\n<p>Ebed Adai Grijalva Yauri es presidente de los socios de Misi\u00f3n 21 en Per\u00fa. Recientemente, ha formado parte del equipo PRIME (Planificaci\u00f3n, Ejecuci\u00f3n, Seguimiento y Evaluaci\u00f3n) y ha sido Presidenta del Comit\u00e9 de Becas de Misi\u00f3n 21 en Per\u00fa. En la actualidad, Ebed tambi\u00e9n es miembro del Comit\u00e9 de la Asamblea Continental de Misi\u00f3n 21 (CELA), as\u00ed como de la Iglesia Evang\u00e9lica del Per\u00fa (IEP).<\/p>\n\t\t\t\t<img decoding=\"async\" src=\"https:\/\/www.mission-21.org\/wp-content\/uploads\/2023\/04\/img_3154-1-600x450.jpg\" alt=\"Karmila Yusup\" itemprop=\"image\" height=\"450\" width=\"600\" title=\"Karmila Yusup\" onerror=\"this.style.display='none'\" loading='lazy' \/>\n<p><strong>Karmila Yusup, Asia<\/strong><\/p>\n<p>La pastora Karmila Yusup es la Coordinadora Regional para Asia de Mission 21, con sede en Yakarta. Junto con otros once miembros del equipo, apoya la ejecuci\u00f3n del programa sobre el terreno, asesora y acompa\u00f1a a nuestras organizaciones asociadas y ampl\u00eda la cooperaci\u00f3n. Una de sus principales \u00e1reas de trabajo es la protecci\u00f3n de las mujeres contra la violencia. Para ello, fund\u00f3 en 2013 el centro indonesio de crisis para mujeres \"Pasundan-Durebang\" en Java Occidental.<\/p>\n<h2>\n\t\t\tOrganizaciones afiliadas y amigas\t<\/h2>\n\t\t\t\t<img decoding=\"async\" src=\"https:\/\/www.mission-21.org\/wp-content\/uploads\/2022\/10\/csm_logo_eks_ch_25d97c0dba.png\" alt=\"csm logo eks ch 25d97c0dba\" title=\"csm_Logo_EKS_CH_25d97c0dba\" itemprop=\"image\"\/>\n\t\t\t\t<p>Mission 21 es la organizaci\u00f3n misionera oficialmente reconocida de la <strong>Iglesia Protestante Reformada Suiza EKS<\/strong>. Las 24 iglesias cantonales reformadas de Suiza, as\u00ed como otras dos iglesias, est\u00e1n unidas en la EKS. El EKS representa as\u00ed a unos 2,4 millones de protestantes en Suiza.<\/p>\n<p><a title=\"Iglesias protestantes en Suiza\" href=\"https:\/\/www.evref.ch\/\" target=\"_blank\" rel=\"noopener\">\u25ba al sitio web<\/a>\u00a0<\/p>\n<p><a href=\"https:\/\/www.evref.ch\/organisation\/werke-und-missionsorganisationen\/\" target=\"_blank\" rel=\"noopener\">\u25ba Misi\u00f3n 21 en el sitio web de EKS<\/a><\/p>\n\t\t\t\t<img decoding=\"async\" src=\"https:\/\/www.mission-21.org\/wp-content\/uploads\/2022\/10\/csm_netzwerk_ems_c0349205fb.jpg\" alt=\"csm network ems c0349205fb\" title=\"csm_Netzwerk_EMS_c0349205fb\" itemprop=\"image\"\/>\n<p>El <strong>Misi\u00f3n Evang\u00e9lica Solidaria<\/strong> EMS es la confraternidad cristiana internacional del sur de Alemania, con sede en Stuttgart. Tiene una larga relaci\u00f3n con Mission 21 y con la mayor asociaci\u00f3n de apoyo a Mission 21, la Basel Mission. La EMS es una asociaci\u00f3n de 23 iglesias y cinco sociedades misioneras y persigue objetivos de cooperaci\u00f3n al desarrollo similares a los de Mission 21.<\/p>\n<p><a href=\"https:\/\/ems-online.org\/mission-in-solidaritaet\/\" target=\"_blank\" rel=\"noopener\">\u25ba al sitio web<\/a><\/p>\n\t\t\t\t<img decoding=\"async\" src=\"https:\/\/www.mission-21.org\/wp-content\/uploads\/2022\/08\/csm_logo_act_alliance-transparent_818f68196c.png\" alt=\"csm logo act alliance transparente 818f68196c\" title=\"csm_Logo_act_alliance-transparent_818f68196c\" itemprop=\"image\"\/>\n<p><strong>Alianza ACT<\/strong> es una alianza de 150 iglesias y organizaciones religiosas que trabajan juntas en m\u00e1s de 125 pa\u00edses. ACT Alliance trabaja en favor de las personas desfavorecidas y marginadas, independientemente de su origen religioso, \u00e9tnico o pol\u00edtico, g\u00e9nero u orientaci\u00f3n sexual. El objetivo es trabajar juntos para promover un desarrollo positivo y sostenible.\u00a0<\/p>\n<p><a href=\"https:\/\/actalliance.org\/\" target=\"_blank\" rel=\"noopener\">\u25ba al sitio web<\/a><\/p>\n\t\t\t\t<img decoding=\"async\" src=\"https:\/\/www.mission-21.org\/wp-content\/uploads\/2022\/10\/csm_koge_logo_mission_21_8ae268efa0.jpg\" alt=\"csm koge logo mission 21 8ae268efa0\" title=\"csm_KoGe_Logo_Mission_21_8ae268efa0\" itemprop=\"image\"\/>\n<p>Mission 21 es miembro de la <strong>Comunidad de Cooperaci\u00f3n (KoGe)<\/strong>. Jochen Kirsch, director de Mission 21, ha sido presidente de KoGe desde su fundaci\u00f3n en 2019. La Comunidad de Cooperaci\u00f3n (KoGe) es la organizaci\u00f3n que agrupa a nueve organizaciones miembros del entorno reformado protestante en Suiza. Compartimos conocimientos, competencias y recursos y nos comprometemos con un objetivo com\u00fan: una vida digna para todas las personas, independientemente de su sexo, origen o religi\u00f3n. Nuestros miembros colaboran con 150 organizaciones locales asociadas en m\u00e1s de 40 pa\u00edses del mundo. La paz, la justicia y las sociedades inclusivas est\u00e1n en el centro de nuestro programa conjunto.<\/p>\n<p><a href=\"https:\/\/koge.ch\/public\/home\/\" target=\"_blank\" rel=\"noopener\">\u25ba al sitio web<\/a><\/p>\n\t\t\t\t<img decoding=\"async\" src=\"https:\/\/www.mission-21.org\/wp-content\/uploads\/2022\/10\/csm_logo_missionspresse_app_b688a71e10.jpg\" alt=\"csm logo mission press app b688a71e10\" title=\"csm_Logo_Missionspresse_App_b688a71e10\" itemprop=\"image\"\/>\n<p>Junto con otras cinco agencias misioneras de Alemania y Austria, Mission 21 forma la <strong>Prensa de la Misi\u00f3n de Cooperaci\u00f3n<\/strong>. Nuestras publicaciones ofrecen informaci\u00f3n sobre la Iglesia mundial, religi\u00f3n y desarrollo y cooperaci\u00f3n internacional al desarrollo. Todas las revistas de estas organizaciones misioneras - incluida la <a href=\"https:\/\/www.mission-21.org\/es\/informar-a\/publicaciones\/\">\"encuentro\"<\/a> de Misi\u00f3n 21 - son accesibles en l\u00ednea en un quiosco de revistas digitales. Los miembros de la Prensa de la Misi\u00f3n de Cooperaci\u00f3n son: <a href=\"https:\/\/ems-online.org\/mission-in-solidaritaet\/\" target=\"_blank\" rel=\"noopener\">Misi\u00f3n Evang\u00e9lica Solidaria EMS<\/a>El <a href=\"https:\/\/mission.de\/\" target=\"_blank\" rel=\"noopener\">Organizaci\u00f3n paraguas Evangelisches Missionswerk in Deutschland EMW<\/a> con sede en Hamburgo, el <a href=\"https:\/\/www.elm-mission.net\/startseite.html\" target=\"_blank\" rel=\"noopener\">Agencia Misionera Evang\u00e9lica Luterana en Baja Sajonia ELM<\/a>, <a href=\"https:\/\/mission-einewelt.de\/\" target=\"_blank\" rel=\"noopener\">Misi\u00f3n Un Mundo MEW<\/a>en Baviera, el <a href=\"https:\/\/eawm.at\/\" target=\"_blank\" rel=\"noopener\">Grupo de Trabajo Evang\u00e9lico sobre Misi\u00f3n Mundial EAWM<\/a> en Viena y Misi\u00f3n 21.<\/p>\n<p><a href=\"https:\/\/app.missionspresse.org\/en\/profiles\/1fbeb62bce96\/editions\" target=\"_blank\" rel=\"noopener\">\u25ba Al quiosco de revistas digitales de la Prensa de la Misi\u00f3n <\/a><\/p>\n\t\t\t\t<img decoding=\"async\" src=\"https:\/\/www.mission-21.org\/wp-content\/uploads\/2022\/10\/csm_netzwerk_oerk_70e1a2242e.jpg\" alt=\"csm network oerk 70e1a2242e\" title=\"csm_Netzwerk_OERK_70e1a2242e\" itemprop=\"image\"\/>\n<p>Mission 21 es miembro de la Comisi\u00f3n CWME de la <strong>Consejo Mundial de Iglesias<\/strong> CMI. El CMI es la comunidad m\u00e1s grande y representativa del movimiento ecum\u00e9nico moderno, cuyo objetivo es la unidad del cristianismo. El CMI re\u00fane a unas 350 iglesias de diversas denominaciones, que representan a m\u00e1s de 500 millones de cristianos. El CMI tambi\u00e9n llama a las iglesias miembros a la solidaridad: a \"cumplir su ministerio cristiano ayudando a las personas necesitadas, rompiendo las barreras entre las personas, trabajando por la justicia y la paz y por la integridad de la creaci\u00f3n\".<\/p>\n<p><a href=\"https:\/\/www.oikoumene.org\/de\" target=\"_blank\" rel=\"noopener\">\u25ba al sitio web<\/a><\/p>\n\t\t\t\t<img decoding=\"async\" src=\"https:\/\/www.mission-21.org\/wp-content\/uploads\/2022\/10\/logo_bmdz.jpg\" alt=\"logo bmdz\" title=\"logoo_BMDZ\" itemprop=\"image\"\/>\n\t\t\t\t<p>El <strong>Misi\u00f3n de Basilea - Sucursal de Alemania<\/strong> El BMDZ considera su trabajo como un v\u00ednculo de uni\u00f3n entre el SME y la Misi\u00f3n de Basilea\/Misi\u00f3n 21. Apoya y promueve el trabajo program\u00e1tico de la Misi\u00f3n 21 a trav\u00e9s de una labor educativa y de relaciones p\u00fablicas, as\u00ed como de la recaudaci\u00f3n de fondos en el suroeste de Alemania. El BMDZ es miembro de la EMS.<\/p>\n<p><a href=\"https:\/\/bmdz.ems-online.org\/\">\u25ba al sitio web<\/a><\/p>\n\t\t\t\t<img decoding=\"async\" src=\"https:\/\/www.mission-21.org\/wp-content\/uploads\/2022\/10\/csm_netzwerk_uepal_74a962dca9.jpg\" alt=\"red csm uepal 74a962dca9\" title=\"csm_Netzwerk_UEPAL_74a962dca9\" itemprop=\"image\"\/>\n<p>En Alsacia, el <strong>Uni\u00f3n de Iglesias Protestantes de Alsacia y Lorena<\/strong> La UEPAL cuenta con unos 250.000 protestantes. La UEPAL mantiene relaciones amistosas con Mission 21 y apoya su labor como miembro de la Conferencia Continental Europea.<\/p>\n<p><a href=\"http:\/\/www.uepal.fr\/\" target=\"_blank\" rel=\"noopener\">\u25ba al sitio web<\/a><\/p>\n\t\t\t\t<img decoding=\"async\" src=\"https:\/\/www.mission-21.org\/wp-content\/uploads\/2022\/10\/csm_eawm_wien_logo_5faf27d1e2.jpg\" alt=\"csm eawm viena logo 5faf27d1e2\" title=\"csm_EAWM_Wien_Logo_5faf27d1e2\" itemprop=\"image\"\/>\n<p>Nuestra organizaci\u00f3n asociada en Austria es la <strong>Grupo de Trabajo Protestante para la Misi\u00f3n Mundial<\/strong> EAWM en Viena. La EAWM apoya a Mission 21 como miembro de la Basel Mission, la mayor asociaci\u00f3n de apoyo a Mission 21.<\/p>\n<p><a href=\"http:\/\/www.eawm.at\/\" target=\"_blank\" rel=\"noopener\">\u25ba al sitio web<\/a><\/p>\n\t\t\t\t<img decoding=\"async\" src=\"https:\/\/www.mission-21.org\/wp-content\/uploads\/2022\/10\/allianz-schweiz-1.jpg\" alt=\"alianza suiza\" title=\"Alianza suiza\" itemprop=\"image\"\/>\n<p>El <strong>Alianza por el Clima de Suiza <\/strong>es una alianza de organizaciones de la sociedad civil para la protecci\u00f3n del clima en Suiza. Con sus m\u00e1s de 100 organizaciones miembros de los \u00e1mbitos de la cooperaci\u00f3n internacional, el medio ambiente, la iglesia, la juventud y la protecci\u00f3n del consumidor, hace campa\u00f1a por una pol\u00edtica clim\u00e1tica ambiciosa y una transici\u00f3n energ\u00e9tica a nivel local, nacional e internacional. La Alianza por el Clima de Suiza se fund\u00f3 en 2004. Mission 21 es miembro de Climate Alliance Switzerland.<\/p>\n<p><a href=\"https:\/\/www.klima-allianz.ch\/\" target=\"_blank\" rel=\"noopener\">\u25ba al sitio web<\/a><\/p>","protected":false},"excerpt":{"rendered":"<p>Spenden Partnerorganisationen Friedensf\u00f6rderung, Gesundheit, Bildung und Ern\u00e4hrungssouver\u00e4nit\u00e4t, Good Governance und Menschenrechte sowie Gendergerechtigkeit und die \u00dcberwindung von geschlechtsspezifischer Gewalt sind die Wirkungsbereiche von Mission 21. Wir engagieren uns gemeinsam mit rund 60 Partnerkirchen und Partnerorganisationen in langfristig angelegter internationaler Zusammenarbeit sowie humanit\u00e4rer Hilfe. Die Beziehungen, besonders mit Partnerkirchen, reichen Jahrzehnte zur\u00fcck, teilweise bis zu 200 [&hellip;]<\/p>\n","protected":false},"author":1,"featured_media":3381,"parent":218,"menu_order":0,"comment_status":"closed","ping_status":"closed","template":"","meta":{"_acf_changed":false,"_seopress_robots_primary_cat":"","_seopress_titles_title":"","_seopress_titles_desc":"","_seopress_robots_index":"","_searchwp_excluded":"","site-sidebar-layout":"default","site-content-layout":"","ast-site-content-layout":"default","site-content-style":"default","site-sidebar-style":"default","ast-global-header-display":"","ast-banner-title-visibility":"","ast-main-header-display":"","ast-hfb-above-header-display":"","ast-hfb-below-header-display":"","ast-hfb-mobile-header-display":"","site-post-title":"","ast-breadcrumbs-content":"","ast-featured-img":"","footer-sml-layout":"","ast-disable-related-posts":"","theme-transparent-header-meta":"","adv-header-id-meta":"","stick-header-meta":"","header-above-stick-meta":"","header-main-stick-meta":"","header-below-stick-meta":"","astra-migrate-meta-layouts":"set","ast-page-background-enabled":"default","ast-page-background-meta":{"desktop":{"background-color":"var(--ast-global-color-4)","background-image":"","background-repeat":"repeat","background-position":"center center","background-size":"auto","background-attachment":"scroll","background-type":"","background-media":"","overlay-type":"","overlay-color":"","overlay-opacity":"","overlay-gradient":""},"tablet":{"background-color":"","background-image":"","background-repeat":"repeat","background-position":"center center","background-size":"auto","background-attachment":"scroll","background-type":"","background-media":"","overlay-type":"","overlay-color":"","overlay-opacity":"","overlay-gradient":""},"mobile":{"background-color":"","background-image":"","background-repeat":"repeat","background-position":"center center","background-size":"auto","background-attachment":"scroll","background-type":"","background-media":"","overlay-type":"","overlay-color":"","overlay-opacity":"","overlay-gradient":""}},"ast-content-background-meta":{"desktop":{"background-color":"var(--ast-global-color-5)","background-image":"","background-repeat":"repeat","background-position":"center center","background-size":"auto","background-attachment":"scroll","background-type":"","background-media":"","overlay-type":"","overlay-color":"","overlay-opacity":"","overlay-gradient":""},"tablet":{"background-color":"var(--ast-global-color-5)","background-image":"","background-repeat":"repeat","background-position":"center center","background-size":"auto","background-attachment":"scroll","background-type":"","background-media":"","overlay-type":"","overlay-color":"","overlay-opacity":"","overlay-gradient":""},"mobile":{"background-color":"var(--ast-global-color-5)","background-image":"","background-repeat":"repeat","background-position":"center center","background-size":"auto","background-attachment":"scroll","background-type":"","background-media":"","overlay-type":"","overlay-color":"","overlay-opacity":"","overlay-gradient":""}},"iawp_total_views":3476,"footnotes":""},"hf_cat_page":[302],"class_list":["post-3379","page","type-page","status-publish","has-post-thumbnail"],"acf":[],"_links":{"self":[{"href":"https:\/\/www.mission-21.org\/es\/wp-json\/wp\/v2\/pages\/3379","targetHints":{"allow":["GET"]}}],"collection":[{"href":"https:\/\/www.mission-21.org\/es\/wp-json\/wp\/v2\/pages"}],"about":[{"href":"https:\/\/www.mission-21.org\/es\/wp-json\/wp\/v2\/types\/page"}],"author":[{"embeddable":true,"href":"https:\/\/www.mission-21.org\/es\/wp-json\/wp\/v2\/users\/1"}],"replies":[{"embeddable":true,"href":"https:\/\/www.mission-21.org\/es\/wp-json\/wp\/v2\/comments?post=3379"}],"version-history":[{"count":11,"href":"https:\/\/www.mission-21.org\/es\/wp-json\/wp\/v2\/pages\/3379\/revisions"}],"predecessor-version":[{"id":19655,"href":"https:\/\/www.mission-21.org\/es\/wp-json\/wp\/v2\/pages\/3379\/revisions\/19655"}],"up":[{"embeddable":true,"href":"https:\/\/www.mission-21.org\/es\/wp-json\/wp\/v2\/pages\/218"}],"wp:featuredmedia":[{"embeddable":true,"href":"https:\/\/www.mission-21.org\/es\/wp-json\/wp\/v2\/media\/3381"}],"wp:attachment":[{"href":"https:\/\/www.mission-21.org\/es\/wp-json\/wp\/v2\/media?parent=3379"}],"wp:term":[{"taxonomy":"hf_cat_page","embeddable":true,"href":"https:\/\/www.mission-21.org\/es\/wp-json\/wp\/v2\/hf_cat_page?post=3379"}],"curies":[{"name":"wp","href":"https:\/\/api.w.org\/{rel}","templated":true}]}}