{"id":3892,"date":"2022-10-13T08:59:53","date_gmt":"2022-10-13T06:59:53","guid":{"rendered":"https:\/\/www.mission-21.org\/?page_id=3892"},"modified":"2025-07-09T10:38:34","modified_gmt":"2025-07-09T08:38:34","slug":"sinodo-de-la-mision","status":"publish","type":"page","link":"https:\/\/www.mission-21.org\/es\/wer-wir-sind\/missionssynode\/","title":{"rendered":"S\u00ednodo de la Misi\u00f3n"},"content":{"rendered":"<img decoding=\"async\" src=\"https:\/\/www.mission-21.org\/wp-content\/uploads\/2022\/08\/csm_header_news_d521d70e38.jpeg\" alt=\"csm header news d521d70e38\" itemprop=\"image\" height=\"688\" width=\"1680\" title=\"csm_Header_News_d521d70e38\" onerror=\"this.style.display='none'\" loading='lazy' \/>\n\t<div class=\"fl-builder-content fl-builder-content-3660 fl-builder-template fl-builder-module-template fl-builder-global-templates-locked\" data-post-id=\"3660\"><div class=\"fl-module fl-module-pp-toc fl-node-xrvkwe8ihtn6 toc\" data-node=\"xrvkwe8ihtn6\">\n\t<div class=\"fl-module-content fl-node-content\">\n\t\t<div class=\"pp-toc-container\">\n\t\n\t<div class=\"pp-toc-body\">\n\t\t\t\t\t<ul class=\"pp-toc-list-wrapper pp-toc-list-icon\"><\/ul>\n\t\t\t\t<\/div>\n<\/div>\n\n\t<\/div>\n<\/div>\n<\/div><div class=\"uabb-js-breakpoint\" style=\"display: none;\"><\/div>\n\t\t\t<a href=\"\/es\/donar\/\" title=\"Pulse aqu\u00ed\" target=\"_self\"   role=\"button\" aria-label=\"Donaciones\">\n\t\t\t\t\t\t\tDonaciones\n\t\t\t\t\t\t\t\t\t<img decoding=\"async\" src=\"https:\/\/www.mission-21.org\/wp-content\/uploads\/2022\/08\/csm_heat-icon_b1dbd40167.png\"\/>\n\t\t<\/a>\n\t\t\t\t<p>El S\u00ednodo de la Misi\u00f3n es el m\u00e1ximo \u00f3rgano decisorio de Mission 21, y es a\u00fan m\u00e1s que eso: el S\u00ednodo de la Misi\u00f3n re\u00fane a miembros de culturas y confesiones de cuatro continentes. Delegados de nuestros pa\u00edses asociados deliberan, debaten y celebran la confraternidad mundial.<\/p>\n<p>La mayor parte del s\u00ednodo de la misi\u00f3n tiene lugar en l\u00ednea y, en ocasiones especiales, tambi\u00e9n in situ. Adem\u00e1s, las jornadas del s\u00ednodo van acompa\u00f1adas de actos p\u00fablicos. Se trata de una excelente oportunidad para conocernos mejor a nosotros y a nuestros invitados internacionales y fomentar el compa\u00f1erismo. Encontrar\u00e1 informaci\u00f3n actualizada en nuestra agenda. \u00a1Le invitamos cordialmente a los actos!<\/p>\n<p>En esta p\u00e1gina encontrar\u00e1 toda la informaci\u00f3n sobre la composici\u00f3n del S\u00ednodo, las organizaciones que apoyan la labor de Mission 21 y una breve informaci\u00f3n sobre el S\u00ednodo actual y los anteriores. Encontrar\u00e1 m\u00e1s informaci\u00f3n sobre el pr\u00f3ximo S\u00ednodo y los de a\u00f1os anteriores en la p\u00e1gina <strong><a href=\"https:\/\/www.mission-21.org\/es\/quienes-somos\/mision-sinodal-actual\/\" target=\"_blank\" rel=\"noopener\">Tema del S\u00ednodo de la Misi\u00f3n<\/a>.<\/strong><\/p>\n\t\t\t<h2>S\u00ednodos de la Misi\u00f3n 2025, 2024 y 2023<\/h2>\t\t\t\n\t\t\t\t<p>El s\u00ednodo establece el marco estrat\u00e9gico de la labor de Mission 21, pero tambi\u00e9n debate las situaciones y preocupaciones espec\u00edficas de la poblaci\u00f3n de los pa\u00edses socios. En los dos \u00faltimos a\u00f1os se han reunido en l\u00ednea unos 40 delegados de cuatro continentes. 2024 tambi\u00e9n se ha caracterizado por la celebraci\u00f3n de nuevas elecciones.<\/p>\n<p>El<strong> S\u00ednodo 2025<\/strong> tuvo lugar el jueves 3 y el viernes 4 de julio de 2025, de nuevo en l\u00ednea. El tema central fue la descolonizaci\u00f3n, con una esclarecedora presentaci\u00f3n de la profesora Karla Koll y animados debates. Encontrar\u00e1 una rese\u00f1a detallada del S\u00ednodo 2025 en el<strong><a href=\"https:\/\/www.mission-21.org\/es\/sinodo-internacional-la-descolonizacion-como-principio-rector\/\" target=\"_blank\" rel=\"noopener\"> Noticias<\/a><\/strong>.<\/p>\n<p>El <strong>S\u00ednodo 2024<\/strong> se celebr\u00f3 los d\u00edas 27 y 28 de junio de 2024. Adem\u00e1s, el 29 de junio tuvo lugar el acto \"Youth Summit meets Alumni Day\" y el 30 de junio se rindi\u00f3 homenaje al Presidente saliente Johannes Blum en el <strong>Servicio festivo<\/strong>con la que concluy\u00f3 la semana sinodal. M\u00e1s informaci\u00f3n en el<strong> <a href=\"https:\/\/www.mission-21.org\/es\/informar-a\/noticias\/?_tags=missionssynode-2024\" target=\"_blank\" rel=\"noopener\">Noticias<\/a><\/strong><\/p>\n<p>El<strong> S\u00ednodo 2023<\/strong> tuvo lugar del jueves 29 de junio al s\u00e1bado 1 de julio de 2023. En el servicio misionero p\u00fablico de clausura pudieron celebrarse encuentros personales. Puede encontrar una rese\u00f1a del S\u00ednodo 2023 y del servicio de clausura en el<strong> <a href=\"https:\/\/www.mission-21.org\/es\/sinodo-2023-de-mision-21-cuatro-continentes-en-linea-en-intercambio\/\">Noticias<\/a>.<\/strong><\/p>\n<h2>\n\t\t\tEstructura\t<\/h2>\n\t<p>El S\u00ednodo de Misi\u00f3n es el m\u00e1ximo \u00f3rgano de decisi\u00f3n de Mission 21 y est\u00e1 compuesto por representantes elegidos de las asambleas continentales y de las organizaciones de apoyo.<\/p>\n<p>Una vez al a\u00f1o, sus delegados de cuatro continentes, elegidos de forma paritaria, negocian la direcci\u00f3n de la labor internacional de Mission 21. El s\u00ednodo es un lugar de encuentro e intercambio, ya sea presencial o en l\u00ednea.<\/p>\n\t\t\t\t<img decoding=\"async\" src=\"https:\/\/www.mission-21.org\/wp-content\/uploads\/2023\/06\/synode-en.jpg\" alt=\"Estructura del S\u00ednodo de la Misi\u00f3n\" itemprop=\"image\" height=\"868\" width=\"1680\" title=\"Estructura del S\u00ednodo de la Misi\u00f3n\" onerror=\"this.style.display='none'\" loading='lazy' \/>\n\t<p>El S\u00ednodo de la Misi\u00f3n decide la orientaci\u00f3n estrat\u00e9gica, los objetivos a largo plazo y la planificaci\u00f3n financiera de Mission 21. Tambi\u00e9n aprueba el informe anual y las cuentas anuales y decide el presupuesto marco para el a\u00f1o siguiente. En el S\u00ednodo de la Misi\u00f3n se busca la paridad entre hombres y mujeres y la igualdad de representaci\u00f3n de los j\u00f3venes. Las deliberaciones tienen lugar en ingl\u00e9s.<\/p>\n\t\t\t<h2>Asociaciones patrocinadoras<\/h2>\t\t\t\n\t\t\t\t<p>Fundada en 2001 por cinco organizaciones misioneras, Mission 21 cuenta ahora con el apoyo de tres organizaciones: la Misi\u00f3n de Basilea (BM), la Misi\u00f3n Morava y la Misi\u00f3n Evang\u00e9lica en Kwango (EMIK).<\/p>\n\t\t\t<h4>Misi\u00f3n de Basilea<\/h4>\t\t\t\n\t\t\t\t<p>La Misi\u00f3n de Basilea es la mayor organizaci\u00f3n de apoyo de Mission 21. Se fund\u00f3 en 1815 y abri\u00f3 el seminario misionero de Basilea un a\u00f1o despu\u00e9s. En 1821, la Misi\u00f3n de Basilea envi\u00f3 a los primeros seminaristas: al C\u00e1ucaso. En 1828 la misi\u00f3n comenz\u00f3 a trabajar en Ghana, en 1834 en el sur de la India y en 1847 en el sur de China. En 1860 se construy\u00f3 la gran casa de la misi\u00f3n en Basilea, que sigue siendo propiedad de la Misi\u00f3n de Basilea. Hoy es la sede de la Misi\u00f3n 21, y la Misi\u00f3n de Basilea tambi\u00e9n gestiona el Hotel Odelya en el edificio. La construcci\u00f3n de la casa de la misi\u00f3n fue financiada en su momento principalmente por el comerciante pietista Christoph Merian-Burckhardt.<\/p>\n\t\t\t\t<img decoding=\"async\" src=\"https:\/\/www.mission-21.org\/wp-content\/uploads\/2022\/10\/csm_symbolbild_baslermission_8d0cf66f83.jpg\" alt=\"csm symbol image baslermission 8d0cf66f83\" itemprop=\"image\" height=\"806\" width=\"1680\" title=\"csm_Symbol_Picture_BaslerMission_8d0cf66f83\" onerror=\"this.style.display='none'\" loading='lazy' \/>\n\t<p>Desde sus aproximadamente doscientos a\u00f1os de trabajo en \u00c1frica y Asia y su implicaci\u00f3n en Am\u00e9rica Latina desde los a\u00f1os 70, la Misi\u00f3n de Basilea aporta numerosas relaciones a Mission 21. La Misi\u00f3n de Basilea apoya el trabajo de la Misi\u00f3n 21. Una parte de esta ayuda se destina al cuidado y tratamiento cient\u00edfico del archivo de la Misi\u00f3n de Basilea. Mission 21 sigue gestionando el extenso archivo de la Misi\u00f3n de Basilea. Incluye una gran cantidad de textos hist\u00f3ricos, fuentes sonoras y fotogr\u00e1ficas, as\u00ed como mapas hist\u00f3ricos.<\/p>\n<p><a href=\"https:\/\/www.odelya.ch\/\" target=\"_blank\" rel=\"noopener\">\u25ba al hotel \"Odelya\" Basel<\/a><\/p>\n<p><a href=\"http:\/\/www.bmarchives.org\/\" target=\"_blank\" rel=\"noopener\">\u25ba a bmarchives.org<\/a><\/p>\n<p><a href=\"http:\/\/www.baselmission.org\/\" target=\"_blank\" rel=\"noopener\">\u25ba al sitio web de la Misi\u00f3n de Basilea<\/a><\/p>\n<p>La Misi\u00f3n de Basilea era una instituci\u00f3n con una fuerte participaci\u00f3n alemana. En 1954 se constituy\u00f3 en Stuttgart la sucursal alemana de la Misi\u00f3n de Basilea (BMDZ). Desde entonces, la cooperaci\u00f3n se ha renovado y profundizado, ahora entre BMDZ y Basel Mission, as\u00ed como Mission 21.<\/p>\n<p><a href=\"https:\/\/bmdz.ems-online.org\/\" target=\"_blank\" rel=\"noopener\">\u25ba al sitio web de BMDZ<\/a><\/p>\n\t\t\t<h4>Misi\u00f3n de Herrnhut<\/h4>\t\t\t\n\t\t\t\t<p>Como obra del Herrnhuter Br\u00fcdergemeine, la misi\u00f3n naci\u00f3 en 1732 bajo el mando del conde Nikolaus Ludwig von Zinzendorf. Las zonas de misi\u00f3n se convirtieron en zonas eclesi\u00e1sticas independientes (provincias) de la \"Br\u00fcder-Unit\u00e4t\". Hoy en d\u00eda, las iglesias de la Iglesia Morava se comprometen a ayudar a las personas que se encuentran en los m\u00e1rgenes de la sociedad, en cooperaci\u00f3n con Mission 21. En Suiza, las congregaciones de Herrnhut, denominadas sociedades, respaldan esta labor junto con un amplio c\u00edrculo de lectores de las Palabras de Vida y otros amigos. A trav\u00e9s de Mission 21, la Misi\u00f3n de Herrnhut mantiene relaciones especialmente con Tanzania, Palestina y Sud\u00e1frica.<\/p>\n<p><a href=\"http:\/\/www.herrnhuter.ch\/herrnhuter.html\" target=\"_blank\" rel=\"noopener\">\u25ba a la p\u00e1gina web de la Iglesia Morava en Suiza<\/a><\/p>\n\t\t\t<h4>Misi\u00f3n evang\u00e9lica en el Kwango<\/h4>\t\t\t\n\t\t\t\t<p>La Misi\u00f3n Evang\u00e9lica en Kwango (EMIK), fundada en 1956, comenz\u00f3 su labor en el \"Congo Belga\" en la d\u00e9cada de 1950. Tras la independencia de la antigua colonia y la fundaci\u00f3n de la Rep\u00fablica Democr\u00e1tica (RD) del Congo, la EMIK y su iglesia asociada Communaut\u00e9 Evang\u00e9lique du Kwango (CEK) trabajaron juntas. En 2001, Mission 21 asumi\u00f3 el apoyo al trabajo de proyectos de la CEK. Hasta finales de 2025, en el marco de un proceso de outphasing, la implicaci\u00f3n de Mission 21 en la RD del Congo se centrar\u00e1 en el desarrollo de capacidades de los gestores de proyectos y en el apoyo a la ayuda de emergencia mediante la distribuci\u00f3n de medicamentos, alimentos y productos de higiene. M\u00e1s informaci\u00f3n <a href=\"https:\/\/www.mission-21.org\/es\/pais\/africa\/dr-congo\/\" target=\"_blank\" rel=\"noopener\">P\u00e1gina de pa\u00eds DR Congo<\/a>. <\/p>\n\t\t\t\t<img decoding=\"async\" src=\"https:\/\/www.mission-21.org\/wp-content\/uploads\/2022\/10\/csm_img_0976-2_e979cb4c8d.jpg\" alt=\"csm img 0976 2 e979cb4c8d\" itemprop=\"image\" height=\"1260\" width=\"1680\" title=\"csm_IMG_0976-2_e979cb4c8d\" onerror=\"this.style.display='none'\" loading='lazy' \/>\n<h2>\n\t\t\tConjuntos continentales\t<\/h2>\n\t<p>En \u00c1frica, Asia, Am\u00e9rica Latina y Europa, los socios de Mission 21 se organizan en las Asambleas Continentales (AC). Las cuatro CT son miembros de pleno derecho de Mission 21 y env\u00edan delegados al S\u00ednodo de la Misi\u00f3n. Este intercambio Sur-Norte se complementa con reuniones peri\u00f3dicas Sur-Sur: Las asambleas continentales de \u00c1frica, Asia y Am\u00e9rica Latina celebran una gran conferencia cada tres a\u00f1os, en la que todas las iglesias y organizaciones asociadas pueden participar con un m\u00e1ximo de tres delegados. Aqu\u00ed pueden intercambiar informaci\u00f3n sobre el trabajo de los programas y proyectos, as\u00ed como sobre los retos actuales de cada uno de los socios. Las organizaciones de mujeres y los representantes de los j\u00f3venes debaten en una conferencia previa los problemas comunes y los enfoques de las soluciones.<\/p>\n  <a href=\"https:\/\/www.mission-21.org\/es\/que-hacemos\/proyectos-y-socios\/socio\/\" id=\"link-de\" target=\"_blank\" rel=\"noopener\">\u25ba a los socios<\/a>\n  <a href=\"https:\/\/www.mission-21.org\/en\/what-we-do\/partner\" id=\"link-en\" target=\"_blank\" rel=\"noopener\">\u25ba a los socios<\/a>\n  <a href=\"https:\/\/www.mission-21.org\/fr\/ce-que-nous-faisons\/partenaire\" id=\"link-fr\" target=\"_blank\" rel=\"noopener\">\u25baa los socios<\/a>\n  <a href=\"https:\/\/www.mission-21.org\/es\/que-hacemos\/socio\" id=\"link-es\" target=\"_blank\" rel=\"noopener\">\u25ba a los socios<\/a>\n<h2>\n\t\t\tS\u00ednodos misioneros anteriores\t<\/h2>\n\t\t\t\t\t\t\t\t\t\t<a href=\"#\" id=\"fl-accordion--icon-0\"  tabindex=\"0\"><i>Ampliar<\/i><\/a>\n\t\t\t\t\t<a href=\"#\"  id=\"fl-accordion--label-0\" tabindex=\"0\" aria-controls=\"fl-accordion--panel-0\">S\u00ednodo de la Misi\u00f3n 2025 - en l\u00ednea<\/a>\n\t\t\t\t\t<p>El<strong> S\u00ednodo 2025<\/strong> tuvo lugar el jueves 3 y el viernes 4 de julio de 2025, una vez m\u00e1s en l\u00ednea. El tema central fue la descolonizaci\u00f3n, con una esclarecedora presentaci\u00f3n de la profesora Karla Koll y animados debates. Encontrar\u00e1 una rese\u00f1a detallada del S\u00ednodo 2025 en el<a href=\"https:\/\/www.mission-21.org\/es\/sinodo-internacional-la-descolonizacion-como-principio-rector\/\" target=\"_blank\" rel=\"noopener\"> Noticias<\/a>.<\/p>\n\t\t\t\t\t\t\t\t\t\t<a href=\"#\" id=\"fl-accordion--icon-1\"  tabindex=\"0\"><i>Ampliar<\/i><\/a>\n\t\t\t\t\t<a href=\"#\"  id=\"fl-accordion--label-1\" tabindex=\"0\" aria-controls=\"fl-accordion--panel-1\">S\u00ednodo de la Misi\u00f3n 2024 - en l\u00ednea<\/a>\n\t\t\t\t\t<p>El <strong>S\u00ednodo 2024<\/strong> se celebr\u00f3 los d\u00edas 27 y 28 de junio de 2024. Adem\u00e1s, el 29 de junio tuvo lugar el acto \"Youth Summit meets Alumni Day\" y el 30 de junio se rindi\u00f3 homenaje al Presidente saliente Johannes Blum en el <strong>Servicio festivo<\/strong>con la que concluy\u00f3 la semana sinodal.<\/p>\n<p>Encontrar\u00e1 m\u00e1s informaci\u00f3n al respecto en <a href=\"https:\/\/www.mission-21.org\/es\/informar-a\/noticias\/?_tags=missionssynode-2024\" target=\"_blank\" rel=\"noopener\">Noticias<\/a>.<\/p>\n\t\t\t\t\t\t\t\t\t\t<a href=\"#\" id=\"fl-accordion--icon-2\"  tabindex=\"0\"><i>Ampliar<\/i><\/a>\n\t\t\t\t\t<a href=\"#\"  id=\"fl-accordion--label-2\" tabindex=\"0\" aria-controls=\"fl-accordion--panel-2\">S\u00ednodo de la Misi\u00f3n 2023 - en l\u00ednea<\/a>\n\t\t\t\t\t<p>En el a\u00f1o en curso, unos 40 delegados de cuatro continentes se reunieron en l\u00ednea. Del jueves 29 de junio al 1 de julio de 2023, fijaron el rumbo de Misi\u00f3n 21 para 2024 y los a\u00f1os siguientes. En el S\u00ednodo se establece el marco estrat\u00e9gico de la labor de Misi\u00f3n 21, pero tambi\u00e9n se debaten las situaciones y preocupaciones concretas de la poblaci\u00f3n de los pa\u00edses socios.<\/p>\n<p>Los encuentros personales fueron posibles en el servicio misionero p\u00fablico de clausura del 2 de julio de 2023. Encontrar\u00e1 una rese\u00f1a del S\u00ednodo 2023 y del servicio de clausura en las Noticias. <a href=\"https:\/\/www.mission-21.org\/es\/sinodo-2023-de-mision-21-cuatro-continentes-en-linea-en-intercambio\/\">Noticias<\/a>.<\/p>\n\t\t\t\t\t\t\t\t\t\t<a href=\"#\" id=\"fl-accordion--icon-3\"  tabindex=\"0\"><i>Ampliar<\/i><\/a>\n\t\t\t\t\t<a href=\"#\"  id=\"fl-accordion--label-3\" tabindex=\"0\" aria-controls=\"fl-accordion--panel-3\">S\u00ednodo de la Misi\u00f3n 2022 - Chur y Davos<\/a>\n\t\t\t\t\t<p>Pudimos celebrar el S\u00ednodo 2022 como invitados de la Iglesia cantonal de los Grisones. Disfrutamos de una semana inspiradora con encuentros enriquecedores e intercambios diversos.<\/p>\n<p><a href=\"https:\/\/www.mission-21.org\/es\/quienes-somos\/sinodo-de-la-mision-2022\/\">\u25ba M\u00e1s informaci\u00f3n sobre el S\u00ednodo de la Misi\u00f3n de 2022<\/a><\/p>\n\t\t\t\t\t\t\t\t\t\t<a href=\"#\" id=\"fl-accordion--icon-4\"  tabindex=\"0\"><i>Ampliar<\/i><\/a>\n\t\t\t\t\t<a href=\"#\"  id=\"fl-accordion--label-4\" tabindex=\"0\" aria-controls=\"fl-accordion--panel-4\">S\u00ednodo de la Misi\u00f3n 2021 - en l\u00ednea<\/a>\n<p>Alrededor de 40 delegados e invitados de cuatro continentes se reunieron en l\u00ednea desde el jueves 10 de junio hasta el s\u00e1bado 12 de junio y fijaron el rumbo de Mission 21 en 2022. Los temas candentes giraron en torno a los efectos del pasado a\u00f1o pand\u00e9mico en la poblaci\u00f3n de los 20 pa\u00edses asociados a Mission 21. Las distintas declaraciones de las respectivas asambleas continentales explicaron de forma impresionante c\u00f3mo se han agravado los problemas existentes y qu\u00e9 nuevos retos deben afrontar Mission 21 y sus iglesias y organizaciones asociadas. Ya sea en \u00c1frica, Asia o Am\u00e9rica Latina, la pandemia ha provocado m\u00e1s pobreza y tambi\u00e9n m\u00e1s violencia contra las mujeres y los ni\u00f1os.<\/p>\n<p>La pandemia impidi\u00f3 una vez m\u00e1s una reuni\u00f3n en Suiza. Mientras que el a\u00f1o pasado el orden del d\u00eda se trat\u00f3 mediante comunicaci\u00f3n por correo electr\u00f3nico, este a\u00f1o los delegados se reunieron por primera vez a trav\u00e9s de un videochat para el S\u00ednodo de la Misi\u00f3n 2021. La semana del S\u00ednodo se cerr\u00f3 de forma festiva con un servicio el domingo 13 de junio, que tambi\u00e9n se transmiti\u00f3 por Internet.<\/p>\n<p><a href=\"https:\/\/www.mission-21.org\/es\/exito-estreno-mision-21-sinod-2021-digital-mediante\/\" target=\"_top\">\u25ba Informe sobre el S\u00ednodo de la Misi\u00f3n 2021<\/a><\/p>\n\t\t\t\t\t\t\t\t\t\t<a href=\"#\" id=\"fl-accordion--icon-5\"  tabindex=\"0\"><i>Ampliar<\/i><\/a>\n\t\t\t\t\t<a href=\"#\"  id=\"fl-accordion--label-5\" tabindex=\"0\" aria-controls=\"fl-accordion--panel-5\">Misi\u00f3n S\u00ednodo 2020 - en l\u00ednea<\/a>\n\t\t\t\t\t<p>El S\u00ednodo estaba previsto para los d\u00edas 12 y 13 de junio y el Festival de las Misiones para el 14 de junio de 2020. Todos los eventos fueron cancelados o pospuestos a nivel digital debido a la pandemia de Corona. Los delegados de \u00c1frica, Asia, Europa y Am\u00e9rica Latina tomaron por primera vez las decisiones necesarias de forma digital. Se aprobaron las cuentas anuales y el informe anual, as\u00ed como la estrategia y el presupuesto marco -con los ahorros previstos para 2021-. El S\u00ednodo eligi\u00f3 a un nuevo miembro de la Junta. Gerhard B\u00fctschi-Hassler, del cant\u00f3n de Argovia, fue elegido para sustituir a Kurt K\u00e4gi (AI), que dimiti\u00f3. El S\u00ednodo 2021 tambi\u00e9n estaba previsto para mediados de junio. La celebraci\u00f3n de la reuni\u00f3n debe estar en consonancia con las restricciones debidas a la pandemia de Corona.<\/p>\n<h3>\n\t\t\tInformes\t<\/h3>\n\t\t\t\t\t\t\t\t\t\t\t\t\t\t<a href=\"https:\/\/www.mission-21.org\/es\/sinodo-internacional-la-descolonizacion-como-principio-rector\/\" target=\"_self\" title=\"S\u00ednodo Internacional: la descolonizaci\u00f3n como principio rector\">\n\t\t\t\t<img decoding=\"async\" src=\"https:\/\/www.mission-21.org\/wp-content\/uploads\/2025\/07\/screenshot-1-fuer-web-news-900x675.png\" alt=\"Captura de pantalla con algunos delegados del S\u00ednodo 2025 de Misi\u00f3n 21.\" \/>\n\t\t\t\t<\/a>\n\t\t\t\t\t\t<h4>\n\t\t\t\t<a href=\"https:\/\/www.mission-21.org\/es\/sinodo-internacional-la-descolonizacion-como-principio-rector\/\" title=\"S\u00ednodo Internacional: la descolonizaci\u00f3n como principio rector\" tabindex=\"0\">S\u00ednodo Internacional: la descolonizaci\u00f3n como principio rector<\/a>\t\t\t<\/h4>\n\t\t\t\t\t\t\t<h5>\n\t\t\t4 de julio de 2025\t\t\t\n\t\t\t\t\t\t\t<\/h5>\n\t\t\t\t\t\t\t\t\t\t\t\t\t\t<a href=\"https:\/\/www.mission-21.org\/es\/la-suiza-reformada-mas-destacada-elegida-presidenta-del-consejo-de-administracion-de-mission-21\/\" target=\"_self\" title=\"La mujer reformada suiza de mayor rango elegida Presidenta del Consejo de Misi\u00f3n 21\">\n\t\t\t\t<img decoding=\"async\" src=\"https:\/\/www.mission-21.org\/wp-content\/uploads\/2024\/07\/4-zu-3_fuer-news_evelyn-borer_portrait_in-2024-07-29_korr-900x675.jpg\" alt=\"Retrato de Evelyn Borer, elegida nueva Presidenta del Consejo de Administraci\u00f3n\" \/>\n\t\t\t\t<\/a>\n\t\t\t\t\t\t<h4>\n\t\t\t\t<a href=\"https:\/\/www.mission-21.org\/es\/la-suiza-reformada-mas-destacada-elegida-presidenta-del-consejo-de-administracion-de-mission-21\/\" title=\"La mujer reformada suiza de mayor rango elegida Presidenta del Consejo de Misi\u00f3n 21\" tabindex=\"0\">La mujer reformada suiza de mayor rango elegida Presidenta del Consejo de Misi\u00f3n 21<\/a>\t\t\t<\/h4>\n\t\t\t\t\t\t\t<h5>\n\t\t\t29 de julio de 2024\t\t\t\n\t\t\t\t\t\t\t<\/h5>\n\t\t\t\t\t\t\t\t\t\t\t\t\t\t<a href=\"https:\/\/www.mission-21.org\/es\/jovenes-embajadores-en-el-espejo-de-los-medios-de-comunicacion\/\" target=\"_self\" title=\"J\u00f3venes embajadores en el espejo de los medios de comunicaci\u00f3n\">\n\t\t\t\t<img decoding=\"async\" src=\"https:\/\/www.mission-21.org\/wp-content\/uploads\/2024\/07\/nz7_46293-nef-002_vier-zu-drei-900x675.jpg\" alt=\"Los j\u00f3venes embajadores y los dos m\u00e1ximos representantes de la Iglesia Protestante Reformada Suiza: la Presidenta del S\u00ednodo, Evelyn Borer (segunda fila, cuarta por la izquierda), y la Presidenta del Consejo, Rita Famos (quinta por la derecha).\" \/>\n\t\t\t\t<\/a>\n\t\t\t\t\t\t<h4>\n\t\t\t\t<a href=\"https:\/\/www.mission-21.org\/es\/jovenes-embajadores-en-el-espejo-de-los-medios-de-comunicacion\/\" title=\"J\u00f3venes embajadores en el espejo de los medios de comunicaci\u00f3n\" tabindex=\"0\">J\u00f3venes embajadores en el espejo de los medios de comunicaci\u00f3n<\/a>\t\t\t<\/h4>\n\t\t\t\t\t\t\t<h5>\n\t\t\t15 de julio de 2024\t\t\t\n\t\t\t\t\t\t\t<\/h5>\n\t\t\t\t\t\t\t\t\t\t\t\t\t\t<a href=\"https:\/\/www.mission-21.org\/es\/muchas-gracias-por-su-compromiso-con-mission-21\/\" target=\"_self\" title=\"Muchas gracias por su compromiso con Mission 21\">\n\t\t\t\t<img decoding=\"async\" src=\"https:\/\/www.mission-21.org\/wp-content\/uploads\/2024\/06\/uebergabe-geschenk_verkleinert_4zu3img_9708-900x675.jpg\" alt=\"entrega regalo reducida 4to3img 9708\" \/>\n\t\t\t\t<\/a>\n\t\t\t\t\t\t<h4>\n\t\t\t\t<a href=\"https:\/\/www.mission-21.org\/es\/muchas-gracias-por-su-compromiso-con-mission-21\/\" title=\"Muchas gracias por su compromiso con Mission 21\" tabindex=\"0\">Muchas gracias por su compromiso con Mission 21<\/a>\t\t\t<\/h4>\n\t\t\t\t\t\t\t<h5>\n\t\t\t1 de julio de 2024\t\t\t\n\t\t\t\t\t\t\t<\/h5>\n\t\t\t\t\t\t\t\t\t\t\t\t\t\t<a href=\"https:\/\/www.mission-21.org\/es\/sinodo-2023-de-mision-21-cuatro-continentes-en-linea-en-intercambio\/\" target=\"_self\" title=\"S\u00ednodo 2023 de Misi\u00f3n 21: Cuatro continentes en intercambio en l\u00ednea\">\n\t\t\t\t<img decoding=\"async\" src=\"https:\/\/www.mission-21.org\/wp-content\/uploads\/2023\/07\/jochen-kirsch_ueli-burkhalter_img_9066-900x675.jpg\" alt=\"Jochen Kirsch, Director de Mission 21, en conversaci\u00f3n con Ueli Burkhalter (derecha), Presidente de la Asamblea Continental Europa. Foto: Christoph R\u00e1cz\/Misi\u00f3n 21\" \/>\n\t\t\t\t<\/a>\n\t\t\t\t\t\t<h4>\n\t\t\t\t<a href=\"https:\/\/www.mission-21.org\/es\/sinodo-2023-de-mision-21-cuatro-continentes-en-linea-en-intercambio\/\" title=\"S\u00ednodo 2023 de Misi\u00f3n 21: Cuatro continentes en intercambio en l\u00ednea\" tabindex=\"0\">S\u00ednodo 2023 de Misi\u00f3n 21: Cuatro continentes en intercambio en l\u00ednea<\/a>\t\t\t<\/h4>\n\t\t\t\t\t\t\t<h5>\n\t\t\t3 de julio de 2023\t\t\t\n\t\t\t\t\t\t\t<\/h5>\n\t\t\t\t\t\t\t\t\t\t\t\t\t\t<a href=\"https:\/\/www.mission-21.org\/es\/compromiso-hospitalidad-disfrutar-de-una-mision-florida-semana-2022\/\" target=\"_self\" title=\"Compromiso, hospitalidad, alegr\u00eda compartida: una inspiradora Semana de la Misi\u00f3n 2022\">\n\t\t\t\t<img decoding=\"async\" src=\"https:\/\/www.mission-21.org\/wp-content\/uploads\/2022\/08\/csm_barbara-hirsbrunner_jugendnetzwerk_img_5745_5b76545ca6-300x225.jpg\" alt=\"\" \/>\n\t\t\t\t<\/a>\n\t\t\t\t\t\t<h4>\n\t\t\t\t<a href=\"https:\/\/www.mission-21.org\/es\/compromiso-hospitalidad-disfrutar-de-una-mision-florida-semana-2022\/\" title=\"Compromiso, hospitalidad, alegr\u00eda compartida: una inspiradora Semana de la Misi\u00f3n 2022\" tabindex=\"0\">Compromiso, hospitalidad, alegr\u00eda compartida: una inspiradora Semana de la Misi\u00f3n 2022<\/a>\t\t\t<\/h4>\n\t\t\t\t\t\t\t<h5>\n\t\t\t14 de junio de 2022\t\t\t\n\t\t\t\t\t\t\t<\/h5>\n\t\t\t\t\t\t\t\t\t\t\t\t\t\t<a href=\"https:\/\/www.mission-21.org\/es\/inspiraciones-en-la-cumbre-juvenil-internacional\/\" target=\"_self\" title=\"Inspiraciones en la Cumbre Internacional de la Juventud\">\n\t\t\t\t<img decoding=\"async\" src=\"https:\/\/www.mission-21.org\/wp-content\/uploads\/2022\/08\/csm_int-youth-summit_synode-2022_davos_img_8671_0f4d08a286-300x225.jpg\" alt=\"\" \/>\n\t\t\t\t<\/a>\n\t\t\t\t\t\t<h4>\n\t\t\t\t<a href=\"https:\/\/www.mission-21.org\/es\/inspiraciones-en-la-cumbre-juvenil-internacional\/\" title=\"Inspiraciones en la Cumbre Internacional de la Juventud\" tabindex=\"0\">Inspiraciones en la Cumbre Internacional de la Juventud<\/a>\t\t\t<\/h4>\n\t\t\t\t\t\t\t<h5>\n\t\t\t12 de junio de 2022\t\t\t\n\t\t\t\t\t\t\t<\/h5>\n\t\t\t\t\t\t\t\t\t\t\t\t\t\t<a href=\"https:\/\/www.mission-21.org\/es\/enriquecimiento-impulsos-y-discusiones\/\" target=\"_self\" title=\"Impulsos y debates enriquecedores\">\n\t\t\t\t<img decoding=\"async\" src=\"https:\/\/www.mission-21.org\/wp-content\/uploads\/2022\/08\/csm_img_5257_isabel_phiri_5b833ba146-300x225.jpeg\" alt=\"\" \/>\n\t\t\t\t<\/a>\n\t\t\t\t\t\t<h4>\n\t\t\t\t<a href=\"https:\/\/www.mission-21.org\/es\/enriquecimiento-impulsos-y-discusiones\/\" title=\"Impulsos y debates enriquecedores\" tabindex=\"0\">Impulsos y debates enriquecedores<\/a>\t\t\t<\/h4>\n\t\t\t\t\t\t\t<h5>\n\t\t\t11 de junio de 2022\t\t\t\n\t\t\t\t\t\t\t<\/h5>\n\t\t\t\t\t\t\t\t\t\t\t\t\t\t<a href=\"https:\/\/www.mission-21.org\/es\/city-talk-shared-experiences-of-women-around-the-world\/\" target=\"_self\" title=\"Charla sobre la ciudad: experiencias compartidas de mujeres en todo el mundo\">\n\t\t\t\t<img decoding=\"async\" src=\"https:\/\/www.mission-21.org\/wp-content\/uploads\/2022\/08\/csm__mg_9845_2394479e8d-300x225.jpg\" alt=\"\" \/>\n\t\t\t\t<\/a>\n\t\t\t\t\t\t<h4>\n\t\t\t\t<a href=\"https:\/\/www.mission-21.org\/es\/city-talk-shared-experiences-of-women-around-the-world\/\" title=\"Charla sobre la ciudad: experiencias compartidas de mujeres en todo el mundo\" tabindex=\"0\">Charla sobre la ciudad: experiencias compartidas de mujeres en todo el mundo<\/a>\t\t\t<\/h4>\n\t\t\t\t\t\t\t<h5>\n\t\t\t9 de junio de 2022\t\t\t\n\t\t\t\t\t\t\t<\/h5>","protected":false},"excerpt":{"rendered":"<p>Spenden Die Missionssynode ist das oberste Entscheidungsgremium von Mission 21. Und sie ist noch mehr: An der Missionssynode treffen sich Angeh\u00f6rige von Kulturen und Denominationen aus vier Kontinenten. Delegierte aus unseren Partnerl\u00e4ndern beraten, diskutieren und feiern weltweite Gemeinschaft. Die Missionssynode findet mehrheitlich online statt und bei besonderen Gelegenheiten auch vor Ort. Dann werden die Synodentage [&hellip;]<\/p>\n","protected":false},"author":1,"featured_media":3457,"parent":218,"menu_order":0,"comment_status":"closed","ping_status":"closed","template":"","meta":{"_acf_changed":false,"_seopress_robots_primary_cat":"","_seopress_titles_title":"","_seopress_titles_desc":"","_seopress_robots_index":"","_searchwp_excluded":"","site-sidebar-layout":"default","site-content-layout":"","ast-site-content-layout":"default","site-content-style":"default","site-sidebar-style":"default","ast-global-header-display":"","ast-banner-title-visibility":"","ast-main-header-display":"","ast-hfb-above-header-display":"","ast-hfb-below-header-display":"","ast-hfb-mobile-header-display":"","site-post-title":"","ast-breadcrumbs-content":"","ast-featured-img":"","footer-sml-layout":"","ast-disable-related-posts":"","theme-transparent-header-meta":"","adv-header-id-meta":"","stick-header-meta":"","header-above-stick-meta":"","header-main-stick-meta":"","header-below-stick-meta":"","astra-migrate-meta-layouts":"set","ast-page-background-enabled":"default","ast-page-background-meta":{"desktop":{"background-color":"var(--ast-global-color-4)","background-image":"","background-repeat":"repeat","background-position":"center center","background-size":"auto","background-attachment":"scroll","background-type":"","background-media":"","overlay-type":"","overlay-color":"","overlay-opacity":"","overlay-gradient":""},"tablet":{"background-color":"","background-image":"","background-repeat":"repeat","background-position":"center center","background-size":"auto","background-attachment":"scroll","background-type":"","background-media":"","overlay-type":"","overlay-color":"","overlay-opacity":"","overlay-gradient":""},"mobile":{"background-color":"","background-image":"","background-repeat":"repeat","background-position":"center center","background-size":"auto","background-attachment":"scroll","background-type":"","background-media":"","overlay-type":"","overlay-color":"","overlay-opacity":"","overlay-gradient":""}},"ast-content-background-meta":{"desktop":{"background-color":"var(--ast-global-color-5)","background-image":"","background-repeat":"repeat","background-position":"center center","background-size":"auto","background-attachment":"scroll","background-type":"","background-media":"","overlay-type":"","overlay-color":"","overlay-opacity":"","overlay-gradient":""},"tablet":{"background-color":"var(--ast-global-color-5)","background-image":"","background-repeat":"repeat","background-position":"center center","background-size":"auto","background-attachment":"scroll","background-type":"","background-media":"","overlay-type":"","overlay-color":"","overlay-opacity":"","overlay-gradient":""},"mobile":{"background-color":"var(--ast-global-color-5)","background-image":"","background-repeat":"repeat","background-position":"center center","background-size":"auto","background-attachment":"scroll","background-type":"","background-media":"","overlay-type":"","overlay-color":"","overlay-opacity":"","overlay-gradient":""}},"iawp_total_views":1652,"footnotes":""},"hf_cat_page":[302],"class_list":["post-3892","page","type-page","status-publish","has-post-thumbnail"],"acf":[],"_links":{"self":[{"href":"https:\/\/www.mission-21.org\/es\/wp-json\/wp\/v2\/pages\/3892","targetHints":{"allow":["GET"]}}],"collection":[{"href":"https:\/\/www.mission-21.org\/es\/wp-json\/wp\/v2\/pages"}],"about":[{"href":"https:\/\/www.mission-21.org\/es\/wp-json\/wp\/v2\/types\/page"}],"author":[{"embeddable":true,"href":"https:\/\/www.mission-21.org\/es\/wp-json\/wp\/v2\/users\/1"}],"replies":[{"embeddable":true,"href":"https:\/\/www.mission-21.org\/es\/wp-json\/wp\/v2\/comments?post=3892"}],"version-history":[{"count":11,"href":"https:\/\/www.mission-21.org\/es\/wp-json\/wp\/v2\/pages\/3892\/revisions"}],"predecessor-version":[{"id":17757,"href":"https:\/\/www.mission-21.org\/es\/wp-json\/wp\/v2\/pages\/3892\/revisions\/17757"}],"up":[{"embeddable":true,"href":"https:\/\/www.mission-21.org\/es\/wp-json\/wp\/v2\/pages\/218"}],"wp:featuredmedia":[{"embeddable":true,"href":"https:\/\/www.mission-21.org\/es\/wp-json\/wp\/v2\/media\/3457"}],"wp:attachment":[{"href":"https:\/\/www.mission-21.org\/es\/wp-json\/wp\/v2\/media?parent=3892"}],"wp:term":[{"taxonomy":"hf_cat_page","embeddable":true,"href":"https:\/\/www.mission-21.org\/es\/wp-json\/wp\/v2\/hf_cat_page?post=3892"}],"curies":[{"name":"wp","href":"https:\/\/api.w.org\/{rel}","templated":true}]}}