{"id":15888,"date":"2025-03-06T12:22:55","date_gmt":"2025-03-06T11:22:55","guid":{"rendered":"https:\/\/www.mission-21.org\/?post_type=projekte&#038;p=15888"},"modified":"2025-12-29T17:45:48","modified_gmt":"2025-12-29T16:45:48","slug":"el-lago-titicaca-necesita-estrategias-de-justicia-climatica","status":"publish","type":"projekte","link":"https:\/\/www.mission-21.org\/es\/projekte\/titicacasee-in-not-strategien-fuer-klimagerechtigkeit\/","title":{"rendered":"El lago Titicaca, necesitado: estrategias para la justicia clim\u00e1tica"},"content":{"rendered":"<h2 class=\"wp-block-heading\">Informaci\u00f3n de fondo<\/h2>\n\n\n\n<p>Biodiversidad amenazada, descenso del nivel del agua y contaminaci\u00f3n t\u00f3xica del agua: seg\u00fan los expertos, el lago navegable m\u00e1s alto del mundo est\u00e1 cerca de un punto de inflexi\u00f3n ecol\u00f3gico. Urge actuar. Sin embargo, la situaci\u00f3n pol\u00edtica sobre el terreno se caracteriza por una gobernanza d\u00e9bil, con escasa influencia de la sociedad civil en las decisiones gubernamentales y ninguna concertaci\u00f3n entre las autoridades locales. Las inversiones p\u00fablicas tampoco se centran en resolver los problemas medioambientales del lago Titicaca.<\/p>\n\n\n\n<p>En medio de numerosos retos acuciantes, nuestras organizaciones asociadas colaboran con asociaciones de peque\u00f1os agricultores y j\u00f3venes ind\u00edgenas para hacer frente a la crisis medioambiental mediante diversos enfoques y exigir responsabilidades a las autoridades estatales.<\/p>\n\n\n\n<h4 class=\"wp-block-heading\"><strong>Formaci\u00f3n de organizaciones juveniles y sensibilizaci\u00f3n de la opini\u00f3n p\u00fablica<\/strong><\/h4>\n\n\n\n<p>En <strong>Bolivia <\/strong>nuestras organizaciones asociadas trabajan con tres clases de secundaria en el campo de la educaci\u00f3n medioambiental. Adem\u00e1s de impartir conocimientos y t\u00e9cnicas sobre cuestiones relacionadas con el agua, esto incluye tambi\u00e9n campa\u00f1as de recogida de residuos, sensibilizaci\u00f3n de la poblaci\u00f3n y trabajo en proyectos a lo largo del r\u00edo Katari y en centros urbanos m\u00e1s grandes como Copacabana, Puno y El Alto. El Katari es una de las principales arterias h\u00eddricas y, al mismo tiempo, una de las principales fuentes de contaminaci\u00f3n del lago Titicaca.<\/p>\n\n\n\n<p>En <strong>Per\u00fa <\/strong>nuestras organizaciones asociadas est\u00e1n utilizando el mismo enfoque con j\u00f3venes de seis clases escolares a lo largo del lago Titicaca.<\/p>\n\n\n\n<p>Nuestras organizaciones asociadas pretenden sensibilizar tanto a la poblaci\u00f3n local como a los turistas. Para ello, trabajan con asociaciones de mujeres y j\u00f3venes ind\u00edgenas para poner en marcha campa\u00f1as de sensibilizaci\u00f3n que tambi\u00e9n incluyen representaciones teatrales y actividades art\u00edsticas como murales tem\u00e1ticos.<\/p>\n\n\n\n<h4 class=\"wp-block-heading\"><strong>Foros de di\u00e1logo binacional y campa\u00f1as de recogida de residuos<\/strong><\/h4>\n\n\n\n<p>El proyecto tambi\u00e9n organiza foros de di\u00e1logo binacionales en los que actores de la sociedad civil, miembros de las autoridades gubernamentales locales y regionales y representantes de los ministerios de medio ambiente se re\u00fanen para debatir los retos, las mejores pr\u00e1cticas y las posibles soluciones. Se presta especial atenci\u00f3n a garantizar oportunidades a largo plazo para que las mujeres ind\u00edgenas y los j\u00f3venes participen en el di\u00e1logo pol\u00edtico. Por otro lado, tambi\u00e9n se elaboran medidas concretas, que son asumidas y aplicadas parcialmente por las autoridades locales. El di\u00e1logo directo entre las autoridades peruanas y bolivianas en la regi\u00f3n del proyecto del lago Titicaca tambi\u00e9n abre nuevas perspectivas sobre la complejidad del problema y hace tangible la urgente necesidad de una coordinaci\u00f3n binacional.<\/p>\n\n\n\n<p>Nuestras organizaciones asociadas est\u00e1n planeando su segunda gran campa\u00f1a de recogida de residuos de este a\u00f1o. Con unos 1.100 participantes, el objetivo es retirar residuos de las zonas costeras en varios puntos del lago Titicaca y a lo largo del r\u00edo Katari.<\/p>\n\n\n\n<h4 class=\"wp-block-heading\"><strong>Participaci\u00f3n permanente en mesas redondas con el Estado<\/strong><\/h4>\n\n\n\n<p>Nuestras organizaciones asociadas participan en las mesas redondas existentes, conocidas como \"mesas\", sobre reducci\u00f3n de la pobreza, asistencia sanitaria y agricultura. En la medida de lo posible, apoyan la elaboraci\u00f3n de planes de acci\u00f3n y se comprometen a mejorar la gesti\u00f3n de los recursos naturales y la coordinaci\u00f3n entre las autoridades.<\/p>\n\n\n\n<p>Mission 21 apoya este trabajo de protecci\u00f3n del lago Titicaca como nuevo proyecto desde el 1 de enero de 2025. Complementa el trabajo de proyectos de larga data de nuestras organizaciones socias en el \u00e1mbito de la soberan\u00eda alimentaria y con el objetivo de apoyar a las mujeres y los j\u00f3venes ind\u00edgenas de Per\u00fa para fortalecer su participaci\u00f3n pol\u00edtica y mejorar la protecci\u00f3n del medio ambiente.<\/p>\n\n\n\n<h2 class=\"wp-block-heading\">Objetivos del proyecto<\/h2>\n\n\n\n<p>Junto con sus organizaciones asociadas, Misi\u00f3n 21 apoya a mujeres y j\u00f3venes ind\u00edgenas de las comunidades locales aymara, quechua y urus en la adquisici\u00f3n de conocimientos y habilidades en el campo de la educaci\u00f3n medioambiental y el trabajo estrat\u00e9gico de relaciones p\u00fablicas, as\u00ed como en la organizaci\u00f3n de jornadas de acci\u00f3n medioambiental.<\/p>\n\n\n\n<h2 class=\"wp-block-heading\">Grupos objetivo<\/h2>\n\n\n\n<ul class=\"wp-block-list\">\n<li>Los j\u00f3venes de las zonas suburbanas y urbanas de la regi\u00f3n del lago Titicaca<\/li>\n\n\n\n<li>Mujeres y organizaciones de mujeres de las zonas rurales de la regi\u00f3n del lago Titicaca<\/li>\n<\/ul>\n\n\n\n<h2 class=\"wp-block-heading\">Actividades 2025<\/h2>\n\n\n\n<ul class=\"wp-block-list\">\n<li>Formaci\u00f3n de organizaciones juveniles medioambientales<\/li>\n\n\n\n<li>Campa\u00f1as art\u00edsticas de sensibilizaci\u00f3n<\/li>\n\n\n\n<li>Campa\u00f1as de recogida de residuos en las v\u00edas navegables<\/li>\n\n\n\n<li>Participaci\u00f3n permanente en mesas redondas con el Estado<\/li>\n<\/ul>\n\n\n\n<h2 class=\"wp-block-heading\">Progreso del proyecto<\/h2>\n\n\n\n<p>Desde el 1 de enero de 2025, el trabajo se desarrolla como un proyecto independiente. Sin embargo, en los dos \u00faltimos a\u00f1os ya se han celebrado encuentros binacionales entre mujeres y j\u00f3venes aymara y quechua hablantes de Bolivia y Per\u00fa. Encontrar\u00e1 m\u00e1s informaci\u00f3n en el n\u00famero 01\/2025 de nuestra revista para donantes <strong><a href=\"https:\/\/www.mission-21.org\/es\/informar-a\/publicaciones\/#pp-toc-xrvkwe8ihtn6-anchor-1\" target=\"_blank\" rel=\"noreferrer noopener\">begegnen <\/a><\/strong>y en nuestro podcast <strong>Voces de esperanza<\/strong>en lo siguiente<a href=\"https:\/\/open.spotify.com\/episode\/1muDxwKP6jsjlOqVqktd1x\"><strong> \"Los defensores del lago Titicaca\"<\/strong><\/a>.<\/p>\n\n\n\n<p><strong>Al podcast Voces de esperanza: Defensores del lago Titicaca<\/strong><\/p>\n\n\n\n<figure class=\"wp-block-image size-full is-resized\"><img decoding=\"async\" width=\"820\" height=\"820\" src=\"https:\/\/www.mission-21.org\/wp-content\/uploads\/2025\/03\/podcast.png\" alt=\"podcast\" class=\"wp-image-16694\" style=\"object-fit:cover;width:100px;height:100px\" srcset=\"https:\/\/www.mission-21.org\/wp-content\/uploads\/2025\/03\/podcast.png 820w, https:\/\/www.mission-21.org\/wp-content\/uploads\/2025\/03\/podcast-300x300.png 300w, https:\/\/www.mission-21.org\/wp-content\/uploads\/2025\/03\/podcast-768x768.png 768w, https:\/\/www.mission-21.org\/wp-content\/uploads\/2025\/03\/podcast-12x12.png 12w, https:\/\/www.mission-21.org\/wp-content\/uploads\/2025\/03\/podcast-800x800.png 800w, https:\/\/www.mission-21.org\/wp-content\/uploads\/2025\/03\/podcast-600x600.png 600w, https:\/\/www.mission-21.org\/wp-content\/uploads\/2025\/03\/podcast-100x100.png 100w\" sizes=\"(max-width: 820px) 100vw, 820px\" \/><\/figure>\n\n\n\n<figure class=\"wp-block-embed is-type-video is-provider-vimeo wp-block-embed-vimeo wp-embed-aspect-16-9 wp-has-aspect-ratio\"><div class=\"wp-block-embed__wrapper\">\n<iframe hcb-fetch-image-from=\"https:\/\/vimeo.com\/showcase\/10563979\/video\/852326778\" title=\"Cap\u00edtulo 2 - Mamacota - El agua de la santa madre\" src=\"https:\/\/player.vimeo.com\/video\/852326778?dnt=1&amp;app_id=122963\" width=\"500\" height=\"281\" frameborder=\"0\" allow=\"autoplay; fullscreen; picture-in-picture; clipboard-write; encrypted-media; web-share\" referrerpolicy=\"strict-origin-when-cross-origin\"><\/iframe>\n<\/div><\/figure>\n\n\n\n<p><\/p>\n\n\n\n<p><strong>Sobre la pel\u00edcula: Mamacota - El agua bendita de la madre<\/strong><\/p>\n\n\n\n<figure class=\"wp-block-image size-full is-resized\"><img decoding=\"async\" width=\"660\" height=\"660\" src=\"https:\/\/www.mission-21.org\/wp-content\/uploads\/2025\/03\/m-21.png\" alt=\"m 21\" class=\"wp-image-16689\" style=\"object-fit:cover;width:100px;height:100px\" srcset=\"https:\/\/www.mission-21.org\/wp-content\/uploads\/2025\/03\/m-21.png 660w, https:\/\/www.mission-21.org\/wp-content\/uploads\/2025\/03\/m-21-300x300.png 300w, https:\/\/www.mission-21.org\/wp-content\/uploads\/2025\/03\/m-21-12x12.png 12w, https:\/\/www.mission-21.org\/wp-content\/uploads\/2025\/03\/m-21-600x600.png 600w, https:\/\/www.mission-21.org\/wp-content\/uploads\/2025\/03\/m-21-100x100.png 100w\" sizes=\"(max-width: 660px) 100vw, 660px\" \/><\/figure>","protected":false},"featured_media":16672,"template":"","meta":{"_acf_changed":false,"_seopress_robots_primary_cat":"","_seopress_titles_title":"","_seopress_titles_desc":"","_seopress_robots_index":"","_searchwp_excluded":"","site-sidebar-layout":"default","site-content-layout":"","ast-site-content-layout":"default","site-content-style":"default","site-sidebar-style":"default","ast-global-header-display":"","ast-banner-title-visibility":"","ast-main-header-display":"","ast-hfb-above-header-display":"","ast-hfb-below-header-display":"","ast-hfb-mobile-header-display":"","site-post-title":"","ast-breadcrumbs-content":"","ast-featured-img":"","footer-sml-layout":"","ast-disable-related-posts":"","theme-transparent-header-meta":"","adv-header-id-meta":"","stick-header-meta":"","header-above-stick-meta":"","header-main-stick-meta":"","header-below-stick-meta":"","astra-migrate-meta-layouts":"set","ast-page-background-enabled":"default","ast-page-background-meta":{"desktop":{"background-color":"var(--ast-global-color-4)","background-image":"","background-repeat":"repeat","background-position":"center center","background-size":"auto","background-attachment":"scroll","background-type":"","background-media":"","overlay-type":"","overlay-color":"","overlay-opacity":"","overlay-gradient":""},"tablet":{"background-color":"","background-image":"","background-repeat":"repeat","background-position":"center center","background-size":"auto","background-attachment":"scroll","background-type":"","background-media":"","overlay-type":"","overlay-color":"","overlay-opacity":"","overlay-gradient":""},"mobile":{"background-color":"","background-image":"","background-repeat":"repeat","background-position":"center center","background-size":"auto","background-attachment":"scroll","background-type":"","background-media":"","overlay-type":"","overlay-color":"","overlay-opacity":"","overlay-gradient":""}},"ast-content-background-meta":{"desktop":{"background-color":"var(--ast-global-color-5)","background-image":"","background-repeat":"repeat","background-position":"center center","background-size":"auto","background-attachment":"scroll","background-type":"","background-media":"","overlay-type":"","overlay-color":"","overlay-opacity":"","overlay-gradient":""},"tablet":{"background-color":"var(--ast-global-color-5)","background-image":"","background-repeat":"repeat","background-position":"center center","background-size":"auto","background-attachment":"scroll","background-type":"","background-media":"","overlay-type":"","overlay-color":"","overlay-opacity":"","overlay-gradient":""},"mobile":{"background-color":"var(--ast-global-color-5)","background-image":"","background-repeat":"repeat","background-position":"center center","background-size":"auto","background-attachment":"scroll","background-type":"","background-media":"","overlay-type":"","overlay-color":"","overlay-opacity":"","overlay-gradient":""}},"footnotes":""},"land":[48,65,28],"wirkungsbereich":[10],"class_list":{"0":"post-15888","1":"projekte","2":"type-projekte","3":"status-publish","4":"has-post-thumbnail","6":"land-bolivien","7":"land-lateinamerika","8":"land-peru","9":"wirkungsbereich-bildung"},"acf":[],"_links":{"self":[{"href":"https:\/\/www.mission-21.org\/es\/wp-json\/wp\/v2\/projekte\/15888","targetHints":{"allow":["GET"]}}],"collection":[{"href":"https:\/\/www.mission-21.org\/es\/wp-json\/wp\/v2\/projekte"}],"about":[{"href":"https:\/\/www.mission-21.org\/es\/wp-json\/wp\/v2\/types\/projekte"}],"version-history":[{"count":9,"href":"https:\/\/www.mission-21.org\/es\/wp-json\/wp\/v2\/projekte\/15888\/revisions"}],"predecessor-version":[{"id":19507,"href":"https:\/\/www.mission-21.org\/es\/wp-json\/wp\/v2\/projekte\/15888\/revisions\/19507"}],"wp:featuredmedia":[{"embeddable":true,"href":"https:\/\/www.mission-21.org\/es\/wp-json\/wp\/v2\/media\/16672"}],"wp:attachment":[{"href":"https:\/\/www.mission-21.org\/es\/wp-json\/wp\/v2\/media?parent=15888"}],"wp:term":[{"taxonomy":"land","embeddable":true,"href":"https:\/\/www.mission-21.org\/es\/wp-json\/wp\/v2\/land?post=15888"},{"taxonomy":"wirkungsbereich","embeddable":true,"href":"https:\/\/www.mission-21.org\/es\/wp-json\/wp\/v2\/wirkungsbereich?post=15888"}],"curies":[{"name":"wp","href":"https:\/\/api.w.org\/{rel}","templated":true}]}}