{"id":996,"date":"2022-09-07T21:03:16","date_gmt":"2022-09-07T19:03:16","guid":{"rendered":"https:\/\/www.mission-21.org\/projekte\/das-elim-home-ist-eine-einrichtung-der-moravian-church-of-south-africa-mcsa-fuer-kinder-und-jugendliche-mit-geistigen-und-koerperlichen-behinderungen-es-ist-eines-von-sehr-wenigen-foerderzentren-in\/"},"modified":"2024-06-25T12:16:21","modified_gmt":"2024-06-25T10:16:21","slug":"elim-home-a-home-for-children-and-youth-with-disabilities","status":"publish","type":"projekte","link":"https:\/\/www.mission-21.org\/es\/projekte\/elim-home-eine-heimat-fuer-kinder-und-jugendliche-mit-behinderungen\/","title":{"rendered":"Elim Home - un hogar para ni\u00f1os y j\u00f3venes con discapacidades"},"content":{"rendered":"<h2 class=\"wp-block-heading\" id=\"hintergrundinformationen\">Informaci\u00f3n de fondo<\/h2>\n\n\n\n<p>El Hogar Elim se fund\u00f3 en 1963 para ayudar sobre todo a ni\u00f1os discapacitados, excluidos de las instituciones que los apoyaban durante la \u00e9poca del apartheid debido al r\u00e9gimen racista. Todav\u00eda hay muy pocas instituciones de este tipo en Sud\u00e1frica, por lo que los ni\u00f1os discapacitados acuden al Hogar Elim desde un radio de 700 kil\u00f3metros. En la actualidad, el hogar acoge a 50 ni\u00f1os y j\u00f3venes, con m\u00e1s de 20 en lista de espera. El objetivo del centro no es s\u00f3lo cuidar a los ni\u00f1os, sino tambi\u00e9n proporcionarles apoyo espec\u00edfico. Los residentes del Hogar Elim aprenden habilidades b\u00e1sicas para ganar m\u00e1s independencia en actividades cotidianas sencillas. Los ni\u00f1os y j\u00f3venes reciben apoyo mental y f\u00edsico intensivo a trav\u00e9s de modernos enfoques terap\u00e9uticos como la fisioterapia, la terapia ocupacional y la terapia art\u00edstica.<\/p>\n\n\n\n<p>Las instalaciones se encuentran en la antigua estaci\u00f3n misionera de Elim, a unos 220 kil\u00f3metros al este de Ciudad del Cabo. Adem\u00e1s, ahora hay una guarder\u00eda en Gansbaai y Bredasdorp, donde los ni\u00f1os reciben apoyo de terapeutas y padres especialmente formados de lunes a viernes. Este nuevo programa permite llegar a m\u00e1s ni\u00f1os. Tambi\u00e9n les permite seguir integrados en sus estructuras familiares y sociales.<\/p>\n\n\n\n<h2 class=\"wp-block-heading\" id=\"projektziele\">Objetivos del proyecto<\/h2>\n\n\n\n<p>Mediante diversas medidas terap\u00e9uticas hol\u00edsticas, el Hogar Elim contribuye a que los ni\u00f1os y j\u00f3venes con discapacidad intelectual reciban un apoyo integral.<\/p>\n\n\n\n<h2 class=\"wp-block-heading\" id=\"zielgruppen\">Grupos objetivo<\/h2>\n\n\n\n<p>50 ni\u00f1os con graves discapacidades mentales y f\u00edsicas, principalmente de familias econ\u00f3micamente pobres de Sud\u00e1frica.<\/p>\n\n\n\n<h2 class=\"wp-block-heading\" id=\"aktivitTen\">Actividades<\/h2>\n\n\n\n<ul class=\"wp-block-list\">\n<li>Atenci\u00f3n 24 horas para ni\u00f1os y j\u00f3venes con discapacidad intelectual grave<\/li>\n\n\n\n<li>Terapia ocupacional, fisioterapia y arte por parte de terapeutas cualificados<\/li>\n\n\n\n<li>Guarder\u00eda con servicios terap\u00e9uticos en dos centros de Gaansbaai y Bredasdorp<\/li>\n\n\n\n<li>Visitas a domicilio de terapeutas formados<\/li>\n\n\n\n<li>Labor educativa y de sensibilizaci\u00f3n en las comunidades vecinas en favor de los derechos de las personas con discapacidad.<\/li>\n\n\n\n<li>Explotaci\u00f3n de una plantaci\u00f3n de tomates y un olivar para aumentar la autofinanciaci\u00f3n del centro e integrar a las personas con discapacidad en la agricultura.<\/li>\n<\/ul>\n\n\n\n<h2 class=\"wp-block-heading\" id=\"projektfortschritt\">Progreso del proyecto<\/h2>\n\n\n\n<p>El Hogar Elim es una estimada instituci\u00f3n para la promoci\u00f3n de ni\u00f1os y j\u00f3venes con discapacidad intelectual en Sud\u00e1frica. Una larga lista de espera atestigua la gran reputaci\u00f3n del Hogar Elim. En los \u00faltimos a\u00f1os, las instalaciones han sido cuidadosamente renovadas. Los edificios, que tienen m\u00e1s de 50 a\u00f1os, y sus instalaciones sanitarias se han adaptado a un nivel que permite a todos los residentes vivir con dignidad. Tambi\u00e9n es destacable la descentralizaci\u00f3n del trabajo. Adem\u00e1s de la atenci\u00f3n de 24 horas en Elim, se abrieron otros dos lugares en Gansbaai y Bredasdorp, donde los ni\u00f1os reciben apoyo durante el d\u00eda, pero por lo dem\u00e1s viven con sus familias. &nbsp;<\/p>\n\n\n\n<p>Casi sin excepci\u00f3n, los ni\u00f1os y j\u00f3venes proceden de familias pobres que no pueden permitirse aportaciones sustanciales para los cuidados y las terapias. La mayor\u00eda de los costes se financian con donaciones. Para ser m\u00e1s independiente de estas donaciones fluctuantes, el Hogar Elim ha puesto en marcha un proyecto agr\u00edcola, cuyos ingresos pueden financiar adicionalmente el trabajo del establecimiento. Ahora hay un olivar con unos 100 olivos de los que se extrae aceite. Adem\u00e1s, ahora funcionan nueve invernaderos en los que se pueden producir tomates durante todo el a\u00f1o gracias a un sistema de calefacci\u00f3n. Adem\u00e1s de los ingresos por ventas, el proyecto de tomates y aceitunas tiene un agradable efecto secundario. Los ni\u00f1os y j\u00f3venes pueden recibir verduras frescas todos los d\u00edas. Algunos de ellos se integran en las labores agr\u00edcolas y ayudan a cultivar y cosechar los tomates y las aceitunas.<\/p>\n\n\n\n<h2 class=\"wp-block-heading\" id=\"partner\">&nbsp;<\/h2>","protected":false},"featured_media":687,"template":"","meta":{"_acf_changed":false,"_seopress_robots_primary_cat":"","_seopress_titles_title":"","_seopress_titles_desc":"","_seopress_robots_index":"","_searchwp_excluded":"","site-sidebar-layout":"default","site-content-layout":"","ast-site-content-layout":"default","site-content-style":"default","site-sidebar-style":"default","ast-global-header-display":"","ast-banner-title-visibility":"","ast-main-header-display":"","ast-hfb-above-header-display":"","ast-hfb-below-header-display":"","ast-hfb-mobile-header-display":"","site-post-title":"","ast-breadcrumbs-content":"","ast-featured-img":"","footer-sml-layout":"","ast-disable-related-posts":"","theme-transparent-header-meta":"","adv-header-id-meta":"","stick-header-meta":"","header-above-stick-meta":"","header-main-stick-meta":"","header-below-stick-meta":"","astra-migrate-meta-layouts":"set","ast-page-background-enabled":"default","ast-page-background-meta":{"desktop":{"background-color":"var(--ast-global-color-4)","background-image":"","background-repeat":"repeat","background-position":"center center","background-size":"auto","background-attachment":"scroll","background-type":"","background-media":"","overlay-type":"","overlay-color":"","overlay-opacity":"","overlay-gradient":""},"tablet":{"background-color":"","background-image":"","background-repeat":"repeat","background-position":"center center","background-size":"auto","background-attachment":"scroll","background-type":"","background-media":"","overlay-type":"","overlay-color":"","overlay-opacity":"","overlay-gradient":""},"mobile":{"background-color":"","background-image":"","background-repeat":"repeat","background-position":"center center","background-size":"auto","background-attachment":"scroll","background-type":"","background-media":"","overlay-type":"","overlay-color":"","overlay-opacity":"","overlay-gradient":""}},"ast-content-background-meta":{"desktop":{"background-color":"var(--ast-global-color-5)","background-image":"","background-repeat":"repeat","background-position":"center center","background-size":"auto","background-attachment":"scroll","background-type":"","background-media":"","overlay-type":"","overlay-color":"","overlay-opacity":"","overlay-gradient":""},"tablet":{"background-color":"var(--ast-global-color-5)","background-image":"","background-repeat":"repeat","background-position":"center center","background-size":"auto","background-attachment":"scroll","background-type":"","background-media":"","overlay-type":"","overlay-color":"","overlay-opacity":"","overlay-gradient":""},"mobile":{"background-color":"var(--ast-global-color-5)","background-image":"","background-repeat":"repeat","background-position":"center center","background-size":"auto","background-attachment":"scroll","background-type":"","background-media":"","overlay-type":"","overlay-color":"","overlay-opacity":"","overlay-gradient":""}},"footnotes":""},"land":[30],"wirkungsbereich":[10],"class_list":{"0":"post-996","1":"projekte","2":"type-projekte","3":"status-publish","4":"has-post-thumbnail","6":"land-suedafrika","7":"wirkungsbereich-bildung"},"acf":[],"_links":{"self":[{"href":"https:\/\/www.mission-21.org\/es\/wp-json\/wp\/v2\/projekte\/996","targetHints":{"allow":["GET"]}}],"collection":[{"href":"https:\/\/www.mission-21.org\/es\/wp-json\/wp\/v2\/projekte"}],"about":[{"href":"https:\/\/www.mission-21.org\/es\/wp-json\/wp\/v2\/types\/projekte"}],"version-history":[{"count":9,"href":"https:\/\/www.mission-21.org\/es\/wp-json\/wp\/v2\/projekte\/996\/revisions"}],"predecessor-version":[{"id":13249,"href":"https:\/\/www.mission-21.org\/es\/wp-json\/wp\/v2\/projekte\/996\/revisions\/13249"}],"wp:featuredmedia":[{"embeddable":true,"href":"https:\/\/www.mission-21.org\/es\/wp-json\/wp\/v2\/media\/687"}],"wp:attachment":[{"href":"https:\/\/www.mission-21.org\/es\/wp-json\/wp\/v2\/media?parent=996"}],"wp:term":[{"taxonomy":"land","embeddable":true,"href":"https:\/\/www.mission-21.org\/es\/wp-json\/wp\/v2\/land?post=996"},{"taxonomy":"wirkungsbereich","embeddable":true,"href":"https:\/\/www.mission-21.org\/es\/wp-json\/wp\/v2\/wirkungsbereich?post=996"}],"curies":[{"name":"wp","href":"https:\/\/api.w.org\/{rel}","templated":true}]}}