{"id":997,"date":"2022-09-07T21:03:16","date_gmt":"2022-09-07T19:03:16","guid":{"rendered":"https:\/\/www.mission-21.org\/projekte\/gewalt-ist-in-allen-lateinamerikanischen-laendern-und-deren-fragilen-demokratien-ein-weit-verbreitetes-und-strukturelles-problem-unsere-projektpartner-setzten-sich-insbesondere-gegen-die-gewalt-an-um\/"},"modified":"2026-03-30T17:52:26","modified_gmt":"2026-03-30T15:52:26","slug":"superacion-violencia-permitir-autodeterminacion-2","status":"publish","type":"projekte","link":"https:\/\/www.mission-21.org\/es\/projekte\/gewalt-ueberwinden-selbstbestimmung-ermoeglichen\/","title":{"rendered":"Superar la violencia de g\u00e9nero: promover la autodeterminaci\u00f3n y la justicia en los Andes"},"content":{"rendered":"<h2 class=\"wp-block-heading\" id=\"hintergrundinformationen\">Informaci\u00f3n de fondo<\/h2>\n\n\n\n<p>En t\u00e9rminos de representaci\u00f3n pol\u00edtica, las mujeres est\u00e1n presentes tanto en Bolivia como en Per\u00fa, y en los \u00faltimos a\u00f1os se han producido importantes avances legales hacia una mayor igualdad de oportunidades. Sin embargo, los feminicidios, las violaciones y la violencia sexualizada contra las mujeres, las personas no binarias, los ni\u00f1os y los j\u00f3venes van en aumento en ambos pa\u00edses.<\/p>\n\n\n\n<p>En Per\u00fa, las autoridades registraron un total de 146 feminicidios y m\u00e1s de 140.000 casos de violencia contra las mujeres en 2023. Alrededor de 29.000 de ellos, es decir, aproximadamente uno de cada cinco, implicaban violencia sexual.<\/p>\n\n\n\n<p>La situaci\u00f3n fue similar en Bolivia en 2023. Se registraron 81 feminicidios, 25 asesinatos de ni\u00f1os y 11.450 denuncias de violencia sexual.<\/p>\n\n\n\n<p>La falta de motivaci\u00f3n de las autoridades de ambos pa\u00edses para combatir con mayor eficacia la violencia sexualizada se manifiesta en el elevado n\u00famero de mujeres y ni\u00f1as registradas como desaparecidas, que crece a\u00f1o tras a\u00f1o. Entre enero de 2018 y julio de 2021, 46,762 mujeres y ni\u00f1as desaparecieron en Per\u00fa, de las cuales m\u00e1s del 60 por ciento eran menores de edad, y estos casos est\u00e1n generalmente asociados a la trata de personas, prostituci\u00f3n forzada, trabajo forzado y tr\u00e1fico de \u00f3rganos y ni\u00f1os.<\/p>\n\n\n\n<p>En la actualidad, 46 casas de acogida para mujeres y unos 400 centros de emergencia estatales ofrecen asesoramiento y protecci\u00f3n en Per\u00fa. Sin embargo, seg\u00fan nuestra organizaci\u00f3n socia Flora Trist\u00e1n, no son capaces de satisfacer la gran demanda de mujeres que buscan protecci\u00f3n frente a la violencia dom\u00e9stica.<\/p>\n\n\n\n<p>Debido a sus discapacidades, las mujeres y los ni\u00f1os con discapacidad son mucho m\u00e1s a menudo objeto de violencia sexual y de otro tipo que las personas sin discapacidad.<\/p>\n\n\n\n<p>En Bolivia, las personas con discapacidad se enfrentan a numerosos obst\u00e1culos, lo que las lleva a la pobreza, la violencia, la marginaci\u00f3n social y la discriminaci\u00f3n. Existe un marco legal para proteger a las personas con discapacidad de la violencia. Sin embargo, estas normas presentan lagunas y apenas son conocidas por los afectados ni por las autoridades competentes, por lo que a menudo no se aplican.<\/p>\n\n\n\n<p>El estudio de nuestra organizaci\u00f3n colaboradora Flora Trist\u00e1n demuestra que las agresiones a personas vulnerables se producen en entornos supuestamente \"seguros\": en el seno de la familia, en la escuela o en un centro sanitario. Muchos casos ni se denuncian ni se denuncian, por lo que se les denomina \"v\u00edctimas invisibles\".<\/p>\n\n\n\n<p>En Bolivia y Per\u00fa, las denuncias fracasan a menudo debido al sistema burocr\u00e1tico o a la falta de formaci\u00f3n del personal, que no puede ni quiere ofrecer ayuda. En consecuencia, las v\u00edctimas cuestionan la utilidad de presentar una denuncia o se abstienen de hacerlo. Sin embargo, si se presenta una denuncia, a menudo se persuade a las v\u00edctimas para que busquen una mediaci\u00f3n extrajudicial. As\u00ed pues, en la pr\u00e1ctica se niega a las v\u00edctimas el acceso al sistema judicial.<\/p>\n\n\n\n<p>Por lo tanto, muy pocos agresores tienen que temer sanciones, ya que s\u00f3lo el 10% de las denuncias dan lugar a una condena (Per\u00fa). Los casos de violencia sexual registrados estad\u00edsticamente son s\u00f3lo parciales: es probable que el n\u00famero de casos no denunciados sea elevado.<\/p>\n\n\n\n<h2 class=\"wp-block-heading\" id=\"projektziele20222025\">Grupos destinatarios y objetivos por pa\u00eds<\/h2>\n\n\n\n<p>Apoyamos el trabajo de proyectos de organizaciones socias que persiguen el derecho a una vida libre de violencia f\u00edsica y psicol\u00f3gica y trabajan persistentemente en reformas sociales y legales para lograr una sociedad pac\u00edfica y con igualdad de g\u00e9nero, de acuerdo con los Objetivos de Desarrollo Sostenible 5 y 16 de la ONU.<\/p>\n\n\n\n<h3 class=\"wp-block-heading\"><strong>Bolivia<\/strong><\/h3>\n\n\n\n<p>En Bolivia, apoyamos a nuestra organizaci\u00f3n socia Machaqa Amawta en su trabajo en nueve escuelas de La Paz (Andes) y Riberalta (Amazonas). En talleres regulares, se sensibiliza a ni\u00f1os y j\u00f3venes con y sin discapacidad sobre la violencia sexualizada de una manera apropiada para su edad y se les anima a reconocer los peligros, establecer l\u00edmites y buscar ayuda en caso necesario utilizando m\u00e9todos l\u00fadicos.<\/p>\n\n\n\n<p>Los ni\u00f1os aprenden lo que los adultos pueden y no pueden hacer con ellos. Aprenden a encontrar palabras para sus partes \u00edntimas -esto tambi\u00e9n es tab\u00fa en Bolivia- o a reconocer la diferencia entre una caricia buena y una mala o un secreto bueno y uno malo.<\/p>\n\n\n\n<p>Para ello, nuestra organizaci\u00f3n asociada ha elaborado su propio material educativo, centrado especialmente en las necesidades de los ni\u00f1os y j\u00f3venes con discapacidad. Adem\u00e1s, los profesores, la direcci\u00f3n de los centros escolares y los padres interesados son sensibilizados sobre el tema e informados sobre las obligaciones legales de protecci\u00f3n. El trabajo tambi\u00e9n incluye el apoyo a las escuelas en el desarrollo de una hoja de ruta con instrucciones espec\u00edficas para la acci\u00f3n. Los principales grupos destinatarios del trabajo del proyecto junto con Machaqa Amawta son<\/p>\n\n\n\n<ul class=\"wp-block-list\">\n<li>Escolares con y sin discapacidad de las ciudades de La Paz y Riberalta<\/li>\n\n\n\n<li>Padres, profesores, directivos de escuelas p\u00fablicas y concertadas de La Paz y Riberalta y otros agentes de protecci\u00f3n del Estado.<\/li>\n\n\n\n<li>Los menores afectados por la violencia y sus familiares reciben apoyo psicosocial<\/li>\n\n\n\n<li>Se sensibiliza e informa a la sociedad civil sobre la violencia de g\u00e9nero y la violencia sexual a trav\u00e9s de campa\u00f1as publicitarias regionales y nacionales, y se le pide que act\u00fae.<\/li>\n<\/ul>\n\n\n\n<h3 class=\"wp-block-heading\"><strong>Per\u00fa<\/strong><\/h3>\n\n\n\n<p>El Centro Peruano de la Mujer (PFZ) Flora Trist\u00e1n es una organizaci\u00f3n feminista socia de Misi\u00f3n 21 que trabaja desde hace m\u00e1s de 45 a\u00f1os en la defensa de los derechos de las mujeres en toda su diversidad, en particular el derecho a una vida libre de violencia y la promoci\u00f3n de la igualdad de g\u00e9nero. En su \u00e1mbito de actuaci\u00f3n, sensibilizan a las fuerzas de seguridad y organizan protestas ruidosas en espacios p\u00fablicos para informar a la poblaci\u00f3n de los abusos y animar a las autoridades a actuar.<\/p>\n\n\n\n<p>Esta labor de relaciones p\u00fablicas feministas apoya a las v\u00edctimas y familiares de la violencia de g\u00e9nero y sirve de estrategia para sensibilizar a la opini\u00f3n p\u00fablica.<\/p>\n\n\n\n<p>Misi\u00f3n 21 apoya al PFZ Flora Trist\u00e1n con su trabajo en dos regiones, la cuenca de la capital Lima y la zona rural de Cusco.<\/p>\n\n\n\n<h4 class=\"wp-block-heading\"><strong>PFZ<\/strong> <strong>Flora Trist\u00e1n en Lima<\/strong><\/h4>\n\n\n\n<ul class=\"wp-block-list\">\n<li>Cada a\u00f1o, alrededor de 1.000 v\u00edctimas de violencia sexual y trata de seres humanos del Gran Lima reciben asesoramiento y apoyo jur\u00eddico y, si es necesario, psicosocial o incluso m\u00e9dico de Flora Trist\u00e1n.<\/li>\n\n\n\n<li>En el distrito metropolitano de San Juan de Lurigancho, un grupo de 18 j\u00f3venes asesores jur\u00eddicos recibe apoyo para documentar casos de violencia sexualizada en su distrito. Prestan asesoramiento jur\u00eddico a las v\u00edctimas y a las partes interesadas y ayudan a denunciar los casos. Tambi\u00e9n participan en la realizaci\u00f3n de campa\u00f1as de prevenci\u00f3n de la violencia sexual y de sensibilizaci\u00f3n de la poblaci\u00f3n de su distrito.<\/li>\n\n\n\n<li>El \"litigio estrat\u00e9gico\" como estrategia jur\u00eddica se aplica para lograr cambios en la legislaci\u00f3n y su aplicaci\u00f3n. Estos mejoran la protecci\u00f3n de los grupos de poblaci\u00f3n vulnerables y en peligro. La organizaci\u00f3n socia apoya actualmente unos 80 procesos judiciales. <\/li>\n<\/ul>\n\n\n\n<h4 class=\"wp-block-heading\"><strong>PFZ Flora Trist\u00e1n en Cusco <\/strong><strong><\/strong><\/h4>\n\n\n\n<p>En las comunidades andinas, nuestra organizaci\u00f3n asociada combina la prevenci\u00f3n de la violencia sexual con estrategias para promover los ingresos y la participaci\u00f3n pol\u00edtica de las mujeres mediante la agricultura agroecol\u00f3gica.<\/p>\n\n\n\n<p>Las mujeres se convierten en portadoras de conocimientos para la seguridad alimentaria y generan ingresos para sus hogares y las comunidades de sus aldeas. Por un lado, esto les permite ampliar su \u00e1mbito de decisi\u00f3n dentro del hogar. Por otro, se las considera figuras clave en la adaptaci\u00f3n al cambio clim\u00e1tico a nivel comunitario, y la poblaci\u00f3n masculina les da m\u00e1s voz.<\/p>\n\n\n\n<p><strong>El principal grupo destinatario del trabajo del proyecto es a partir de 2025:<\/strong><\/p>\n\n\n\n<ul class=\"wp-block-list\">\n<li>30 mujeres peque\u00f1as productoras de la Asociaci\u00f3n de Productores Org\u00e1nicos de Quispicanchi (APPEQ) de las comunidades de Huasao, Mu\u00f1apata y Patabamba; est\u00e1n siendo capacitadas como multiplicadoras.<\/li>\n\n\n\n<li>Los multiplicadores asesoran en agroecolog\u00eda a 300 peque\u00f1os agricultores (70% mujeres, 30% hombres) de las comunidades de Huasao y Mu\u00f1apata y les forman y sensibilizan en temas de derechos humanos, igualdad de g\u00e9nero y agroecolog\u00eda.<\/li>\n\n\n\n<li>Representantes de los poderes p\u00fablicos, como alcaldes, concejales y responsables de desarrollo social y econ\u00f3mico. Se les forma para que utilicen sus competencias institucionales para acabar con la concepci\u00f3n tradicional del papel de la mujer y permitirle acceder a los recursos y garantizar su derecho a una vida sin violencia.<\/li>\n<\/ul>\n\n\n\n<p><strong>Casa DEI en Costa Rica<\/strong> La cooperaci\u00f3n con \"Casa Dei\", el refugio para activistas de derechos humanos perseguidos de toda Am\u00e9rica Latina, en Costa Rica contin\u00faa en un proyecto separado junto con nuestra organizaci\u00f3n asociada, el Centro Ecum\u00e9nico de Investigaci\u00f3n y Formaci\u00f3n DEI. Lleva el n\u00famero de proyecto 400.1020.<\/p>\n\n\n\n<h2 class=\"wp-block-heading\" id=\"aktivitTen\">Avance del proyecto 2025<\/h2>\n\n\n\n<h4 class=\"wp-block-heading\"><strong>Per\u00fa, Cusco - PFZ Flora Trist\u00e1n<\/strong><\/h4>\n\n\n\n<p>Flora Trist\u00e1n capacit\u00f3 a mujeres productoras para asegurar su propia alimentaci\u00f3n y ser m\u00e1s independientes econ\u00f3micamente. En los talleres de la escuela agroecol\u00f3gica, las mujeres aprendieron sobre cultivo sostenible, seguridad alimentaria y soberan\u00eda alimentaria. Como multiplicadoras, transmitieron estos conocimientos en sus comunidades. En las comunidades de Huasao, Patabamba y Mu\u00f1apata, las productoras mejoraron su trabajo de forma muy concreta: se introdujeron buenos m\u00e9todos de cultivo, se mantuvieron 30 invernaderos y se utilizaron sistemas de riego por goteo en los campos. El apoyo t\u00e9cnico continuo in situ ayud\u00f3 a las mujeres a poner en pr\u00e1ctica lo aprendido por s\u00ed mismas, independientemente de la ayuda externa. Adem\u00e1s, 15 jefes de comit\u00e9s de distrito y provinciales recibieron apoyo t\u00e9cnico espec\u00edfico. Al mismo tiempo, el proyecto se afianz\u00f3 pol\u00edtica y socialmente. La asociaci\u00f3n de mujeres y Flora Trist\u00e1n se integraron en comit\u00e9s de los municipios pol\u00edticos de Oropesa y Urcos. Flora Trist\u00e1n realiz\u00f3 campa\u00f1as de sensibilizaci\u00f3n en mercados y ferias de Cusco para concienciar sobre el derecho a una alimentaci\u00f3n sana y una producci\u00f3n sostenible, llegando a 920 personas.<\/p>\n\n\n\n<h4 class=\"wp-block-heading\"><strong><strong> Bolivia<\/strong><\/strong>, <strong>La Paz y Riberalta - Fundaci\u00f3n Machala Amawta (FMA)<\/strong><\/h4>\n\n\n\n<p>En 2025, el proyecto reforz\u00f3 espec\u00edficamente la protecci\u00f3n y la autoeficacia de los ni\u00f1os y j\u00f3venes con y sin discapacidad afectados por la violencia. Los programas terap\u00e9uticos les ayudaron a desarrollar estrategias de autoprotecci\u00f3n y a afrontar el estr\u00e9s. Los padres y cuidadores tambi\u00e9n recibieron apoyo para crear un entorno familiar m\u00e1s estable y protector. Uno de los focos de atenci\u00f3n fue la prevenci\u00f3n en la educaci\u00f3n: los cursos de formaci\u00f3n sobre violencia f\u00edsica, sexual y digital ense\u00f1aron a ni\u00f1os y j\u00f3venes los riesgos, los derechos y los canales de denuncia. Como multiplicadores, transmitieron estos conocimientos en sus clases. Al mismo tiempo, se reforzaron los comit\u00e9s escolares y se promovieron espacios inclusivos y no violentos.<\/p>\n\n\n\n<p>FMA se ocup\u00f3 de 146 nuevos casos de violencia denunciados y proporcion\u00f3 apoyo psicosocial y jur\u00eddico a los afectados y a sus familias; 81 ni\u00f1os y j\u00f3venes completaron con \u00e9xito la terapia. FMA tambi\u00e9n trabaj\u00f3 con escuelas, centros de educaci\u00f3n especial, autoridades y la polic\u00eda. Los cursos de formaci\u00f3n sobre comunicaci\u00f3n sin barreras para agentes de polic\u00eda y la participaci\u00f3n de los j\u00f3venes en iniciativas locales de prevenci\u00f3n reforzaron las estructuras de protecci\u00f3n a largo plazo.<\/p>\n\n\n\n<h4 class=\"wp-block-heading\"><strong><strong>Per\u00fa, Lima, Flora Trist\u00e1n<\/strong><\/strong><\/h4>\n\n\n\n<p><strong>Flora Trist\u00e1n<\/strong> en Lima puso en marcha medidas espec\u00edficas para prevenir la violencia en 2025. Entre ellas, servicios digitales de informaci\u00f3n y sensibilizaci\u00f3n, reuniones con asesores jur\u00eddicos en el distrito de San Juan de Lurigancho y apoyo a su labor de asesoramiento sobre el terreno. Adem\u00e1s, la organizaci\u00f3n <strong>Flora Trist\u00e1n<\/strong> Lima en actos p\u00fablicos de sensibilizaci\u00f3n para visibilizar la violencia e integrar la prevenci\u00f3n.<\/p>\n\n\n\n<p>Las afectadas por la violencia de g\u00e9nero recibieron apoyo concreto: asesoramiento jur\u00eddico y apoyo legal, atenci\u00f3n psicol\u00f3gica y social, especialmente en casos de secuestro. En casos de emergencia aguda, Flora Trist\u00e1n pudo apoyar a las v\u00edctimas de la violencia con cargo a un fondo social feminista. El proyecto tambi\u00e9n particip\u00f3 en la labor de presi\u00f3n y defensa de una mejor protecci\u00f3n de las mujeres y los ni\u00f1os. Se acompa\u00f1\u00f3 a activistas feministas en campa\u00f1as de movilizaci\u00f3n en espacios p\u00fablicos, y en debates con actores estrat\u00e9gicos se promovieron medidas pol\u00edticas en favor de los derechos de las mujeres.<\/p>\n\n\n\n<p><strong>En el <a href=\"https:\/\/vimeo.com\/953637810\">Pel\u00edcula \"Litigio estrat\u00e9gico contra la violencia de g\u00e9nero\"<\/a> En la siguiente pel\u00edcula, nuestra organizaci\u00f3n asociada Flora Trist\u00e1n da una visi\u00f3n del trabajo de apoyo jur\u00eddico de una familia cuya hija fue v\u00edctima de feminicidio y busca justicia.<\/strong><\/p>\n\n\n\n<figure class=\"wp-block-embed is-type-video is-provider-vimeo wp-block-embed-vimeo wp-embed-aspect-16-9 wp-has-aspect-ratio\"><div class=\"wp-block-embed__wrapper\">\n<iframe hcb-fetch-image-from=\"https:\/\/vimeo.com\/953637810?share=copy#t=0\" title=\"Asesoramiento jur\u00eddico para v\u00edctimas de violencia sexual - Flora Trist\u00e1n en Per\u00fa\" src=\"https:\/\/player.vimeo.com\/video\/953637810?dnt=1&amp;app_id=122963\" width=\"500\" height=\"281\" frameborder=\"0\" allow=\"autoplay; fullscreen; picture-in-picture; clipboard-write; encrypted-media; web-share\" referrerpolicy=\"strict-origin-when-cross-origin\"><\/iframe>\n<\/div><\/figure>\n\n\n\n<figure class=\"wp-block-image size-full is-resized\"><img decoding=\"async\" width=\"900\" height=\"900\" src=\"https:\/\/www.mission-21.org\/wp-content\/uploads\/2022\/09\/strategische-prozessfuehrung.png\" alt=\"gesti\u00f3n estrat\u00e9gica de procesos\" class=\"wp-image-16228\" style=\"object-fit:cover;width:50px;height:50px\" srcset=\"https:\/\/www.mission-21.org\/wp-content\/uploads\/2022\/09\/strategische-prozessfuehrung.png 900w, https:\/\/www.mission-21.org\/wp-content\/uploads\/2022\/09\/strategische-prozessfuehrung-300x300.png 300w, https:\/\/www.mission-21.org\/wp-content\/uploads\/2022\/09\/strategische-prozessfuehrung-768x768.png 768w, https:\/\/www.mission-21.org\/wp-content\/uploads\/2022\/09\/strategische-prozessfuehrung-12x12.png 12w, https:\/\/www.mission-21.org\/wp-content\/uploads\/2022\/09\/strategische-prozessfuehrung-800x800.png 800w, https:\/\/www.mission-21.org\/wp-content\/uploads\/2022\/09\/strategische-prozessfuehrung-600x600.png 600w, https:\/\/www.mission-21.org\/wp-content\/uploads\/2022\/09\/strategische-prozessfuehrung-100x100.png 100w\" sizes=\"(max-width: 900px) 100vw, 900px\" \/><\/figure>\n\n\n\n<p><strong>Al podcast \"Voces de esperanza\", <a href=\"https:\/\/open.spotify.com\/episode\/3K45yC6s2MHyMntijguY4n\">Episodio 6 \"Madres luchadoras y padre de El Alto\"<\/a> sobre el trabajo de nuestro socio Machaqa Amawta<\/strong><\/p>\n\n\n\n<figure class=\"wp-block-image size-full is-resized\"><img decoding=\"async\" width=\"740\" height=\"740\" src=\"https:\/\/www.mission-21.org\/wp-content\/uploads\/2022\/09\/podcast_kaempferischemuetter-4.png\" alt=\"podcast madres luchadoras\" class=\"wp-image-16225\" style=\"object-fit:cover;width:50px;height:50px\" srcset=\"https:\/\/www.mission-21.org\/wp-content\/uploads\/2022\/09\/podcast_kaempferischemuetter-4.png 740w, https:\/\/www.mission-21.org\/wp-content\/uploads\/2022\/09\/podcast_kaempferischemuetter-4-300x300.png 300w, https:\/\/www.mission-21.org\/wp-content\/uploads\/2022\/09\/podcast_kaempferischemuetter-4-12x12.png 12w, https:\/\/www.mission-21.org\/wp-content\/uploads\/2022\/09\/podcast_kaempferischemuetter-4-600x600.png 600w, https:\/\/www.mission-21.org\/wp-content\/uploads\/2022\/09\/podcast_kaempferischemuetter-4-100x100.png 100w\" sizes=\"(max-width: 740px) 100vw, 740px\" \/><\/figure>","protected":false},"featured_media":998,"template":"","meta":{"_acf_changed":false,"_seopress_robots_primary_cat":"","_seopress_titles_title":"","_seopress_titles_desc":"","_seopress_robots_index":"","_searchwp_excluded":"","site-sidebar-layout":"default","site-content-layout":"","ast-site-content-layout":"default","site-content-style":"default","site-sidebar-style":"default","ast-global-header-display":"","ast-banner-title-visibility":"","ast-main-header-display":"","ast-hfb-above-header-display":"","ast-hfb-below-header-display":"","ast-hfb-mobile-header-display":"","site-post-title":"","ast-breadcrumbs-content":"","ast-featured-img":"","footer-sml-layout":"","ast-disable-related-posts":"","theme-transparent-header-meta":"","adv-header-id-meta":"","stick-header-meta":"","header-above-stick-meta":"","header-main-stick-meta":"","header-below-stick-meta":"","astra-migrate-meta-layouts":"set","ast-page-background-enabled":"default","ast-page-background-meta":{"desktop":{"background-color":"var(--ast-global-color-4)","background-image":"","background-repeat":"repeat","background-position":"center center","background-size":"auto","background-attachment":"scroll","background-type":"","background-media":"","overlay-type":"","overlay-color":"","overlay-opacity":"","overlay-gradient":""},"tablet":{"background-color":"","background-image":"","background-repeat":"repeat","background-position":"center center","background-size":"auto","background-attachment":"scroll","background-type":"","background-media":"","overlay-type":"","overlay-color":"","overlay-opacity":"","overlay-gradient":""},"mobile":{"background-color":"","background-image":"","background-repeat":"repeat","background-position":"center center","background-size":"auto","background-attachment":"scroll","background-type":"","background-media":"","overlay-type":"","overlay-color":"","overlay-opacity":"","overlay-gradient":""}},"ast-content-background-meta":{"desktop":{"background-color":"var(--ast-global-color-5)","background-image":"","background-repeat":"repeat","background-position":"center center","background-size":"auto","background-attachment":"scroll","background-type":"","background-media":"","overlay-type":"","overlay-color":"","overlay-opacity":"","overlay-gradient":""},"tablet":{"background-color":"var(--ast-global-color-5)","background-image":"","background-repeat":"repeat","background-position":"center center","background-size":"auto","background-attachment":"scroll","background-type":"","background-media":"","overlay-type":"","overlay-color":"","overlay-opacity":"","overlay-gradient":""},"mobile":{"background-color":"var(--ast-global-color-5)","background-image":"","background-repeat":"repeat","background-position":"center center","background-size":"auto","background-attachment":"scroll","background-type":"","background-media":"","overlay-type":"","overlay-color":"","overlay-opacity":"","overlay-gradient":""}},"footnotes":""},"land":[48,65,28],"wirkungsbereich":[16,407,480],"class_list":{"0":"post-997","1":"projekte","2":"type-projekte","3":"status-publish","4":"has-post-thumbnail","6":"land-bolivien","7":"land-lateinamerika","8":"land-peru","9":"wirkungsbereich-friedensfoerderung","10":"wirkungsbereich-gendergerechtigkeit","11":"wirkungsbereich-ueberwindung-von-geschlechtsspezifischer-gewalt"},"acf":[],"_links":{"self":[{"href":"https:\/\/www.mission-21.org\/es\/wp-json\/wp\/v2\/projekte\/997","targetHints":{"allow":["GET"]}}],"collection":[{"href":"https:\/\/www.mission-21.org\/es\/wp-json\/wp\/v2\/projekte"}],"about":[{"href":"https:\/\/www.mission-21.org\/es\/wp-json\/wp\/v2\/types\/projekte"}],"version-history":[{"count":9,"href":"https:\/\/www.mission-21.org\/es\/wp-json\/wp\/v2\/projekte\/997\/revisions"}],"predecessor-version":[{"id":20159,"href":"https:\/\/www.mission-21.org\/es\/wp-json\/wp\/v2\/projekte\/997\/revisions\/20159"}],"wp:featuredmedia":[{"embeddable":true,"href":"https:\/\/www.mission-21.org\/es\/wp-json\/wp\/v2\/media\/998"}],"wp:attachment":[{"href":"https:\/\/www.mission-21.org\/es\/wp-json\/wp\/v2\/media?parent=997"}],"wp:term":[{"taxonomy":"land","embeddable":true,"href":"https:\/\/www.mission-21.org\/es\/wp-json\/wp\/v2\/land?post=997"},{"taxonomy":"wirkungsbereich","embeddable":true,"href":"https:\/\/www.mission-21.org\/es\/wp-json\/wp\/v2\/wirkungsbereich?post=997"}],"curies":[{"name":"wp","href":"https:\/\/api.w.org\/{rel}","templated":true}]}}