{"id":14636,"date":"2024-09-26T12:59:08","date_gmt":"2024-09-26T10:59:08","guid":{"rendered":"https:\/\/www.mission-21.org\/?page_id=14636"},"modified":"2026-04-23T10:08:01","modified_gmt":"2026-04-23T08:08:01","slug":"evenements-3","status":"publish","type":"page","link":"https:\/\/www.mission-21.org\/fr\/was-wir-tun\/bildungsveranstaltungen\/","title":{"rendered":"Manifestations \u00e9ducatives"},"content":{"rendered":"<figure itemscope itemtype=\"https:\/\/schema.org\/ImageObject\">\n\t\t\t\t<img decoding=\"async\" src=\"https:\/\/www.mission-21.org\/wp-content\/uploads\/2022\/08\/csm_header_news_d521d70e38.jpeg\" alt=\"csm header news d521d70e38\" height=\"688\" width=\"1680\" title=\"csm_Header_News_d521d70e38\" onerror=\"this.style.display='none'\" loading=\"lazy\" \/>\n\t<\/figure>\n\t\t\t<h1>Bo\u00eete d'information<\/h1>\t\t\t\n\t\t\t\t<p>Vous vous int\u00e9ressez \u00e0 des th\u00e8mes tels que la collaboration interreligieuse et l'\u00e9change transculturel ? Pour des th\u00e8mes actuels qui nous mettent au d\u00e9fi dans notre monde global complexe ? Vous trouverez ici de nombreux \u00e9v\u00e9nements qui \u00e9largiront vos horizons et inspireront votre quotidien. Notre travail de formation est certifi\u00e9 EduQua.<\/p>\n<figure itemscope itemtype=\"https:\/\/schema.org\/ImageObject\">\n\t\t\t\t<img decoding=\"async\" src=\"https:\/\/www.mission-21.org\/wp-content\/uploads\/2022\/08\/csm_eduqua_logo.svg_a0d3023d4c.png\" alt=\"csm eduqua logo.svg a0d3023d4c\" height=\"30\" width=\"84\" title=\"csm_EduQua_Logo.svg_a0d3023d4c\" onerror=\"this.style.display='none'\" loading=\"lazy\" \/>\n\t<\/figure>\n\t<section>\n  <h2>\n    Nouvelle s\u00e9rie de webinaires \u201eGlobal Voices - Acting Together for Peace\u201c (Voix mondiales - Agir ensemble pour la paix)\u201c\n  <\/h2>\n  \n    Notre nouvelle s\u00e9rie de webinaires \u201eGlobal Voices - Acting Together for Peace\u201c se rattache th\u00e9matiquement au Forum international 2025 intitul\u00e9 \u00abPeace on Earth. Peace with the Earth\u00bb. Nous nous interrogeons sur une relation respectueuse et durable avec la Terre et ses \u00e9l\u00e9ments. Nous souhaitons faire face \u00e0 l'ali\u00e9nation entre l'homme et la nature et trouver des voies communes pour la paix, la justice et la durabilit\u00e9. La s\u00e9rie comprend trois webinaires coordonn\u00e9s sur la \u201eTerre\u201c, l\u201e\u201cEau\u201e et le \u201cFeu\", qui se compl\u00e8tent sur le plan th\u00e9matique, mais qui peuvent \u00e9galement \u00eatre suivis ind\u00e9pendamment les uns des autres.\n  \n  <!-- Orangefarbener Button unten rechts -->\n  <a href=\"https:\/\/www.mission-21.org\/fr\/evenement\/la-dignite-de-leau-les-fleuves-sacres\/\" \n     style=\"display:inline-block;position:absolute;right:0;bottom:0;            background:#E87722;color:#fff;padding:12px 20px;text-decoration:none;            font-weight:600;transition:background 0.25s;\">\n    En savoir plus\n  <\/a>\n<\/section>\n<!-- Hover-Farbe -->\n<style>\n.forum-recap-intro a:hover {\n  background:#cc5f10;\n}\n<\/style>\n<h2>\n\t\t\tProchains \u00e9v\u00e9nements\t<\/h2>\n\t<meta itemscope itemprop=\"mainEntityOfPage\" itemtype=\"https:\/\/schema.org\/WebPage\" itemid=\"https:\/\/www.mission-21.org\/veranstaltung\/plattform-weltsicht-2\/\" content=\"Abgesagt: Plattform Weltsicht\" \/><meta itemprop=\"datePublished\" content=\"2025-12-08\" \/><meta itemprop=\"dateModified\" content=\"2026-04-20\" \/><meta itemprop=\"name\" content=\"Mission 21\"\/><meta itemprop=\"url\" content=\"https:\/\/www.mission-21.org\/wp-content\/uploads\/2022\/08\/de-blau.svg\"\/><meta itemprop=\"url\" content=\"https:\/\/www.mission-21.org\/author\/betuel\/\" \/><meta itemprop=\"name\" content=\"Bet\u00fcl Cam\" \/><meta itemprop=\"url\" content=\"https:\/\/www.mission-21.org\/wp-content\/uploads\/2025\/07\/rundbrief_johanna_drach_nr__2-scaled-min.jpg\" \/><meta itemprop=\"width\" content=\"2000\" \/><meta itemprop=\"height\" content=\"1331\" \/><meta itemprop=\"interactionType\" content=\"https:\/\/schema.org\/CommentAction\" \/><meta itemprop=\"userInteractionCount\" content=\"0\" \/><h4><a href='https:\/\/www.mission-21.org\/fr\/evenement\/plateforme-vision-du-monde-2\/' title='Annul\u00e9 : Plateforme Vision du monde'>Annul\u00e9 : Plateforme Vision du monde<\/a><\/h4>\n\t<a href='https:\/\/www.mission-21.org\/fr\/evenement\/plateforme-vision-du-monde-2\/' title='Annul\u00e9 : Plateforme Vision du monde'><img width=\"1200\" height=\"799\" src=\"https:\/\/www.mission-21.org\/wp-content\/uploads\/2025\/07\/rundbrief_johanna_drach_nr__2-scaled-min-1200x799.jpg\" alt=\"bulletin d&#039;information johanna drach nr 2 scaled min\" itemprop=\"image\" decoding=\"async\" srcset=\"https:\/\/www.mission-21.org\/wp-content\/uploads\/2025\/07\/rundbrief_johanna_drach_nr__2-scaled-min-1200x799.jpg 1200w, https:\/\/www.mission-21.org\/wp-content\/uploads\/2025\/07\/rundbrief_johanna_drach_nr__2-scaled-min-900x599.jpg 900w, https:\/\/www.mission-21.org\/wp-content\/uploads\/2025\/07\/rundbrief_johanna_drach_nr__2-scaled-min-768x511.jpg 768w, https:\/\/www.mission-21.org\/wp-content\/uploads\/2025\/07\/rundbrief_johanna_drach_nr__2-scaled-min-1536x1022.jpg 1536w, https:\/\/www.mission-21.org\/wp-content\/uploads\/2025\/07\/rundbrief_johanna_drach_nr__2-scaled-min-18x12.jpg 18w, https:\/\/www.mission-21.org\/wp-content\/uploads\/2025\/07\/rundbrief_johanna_drach_nr__2-scaled-min-300x200.jpg 300w, https:\/\/www.mission-21.org\/wp-content\/uploads\/2025\/07\/rundbrief_johanna_drach_nr__2-scaled-min-600x399.jpg 600w, https:\/\/www.mission-21.org\/wp-content\/uploads\/2025\/07\/rundbrief_johanna_drach_nr__2-scaled-min.jpg 2000w\" sizes=\"(max-width: 1200px) 100vw, 1200px\" \/><\/a>\n    \t<p>Lors de la plate-forme annuelle \"Vision du monde\", les collaborateurs des Eglises et d'autres personnes int\u00e9ress\u00e9es ont un aper\u00e7u des nombreuses offres de Mission 21 pour leur propre activit\u00e9. La campagne de Mission 21 sert de base - cette ann\u00e9e sur le th\u00e8me \"S'engager pour les droits de l'homme : renforcer les personnes touch\u00e9es par la violence, promouvoir l'autod\u00e9termination\". La campagne met l'accent sur des projets de pr\u00e9vention de la violence ainsi que sur les soins aigus et l'autod\u00e9termination au P\u00e9rou, en Bolivie et en Indon\u00e9sie. <\/p>\n     23 avril 2026 \n\t<meta itemscope itemprop=\"mainEntityOfPage\" itemtype=\"https:\/\/schema.org\/WebPage\" itemid=\"https:\/\/www.mission-21.org\/veranstaltung\/die-wuerde-des-wassers-heilige-fluesse\/\" content=\"Die W\u00fcrde des Wassers &#8211; Heilige Fl\u00fcsse und Seen\" \/><meta itemprop=\"datePublished\" content=\"2025-12-03\" \/><meta itemprop=\"dateModified\" content=\"2026-04-14\" \/><meta itemprop=\"name\" content=\"Mission 21\"\/><meta itemprop=\"url\" content=\"https:\/\/www.mission-21.org\/wp-content\/uploads\/2022\/08\/de-blau.svg\"\/><meta itemprop=\"url\" content=\"https:\/\/www.mission-21.org\/author\/martin-vonwylmission-21-org\/\" \/><meta itemprop=\"name\" content=\"Martin von Wyl\" \/><meta itemprop=\"url\" content=\"https:\/\/www.mission-21.org\/wp-content\/uploads\/2025\/12\/img_themenfoto_webinar-global-voices-3_20251113_cwe.jpg\" \/><meta itemprop=\"width\" content=\"1600\" \/><meta itemprop=\"height\" content=\"1200\" \/><meta itemprop=\"interactionType\" content=\"https:\/\/schema.org\/CommentAction\" \/><meta itemprop=\"userInteractionCount\" content=\"0\" \/><h4><a href='https:\/\/www.mission-21.org\/fr\/evenement\/la-dignite-de-leau-les-fleuves-sacres\/' title='La dignit\u00e9 de l&#039;eau - Rivi\u00e8res et lacs sacr\u00e9s'>La dignit\u00e9 de l'eau - Rivi\u00e8res et lacs sacr\u00e9s<\/a><\/h4>\n\t<a href='https:\/\/www.mission-21.org\/fr\/evenement\/la-dignite-de-leau-les-fleuves-sacres\/' title='La dignit\u00e9 de l&#039;eau - Rivi\u00e8res et lacs sacr\u00e9s'><img width=\"1200\" height=\"900\" src=\"https:\/\/www.mission-21.org\/wp-content\/uploads\/2025\/12\/img_themenfoto_webinar-global-voices-3_20251113_cwe-1200x900.jpg\" alt=\"Une image en \u00e9cran partag\u00e9 montrant une femme puisant de l&#039;eau en Indon\u00e9sie, un agriculteur au Sud-Soudan et une jeune fille assise derri\u00e8re un feu de barbecue.\" itemprop=\"image\" decoding=\"async\" srcset=\"https:\/\/www.mission-21.org\/wp-content\/uploads\/2025\/12\/img_themenfoto_webinar-global-voices-3_20251113_cwe-1200x900.jpg 1200w, https:\/\/www.mission-21.org\/wp-content\/uploads\/2025\/12\/img_themenfoto_webinar-global-voices-3_20251113_cwe-900x675.jpg 900w, https:\/\/www.mission-21.org\/wp-content\/uploads\/2025\/12\/img_themenfoto_webinar-global-voices-3_20251113_cwe-768x576.jpg 768w, https:\/\/www.mission-21.org\/wp-content\/uploads\/2025\/12\/img_themenfoto_webinar-global-voices-3_20251113_cwe-1536x1152.jpg 1536w, https:\/\/www.mission-21.org\/wp-content\/uploads\/2025\/12\/img_themenfoto_webinar-global-voices-3_20251113_cwe-16x12.jpg 16w, https:\/\/www.mission-21.org\/wp-content\/uploads\/2025\/12\/img_themenfoto_webinar-global-voices-3_20251113_cwe-300x225.jpg 300w, https:\/\/www.mission-21.org\/wp-content\/uploads\/2025\/12\/img_themenfoto_webinar-global-voices-3_20251113_cwe-600x450.jpg 600w, https:\/\/www.mission-21.org\/wp-content\/uploads\/2025\/12\/img_themenfoto_webinar-global-voices-3_20251113_cwe.jpg 1600w\" sizes=\"(max-width: 1200px) 100vw, 1200px\" \/><\/a>\n    \t<p>Dans notre nouvelle s\u00e9rie de webinaires \u201cGlobal Voices - Acting Together for Peace\u201d, nous nous interrogeons sur une relation respectueuse et durable avec la terre et ses \u00e9l\u00e9ments, la terre, l'eau et le feu. Dans ce deuxi\u00e8me webinaire de la s\u00e9rie, nous nous pencherons sur le lien entre les communaut\u00e9s indig\u00e8nes et l'eau, ainsi que sur des exemples et des possibilit\u00e9s de protection de l'eau. <\/p>\n     12 mai 2026 \n\t<meta itemscope itemprop=\"mainEntityOfPage\" itemtype=\"https:\/\/schema.org\/WebPage\" itemid=\"https:\/\/www.mission-21.org\/veranstaltung\/stadtfuhrung-de-koloniale-kunst-in-basel\/\" content=\"Stadtf\u00fchrung: (De-)Koloniale Kunst in Basel\" \/><meta itemprop=\"datePublished\" content=\"2025-12-08\" \/><meta itemprop=\"dateModified\" content=\"2026-04-16\" \/><meta itemprop=\"name\" content=\"Mission 21\"\/><meta itemprop=\"url\" content=\"https:\/\/www.mission-21.org\/wp-content\/uploads\/2022\/08\/de-blau.svg\"\/><meta itemprop=\"url\" content=\"https:\/\/www.mission-21.org\/author\/monika\/\" \/><meta itemprop=\"name\" content=\"Monika Di Pietrantonio\" \/><meta itemprop=\"url\" content=\"https:\/\/www.mission-21.org\/wp-content\/uploads\/2023\/06\/img_kolonialismus-basel_20230614_cwe.jpg\" \/><meta itemprop=\"width\" content=\"1500\" \/><meta itemprop=\"height\" content=\"1125\" \/><meta itemprop=\"interactionType\" content=\"https:\/\/schema.org\/CommentAction\" \/><meta itemprop=\"userInteractionCount\" content=\"0\" \/><h4><a href='https:\/\/www.mission-21.org\/fr\/evenement\/visite-guidee-de-la-ville-de-lart-colonial-a-bale\/' title='Visite guid\u00e9e de la ville : l&#039;art (d\u00e9)colonial \u00e0 B\u00e2le'>Visite guid\u00e9e de la ville : l'art (d\u00e9)colonial \u00e0 B\u00e2le<\/a><\/h4>\n\t<a href='https:\/\/www.mission-21.org\/fr\/evenement\/visite-guidee-de-la-ville-de-lart-colonial-a-bale\/' title='Visite guid\u00e9e de la ville : l&#039;art (d\u00e9)colonial \u00e0 B\u00e2le'><img width=\"1200\" height=\"900\" src=\"https:\/\/www.mission-21.org\/wp-content\/uploads\/2023\/06\/img_kolonialismus-basel_20230614_cwe-1200x900.jpg\" alt=\"img colonialisme b\u00e2le 20230614 cwe\" itemprop=\"image\" decoding=\"async\" srcset=\"https:\/\/www.mission-21.org\/wp-content\/uploads\/2023\/06\/img_kolonialismus-basel_20230614_cwe-1200x900.jpg 1200w, https:\/\/www.mission-21.org\/wp-content\/uploads\/2023\/06\/img_kolonialismus-basel_20230614_cwe-900x675.jpg 900w, https:\/\/www.mission-21.org\/wp-content\/uploads\/2023\/06\/img_kolonialismus-basel_20230614_cwe-768x576.jpg 768w, https:\/\/www.mission-21.org\/wp-content\/uploads\/2023\/06\/img_kolonialismus-basel_20230614_cwe-16x12.jpg 16w, https:\/\/www.mission-21.org\/wp-content\/uploads\/2023\/06\/img_kolonialismus-basel_20230614_cwe-300x225.jpg 300w, https:\/\/www.mission-21.org\/wp-content\/uploads\/2023\/06\/img_kolonialismus-basel_20230614_cwe-600x450.jpg 600w, https:\/\/www.mission-21.org\/wp-content\/uploads\/2023\/06\/img_kolonialismus-basel_20230614_cwe.jpg 1500w\" sizes=\"(max-width: 1200px) 100vw, 1200px\" \/><\/a>\n    \t<p>Pourquoi la foire d'art la plus importante au monde se tient-elle \u00e0 B\u00e2le et pourquoi y a-t-il eu une \u201caffaire Picasso\u201d ? La nouvelle visite guid\u00e9e de la ville organis\u00e9e par Mission 21 permet de d\u00e9couvrir des \u0153uvres d'art c\u00e9l\u00e8bres et inconnues et leur rapport avec le (d\u00e9)colonialisme \u00e0 B\u00e2le.<\/p>\n     22 mai 2026 \n\t<meta itemscope itemprop=\"mainEntityOfPage\" itemtype=\"https:\/\/schema.org\/WebPage\" itemid=\"https:\/\/www.mission-21.org\/veranstaltung\/get-together-3\/\" content=\"Get-together\" \/><meta itemprop=\"datePublished\" content=\"2025-12-02\" \/><meta itemprop=\"dateModified\" content=\"2026-04-09\" \/><meta itemprop=\"name\" content=\"Mission 21\"\/><meta itemprop=\"url\" content=\"https:\/\/www.mission-21.org\/wp-content\/uploads\/2022\/08\/de-blau.svg\"\/><meta itemprop=\"url\" content=\"https:\/\/www.mission-21.org\/author\/nina\/\" \/><meta itemprop=\"name\" content=\"Nina Rusch\" \/><meta itemprop=\"url\" content=\"https:\/\/www.mission-21.org\/wp-content\/uploads\/2025\/08\/250818_m21_keyvisual_gettogether_font_cmyk_rz.png\" \/><meta itemprop=\"width\" content=\"4311\" \/><meta itemprop=\"height\" content=\"2070\" \/><meta itemprop=\"interactionType\" content=\"https:\/\/schema.org\/CommentAction\" \/><meta itemprop=\"userInteractionCount\" content=\"0\" \/><h4><a href='https:\/\/www.mission-21.org\/fr\/evenement\/get-together-3\/' title='Get-together'>Get-together<\/a><\/h4>\n\t<a href='https:\/\/www.mission-21.org\/fr\/evenement\/get-together-3\/' title='Get-together'><img width=\"1200\" height=\"576\" src=\"https:\/\/www.mission-21.org\/wp-content\/uploads\/2025\/08\/250818_m21_keyvisual_gettogether_font_cmyk_rz-1200x576.png\" alt=\"250818 m21 keyvisual gettogether font cmyk rz\" itemprop=\"image\" decoding=\"async\" srcset=\"https:\/\/www.mission-21.org\/wp-content\/uploads\/2025\/08\/250818_m21_keyvisual_gettogether_font_cmyk_rz-1200x576.png 1200w, https:\/\/www.mission-21.org\/wp-content\/uploads\/2025\/08\/250818_m21_keyvisual_gettogether_font_cmyk_rz-900x432.png 900w, https:\/\/www.mission-21.org\/wp-content\/uploads\/2025\/08\/250818_m21_keyvisual_gettogether_font_cmyk_rz-768x369.png 768w, https:\/\/www.mission-21.org\/wp-content\/uploads\/2025\/08\/250818_m21_keyvisual_gettogether_font_cmyk_rz-1536x738.png 1536w, https:\/\/www.mission-21.org\/wp-content\/uploads\/2025\/08\/250818_m21_keyvisual_gettogether_font_cmyk_rz-2048x983.png 2048w, https:\/\/www.mission-21.org\/wp-content\/uploads\/2025\/08\/250818_m21_keyvisual_gettogether_font_cmyk_rz-18x9.png 18w, https:\/\/www.mission-21.org\/wp-content\/uploads\/2025\/08\/250818_m21_keyvisual_gettogether_font_cmyk_rz-300x144.png 300w, https:\/\/www.mission-21.org\/wp-content\/uploads\/2025\/08\/250818_m21_keyvisual_gettogether_font_cmyk_rz-600x288.png 600w\" sizes=\"(max-width: 1200px) 100vw, 1200px\" \/><\/a>\n    \t<p>Le \"Get-together\" de young@mission21 permet un \u00e9change r\u00e9gulier entre jeunes adultes du monde entier. Ce format est \u00e9troitement li\u00e9 \u00e0 notre podcast Young Voices et offre un espace d'\u00e9change, de discussion et de questions autour des th\u00e8mes abord\u00e9s dans le podcast.<\/p>\n     30 mai 2026 \n\t<meta itemscope itemprop=\"mainEntityOfPage\" itemtype=\"https:\/\/schema.org\/WebPage\" itemid=\"https:\/\/www.mission-21.org\/veranstaltung\/die-wuerde-des-feuers-energie-und-spiritualitaet\/\" content=\"Die W\u00fcrde des Feuers &#8211; Energie und Spiritualit\u00e4t\" \/><meta itemprop=\"datePublished\" content=\"2026-02-13\" \/><meta itemprop=\"dateModified\" content=\"2026-04-20\" \/><meta itemprop=\"name\" content=\"Mission 21\"\/><meta itemprop=\"url\" content=\"https:\/\/www.mission-21.org\/wp-content\/uploads\/2022\/08\/de-blau.svg\"\/><meta itemprop=\"url\" content=\"https:\/\/www.mission-21.org\/author\/monika\/\" \/><meta itemprop=\"name\" content=\"Monika Di Pietrantonio\" \/><meta itemprop=\"url\" content=\"https:\/\/www.mission-21.org\/wp-content\/uploads\/2025\/12\/img_themenfoto_webinar-global-voices-3_20251113_cwe.jpg\" \/><meta itemprop=\"width\" content=\"1600\" \/><meta itemprop=\"height\" content=\"1200\" \/><meta itemprop=\"interactionType\" content=\"https:\/\/schema.org\/CommentAction\" \/><meta itemprop=\"userInteractionCount\" content=\"0\" \/><h4><a href='https:\/\/www.mission-21.org\/fr\/evenement\/la-puissance-du-feu-lenergie-et-la-spiritualite\/' title='La dignit\u00e9 du feu - \u00e9nergie et spiritualit\u00e9'>La dignit\u00e9 du feu - \u00e9nergie et spiritualit\u00e9<\/a><\/h4>\n\t<a href='https:\/\/www.mission-21.org\/fr\/evenement\/la-puissance-du-feu-lenergie-et-la-spiritualite\/' title='La dignit\u00e9 du feu - \u00e9nergie et spiritualit\u00e9'><img width=\"1200\" height=\"900\" src=\"https:\/\/www.mission-21.org\/wp-content\/uploads\/2025\/12\/img_themenfoto_webinar-global-voices-3_20251113_cwe-1200x900.jpg\" alt=\"Une image en \u00e9cran partag\u00e9 montrant une femme puisant de l&#039;eau en Indon\u00e9sie, un agriculteur au Sud-Soudan et une jeune fille assise derri\u00e8re un feu de barbecue.\" itemprop=\"image\" decoding=\"async\" srcset=\"https:\/\/www.mission-21.org\/wp-content\/uploads\/2025\/12\/img_themenfoto_webinar-global-voices-3_20251113_cwe-1200x900.jpg 1200w, https:\/\/www.mission-21.org\/wp-content\/uploads\/2025\/12\/img_themenfoto_webinar-global-voices-3_20251113_cwe-900x675.jpg 900w, https:\/\/www.mission-21.org\/wp-content\/uploads\/2025\/12\/img_themenfoto_webinar-global-voices-3_20251113_cwe-768x576.jpg 768w, https:\/\/www.mission-21.org\/wp-content\/uploads\/2025\/12\/img_themenfoto_webinar-global-voices-3_20251113_cwe-1536x1152.jpg 1536w, https:\/\/www.mission-21.org\/wp-content\/uploads\/2025\/12\/img_themenfoto_webinar-global-voices-3_20251113_cwe-16x12.jpg 16w, https:\/\/www.mission-21.org\/wp-content\/uploads\/2025\/12\/img_themenfoto_webinar-global-voices-3_20251113_cwe-300x225.jpg 300w, https:\/\/www.mission-21.org\/wp-content\/uploads\/2025\/12\/img_themenfoto_webinar-global-voices-3_20251113_cwe-600x450.jpg 600w, https:\/\/www.mission-21.org\/wp-content\/uploads\/2025\/12\/img_themenfoto_webinar-global-voices-3_20251113_cwe.jpg 1600w\" sizes=\"(max-width: 1200px) 100vw, 1200px\" \/><\/a>\n    \t<p>Dans notre nouvelle s\u00e9rie de webinaires \u201cGlobal Voices - Acting Together for Peace\u201d, nous nous interrogeons sur une relation respectueuse et durable avec la terre et ses \u00e9l\u00e9ments, la terre, l'eau et le feu. Dans ce troisi\u00e8me webinaire de la s\u00e9rie, nous nous pencherons sur le lien des communaut\u00e9s indig\u00e8nes avec le feu et sur notre attitude spirituelle vis-\u00e0-vis de la consommation d'\u00e9nergie et de ressources.<\/p>\n     26 septembre 2026 \n<h2>\n\t\t\tArchives\t<\/h2>\n<figure itemscope itemtype=\"https:\/\/schema.org\/ImageObject\">\n\t\t\t\t<a href=\"https:\/\/www.mission-21.org\/fr\/ce-que-nous-faisons\/evenements-darchives\/\"  target=\"_self\" itemprop=\"url\">\n\t\t\t\t<img decoding=\"async\" src=\"https:\/\/www.mission-21.org\/wp-content\/uploads\/2026\/04\/frauenkonferenz-2019_-gruppenbild.jpg\" alt=\"conf\u00e9rence des femmes 2019 : photo de groupe\" height=\"1333\" width=\"2000\" title=\"Conf\u00e9rence des femmes 2019 : photo de groupe\" onerror=\"this.style.display='none'\" loading=\"lazy\" \/>\n\t\t\t\t<\/a>\n\t<\/figure>\n\t\t<p>Vous trouverez ici des r\u00e9trospectives des \u00e9v\u00e9nements pass\u00e9s. De nombreux \u00e9v\u00e9nements sont \u00e9galement accessibles en vid\u00e9o dans leur int\u00e9gralit\u00e9 et peuvent \u00eatre visionn\u00e9s gratuitement. <\/p>\n<p>Vous y trouverez notamment les sessions de la s\u00e9rie de webinaires \"<a href=\"https:\/\/www.mission-21.org\/fr\/ce-que-nous-faisons\/evenements\/mission-colonialisme-revisite\/\" target=\"_blank\" rel=\"noopener\"><strong>Mission - Colonialisme revisit\u00e9<\/strong><\/a>Les auteurs de l'\u00e9tude ont \u00e9galement pr\u00e9sent\u00e9 les r\u00e9sultats de leurs recherches dans le cadre d'un projet de recherche intitul\u00e9 \"Les missions et le colonialisme\", qui permet de jeter un regard critique et transparent sur l'histoire des liens entre mission et colonialisme. <\/p>\n<p>Si vous avez des questions ou des suggestions, n'h\u00e9sitez pas \u00e0 nous contacter.<\/p>","protected":false},"excerpt":{"rendered":"<p>Info Box Interessieren Sie sich f\u00fcr Themen wie interreligi\u00f6se Zusammenarbeit und transkulturellen Austausch? F\u00fcr aktuelle Themen, die uns in unserer komplexen globalen Welt herausfordern? Hier finden Sie zahlreiche Veranstaltungen, die Ihren Horizont weiten und Ihren Alltag inspirieren. Unsere Bildungsarbeit ist EduQua zertifiziert. Neue Webinarreihe &#8222;Global Voices &#8211; Acting Together for Peace&#8220; Unsere neue Webinar-Reihe &#8222;Global [&hellip;]<\/p>\n","protected":false},"author":6,"featured_media":2108,"parent":205,"menu_order":0,"comment_status":"closed","ping_status":"closed","template":"","meta":{"_acf_changed":false,"_seopress_robots_primary_cat":"","_seopress_titles_title":"","_seopress_titles_desc":"","_seopress_robots_index":"","_searchwp_excluded":"","site-sidebar-layout":"default","site-content-layout":"","ast-site-content-layout":"default","site-content-style":"default","site-sidebar-style":"default","ast-global-header-display":"","ast-banner-title-visibility":"","ast-main-header-display":"","ast-hfb-above-header-display":"","ast-hfb-below-header-display":"","ast-hfb-mobile-header-display":"","site-post-title":"","ast-breadcrumbs-content":"","ast-featured-img":"","footer-sml-layout":"","ast-disable-related-posts":"","theme-transparent-header-meta":"","adv-header-id-meta":"","stick-header-meta":"","header-above-stick-meta":"","header-main-stick-meta":"","header-below-stick-meta":"","astra-migrate-meta-layouts":"set","ast-page-background-enabled":"default","ast-page-background-meta":{"desktop":{"background-color":"var(--ast-global-color-4)","background-image":"","background-repeat":"repeat","background-position":"center center","background-size":"auto","background-attachment":"scroll","background-type":"","background-media":"","overlay-type":"","overlay-color":"","overlay-opacity":"","overlay-gradient":""},"tablet":{"background-color":"","background-image":"","background-repeat":"repeat","background-position":"center center","background-size":"auto","background-attachment":"scroll","background-type":"","background-media":"","overlay-type":"","overlay-color":"","overlay-opacity":"","overlay-gradient":""},"mobile":{"background-color":"","background-image":"","background-repeat":"repeat","background-position":"center center","background-size":"auto","background-attachment":"scroll","background-type":"","background-media":"","overlay-type":"","overlay-color":"","overlay-opacity":"","overlay-gradient":""}},"ast-content-background-meta":{"desktop":{"background-color":"var(--ast-global-color-5)","background-image":"","background-repeat":"repeat","background-position":"center center","background-size":"auto","background-attachment":"scroll","background-type":"","background-media":"","overlay-type":"","overlay-color":"","overlay-opacity":"","overlay-gradient":""},"tablet":{"background-color":"var(--ast-global-color-5)","background-image":"","background-repeat":"repeat","background-position":"center center","background-size":"auto","background-attachment":"scroll","background-type":"","background-media":"","overlay-type":"","overlay-color":"","overlay-opacity":"","overlay-gradient":""},"mobile":{"background-color":"var(--ast-global-color-5)","background-image":"","background-repeat":"repeat","background-position":"center center","background-size":"auto","background-attachment":"scroll","background-type":"","background-media":"","overlay-type":"","overlay-color":"","overlay-opacity":"","overlay-gradient":""}},"iawp_total_views":2571,"footnotes":""},"hf_cat_page":[300],"class_list":["post-14636","page","type-page","status-publish","has-post-thumbnail"],"acf":[],"_links":{"self":[{"href":"https:\/\/www.mission-21.org\/fr\/wp-json\/wp\/v2\/pages\/14636","targetHints":{"allow":["GET"]}}],"collection":[{"href":"https:\/\/www.mission-21.org\/fr\/wp-json\/wp\/v2\/pages"}],"about":[{"href":"https:\/\/www.mission-21.org\/fr\/wp-json\/wp\/v2\/types\/page"}],"author":[{"embeddable":true,"href":"https:\/\/www.mission-21.org\/fr\/wp-json\/wp\/v2\/users\/6"}],"replies":[{"embeddable":true,"href":"https:\/\/www.mission-21.org\/fr\/wp-json\/wp\/v2\/comments?post=14636"}],"version-history":[{"count":11,"href":"https:\/\/www.mission-21.org\/fr\/wp-json\/wp\/v2\/pages\/14636\/revisions"}],"predecessor-version":[{"id":20315,"href":"https:\/\/www.mission-21.org\/fr\/wp-json\/wp\/v2\/pages\/14636\/revisions\/20315"}],"up":[{"embeddable":true,"href":"https:\/\/www.mission-21.org\/fr\/wp-json\/wp\/v2\/pages\/205"}],"wp:featuredmedia":[{"embeddable":true,"href":"https:\/\/www.mission-21.org\/fr\/wp-json\/wp\/v2\/media\/2108"}],"wp:attachment":[{"href":"https:\/\/www.mission-21.org\/fr\/wp-json\/wp\/v2\/media?parent=14636"}],"wp:term":[{"taxonomy":"hf_cat_page","embeddable":true,"href":"https:\/\/www.mission-21.org\/fr\/wp-json\/wp\/v2\/hf_cat_page?post=14636"}],"curies":[{"name":"wp","href":"https:\/\/api.w.org\/{rel}","templated":true}]}}