{"id":2107,"date":"2022-09-12T10:56:49","date_gmt":"2022-09-12T08:56:49","guid":{"rendered":"https:\/\/www.mission-21.org\/?page_id=2107"},"modified":"2025-11-06T09:57:41","modified_gmt":"2025-11-06T08:57:41","slug":"evenements","status":"publish","type":"page","link":"https:\/\/www.mission-21.org\/fr\/was-wir-tun\/veranstaltungen\/","title":{"rendered":"\u00c9v\u00e9nements"},"content":{"rendered":"<img decoding=\"async\" src=\"https:\/\/www.mission-21.org\/wp-content\/uploads\/2022\/08\/csm_header_news_d521d70e38.jpeg\" alt=\"csm header news d521d70e38\" itemprop=\"image\" height=\"688\" width=\"1680\" title=\"csm_Header_News_d521d70e38\" onerror=\"this.style.display='none'\"  \/>\n\t\t\t<h1>Bo\u00eete d'information<\/h1>\t\t\t\n\t\t\t\t<p>Vous vous int\u00e9ressez \u00e0 des th\u00e8mes tels que la collaboration interreligieuse et l'\u00e9change interculturel ? Pour des th\u00e8mes actuels qui nous mettent au d\u00e9fi dans notre monde global complexe ? Vous trouverez ici de nombreux \u00e9v\u00e9nements qui \u00e9largiront vos horizons et inspireront votre quotidien. Notre travail de formation est certifi\u00e9 EduQua.<\/p>\n\t\t\t\t<img decoding=\"async\" src=\"https:\/\/www.mission-21.org\/wp-content\/uploads\/2022\/08\/csm_eduqua_logo.svg_a0d3023d4c.png\" alt=\"csm eduqua logo.svg a0d3023d4c\" itemprop=\"image\" height=\"30\" width=\"84\" title=\"csm_EduQua_Logo.svg_a0d3023d4c\" onerror=\"this.style.display='none'\"  \/>\n<h2>\n\t\t\u00c9v\u00e9nements en cours\n\t<\/h2>\n\t<meta itemscope itemprop=\"mainEntityOfPage\" itemtype=\"https:\/\/schema.org\/WebPage\" itemid=\"https:\/\/www.mission-21.org\/veranstaltung\/youth-summit-2024-young-voices-intergenerational-meetup\/\" content=\"Ehemaligentag meets Youth Summit \"young voices. intergenerational meetup\"\" \/><meta itemprop=\"datePublished\" content=\"2024-01-10\" \/><meta itemprop=\"dateModified\" content=\"2024-01-22\" \/><meta itemprop=\"name\" content=\"Mission 21\"\/><meta itemprop=\"url\" content=\"https:\/\/www.mission-21.org\/wp-content\/uploads\/2022\/08\/de-blau.svg\"\/><meta itemprop=\"url\" content=\"https:\/\/www.mission-21.org\/author\/samuel\/\" \/><meta itemprop=\"name\" content=\"Samuel Rink\" \/><meta itemprop=\"url\" content=\"https:\/\/www.mission-21.org\/wp-content\/uploads\/2024\/01\/youthsummit_2024_rgb_4_3.jpg\" \/><meta itemprop=\"width\" content=\"2183\" \/><meta itemprop=\"height\" content=\"1635\" \/><meta itemprop=\"interactionType\" content=\"https:\/\/schema.org\/CommentAction\" \/><meta itemprop=\"userInteractionCount\" content=\"0\" \/>Young@Mission21\n<h4><a href='https:\/\/www.mission-21.org\/fr\/evenement\/youth-summit-2024-young-voices-intergenerational-meetup\/' title='La journ\u00e9e des anciens rencontre le Sommet de la jeunesse &quot;Young Voices. Rencontre interg\u00e9n\u00e9rationnelle&quot;'>La journ\u00e9e des anciens rencontre le Sommet de la jeunesse \"Young Voices. Rencontre interg\u00e9n\u00e9rationnelle\"<\/a><\/h4>\n\t<a href='https:\/\/www.mission-21.org\/fr\/evenement\/youth-summit-2024-young-voices-intergenerational-meetup\/' title='La journ\u00e9e des anciens rencontre le Sommet de la jeunesse &quot;Young Voices. Rencontre interg\u00e9n\u00e9rationnelle&quot;'><img width=\"1200\" height=\"899\" src=\"https:\/\/www.mission-21.org\/wp-content\/uploads\/2024\/01\/youthsummit_2024_rgb_4_3-1200x899.jpg\" alt=\"youthsummit 2024 rgb 4 3\" itemprop=\"image\" decoding=\"async\" srcset=\"https:\/\/www.mission-21.org\/wp-content\/uploads\/2024\/01\/youthsummit_2024_rgb_4_3-1200x899.jpg 1200w, https:\/\/www.mission-21.org\/wp-content\/uploads\/2024\/01\/youthsummit_2024_rgb_4_3-900x674.jpg 900w, https:\/\/www.mission-21.org\/wp-content\/uploads\/2024\/01\/youthsummit_2024_rgb_4_3-768x575.jpg 768w, https:\/\/www.mission-21.org\/wp-content\/uploads\/2024\/01\/youthsummit_2024_rgb_4_3-1536x1150.jpg 1536w, https:\/\/www.mission-21.org\/wp-content\/uploads\/2024\/01\/youthsummit_2024_rgb_4_3-2048x1534.jpg 2048w, https:\/\/www.mission-21.org\/wp-content\/uploads\/2024\/01\/youthsummit_2024_rgb_4_3-16x12.jpg 16w, https:\/\/www.mission-21.org\/wp-content\/uploads\/2024\/01\/youthsummit_2024_rgb_4_3-300x225.jpg 300w, https:\/\/www.mission-21.org\/wp-content\/uploads\/2024\/01\/youthsummit_2024_rgb_4_3-600x449.jpg 600w\" sizes=\"(max-width: 1200px) 100vw, 1200px\" \/><\/a>\n    \t<p>Le Sommet de la jeunesse 2024 \"Young Voices. Intergenerational Meetup\" rassemble les g\u00e9n\u00e9rations ! Fais-en toi aussi partie ! Au d\u00e9but de l'\u00e9v\u00e9nement, l'accent est mis sur la premi\u00e8re partie du titre : les jeunes voix. Les jeunes ambassadeurs* prendront la parole \u00e0 travers une s\u00e9rie de br\u00e8ves interventions et nous parlerons des pr\u00e9occupations des jeunes adultes de notre r\u00e9seau international. Gr\u00e2ce \u00e0 un large \u00e9ventail d'activit\u00e9s interg\u00e9n\u00e9rationnelles (dont tu peux choisir deux), nous \u00e9changeons ensuite et pouvons \u00e9galement apprendre les uns des autres. Lors de cette journ\u00e9e vari\u00e9e, les ambassadeurs internationaux de la jeunesse* ainsi que des anciens de Mission 21 seront pr\u00e9sents et se r\u00e9jouissent d'avoir des discussions stimulantes... avec toi !<\/p>\n    29 juin 2024, 09:45 \u00e0 16:00, Missionshaus Basel\n\t<meta itemscope itemprop=\"mainEntityOfPage\" itemtype=\"https:\/\/schema.org\/WebPage\" itemid=\"https:\/\/www.mission-21.org\/veranstaltung\/verabschiedung-und-einsetzung-von-praesidium-und-vorstandsmitgliedern-von-mission-21\/\" content=\"Verabschiedung und Einsetzung von Pr\u00e4sidium und Vorstandsmitgliedern von Mission 21\" \/><meta itemprop=\"datePublished\" content=\"2024-06-21\" \/><meta itemprop=\"dateModified\" content=\"2024-06-24\" \/><meta itemprop=\"name\" content=\"Mission 21\"\/><meta itemprop=\"url\" content=\"https:\/\/www.mission-21.org\/wp-content\/uploads\/2022\/08\/de-blau.svg\"\/><meta itemprop=\"url\" content=\"https:\/\/www.mission-21.org\/author\/christoph\/\" \/><meta itemprop=\"name\" content=\"Christoph Racz\" \/><meta itemprop=\"url\" content=\"https:\/\/www.mission-21.org\/wp-content\/uploads\/2024\/06\/saenger2.png\" \/><meta itemprop=\"width\" content=\"716\" \/><meta itemprop=\"height\" content=\"444\" \/><meta itemprop=\"interactionType\" content=\"https:\/\/schema.org\/CommentAction\" \/><meta itemprop=\"userInteractionCount\" content=\"0\" \/>\n<h4><a href='https:\/\/www.mission-21.org\/fr\/evenement\/adoption-et-mise-en-place-de-la-presidence-et-des-membres-du-comite-de-mission-21\/' title='Adoption et mise en place de la pr\u00e9sidence et des membres du comit\u00e9 de Mission 21'>Adoption et mise en place de la pr\u00e9sidence et des membres du comit\u00e9 de Mission 21<\/a><\/h4>\n\t<a href='https:\/\/www.mission-21.org\/fr\/evenement\/adoption-et-mise-en-place-de-la-presidence-et-des-membres-du-comite-de-mission-21\/' title='Adoption et mise en place de la pr\u00e9sidence et des membres du comit\u00e9 de Mission 21'><img width=\"716\" height=\"444\" src=\"https:\/\/www.mission-21.org\/wp-content\/uploads\/2024\/06\/saenger2.png\" alt=\"chanteur2\" itemprop=\"image\" decoding=\"async\" srcset=\"https:\/\/www.mission-21.org\/wp-content\/uploads\/2024\/06\/saenger2.png 716w, https:\/\/www.mission-21.org\/wp-content\/uploads\/2024\/06\/saenger2-18x12.png 18w, https:\/\/www.mission-21.org\/wp-content\/uploads\/2024\/06\/saenger2-300x186.png 300w, https:\/\/www.mission-21.org\/wp-content\/uploads\/2024\/06\/saenger2-600x372.png 600w\" sizes=\"(max-width: 716px) 100vw, 716px\" \/><\/a>\n    \tDans le cadre d'un culte festif c\u00e9l\u00e9br\u00e9 par le pasteur de la cath\u00e9drale Lukas Kundert, le pr\u00e9sident du comit\u00e9 directeur, le Prof.<br \/>\nDr. med. Johannes Blum ainsi que les deux<br \/>\nLes membres du comit\u00e9 Andrea Tr\u00fcmpy et la doyenne B\u00e4rbel Sch\u00e4fer ont pris cong\u00e9 et les nouveaux membres \u00e9lus du comit\u00e9 de Mission 21 ont \u00e9t\u00e9 install\u00e9s.\n    30 juin 2024, 10h00, cath\u00e9drale de B\u00e2le\n\t<meta itemscope itemprop=\"mainEntityOfPage\" itemtype=\"https:\/\/schema.org\/WebPage\" itemid=\"https:\/\/www.mission-21.org\/veranstaltung\/mission-und-kolonialismus-in-basel-stadtfuehrung-im-september\/\" content=\"Mission und Kolonialismus in Basel: Stadtf\u00fchrung im September\" \/><meta itemprop=\"datePublished\" content=\"2024-06-17\" \/><meta itemprop=\"dateModified\" content=\"2024-06-19\" \/><meta itemprop=\"name\" content=\"Mission 21\"\/><meta itemprop=\"url\" content=\"https:\/\/www.mission-21.org\/wp-content\/uploads\/2022\/08\/de-blau.svg\"\/><meta itemprop=\"url\" content=\"https:\/\/www.mission-21.org\/author\/christian-weber\/\" \/><meta itemprop=\"name\" content=\"Christian Weber\" \/><meta itemprop=\"url\" content=\"https:\/\/www.mission-21.org\/wp-content\/uploads\/2023\/06\/img_kolonialismus-basel_20230614_cwe.jpg\" \/><meta itemprop=\"width\" content=\"1500\" \/><meta itemprop=\"height\" content=\"1125\" \/><meta itemprop=\"interactionType\" content=\"https:\/\/schema.org\/CommentAction\" \/><meta itemprop=\"userInteractionCount\" content=\"0\" \/>Manifestation \u00e9ducative\n<h4><a href='https:\/\/www.mission-21.org\/fr\/evenement\/mission-et-colonialisme-a-bale-visite-guidee-de-la-ville-en-septembre\/' title='Mission et colonialisme \u00e0 B\u00e2le : visite guid\u00e9e de la ville en septembre'>Mission et colonialisme \u00e0 B\u00e2le : visite guid\u00e9e de la ville en septembre<\/a><\/h4>\n\t<a href='https:\/\/www.mission-21.org\/fr\/evenement\/mission-et-colonialisme-a-bale-visite-guidee-de-la-ville-en-septembre\/' title='Mission et colonialisme \u00e0 B\u00e2le : visite guid\u00e9e de la ville en septembre'><img width=\"1200\" height=\"900\" src=\"https:\/\/www.mission-21.org\/wp-content\/uploads\/2023\/06\/img_kolonialismus-basel_20230614_cwe-1200x900.jpg\" alt=\"img colonialisme b\u00e2le 20230614 cwe\" itemprop=\"image\" decoding=\"async\" srcset=\"https:\/\/www.mission-21.org\/wp-content\/uploads\/2023\/06\/img_kolonialismus-basel_20230614_cwe-1200x900.jpg 1200w, https:\/\/www.mission-21.org\/wp-content\/uploads\/2023\/06\/img_kolonialismus-basel_20230614_cwe-900x675.jpg 900w, https:\/\/www.mission-21.org\/wp-content\/uploads\/2023\/06\/img_kolonialismus-basel_20230614_cwe-768x576.jpg 768w, https:\/\/www.mission-21.org\/wp-content\/uploads\/2023\/06\/img_kolonialismus-basel_20230614_cwe-16x12.jpg 16w, https:\/\/www.mission-21.org\/wp-content\/uploads\/2023\/06\/img_kolonialismus-basel_20230614_cwe-300x225.jpg 300w, https:\/\/www.mission-21.org\/wp-content\/uploads\/2023\/06\/img_kolonialismus-basel_20230614_cwe-600x450.jpg 600w, https:\/\/www.mission-21.org\/wp-content\/uploads\/2023\/06\/img_kolonialismus-basel_20230614_cwe.jpg 1500w\" sizes=\"(max-width: 1200px) 100vw, 1200px\" \/><\/a>\n    \t<p>Diff\u00e9rents lieux de B\u00e2le rappellent l'histoire missionnaire particuli\u00e8re de la ville et ses liens internationaux avec le colonialisme. La visite guid\u00e9e rend visible l'histoire coloniale de la ville et ses points de contact avec la mission b\u00e2loise. Quelles sont les implications du pass\u00e9 qui continuent d'agir aujourd'hui ?<\/p>\n    8 septembre 2024, 16 h 00 \u00e0 18 h 00, B\u00e2le\n\t<meta itemscope itemprop=\"mainEntityOfPage\" itemtype=\"https:\/\/schema.org\/WebPage\" itemid=\"https:\/\/www.mission-21.org\/veranstaltung\/internationales-forum-zu-interreligioeser-und-transkultureller-friedensfoerderung\/\" content=\"Daring Reconcilation?! Vers\u00f6hnung wagen?!\" \/><meta itemprop=\"datePublished\" content=\"2024-03-12\" \/><meta itemprop=\"dateModified\" content=\"2024-06-26\" \/><meta itemprop=\"name\" content=\"Mission 21\"\/><meta itemprop=\"url\" content=\"https:\/\/www.mission-21.org\/wp-content\/uploads\/2022\/08\/de-blau.svg\"\/><meta itemprop=\"url\" content=\"https:\/\/www.mission-21.org\/author\/christian-weber\/\" \/><meta itemprop=\"name\" content=\"Christian Weber\" \/><meta itemprop=\"url\" content=\"https:\/\/www.mission-21.org\/wp-content\/uploads\/2024\/03\/keyvisual_international-forum-2024_2-x-3.jpg\" \/><meta itemprop=\"width\" content=\"1654\" \/><meta itemprop=\"height\" content=\"1103\" \/><meta itemprop=\"interactionType\" content=\"https:\/\/schema.org\/CommentAction\" \/><meta itemprop=\"userInteractionCount\" content=\"0\" \/>Forum international pour la promotion de la paix interreligieuse et transculturelle\n<h4><a href='https:\/\/www.mission-21.org\/fr\/evenement\/forum-international-sur-la-promotion-de-la-paix-interreligieuse-et-transculturelle\/' title='Daring Reconcilation ?! Oser la r\u00e9conciliation ?!'>Daring Reconcilation ?! Oser la r\u00e9conciliation ?!<\/a><\/h4>\n\t<a href='https:\/\/www.mission-21.org\/fr\/evenement\/forum-international-sur-la-promotion-de-la-paix-interreligieuse-et-transculturelle\/' title='Daring Reconcilation ?! Oser la r\u00e9conciliation ?!'><img width=\"1200\" height=\"800\" src=\"https:\/\/www.mission-21.org\/wp-content\/uploads\/2024\/03\/keyvisual_international-forum-2024_2-x-3-1200x800.jpg\" alt=\"230605 forum promotion de la paix keyvisual\" itemprop=\"image\" decoding=\"async\" srcset=\"https:\/\/www.mission-21.org\/wp-content\/uploads\/2024\/03\/keyvisual_international-forum-2024_2-x-3-1200x800.jpg 1200w, https:\/\/www.mission-21.org\/wp-content\/uploads\/2024\/03\/keyvisual_international-forum-2024_2-x-3-900x600.jpg 900w, https:\/\/www.mission-21.org\/wp-content\/uploads\/2024\/03\/keyvisual_international-forum-2024_2-x-3-768x512.jpg 768w, https:\/\/www.mission-21.org\/wp-content\/uploads\/2024\/03\/keyvisual_international-forum-2024_2-x-3-1536x1024.jpg 1536w, https:\/\/www.mission-21.org\/wp-content\/uploads\/2024\/03\/keyvisual_international-forum-2024_2-x-3-18x12.jpg 18w, https:\/\/www.mission-21.org\/wp-content\/uploads\/2024\/03\/keyvisual_international-forum-2024_2-x-3-300x200.jpg 300w, https:\/\/www.mission-21.org\/wp-content\/uploads\/2024\/03\/keyvisual_international-forum-2024_2-x-3-600x400.jpg 600w, https:\/\/www.mission-21.org\/wp-content\/uploads\/2024\/03\/keyvisual_international-forum-2024_2-x-3.jpg 1654w\" sizes=\"(max-width: 1200px) 100vw, 1200px\" \/><\/a>\n    \t<p>Cette ann\u00e9e encore, Mission 21 invite \u00e0 une rencontre internationale d'experts* sur la promotion interreligieuse et transculturelle de la paix. Comme l'ann\u00e9e pr\u00e9c\u00e9dente, le programme propose des expos\u00e9s de fond d'Asie, d'Afrique et d'Am\u00e9rique latine. Des ateliers permettront d'\u00e9changer sur la mani\u00e8re dont les initiatives de paix issues de diff\u00e9rents contextes peuvent se soutenir mutuellement.<\/p>\n    19-20 septembre 2024, en ligne\n\t<meta itemscope itemprop=\"mainEntityOfPage\" itemtype=\"https:\/\/schema.org\/WebPage\" itemid=\"https:\/\/www.mission-21.org\/veranstaltung\/musik-und-poesie-in-bellach-so\/\" content=\"World Arts - Musik und Poesie in Bellach SO\" \/><meta itemprop=\"datePublished\" content=\"2024-01-16\" \/><meta itemprop=\"dateModified\" content=\"2024-06-06\" \/><meta itemprop=\"name\" content=\"Mission 21\"\/><meta itemprop=\"url\" content=\"https:\/\/www.mission-21.org\/wp-content\/uploads\/2022\/08\/de-blau.svg\"\/><meta itemprop=\"url\" content=\"https:\/\/www.mission-21.org\/author\/emilie\/\" \/><meta itemprop=\"name\" content=\"Emilie Buri\" \/><meta itemprop=\"url\" content=\"https:\/\/www.mission-21.org\/wp-content\/uploads\/2023\/06\/world-arts.jpg\" \/><meta itemprop=\"width\" content=\"2096\" \/><meta itemprop=\"height\" content=\"1573\" \/><meta itemprop=\"interactionType\" content=\"https:\/\/schema.org\/CommentAction\" \/><meta itemprop=\"userInteractionCount\" content=\"0\" \/>Arts du monde\n<h4><a href='https:\/\/www.mission-21.org\/fr\/evenement\/musique-et-poesie-a-bellach-so-2\/' title='World Arts - Musique et po\u00e9sie \u00e0 Bellach SO'>World Arts - Musique et po\u00e9sie \u00e0 Bellach SO<\/a><\/h4>\n\t<a href='https:\/\/www.mission-21.org\/fr\/evenement\/musique-et-poesie-a-bellach-so-2\/' title='World Arts - Musique et po\u00e9sie \u00e0 Bellach SO'><img width=\"1200\" height=\"901\" src=\"https:\/\/www.mission-21.org\/wp-content\/uploads\/2023\/06\/world-arts-1200x901.jpg\" alt=\"230530 baf flyera5 worldarts 2023.indd\" itemprop=\"image\" decoding=\"async\" srcset=\"https:\/\/www.mission-21.org\/wp-content\/uploads\/2023\/06\/world-arts-1200x901.jpg 1200w, https:\/\/www.mission-21.org\/wp-content\/uploads\/2023\/06\/world-arts-900x675.jpg 900w, https:\/\/www.mission-21.org\/wp-content\/uploads\/2023\/06\/world-arts-768x576.jpg 768w, https:\/\/www.mission-21.org\/wp-content\/uploads\/2023\/06\/world-arts-1536x1153.jpg 1536w, https:\/\/www.mission-21.org\/wp-content\/uploads\/2023\/06\/world-arts-2048x1537.jpg 2048w, https:\/\/www.mission-21.org\/wp-content\/uploads\/2023\/06\/world-arts-16x12.jpg 16w, https:\/\/www.mission-21.org\/wp-content\/uploads\/2023\/06\/world-arts-300x225.jpg 300w, https:\/\/www.mission-21.org\/wp-content\/uploads\/2023\/06\/world-arts-600x450.jpg 600w\" sizes=\"(max-width: 1200px) 100vw, 1200px\" \/><\/a>\n    \t<p>Un tour du monde musical et po\u00e9tique : Rebecca Hagmann et Priska Stampfli jouent des m\u00e9lodies du monde entier au violoncelle et \u00e0 l'accord\u00e9on. Le tout accompagn\u00e9 de po\u00e8mes et de r\u00e9flexions sur la croissance et le devenir, les semailles et les r\u00e9coltes de diff\u00e9rentes cultures. <\/p>\n    20 septembre 2024, de 19h30 \u00e0 21h00, Bellach SO\n\t<meta itemscope itemprop=\"mainEntityOfPage\" itemtype=\"https:\/\/schema.org\/WebPage\" itemid=\"https:\/\/www.mission-21.org\/veranstaltung\/world-arts-bildung-und-bohnen-in-st-gallen\/\" content=\"World Arts - Bildung und Bohnen in St. Gallen!\" \/><meta itemprop=\"datePublished\" content=\"2024-06-06\" \/><meta itemprop=\"dateModified\" content=\"2024-06-07\" \/><meta itemprop=\"name\" content=\"Mission 21\"\/><meta itemprop=\"url\" content=\"https:\/\/www.mission-21.org\/wp-content\/uploads\/2022\/08\/de-blau.svg\"\/><meta itemprop=\"url\" content=\"https:\/\/www.mission-21.org\/author\/severine\/\" \/><meta itemprop=\"name\" content=\"S\u00e9verine Fischer\" \/><meta itemprop=\"url\" content=\"https:\/\/www.mission-21.org\/wp-content\/uploads\/2023\/06\/world-arts.jpg\" \/><meta itemprop=\"width\" content=\"2096\" \/><meta itemprop=\"height\" content=\"1573\" \/><meta itemprop=\"interactionType\" content=\"https:\/\/schema.org\/CommentAction\" \/><meta itemprop=\"userInteractionCount\" content=\"0\" \/>Arts du monde\n<h4><a href='https:\/\/www.mission-21.org\/fr\/evenement\/world-arts-education-et-haricots-a-st-gall\/' title='World Arts - \u00c9ducation et haricots \u00e0 St. Gallen !'>World Arts - \u00c9ducation et haricots \u00e0 St. Gallen !<\/a><\/h4>\n\t<a href='https:\/\/www.mission-21.org\/fr\/evenement\/world-arts-education-et-haricots-a-st-gall\/' title='World Arts - \u00c9ducation et haricots \u00e0 St. Gallen !'><img width=\"1200\" height=\"901\" src=\"https:\/\/www.mission-21.org\/wp-content\/uploads\/2023\/06\/world-arts-1200x901.jpg\" alt=\"230530 baf flyera5 worldarts 2023.indd\" itemprop=\"image\" decoding=\"async\" srcset=\"https:\/\/www.mission-21.org\/wp-content\/uploads\/2023\/06\/world-arts-1200x901.jpg 1200w, https:\/\/www.mission-21.org\/wp-content\/uploads\/2023\/06\/world-arts-900x675.jpg 900w, https:\/\/www.mission-21.org\/wp-content\/uploads\/2023\/06\/world-arts-768x576.jpg 768w, https:\/\/www.mission-21.org\/wp-content\/uploads\/2023\/06\/world-arts-1536x1153.jpg 1536w, https:\/\/www.mission-21.org\/wp-content\/uploads\/2023\/06\/world-arts-2048x1537.jpg 2048w, https:\/\/www.mission-21.org\/wp-content\/uploads\/2023\/06\/world-arts-16x12.jpg 16w, https:\/\/www.mission-21.org\/wp-content\/uploads\/2023\/06\/world-arts-300x225.jpg 300w, https:\/\/www.mission-21.org\/wp-content\/uploads\/2023\/06\/world-arts-600x450.jpg 600w\" sizes=\"(max-width: 1200px) 100vw, 1200px\" \/><\/a>\n    \t<p>Des po\u00e8mes issus de diff\u00e9rentes cultures parlent de nostalgie, de courage et de chemins personnels. Musique d'Afi Sika Kuzeawu, contrebassiste, chanteuse, compositrice et danseuse suisse d'origine togolaise.<\/p>\n    22 septembre 2024, 10 h 00 \u00e0 12 h 00, Bruggen (SG)\n\t<meta itemscope itemprop=\"mainEntityOfPage\" itemtype=\"https:\/\/schema.org\/WebPage\" itemid=\"https:\/\/www.mission-21.org\/veranstaltung\/mission-und-kolonialismus-in-basel-stadtfuehrung-im-oktober\/\" content=\"Mission und Kolonialismus in Basel: Stadtf\u00fchrung im Oktober\" \/><meta itemprop=\"datePublished\" content=\"2024-06-17\" \/><meta itemprop=\"dateModified\" content=\"2024-06-17\" \/><meta itemprop=\"name\" content=\"Mission 21\"\/><meta itemprop=\"url\" content=\"https:\/\/www.mission-21.org\/wp-content\/uploads\/2022\/08\/de-blau.svg\"\/><meta itemprop=\"url\" content=\"https:\/\/www.mission-21.org\/author\/christoph\/\" \/><meta itemprop=\"name\" content=\"Christoph Racz\" \/><meta itemprop=\"url\" content=\"https:\/\/www.mission-21.org\/wp-content\/uploads\/2023\/06\/img_kolonialismus-basel_20230614_cwe.jpg\" \/><meta itemprop=\"width\" content=\"1500\" \/><meta itemprop=\"height\" content=\"1125\" \/><meta itemprop=\"interactionType\" content=\"https:\/\/schema.org\/CommentAction\" \/><meta itemprop=\"userInteractionCount\" content=\"0\" \/>Manifestation \u00e9ducative\n<h4><a href='https:\/\/www.mission-21.org\/fr\/evenement\/mission-et-colonialisme-a-bale-visite-guidee-de-la-ville-en-octobre\/' title='Mission et colonialisme \u00e0 B\u00e2le : visite guid\u00e9e de la ville en octobre'>Mission et colonialisme \u00e0 B\u00e2le : visite guid\u00e9e de la ville en octobre<\/a><\/h4>\n\t<a href='https:\/\/www.mission-21.org\/fr\/evenement\/mission-et-colonialisme-a-bale-visite-guidee-de-la-ville-en-octobre\/' title='Mission et colonialisme \u00e0 B\u00e2le : visite guid\u00e9e de la ville en octobre'><img width=\"1200\" height=\"900\" src=\"https:\/\/www.mission-21.org\/wp-content\/uploads\/2023\/06\/img_kolonialismus-basel_20230614_cwe-1200x900.jpg\" alt=\"img colonialisme b\u00e2le 20230614 cwe\" itemprop=\"image\" decoding=\"async\" srcset=\"https:\/\/www.mission-21.org\/wp-content\/uploads\/2023\/06\/img_kolonialismus-basel_20230614_cwe-1200x900.jpg 1200w, https:\/\/www.mission-21.org\/wp-content\/uploads\/2023\/06\/img_kolonialismus-basel_20230614_cwe-900x675.jpg 900w, https:\/\/www.mission-21.org\/wp-content\/uploads\/2023\/06\/img_kolonialismus-basel_20230614_cwe-768x576.jpg 768w, https:\/\/www.mission-21.org\/wp-content\/uploads\/2023\/06\/img_kolonialismus-basel_20230614_cwe-16x12.jpg 16w, https:\/\/www.mission-21.org\/wp-content\/uploads\/2023\/06\/img_kolonialismus-basel_20230614_cwe-300x225.jpg 300w, https:\/\/www.mission-21.org\/wp-content\/uploads\/2023\/06\/img_kolonialismus-basel_20230614_cwe-600x450.jpg 600w, https:\/\/www.mission-21.org\/wp-content\/uploads\/2023\/06\/img_kolonialismus-basel_20230614_cwe.jpg 1500w\" sizes=\"(max-width: 1200px) 100vw, 1200px\" \/><\/a>\n    \t<p>Diff\u00e9rents lieux de B\u00e2le rappellent l'histoire missionnaire particuli\u00e8re de la ville et ses liens internationaux avec le colonialisme. La visite guid\u00e9e rend visible l'histoire coloniale de la ville et ses points de contact avec la mission b\u00e2loise. Quelles sont les implications du pass\u00e9 qui continuent d'agir aujourd'hui ?<\/p>\n    20 octobre 2024, 15h30 \u00e0 17h30, B\u00e2le\n\t<meta itemscope itemprop=\"mainEntityOfPage\" itemtype=\"https:\/\/schema.org\/WebPage\" itemid=\"https:\/\/www.mission-21.org\/veranstaltung\/was-hat-die-ernaehrungskrise-mit-neokolonialen-nahrungssystemen-zu-tun\/\" content=\"Was hat die Ern\u00e4hrungskrise mit (neo)kolonialen Nahrungssystemen zu tun?\" \/><meta itemprop=\"datePublished\" content=\"2024-04-17\" \/><meta itemprop=\"dateModified\" content=\"2024-06-06\" \/><meta itemprop=\"name\" content=\"Mission 21\"\/><meta itemprop=\"url\" content=\"https:\/\/www.mission-21.org\/wp-content\/uploads\/2022\/08\/de-blau.svg\"\/><meta itemprop=\"url\" content=\"https:\/\/www.mission-21.org\/author\/emilie\/\" \/><meta itemprop=\"name\" content=\"Emilie Buri\" \/><meta itemprop=\"url\" content=\"https:\/\/www.mission-21.org\/wp-content\/uploads\/2022\/09\/csm_dona_juana_laura_und_abnehmerin_bolivien_5e9afab94c.jpg\" \/><meta itemprop=\"width\" content=\"785\" \/><meta itemprop=\"height\" content=\"589\" \/><meta itemprop=\"interactionType\" content=\"https:\/\/schema.org\/CommentAction\" \/><meta itemprop=\"userInteractionCount\" content=\"0\" \/>Webinaire 'Mission-Colonialism Revisited'\n<h4><a href='https:\/\/www.mission-21.org\/fr\/evenement\/quel-est-le-rapport-entre-la-crise-alimentaire-et-les-systemes-alimentaires-neocoloniaux-2\/' title='Quel est le rapport entre la crise alimentaire et les syst\u00e8mes alimentaires (n\u00e9o)coloniaux ?'>Quel est le rapport entre la crise alimentaire et les syst\u00e8mes alimentaires (n\u00e9o)coloniaux ?<\/a><\/h4>\n\t<a href='https:\/\/www.mission-21.org\/fr\/evenement\/quel-est-le-rapport-entre-la-crise-alimentaire-et-les-systemes-alimentaires-neocoloniaux-2\/' title='Quel est le rapport entre la crise alimentaire et les syst\u00e8mes alimentaires (n\u00e9o)coloniaux ?'><img width=\"785\" height=\"589\" src=\"https:\/\/www.mission-21.org\/wp-content\/uploads\/2022\/09\/csm_dona_juana_laura_und_abnehmerin_bolivien_5e9afab94c.jpg\" alt=\"\" itemprop=\"image\" decoding=\"async\" srcset=\"https:\/\/www.mission-21.org\/wp-content\/uploads\/2022\/09\/csm_dona_juana_laura_und_abnehmerin_bolivien_5e9afab94c.jpg 785w, https:\/\/www.mission-21.org\/wp-content\/uploads\/2022\/09\/csm_dona_juana_laura_und_abnehmerin_bolivien_5e9afab94c-300x225.jpg 300w, https:\/\/www.mission-21.org\/wp-content\/uploads\/2022\/09\/csm_dona_juana_laura_und_abnehmerin_bolivien_5e9afab94c-600x450.jpg 600w, https:\/\/www.mission-21.org\/wp-content\/uploads\/2022\/09\/csm_dona_juana_laura_und_abnehmerin_bolivien_5e9afab94c-768x576.jpg 768w\" sizes=\"(max-width: 785px) 100vw, 785px\" \/><\/a>\n    \t<p>Aujourd'hui, 735 millions de personnes souffrent de la faim chronique - principalement des femmes et des enfants dans les zones rurales. Parall\u00e8lement, plus de 900 millions de tonnes de nourriture sont jet\u00e9es chaque ann\u00e9e - un quart de cette quantit\u00e9 suffirait \u00e0 nourrir les affam\u00e9s. Quelles sont les \u00e9volutions qui ont conduit \u00e0 la crise alimentaire mondiale ? Comment la souverainet\u00e9 alimentaire peut-elle \u00eatre renforc\u00e9e par une agriculture biodiversifi\u00e9e, durable et locale ? Dans ce webinaire, nous voulons chercher des r\u00e9ponses et donner des id\u00e9es pour agir.<\/p>\n    23 octobre 2024, de 18h15 \u00e0 19h45, en ligne\n\t<meta itemscope itemprop=\"mainEntityOfPage\" itemtype=\"https:\/\/schema.org\/WebPage\" itemid=\"https:\/\/www.mission-21.org\/veranstaltung\/youngmission21-meetingpoint\/\" content=\"young@mission21 - MeetingPoint\" \/><meta itemprop=\"datePublished\" content=\"2024-06-06\" \/><meta itemprop=\"dateModified\" content=\"2024-06-06\" \/><meta itemprop=\"name\" content=\"Mission 21\"\/><meta itemprop=\"url\" content=\"https:\/\/www.mission-21.org\/wp-content\/uploads\/2022\/08\/de-blau.svg\"\/><meta itemprop=\"url\" content=\"https:\/\/www.mission-21.org\/author\/emilie\/\" \/><meta itemprop=\"name\" content=\"Emilie Buri\" \/><meta itemprop=\"url\" content=\"https:\/\/www.mission-21.org\/wp-content\/uploads\/2023\/03\/tf-1775.jpg\" \/><meta itemprop=\"width\" content=\"1680\" \/><meta itemprop=\"height\" content=\"945\" \/><meta itemprop=\"interactionType\" content=\"https:\/\/schema.org\/CommentAction\" \/><meta itemprop=\"userInteractionCount\" content=\"0\" \/>Young@Mission21\n<h4><a href='https:\/\/www.mission-21.org\/fr\/evenement\/youngmission21-meetingpoint\/' title='young@mission21 - Point de rencontre'>young@mission21 - Point de rencontre<\/a><\/h4>\n\t<a href='https:\/\/www.mission-21.org\/fr\/evenement\/youngmission21-meetingpoint\/' title='young@mission21 - Point de rencontre'><img width=\"1200\" height=\"675\" src=\"https:\/\/www.mission-21.org\/wp-content\/uploads\/2023\/03\/tf-1775-1200x675.jpg\" alt=\"tf 1775\" itemprop=\"image\" decoding=\"async\" srcset=\"https:\/\/www.mission-21.org\/wp-content\/uploads\/2023\/03\/tf-1775-1200x675.jpg 1200w, https:\/\/www.mission-21.org\/wp-content\/uploads\/2023\/03\/tf-1775-900x506.jpg 900w, https:\/\/www.mission-21.org\/wp-content\/uploads\/2023\/03\/tf-1775-768x432.jpg 768w, https:\/\/www.mission-21.org\/wp-content\/uploads\/2023\/03\/tf-1775-1536x864.jpg 1536w, https:\/\/www.mission-21.org\/wp-content\/uploads\/2023\/03\/tf-1775-18x10.jpg 18w, https:\/\/www.mission-21.org\/wp-content\/uploads\/2023\/03\/tf-1775-720x405.jpg 720w, https:\/\/www.mission-21.org\/wp-content\/uploads\/2023\/03\/tf-1775-300x169.jpg 300w, https:\/\/www.mission-21.org\/wp-content\/uploads\/2023\/03\/tf-1775-600x338.jpg 600w, https:\/\/www.mission-21.org\/wp-content\/uploads\/2023\/03\/tf-1775.jpg 1680w\" sizes=\"(max-width: 1200px) 100vw, 1200px\" \/><\/a>\n    \t<p>Rencontre de jeunes adultes qui se sont d\u00e9j\u00e0 engag\u00e9s pour young@mission21 : Que ce soit lors d'une mission PEP ! \u00e0 l'\u00e9tranger, lors de l'organisation d'un \u00e9v\u00e9nement ou lors d'un atelier commun. Nous \u00e9changeons entre nous et te tenons au courant de l'actualit\u00e9.<\/p>\n    2 novembre 2024, 16h00 \u00e0 20h30, Mission 21, B\u00e2le\n\t<meta itemscope itemprop=\"mainEntityOfPage\" itemtype=\"https:\/\/schema.org\/WebPage\" itemid=\"https:\/\/www.mission-21.org\/veranstaltung\/begegnungsreise-nach-chile\/\" content=\"Begegnungsreise nach Chile\" \/><meta itemprop=\"datePublished\" content=\"2023-07-24\" \/><meta itemprop=\"dateModified\" content=\"2023-07-25\" \/><meta itemprop=\"name\" content=\"Mission 21\"\/><meta itemprop=\"url\" content=\"https:\/\/www.mission-21.org\/wp-content\/uploads\/2022\/08\/de-blau.svg\"\/><meta itemprop=\"url\" content=\"https:\/\/www.mission-21.org\/author\/samuel\/\" \/><meta itemprop=\"name\" content=\"Samuel Rink\" \/><meta itemprop=\"url\" content=\"https:\/\/www.mission-21.org\/wp-content\/uploads\/2023\/07\/puerto-varas.jpg\" \/><meta itemprop=\"width\" content=\"1500\" \/><meta itemprop=\"height\" content=\"1125\" \/><meta itemprop=\"interactionType\" content=\"https:\/\/schema.org\/CommentAction\" \/><meta itemprop=\"userInteractionCount\" content=\"0\" \/>Voyage\n<h4><a href='https:\/\/www.mission-21.org\/fr\/evenement\/voyage-rencontre-au-chili\/' title='Voyage de rencontre au Chili'>Voyage de rencontre au Chili<\/a><\/h4>\n\t<a href='https:\/\/www.mission-21.org\/fr\/evenement\/voyage-rencontre-au-chili\/' title='Voyage de rencontre au Chili'><img width=\"1200\" height=\"900\" src=\"https:\/\/www.mission-21.org\/wp-content\/uploads\/2023\/07\/puerto-varas-1200x900.jpg\" alt=\"puerto varas\" itemprop=\"image\" decoding=\"async\" srcset=\"https:\/\/www.mission-21.org\/wp-content\/uploads\/2023\/07\/puerto-varas-1200x900.jpg 1200w, https:\/\/www.mission-21.org\/wp-content\/uploads\/2023\/07\/puerto-varas-900x675.jpg 900w, https:\/\/www.mission-21.org\/wp-content\/uploads\/2023\/07\/puerto-varas-768x576.jpg 768w, https:\/\/www.mission-21.org\/wp-content\/uploads\/2023\/07\/puerto-varas-16x12.jpg 16w, https:\/\/www.mission-21.org\/wp-content\/uploads\/2023\/07\/puerto-varas-300x225.jpg 300w, https:\/\/www.mission-21.org\/wp-content\/uploads\/2023\/07\/puerto-varas-600x450.jpg 600w, https:\/\/www.mission-21.org\/wp-content\/uploads\/2023\/07\/puerto-varas.jpg 1500w\" sizes=\"(max-width: 1200px) 100vw, 1200px\" \/><\/a>\n    \t<p>Le voyage de rencontre 2024 conduit au Chili, \"le pays allong\u00e9\" plein de contrastes. La culture du pays est aussi riche que ses paysages sont vari\u00e9s, allant de la nature sauvage intacte \u00e0 l'immensit\u00e9 et \u00e0 la vie tr\u00e9pidante des villes. Outre les curiosit\u00e9s du paysage, nous visiterons des projets de Mission 21 et des paroisses et apprendrons ainsi \u00e0 conna\u00eetre le pays et ses habitants. En option, le voyage peut \u00eatre prolong\u00e9 en Patagonie et en Argentine.<\/p>\n    du 8 au 22 novembre 2024\n\t<meta itemscope itemprop=\"mainEntityOfPage\" itemtype=\"https:\/\/schema.org\/WebPage\" itemid=\"https:\/\/www.mission-21.org\/veranstaltung\/mit-anderen-augen-die-bibel-lesen-ein-interkultureller-austausch-zur-klimakrise\/\" content=\"\u00abMit anderen Augen die Bibel lesen\u00bb: Ein interkultureller Austausch zur Klimakrise\" \/><meta itemprop=\"datePublished\" content=\"2024-06-10\" \/><meta itemprop=\"dateModified\" content=\"2024-06-11\" \/><meta itemprop=\"name\" content=\"Mission 21\"\/><meta itemprop=\"url\" content=\"https:\/\/www.mission-21.org\/wp-content\/uploads\/2022\/08\/de-blau.svg\"\/><meta itemprop=\"url\" content=\"https:\/\/www.mission-21.org\/author\/emilie\/\" \/><meta itemprop=\"name\" content=\"Emilie Buri\" \/><meta itemprop=\"url\" content=\"https:\/\/www.mission-21.org\/wp-content\/uploads\/2024\/06\/bild1.jpg\" \/><meta itemprop=\"width\" content=\"1063\" \/><meta itemprop=\"height\" content=\"709\" \/><meta itemprop=\"interactionType\" content=\"https:\/\/schema.org\/CommentAction\" \/><meta itemprop=\"userInteractionCount\" content=\"0\" \/>Manifestation \u00e9ducative\n<h4><a href='https:\/\/www.mission-21.org\/fr\/evenement\/lire-la-bible-avec-dautres-yeux-un-echange-interculturel-sur-la-crise-climatique\/' title='&quot;Lire la Bible avec un autre regard&quot; : un \u00e9change interculturel sur la crise climatique'>\"Lire la Bible avec un autre regard\" : un \u00e9change interculturel sur la crise climatique<\/a><\/h4>\n\t<a href='https:\/\/www.mission-21.org\/fr\/evenement\/lire-la-bible-avec-dautres-yeux-un-echange-interculturel-sur-la-crise-climatique\/' title='&quot;Lire la Bible avec un autre regard&quot; : un \u00e9change interculturel sur la crise climatique'><img width=\"1063\" height=\"709\" src=\"https:\/\/www.mission-21.org\/wp-content\/uploads\/2024\/06\/bild1.jpg\" alt=\"Lunettes sur les livres\" itemprop=\"image\" decoding=\"async\" srcset=\"https:\/\/www.mission-21.org\/wp-content\/uploads\/2024\/06\/bild1.jpg 1063w, https:\/\/www.mission-21.org\/wp-content\/uploads\/2024\/06\/bild1-900x600.jpg 900w, https:\/\/www.mission-21.org\/wp-content\/uploads\/2024\/06\/bild1-768x512.jpg 768w, https:\/\/www.mission-21.org\/wp-content\/uploads\/2024\/06\/bild1-18x12.jpg 18w, https:\/\/www.mission-21.org\/wp-content\/uploads\/2024\/06\/bild1-300x200.jpg 300w, https:\/\/www.mission-21.org\/wp-content\/uploads\/2024\/06\/bild1-600x400.jpg 600w\" sizes=\"(max-width: 1063px) 100vw, 1063px\" \/><\/a>\n    \t<p>Sans nous en rendre compte, nous lisons la Bible dans une perspective eurocentrique dans le Nord mondial. D'autres lectures de la Bible nous parviennent d'autres r\u00e9gions du monde. Que pouvons-nous apprendre de ces perspectives ? Trois th\u00e9ologiens* pr\u00e9sentent des interpr\u00e9tations contextuelles de la Bible et vous invitent \u00e0 discuter de la crise climatique actuelle.<\/p>\n    18 novembre 2024, de 18h00 \u00e0 19h30, en ligne\n\t<meta itemscope itemprop=\"mainEntityOfPage\" itemtype=\"https:\/\/schema.org\/WebPage\" itemid=\"https:\/\/www.mission-21.org\/veranstaltung\/entdeckungen-im-kulturgueterraum\/\" content=\"Entdeckungen im Kulturg\u00fcterraum\" \/><meta itemprop=\"datePublished\" content=\"2024-06-10\" \/><meta itemprop=\"dateModified\" content=\"2024-06-10\" \/><meta itemprop=\"name\" content=\"Mission 21\"\/><meta itemprop=\"url\" content=\"https:\/\/www.mission-21.org\/wp-content\/uploads\/2022\/08\/de-blau.svg\"\/><meta itemprop=\"url\" content=\"https:\/\/www.mission-21.org\/author\/emilie\/\" \/><meta itemprop=\"name\" content=\"Emilie Buri\" \/><meta itemprop=\"url\" content=\"https:\/\/www.mission-21.org\/wp-content\/uploads\/2024\/06\/20230721_134759-003-scaled.jpg\" \/><meta itemprop=\"width\" content=\"2560\" \/><meta itemprop=\"height\" content=\"1941\" \/><meta itemprop=\"interactionType\" content=\"https:\/\/schema.org\/CommentAction\" \/><meta itemprop=\"userInteractionCount\" content=\"0\" \/>Manifestation \u00e9ducative\n<h4><a href='https:\/\/www.mission-21.org\/fr\/evenement\/decouverte-de-lespace-culturel\/' title='D\u00e9couvertes dans l&#039;espace des biens culturels'>D\u00e9couvertes dans l'espace des biens culturels<\/a><\/h4>\n\t<a href='https:\/\/www.mission-21.org\/fr\/evenement\/decouverte-de-lespace-culturel\/' title='D\u00e9couvertes dans l&#039;espace des biens culturels'><img width=\"1200\" height=\"910\" src=\"https:\/\/www.mission-21.org\/wp-content\/uploads\/2024\/06\/20230721_134759-003-1200x910.jpg\" alt=\"D\u00e9couvertes dans l&#039;espace des biens culturels\" itemprop=\"image\" decoding=\"async\" srcset=\"https:\/\/www.mission-21.org\/wp-content\/uploads\/2024\/06\/20230721_134759-003-1200x910.jpg 1200w, https:\/\/www.mission-21.org\/wp-content\/uploads\/2024\/06\/20230721_134759-003-900x682.jpg 900w, https:\/\/www.mission-21.org\/wp-content\/uploads\/2024\/06\/20230721_134759-003-768x582.jpg 768w, https:\/\/www.mission-21.org\/wp-content\/uploads\/2024\/06\/20230721_134759-003-1536x1164.jpg 1536w, https:\/\/www.mission-21.org\/wp-content\/uploads\/2024\/06\/20230721_134759-003-2048x1552.jpg 2048w, https:\/\/www.mission-21.org\/wp-content\/uploads\/2024\/06\/20230721_134759-003-16x12.jpg 16w, https:\/\/www.mission-21.org\/wp-content\/uploads\/2024\/06\/20230721_134759-003-300x227.jpg 300w, https:\/\/www.mission-21.org\/wp-content\/uploads\/2024\/06\/20230721_134759-003-600x455.jpg 600w\" sizes=\"(max-width: 1200px) 100vw, 1200px\" \/><\/a>\n    \t<p>Un voyage dans le temps dans les archives historiques de la recherche vous permettra de d\u00e9couvrir l'histoire de la Mission de B\u00e2le et ses liens avec l'histoire globale et coloniale. Des documents originaux de missionnaires*, mais aussi de collaborateurs locaux, font revivre les voix des r\u00e9gions d'intervention en Afrique et en Asie au 19e et au d\u00e9but du 20e si\u00e8cle.<\/p>\n    22 novembre 2024, 18h00 \u00e0 19h15, Mission 21, B\u00e2le\n<h2>\n\t\tManifestations \u00e9ducatives 2024\n\t<\/h2>\n\t\t\t<a href=\"https:\/\/www.mission-21.org\/fr\/ce-que-nous-faisons\/offres-de-formation\/\" target=\"_self\" role=\"button\" aria-label=\"Vers les offres de formation 2024\" rel=\"noopener\">\n\t\t\t\t\t\t\tVers les offres de formation 2024\n\t\t<\/a>\n\t\t\t<h2>\u00c9v\u00e9nements pass\u00e9s<\/h2>\t\t\t\n\t\t\t\t<p>Vous trouverez ici des rapports et des vid\u00e9os des \u00e9v\u00e9nements pass\u00e9s. <a href=\"\/fr\/ce-que-nous-faisons\/evenements-darchives\/\">\u25ba Lien<\/a><\/p>","protected":false},"excerpt":{"rendered":"<p>Info Box Interessieren Sie sich f\u00fcr Themen wie interreligi\u00f6se Zusammenarbeit und interkulturellen Austausch? F\u00fcr aktuelle Themen, die uns in unserer komplexen globalen Welt herausfordern? Hier finden Sie zahlreiche Veranstaltungen, die Ihren Horizont weiten und Ihren Alltag inspirieren. Unsere Bildungsarbeit ist EduQua zertifiziert. Aktuelle Veranstaltungen Young@Mission21 Ehemaligentag meets Youth Summit &#8222;Young Voices. Intergenerational Meetup&#8220; Der Youth [&hellip;]<\/p>\n","protected":false},"author":1,"featured_media":2108,"parent":205,"menu_order":0,"comment_status":"closed","ping_status":"closed","template":"","meta":{"_acf_changed":false,"_seopress_robots_primary_cat":"","_seopress_titles_title":"","_seopress_titles_desc":"","_seopress_robots_index":"","_searchwp_excluded":"","site-sidebar-layout":"default","site-content-layout":"","ast-site-content-layout":"default","site-content-style":"default","site-sidebar-style":"default","ast-global-header-display":"","ast-banner-title-visibility":"","ast-main-header-display":"","ast-hfb-above-header-display":"","ast-hfb-below-header-display":"","ast-hfb-mobile-header-display":"","site-post-title":"","ast-breadcrumbs-content":"","ast-featured-img":"","footer-sml-layout":"","ast-disable-related-posts":"","theme-transparent-header-meta":"","adv-header-id-meta":"","stick-header-meta":"","header-above-stick-meta":"","header-main-stick-meta":"","header-below-stick-meta":"","astra-migrate-meta-layouts":"set","ast-page-background-enabled":"default","ast-page-background-meta":{"desktop":{"background-color":"var(--ast-global-color-4)","background-image":"","background-repeat":"repeat","background-position":"center center","background-size":"auto","background-attachment":"scroll","background-type":"","background-media":"","overlay-type":"","overlay-color":"","overlay-opacity":"","overlay-gradient":""},"tablet":{"background-color":"","background-image":"","background-repeat":"repeat","background-position":"center center","background-size":"auto","background-attachment":"scroll","background-type":"","background-media":"","overlay-type":"","overlay-color":"","overlay-opacity":"","overlay-gradient":""},"mobile":{"background-color":"","background-image":"","background-repeat":"repeat","background-position":"center center","background-size":"auto","background-attachment":"scroll","background-type":"","background-media":"","overlay-type":"","overlay-color":"","overlay-opacity":"","overlay-gradient":""}},"ast-content-background-meta":{"desktop":{"background-color":"var(--ast-global-color-5)","background-image":"","background-repeat":"repeat","background-position":"center center","background-size":"auto","background-attachment":"scroll","background-type":"","background-media":"","overlay-type":"","overlay-color":"","overlay-opacity":"","overlay-gradient":""},"tablet":{"background-color":"var(--ast-global-color-5)","background-image":"","background-repeat":"repeat","background-position":"center center","background-size":"auto","background-attachment":"scroll","background-type":"","background-media":"","overlay-type":"","overlay-color":"","overlay-opacity":"","overlay-gradient":""},"mobile":{"background-color":"var(--ast-global-color-5)","background-image":"","background-repeat":"repeat","background-position":"center center","background-size":"auto","background-attachment":"scroll","background-type":"","background-media":"","overlay-type":"","overlay-color":"","overlay-opacity":"","overlay-gradient":""}},"iawp_total_views":3702,"footnotes":""},"hf_cat_page":[300],"class_list":["post-2107","page","type-page","status-publish","has-post-thumbnail"],"acf":[],"_links":{"self":[{"href":"https:\/\/www.mission-21.org\/fr\/wp-json\/wp\/v2\/pages\/2107","targetHints":{"allow":["GET"]}}],"collection":[{"href":"https:\/\/www.mission-21.org\/fr\/wp-json\/wp\/v2\/pages"}],"about":[{"href":"https:\/\/www.mission-21.org\/fr\/wp-json\/wp\/v2\/types\/page"}],"author":[{"embeddable":true,"href":"https:\/\/www.mission-21.org\/fr\/wp-json\/wp\/v2\/users\/1"}],"replies":[{"embeddable":true,"href":"https:\/\/www.mission-21.org\/fr\/wp-json\/wp\/v2\/comments?post=2107"}],"version-history":[{"count":11,"href":"https:\/\/www.mission-21.org\/fr\/wp-json\/wp\/v2\/pages\/2107\/revisions"}],"predecessor-version":[{"id":13258,"href":"https:\/\/www.mission-21.org\/fr\/wp-json\/wp\/v2\/pages\/2107\/revisions\/13258"}],"up":[{"embeddable":true,"href":"https:\/\/www.mission-21.org\/fr\/wp-json\/wp\/v2\/pages\/205"}],"wp:featuredmedia":[{"embeddable":true,"href":"https:\/\/www.mission-21.org\/fr\/wp-json\/wp\/v2\/media\/2108"}],"wp:attachment":[{"href":"https:\/\/www.mission-21.org\/fr\/wp-json\/wp\/v2\/media?parent=2107"}],"wp:term":[{"taxonomy":"hf_cat_page","embeddable":true,"href":"https:\/\/www.mission-21.org\/fr\/wp-json\/wp\/v2\/hf_cat_page?post=2107"}],"curies":[{"name":"wp","href":"https:\/\/api.w.org\/{rel}","templated":true}]}}