{"id":3194,"date":"2022-09-29T19:49:58","date_gmt":"2022-09-29T17:49:58","guid":{"rendered":"https:\/\/www.mission-21.org\/?page_id=3194"},"modified":"2026-03-30T09:45:47","modified_gmt":"2026-03-30T07:45:47","slug":"structure-organisationnelle","status":"publish","type":"page","link":"https:\/\/www.mission-21.org\/fr\/wer-wir-sind\/organisationsstruktur\/","title":{"rendered":"Structure organisationnelle"},"content":{"rendered":"<img decoding=\"async\" src=\"https:\/\/www.mission-21.org\/wp-content\/uploads\/2022\/08\/csm_header_news_d521d70e38.jpeg\" alt=\"csm header news d521d70e38\" itemprop=\"image\" height=\"688\" width=\"1680\" title=\"csm_Header_News_d521d70e38\" onerror=\"this.style.display='none'\" loading='lazy' \/>\n\t<div class=\"fl-builder-content fl-builder-content-3660 fl-builder-template fl-builder-module-template fl-builder-global-templates-locked\" data-post-id=\"3660\"><div class=\"fl-module fl-module-pp-toc fl-node-xrvkwe8ihtn6 toc\" data-node=\"xrvkwe8ihtn6\">\n\t<div class=\"fl-module-content fl-node-content\">\n\t\t<div class=\"pp-toc-container\">\n\t\n\t<div class=\"pp-toc-body\">\n\t\t\t\t\t<ul class=\"pp-toc-list-wrapper pp-toc-list-icon\"><\/ul>\n\t\t\t\t<\/div>\n<\/div>\n\n\t<\/div>\n<\/div>\n<\/div><div class=\"uabb-js-breakpoint\" style=\"display: none;\"><\/div>\n<ul>\n<li> <a href=\"https:\/\/www.mission-21.org\/wp-content\/uploads\/2025\/07\/250708_m21_jb_2024_organisation-chart_en_rz-1.pdf\">Organigramme (PDF, anglais)<\/a><\/li>\n<\/ul>\n\t\t\t<a href=\"\/fr\/faire-un-don\/\" title=\"Dons\" target=\"_self\"   role=\"button\" aria-label=\"Dons\">\n\t\t\t\t\t\t\tDons\n\t\t\t\t\t\t\t\t\t<img decoding=\"async\" src=\"https:\/\/www.mission-21.org\/wp-content\/uploads\/2022\/08\/csm_heat-icon_b1dbd40167.png\"\/>\n\t\t<\/a>\n<h2>\n\t\t\tSynode missionnaire\t<\/h2>\n\t\t\t\t<img decoding=\"async\" src=\"https:\/\/www.mission-21.org\/wp-content\/uploads\/2022\/10\/csm_header_missionssynode_7064e971b2.jpg\" alt=\"csm header synode missionnaire 7064e971b2\" itemprop=\"image\" height=\"659\" width=\"1170\" title=\"csm_Header_Missionssynode_7064e971b2\" onerror=\"this.style.display='none'\" loading='lazy' \/>\n<p><strong><a href=\"https:\/\/www.mission-21.org\/fr\/qui-sommes-nous\/synode-missionnaire\/\">\u25ba Synode missionnaire : associations de soutien et assembl\u00e9e continentale<\/a><\/strong><\/p>\n<p><strong><a href=\"https:\/\/www.mission-21.org\/fr\/qui-sommes-nous\/synode-missionnaire-actuel\/\">\u25ba Synode missionnaire actuel<\/a><\/strong><\/p>\n<h2>\n\t\t\tConseil d'administration\t<\/h2>\n\t\t\t\t<img decoding=\"async\" src=\"https:\/\/www.mission-21.org\/wp-content\/uploads\/2024\/07\/evelyn-borer_portrait_-scaled.jpg\" alt=\"portrait d&#039;evelyn borer \" itemprop=\"image\" height=\"2560\" width=\"1920\" title=\"evelyn borer_portrait_\" onerror=\"this.style.display='none'\" loading='lazy' \/>\n\t<strong>Evelyn Borer<br \/>\n<\/strong><strong>Pr\u00e9sidente du conseil d'administration<\/strong>\n<p>Evelyn Borer (n\u00e9e en 1960) a \u00e9t\u00e9 \u00e9lue pr\u00e9sidente le 26 juillet 2024 et install\u00e9e dans ses fonctions le 12 septembre 2024. Elle a achev\u00e9 en d\u00e9cembre 2024 son deuxi\u00e8me mandat de pr\u00e9sidente du Synode de l'Eglise \u00e9vang\u00e9lique r\u00e9form\u00e9e de Suisse (EKS), apr\u00e8s avoir \u00e9t\u00e9 pendant quatre ans la plus haute personnalit\u00e9 r\u00e9form\u00e9e du pays. En tant que pr\u00e9sidente du Conseil synodal, elle dirige l'ex\u00e9cutif de l'Eglise \u00e9vang\u00e9lique r\u00e9form\u00e9e du canton de Soleure et est \u00e9galement active en tant que responsable dans sa paroisse de Dornach-Gempen-Hochwald.<\/p>\n<p>Evelyn Borer a exerc\u00e9 jusqu'en 2019 une fonction de direction dans les services sociaux de la commune de Reinach (BL) et a \u00e9t\u00e9 active en politique : Pendant douze ans, elle a \u00e9t\u00e9 conseill\u00e8re communale \u00e0 Dornach au niveau de l'ex\u00e9cutif ainsi qu'au niveau parlementaire en tant que membre du Grand Conseil soleurois.<\/p>\n\t\t\t\t<img decoding=\"async\" src=\"https:\/\/www.mission-21.org\/wp-content\/uploads\/2024\/07\/anders_stokholm1.png\" alt=\"autre stokholm1\" itemprop=\"image\" height=\"858\" width=\"667\" title=\"Anders_Stokholm1\" onerror=\"this.style.display='none'\" loading='lazy' \/>\n\t<strong>Anders Stokholm, pasteur<\/strong><br \/>\n<strong>Vice-pr\u00e9sident du conseil d'administration<\/strong>\n<p>Anders Stokholm (n\u00e9 en 1966) a \u00e9t\u00e9 \u00e9lu au comit\u00e9 directeur lors du Synode 2024. Il occupe depuis 2015 le poste de maire de Frauenfeld, Thurgovie. Anders Stokholm a \u00e9tudi\u00e9 la th\u00e9ologie \u00e0 Zurich de 1983 \u00e0 1990 et a effectu\u00e9 son vicariat pastoral au Grossm\u00fcnster. Il a ensuite travaill\u00e9 comme pasteur de paroisse \u00e0 Stein am Rhein de 1991 \u00e0 1998. De 1998 \u00e0 2002, il a travaill\u00e9 comme r\u00e9dacteur \u00e0 la Reformierte Presse \u00e0 Zurich et a suivi une formation de journaliste dipl\u00f4m\u00e9 MAZ en cours d'emploi. De 2002 \u00e0 2008, il a dirig\u00e9 la fondation Zukunft Thurgau et de 2008 \u00e0 2015, il a \u00e9t\u00e9 directeur du centre d'assurance sociale de Thurgovie. Avec Mission 21, il souhaite d\u00e9velopper son action sociale dans un contexte global.<\/p>\n\t\t\t\t<img decoding=\"async\" src=\"https:\/\/www.mission-21.org\/wp-content\/uploads\/2024\/07\/becker_barbara.png\" alt=\"becker barbara\" itemprop=\"image\" height=\"1064\" width=\"803\" title=\"Becker_Barbara\" onerror=\"this.style.display='none'\" loading='lazy' \/>\n\t<strong>Dr. Barbara Becker<br \/>\nMembre du conseil d'administration<\/strong>\n<p>Barbara Becker (n\u00e9e en 1954) est agronome \u00e0 la retraite et, depuis 2019, membre du conseil de la paroisse \u00e9vang\u00e9lique r\u00e9form\u00e9e de Zurich. Elle y est responsable du d\u00e9partement pastoral et de l'OeME (\u0153cum\u00e9nisme, mission et d\u00e9veloppement), et donc \u00e9galement interlocutrice pour Mission 21. Jusqu'\u00e0 sa retraite, elle \u00e9tait responsable de la coop\u00e9ration avec les pays en d\u00e9veloppement \u00e0 l'EPF de Zurich. Elle a travaill\u00e9 dans des projets de recherche et de d\u00e9veloppement en Afrique (Kenya, S\u00e9n\u00e9gal) et en Am\u00e9rique latine (P\u00e9rou, Colombie, Bolivie) ainsi que dans le conseil politique et la gestion de la recherche.<\/p>\n<p>&nbsp;<\/p>\n\t\t\t\t<img decoding=\"async\" src=\"https:\/\/www.mission-21.org\/wp-content\/uploads\/2025\/08\/sandro_bugmann_2025_3-zu-4_web.jpg\" alt=\"Portrait de Sandro Bugamann 2025\" itemprop=\"image\" height=\"658\" width=\"494\" title=\"Sandro_Bugmann_2025_membre_du_comit\u00e9_3_\u00e0_4_web\" onerror=\"this.style.display='none'\" loading='lazy' \/>\n\t<strong>Sandro Bugmann<\/strong><br \/>\n<strong>Membre du conseil d'administration<\/strong>\n<p>Sandro Bugmann (n\u00e9 en 1998) a \u00e9t\u00e9 \u00e9lu membre du comit\u00e9 lors du Synode 2024. Il travaille comme conseiller en investissement dans une banque cantonale. Depuis juillet 2025, il est membre du Conseil de l'Eglise \u00e9vang\u00e9lique r\u00e9form\u00e9e de Suisse (EKS). Il est responsable du ressort Finances et solidarit\u00e9.<\/p>\n<p>De 2022 \u00e0 2025, Sandro Bugmann a \u00e9t\u00e9 conseiller eccl\u00e9siastique de l'Eglise \u00e9vang\u00e9lique r\u00e9form\u00e9e du canton de Schwyz, o\u00f9 il a \u00e9t\u00e9 responsable du d\u00e9partement des finances et des assurances. Auparavant, il a \u00e9t\u00e9 actif dans sa paroisse en tant que membre du Synode et responsable de la jeunesse. Il s'engage en outre aupr\u00e8s du Kirchenbote en tant que membre de la commission de r\u00e9daction.<\/p>\n\t\t\t\t<img decoding=\"async\" src=\"https:\/\/www.mission-21.org\/wp-content\/uploads\/2023\/04\/gerhard-buetschi-900x1200.jpg\" alt=\"gerhard b\u00fctschi\" itemprop=\"image\" height=\"1200\" width=\"900\" title=\"Gerhard B\u00fctschi\" onerror=\"this.style.display='none'\" loading='lazy' \/>\n\t<strong>Dr. Gerhard B\u00fctschi-Hassler<br \/>\n<\/strong><strong>Membre du conseil d'administration<\/strong>\n<p>Gerhard B\u00fctschi-Hassler (n\u00e9 en 1955) est un conseiller d'entreprise ind\u00e9pendant dans le domaine du marketing et de la communication. Il a enseign\u00e9 la gestion de la communication en Suisse et \u00e0 l'\u00e9tranger et a \u00e9t\u00e9 conseiller du gouvernement tanzanien pour les cours de formation des responsables de la communication de la pr\u00e9sidence et des minist\u00e8res. Gerhard B\u00fctschi est conseiller eccl\u00e9siastique de l'Eglise r\u00e9form\u00e9e d'Argovie et membre du Synode de l'EKS.<\/p>\n\t\t\t\t<img decoding=\"async\" src=\"https:\/\/www.mission-21.org\/wp-content\/uploads\/2024\/07\/portraet_christoph_knoch.jpg\" alt=\"portrait christoph knoch\" itemprop=\"image\" height=\"2560\" width=\"1920\" title=\"portraet_christoph_knoch\" onerror=\"this.style.display='none'\" loading='lazy' \/>\n\t<strong>Christoph Knoch, pasteur<\/strong><br \/>\n<strong>Membre du conseil d'administration<\/strong>\n<p>Christoph Knoch (n\u00e9 en 1957) a \u00e9t\u00e9 \u00e9lu membre du comit\u00e9 lors du Synode 2024. Il est professeur ordinaire de l'Eglise r\u00e9form\u00e9e du canton de Berne et est pasteur \u00e0 la retraite. Il a fait ses \u00e9tudes \u00e0 T\u00fcbingen et \u00e0 Berne et a suivi l'ann\u00e9e d'\u00e9tudes th\u00e9ologiques de l'abbaye de la Dormition en 1979\/80. De 1986 \u00e0 2002, il a \u00e9t\u00e9 cur\u00e9 \u00e0 Langendorf (SO) et de 2002 \u00e0 2022, il a \u00e9t\u00e9 cur\u00e9 \u00e0 Muri-G\u00fcmligen pr\u00e8s de Berne. Christoph Knoch est pr\u00e9sident de la Communaut\u00e9 de travail des \u00c9glises dans le canton de Berne et vice-pr\u00e9sident de la Communaut\u00e9 de travail interreligieuse en Suisse (IRAS COTIS). Il prend r\u00e9guli\u00e8rement des photos pour les m\u00e9dias eccl\u00e9siastiques et vit avec sa famille \u00e0 Berne.<\/p>\n<p>&nbsp;<\/p>\n<p>&nbsp;<\/p>\n\t\t\t\t<img decoding=\"async\" src=\"https:\/\/www.mission-21.org\/wp-content\/uploads\/2022\/10\/csm_michal_maurer_vorstand_foto-gabriela-mueller_33a8937f63.jpg\" alt=\"csm michal maurer conseil d&#039;administration photo gabriela mueller 33a8937f63\" itemprop=\"image\" height=\"480\" width=\"360\" title=\"csm_Michal_Maurer_comit\u00e9_photo-gabriela-mueller_33a8937f63\" onerror=\"this.style.display='none'\" loading='lazy' \/>\n\t<strong>Michal Maurer, pasteure<\/strong><br \/>\n<strong>Membre du conseil d'administration<\/strong>\n<p>Michal Maurer Pfenninger (n\u00e9e en 1993) a travaill\u00e9 comme pasteure dans la diaspora \u00e0 Sargans, Mels, Vilters-Wangs et depuis janvier 2024, elle est aum\u00f4ni\u00e8re d'h\u00f4pital \u00e0 l'h\u00f4pital municipal de Zurich. Elle a \u00e9tudi\u00e9 aux universit\u00e9s de Zurich, B\u00e2le et Strasbourg et s'est longtemps engag\u00e9e dans les YMCA. Int\u00e9ress\u00e9e par les langues et les gens, elle a beaucoup voyag\u00e9. Michal Maurer-Pfenninger est li\u00e9e \u00e0 Mission 21 par un voyage de rencontre au Cameroun et par son engagement en tant qu'ambassadrice de jeunesse.<\/p>\n<p>&nbsp;<\/p>\n<p>&nbsp;<\/p>\n<p>&nbsp;<\/p>\n\t\t\t\t<img decoding=\"async\" src=\"https:\/\/www.mission-21.org\/wp-content\/uploads\/2024\/07\/portraet_blum-scaled.jpg\" alt=\"portrait blum\" itemprop=\"image\" height=\"2560\" width=\"1920\" title=\"Portrait_Blum\" onerror=\"this.style.display='none'\" loading='lazy' \/>\n\t<strong>Johannes Blum-Hasler, Professeur Dr. med.<\/strong><br \/>\n<strong>Pr\u00e9sident d'honneur du conseil d'administration<\/strong>\n<p>Le professeur Dr Johannes Blum-Hasler a termin\u00e9 son mandat de pr\u00e9sident du comit\u00e9 directeur de Mission 21 le 30 juin 2024, conform\u00e9ment \u00e0 la rotation. En raison de ses m\u00e9rites, le Synode l'a \u00e9lu pr\u00e9sident d'honneur \u00e0 vie.<\/p>\n<p>Johannes Blum (n\u00e9 en 1955) a \u00e9t\u00e9 \u00e9lu le 10 juin 2015 par le Synode comme nouveau pr\u00e9sident du comit\u00e9 directeur, dont il fait partie depuis 2012. Auparavant, il \u00e9tait pr\u00e9sident de l'association Mission 21 Mission \u00e9vang\u00e9lique au Kwango, EMIK. Johannes Blum a travaill\u00e9 de 1987 \u00e0 1991 comme m\u00e9decin tropical avec fonction de formation \u00e0 l'H\u00f4pital de Vanga en RDC. Depuis 1991, il travaille \u00e0 l'Institut Tropical et de Sant\u00e9 Publique Suisse, actuellement en tant que m\u00e9decin-chef et directeur de la polyclinique. Il est charg\u00e9 de cours \u00e0 la facult\u00e9 de m\u00e9decine de l'universit\u00e9 de B\u00e2le. Johannes Blum effectue chaque ann\u00e9e des missions en RDC et dans d'autres pays africains pour la formation de m\u00e9decins et la recherche.<\/p>\n\t\t\t\t<img decoding=\"async\" src=\"https:\/\/www.mission-21.org\/wp-content\/uploads\/2022\/10\/csm_vollprecht_vorstand_mission_21_9cbb3039d8.jpg\" alt=\"csm vollprecht conseil d&#039;administration mission 21 9cbb3039d8\" itemprop=\"image\" height=\"463\" width=\"360\" title=\"csm_Vollprecht_Vorstand_Mission_21_9cbb3039d8\" onerror=\"this.style.display='none'\" loading='lazy' \/>\n\t<strong>Frieder Vollprecht, pasteur<br \/>\nMembre du conseil d'administration<\/strong>\n<p>Frieder Vollprecht (n\u00e9 en 1960) est pasteur des Soci\u00e9t\u00e9s Herrnhut de B\u00e2le et de Berne et collabore \u00e0 la Maison des religions \u00e0 Berne. Frieder Vollprecht a travaill\u00e9 dans des paroisses \u00e0 Herrnhut, Berlin et Neuwied am Rhein. De 1997 \u00e0 2002, il a \u00e9t\u00e9 pasteur de paroisse et professeur d'histoire de l'Eglise au s\u00e9minaire th\u00e9ologique de l'Eglise des Fr\u00e8res \u00e0 Paramaribo (Suriname). Il a \u00e9galement pass\u00e9 douze ans \u00e0 la direction de l'Eglise de Herrnhut pour l'Europe continentale. Il est li\u00e9 \u00e0 Mission 21 depuis de nombreuses ann\u00e9es, notamment en tant que membre du comit\u00e9 directeur de l'association de soutien \"Herrnhuter Mission\".<\/p>\n<p>&nbsp;<\/p>\n<p>&nbsp;<\/p>\n\t\t\t\t<img decoding=\"async\" src=\"https:\/\/www.mission-21.org\/wp-content\/uploads\/2024\/07\/wagner2.png\" alt=\"wagner2\" itemprop=\"image\" height=\"574\" width=\"431\" title=\"Wagner2\" onerror=\"this.style.display='none'\" loading='lazy' \/>\n\t<strong>Marianne Wagner, pasteure<\/strong><br \/>\n<strong>Membre du conseil d'administration<\/strong>\nLa pasteure Marianne Wagner M.A. (n\u00e9e en 1962) a \u00e9t\u00e9 \u00e9lue au comit\u00e9 directeur lors du Synode 2024. Depuis 2016, elle est Oberkirchenr\u00e4tin de l'\u00c9glise protestante du Palatinat (Prot. Landeskirche) et dirige le d\u00e9partement des ressources humaines de son \u00c9glise.<br \/>\nElle a \u00e9tudi\u00e9 la th\u00e9ologie protestante et les langues romanes \u00e0 Mayence et \u00e0 Valence.<br \/>\nApr\u00e8s son vicariat, elle a enseign\u00e9 la religion protestante \u00e0 l'\u00e9cole professionnelle de Neustadt\/Weinstrasse, puis elle a \u00e9t\u00e9 pasteure \u00e0 la paroisse de l'\u00e9glise coll\u00e9giale de Neustadt.<br \/>\nDe 2002 \u00e0 2016, Wagner a dirig\u00e9 le minist\u00e8re de la mission mondiale et de l'\u0153cum\u00e9nisme au sein du service missionnaire et \u0153cum\u00e9nique de l'\u00c9glise \u00e9vang\u00e9lique du Palatinat \u00e0 Landau. Elle \u00e9tait responsable des relations \u0153cum\u00e9niques de l'\u00c9glise du Palatinat avec des \u00c9glises et organisations partenaires en Bolivie, au Ghana, en Cor\u00e9e du Sud et en Papouasie occidentale, ainsi que de projets de d\u00e9veloppement. Depuis, elle est en contact avec Mission 21.\n<h2>\n\t\t\tDirection\t<\/h2>\n\t\t\t\t<img decoding=\"async\" src=\"https:\/\/www.mission-21.org\/wp-content\/uploads\/2025\/12\/jochen-kirsch-11_update-fuer-web_1920x2560.jpg\" alt=\"jochen kirsch 11 mise \u00e0 jour pour web 1920x2560\" itemprop=\"image\" height=\"2560\" width=\"1920\" title=\"Jochen Kirsch-11_update pour web_1920x2560\" onerror=\"this.style.display='none'\" loading='lazy' \/>\n\t<p><strong>Jochen Kirsch, pasteur<\/strong><\/p>\n<p><strong>Directeur<\/strong><\/p>\n<p>Jochen Kirsch dirige Mission 21 en tant que directeur depuis septembre 2019. Auparavant, il \u00e9tait responsable du d\u00e9partement des relations internationales de Mission 21. De 2004 \u00e0 septembre 2014, il a occup\u00e9 diff\u00e9rentes fonctions au sein de ce d\u00e9partement : chef d'\u00e9quipe pour l'Afrique, responsable de programme pour le Cameroun, le Nigeria et le Soudan du Sud, ainsi que responsable th\u00e9matique pour les domaines VIH et formation th\u00e9ologique. Derni\u00e8rement, Kirsch \u00e9tait \u00e9galement responsable du domaine Religion et d\u00e9veloppement.<\/p>\n<p><a href=\"mailto:jochen.kirsch@mission-21.org\">\u25ba Courrier \u00e9lectronique<\/a><\/p>\n\t\t\t\t<img decoding=\"async\" src=\"https:\/\/www.mission-21.org\/wp-content\/uploads\/2025\/12\/gaby-ullrich_2025-12_1920x2560-scaled.jpg\" alt=\"gaby ullrich 2025 12 1920x2560\" itemprop=\"image\" height=\"2560\" width=\"1919\" title=\"Gaby Ullrich_2025-12_1920x2560\" onerror=\"this.style.display='none'\" loading='lazy' \/>\n<p><strong>Gaby Ullrich<\/strong><\/p>\n<p><strong>Responsable du d\u00e9partement \"Marketing et communication\" et personne de contact pour les demandes des m\u00e9dias, directrice adjointe<\/strong><\/p>\n<p>Gaby Ullrich dirige depuis mai 2019 le d\u00e9partement marketing et communication de Mission 21. Gaby Ullrich a \u00e9tudi\u00e9 \u00e0 l'origine l'\u00e9conomie d'entreprise et le marketing et dispose d'une exp\u00e9rience de gestion vari\u00e9e et de longue date dans les domaines du marketing, de la communication et de la collecte de fonds dans le secteur priv\u00e9 (compagnies a\u00e9riennes, publicit\u00e9, services financiers) ainsi qu'aupr\u00e8s d'ONG suisses renomm\u00e9es.  Elle a suivi un autre cursus en gestion et droit des organisations \u00e0 but non lucratif \u00e0 l'universit\u00e9 de B\u00e2le en 2015 et \u00e9tudie actuellement l'\u00e9thique \u00e0 l'universit\u00e9 de Zurich.<\/p>\n<p><a href=\"mailto:gaby.ullrich@mission-21.org\">\u25ba Courrier \u00e9lectronique<\/a><\/p>\n\t\t\t\t<img decoding=\"async\" src=\"https:\/\/www.mission-21.org\/wp-content\/uploads\/2025\/08\/ekueamele_high-res_4-zu-3_20250804-scaled.jpg\" alt=\"Portrait d&#039;Am\u00e9l\u00e9 Eku\u00e9\" itemprop=\"image\" height=\"2560\" width=\"1920\" title=\"Portrait d&#039;Am\u00e9l\u00e9 Eku\u00e9\" onerror=\"this.style.display='none'\" loading='lazy' \/>\n\t<p><strong>Dr. Am\u00e9l\u00e9 Eku\u00e9<\/strong><\/p>\n<p><strong>Leiterin der Abteilung &#8222;Bildung Austausch Forschung&#8220;<\/strong><\/p>\n<p>Docteur en th\u00e9ologie et africaniste de formation, avec une sp\u00e9cialisation en th\u00e9ologie interculturelle, en sciences \u0153cum\u00e9niques et en \u00e9thique, elle poss\u00e8de une vaste exp\u00e9rience internationale en mati\u00e8re d'enseignement et de recherche. Elle dirige le d\u00e9partement de formation, d'\u00e9change et de recherche depuis juillet 2025. Auparavant, elle a \u00e9t\u00e9 directrice d'\u00e9tudes \u00e0 l'Acad\u00e9mie de mission, assistante scientifique \u00e0 l'Universit\u00e9 de Hambourg et, de 2007 \u00e0 2019, professeur \u00e0 l'Institut \u0153cum\u00e9nique de Bossey. Derni\u00e8rement, elle a travaill\u00e9 comme doyenne acad\u00e9mique dans une fondation pour l'\u00e9thique \u00e0 Gen\u00e8ve.<\/p>\n<p><a href=\"mailto:amele.ekue@mission-21.org\">\u25ba Courrier \u00e9lectronique<\/a><\/p>\n\t\t\t\t<img decoding=\"async\" src=\"https:\/\/www.mission-21.org\/wp-content\/uploads\/2023\/08\/katharina-gfeller-1.jpg\" alt=\"katharina gfeller\" itemprop=\"image\" height=\"564\" width=\"432\" title=\"katharina gfeller\" onerror=\"this.style.display='none'\" loading='lazy' \/>\n<p><strong>Katharina Gfeller<\/strong><\/p>\n<p><strong>Responsable du d\u00e9partement \"Relations internationales<\/strong><\/p>\n<p>Katharina Gfeller dirige le d\u00e9partement des relations internationales depuis septembre 2019. Auparavant, elle \u00e9tait responsable d'\u00e9quipe pour l'Asie, charg\u00e9e des projets et programmes en Indon\u00e9sie, \u00e0 Hong Kong et en Malaisie. G\u00e9ographe sociale de formation, elle a travaill\u00e9 deux ans comme sp\u00e9cialiste de la paix en Indon\u00e9sie et a suivi un MAS en gestion \u00e0 but non lucratif.<\/p>\n<p><a href=\"mailto:katharina.gfeller@mission-21.org\">\u25ba Courrier \u00e9lectronique<\/a><\/p>\n\t\t\t\t<img decoding=\"async\" src=\"https:\/\/www.mission-21.org\/wp-content\/uploads\/2025\/12\/pellet-myriam_update-1920x2560-1.jpg\" alt=\"pellet myriam mise \u00e0 jour 1920x2560\" itemprop=\"image\" height=\"2560\" width=\"1920\" title=\"Pellet-Myriam_update-1920x2560\" onerror=\"this.style.display='none'\" loading='lazy' \/>\n<p><strong>Myriam Pellet<\/strong><\/p>\n<p><strong>Responsable des ressources humaines<\/strong><\/p>\n<p>Myriam Pellet travaille depuis novembre 2016 comme responsable des ressources humaines chez Mission 21. Outre une formation d'\u00e9conomiste d'entreprise et une formation continue de responsable des ressources humaines, elle dispose d'une exp\u00e9rience professionnelle longue et vari\u00e9e dans le domaine des ressources humaines dans un environnement international.<\/p>\n<p><a href=\"mailto:myriam.pellet@mission-21.org\">\u25ba Courrier \u00e9lectronique<\/a><\/p>\n<p><strong>Daniel Tschumper<\/strong><\/p>\n<p><strong>Directeur financier<\/strong><\/p>\n<p><a href=\"mailto:daniel.tschumper@mission-21.org\">\u25ba Courrier \u00e9lectronique<\/a><\/p>\n\t\t\t\t<img decoding=\"async\" src=\"https:\/\/www.mission-21.org\/wp-content\/uploads\/2022\/10\/csm_heer_barbara_frauen_und_gender_b812fc2e16.jpg\" alt=\"Barbara Heer, responsable de l&#039;\u00e9tat-major Femmes et genre\" itemprop=\"image\" height=\"450\" width=\"351\" title=\"csm_Heer_Barbara_Frauen_und_Gender_b812fc2e16\" onerror=\"this.style.display='none'\" loading='lazy' \/>\n<p><strong>Dr. Barbara Heer<\/strong><\/p>\n<p><strong>Responsable de l'\u00e9tat-major Femmes et genre<\/strong><\/p>\n<p>Barbara Heer travaille depuis juin 2021 \u00e0 la Missionshaus. Docteur en ethnologie, elle a fait des recherches sur les villes d'Afrique australe, a enseign\u00e9 \u00e0 l'universit\u00e9 de B\u00e2le et a travaill\u00e9 dans le dialogue interculturel et interreligieux au niveau des paroisses. Elle s'engage en tant que parlementaire dans le canton de B\u00e2le-Ville pour l'\u00e9galit\u00e9 des genres.<\/p>\n<p><a href=\"mailto:barbara.heer@mission-21.org\">\u25ba Courrier \u00e9lectronique<\/a><\/p>\n<h2>\n\t\t\tLes femmes et le genre\t<\/h2>\n\t\t\t\t<img decoding=\"async\" src=\"https:\/\/www.mission-21.org\/wp-content\/uploads\/2022\/10\/csm_16_tage_gegen_gewalt_c34d13fb27.jpg\" alt=\"csm 16 jours contre la violence c34d13fb27\" itemprop=\"image\" height=\"658\" width=\"1170\" title=\"csm_16_Tage_gegen_Gewalt_c34d13fb27\" onerror=\"this.style.display='none'\" loading='lazy' \/>\n<p>Depuis la cr\u00e9ation de Mission 21 en 2001, l'\u0153uvre dispose d'un service \"Femmes et genre\". L'\u00e9galit\u00e9 des sexes est le principe directeur de tous les programmes de d\u00e9veloppement de Mission 21 en Afrique, en Asie et en Am\u00e9rique latine. Rattach\u00e9e au d\u00e9partement de la direction, l'unit\u00e9 travaille donc en \u00e9troite collaboration avec le d\u00e9partement des relations internationales pour un monde exempt de discrimination et de violence fond\u00e9es sur le genre. La mission de l'unit\u00e9 est de garantir que les pr\u00e9occupations et les situations de vie des femmes soient prises en compte dans la planification, la conception et la mise en \u0153uvre des programmes.<\/p>\n<p><a href=\"https:\/\/www.mission-21.org\/fr\/qui-sommes-nous\/stabsstelle-frauen-und-gender\/\">\u25ba Unit\u00e9 Femmes et genre<\/a><\/p>\n<p><strong>Comit\u00e9 consultatif Justice de genre<\/strong><\/p>\n<p>L'Advisory Board Gender Justice conseille Mission 21 en tant qu'organe sp\u00e9cialis\u00e9. Il a pour mission de soutenir l'orientation strat\u00e9gique de Mission 21 pour l'\u00e9galit\u00e9 des sexes et l'int\u00e9gration de la dimension de genre. Les quatre coordinatrices des assembl\u00e9es continentales, des repr\u00e9sentants du comit\u00e9 directeur de Mission 21 ainsi que des experts externes en mati\u00e8re de genre font partie du conseil. Le comit\u00e9 se r\u00e9unit en ligne trois fois par an et travaille b\u00e9n\u00e9volement.<br \/>L'Advisory Board doit permettre de renforcer le travail de Mission 21 en faveur de l'\u00e9galit\u00e9 des sexes et de lui donner une orientation plus internationale au niveau strat\u00e9gique.<\/p>\n<p><a href=\"https:\/\/www.mission-21.org\/fr\/qui-sommes-nous\/structure-organisationnelle\/advisory-board-gender-justice\/\">\u25ba Membres du comit\u00e9 consultatif Justice de genre<\/a><\/p>\n<p>Jusqu'au printemps 2023, la commission sp\u00e9cialis\u00e9e Femmes et genre (FaKo) a soutenu l'\u00e9tat-major en tant qu'organe engag\u00e9 de longue date. Vous trouverez les membres de la commission sp\u00e9cialis\u00e9e lors de la derni\u00e8re p\u00e9riode administrative <a href=\"https:\/\/www.mission-21.org\/fr\/qui-sommes-nous\/structure-organisationnelle\/commission-technique-femmes-et-gender\/\">ici<\/a>.<\/p>\n<p><a href=\"https:\/\/www.mission-21.org\/fr\/merci-et-remerciements-a-la-commission-dexperts-femmes-et-genre\/\">\u25ba Une appr\u00e9ciation du travail de la commission d'experts a eu lieu en f\u00e9vrier 2023.<\/a><\/p>\n<h2>\n\t\t\tBureau r\u00e9gional de Berne\t<\/h2>\n\t<p>L'antenne r\u00e9gionale bernoise de Mission 21 est int\u00e9gr\u00e9e dans le service \"\u0152cum\u00e9nisme, mission et coop\u00e9ration au d\u00e9veloppement\" (OeME) des Eglises r\u00e9form\u00e9es Berne-Jura-Soleure. Le bureau r\u00e9gional de Berne rend l'Eglise universelle tangible dans les paroisses bernoises. L'accent est mis en particulier sur le travail de formation et de projet avec les adolescents et les jeunes adultes.<\/p>\n<p><a href=\"https:\/\/www.refbejuso.ch\/welt\/internationale-zusammenarbeit\/werke\" target=\"_blank\" rel=\"noopener\">\u25ba Webseite &#8222;Werke internationaler Zusammenarbeit&#8220; auf refbejuso.ch<\/a><\/p>\n<h2>\n\t\t\tCollaborateurs internationaux\t<\/h2>\n\t<p>Mission 21 est pr\u00e9sente avec des sp\u00e9cialistes comp\u00e9tents dans les 15 pays de projets en Afrique, Asie et Am\u00e9rique latine. En tant que coordinateurs, ces collaborateurs internationaux mettent en r\u00e9seau le travail de programme de Mission 21 avec les \u00e9glises partenaires et les organisations partenaires sur place. Des sp\u00e9cialistes suisses travaillent \u00e9galement dans les projets, actuellement dans le domaine de la th\u00e9ologie. Ces sp\u00e9cialistes interviennent \u00e0 la demande expresse des Eglises et organisations partenaires de Mission 21. Gr\u00e2ce \u00e0 leur engagement \u00e0 l'\u00e9tranger, ils aiguisent leurs comp\u00e9tences interculturelles et apportent une contribution essentielle au r\u00e9seau international de Mission 21.<\/p>\n<p><a href=\"https:\/\/www.mission-21.org\/fr\/ce-que-nous-faisons\/collaborateurs-internationaux\/\" target=\"_self\">\u25ba plus d'informations<\/a><\/p>","protected":false},"excerpt":{"rendered":"<p>Organigramm als PDF Spenden Missionssynode \u25ba Missionssynode: Tr\u00e4gervereine und Kontinentalversammlung \u25ba Missionssynode\u00a0aktuell Vorstand Evelyn Borer Pr\u00e4sidentin des Vorstands Evelyn Borer (geb. 1960) wurde per 26. Juli 2024 als neue Pr\u00e4sidentin gew\u00e4hlt und am 12. September 2024 in ihr Amt eingesetzt. Sie schloss im Dezember 2024 ihre zweite Amtszeit als Synodenpr\u00e4sidentin der Evangelisch-reformierten Kirche Schweiz (EKS) [&hellip;]<\/p>\n","protected":false},"author":1,"featured_media":3196,"parent":218,"menu_order":0,"comment_status":"closed","ping_status":"closed","template":"","meta":{"_acf_changed":false,"_seopress_robots_primary_cat":"","_seopress_titles_title":"","_seopress_titles_desc":"","_seopress_robots_index":"","_searchwp_excluded":"","site-sidebar-layout":"default","site-content-layout":"","ast-site-content-layout":"default","site-content-style":"default","site-sidebar-style":"default","ast-global-header-display":"","ast-banner-title-visibility":"","ast-main-header-display":"","ast-hfb-above-header-display":"","ast-hfb-below-header-display":"","ast-hfb-mobile-header-display":"","site-post-title":"","ast-breadcrumbs-content":"","ast-featured-img":"","footer-sml-layout":"","ast-disable-related-posts":"","theme-transparent-header-meta":"","adv-header-id-meta":"","stick-header-meta":"","header-above-stick-meta":"","header-main-stick-meta":"","header-below-stick-meta":"","astra-migrate-meta-layouts":"set","ast-page-background-enabled":"default","ast-page-background-meta":{"desktop":{"background-color":"var(--ast-global-color-4)","background-image":"","background-repeat":"repeat","background-position":"center center","background-size":"auto","background-attachment":"scroll","background-type":"","background-media":"","overlay-type":"","overlay-color":"","overlay-opacity":"","overlay-gradient":""},"tablet":{"background-color":"","background-image":"","background-repeat":"repeat","background-position":"center center","background-size":"auto","background-attachment":"scroll","background-type":"","background-media":"","overlay-type":"","overlay-color":"","overlay-opacity":"","overlay-gradient":""},"mobile":{"background-color":"","background-image":"","background-repeat":"repeat","background-position":"center center","background-size":"auto","background-attachment":"scroll","background-type":"","background-media":"","overlay-type":"","overlay-color":"","overlay-opacity":"","overlay-gradient":""}},"ast-content-background-meta":{"desktop":{"background-color":"var(--ast-global-color-5)","background-image":"","background-repeat":"repeat","background-position":"center center","background-size":"auto","background-attachment":"scroll","background-type":"","background-media":"","overlay-type":"","overlay-color":"","overlay-opacity":"","overlay-gradient":""},"tablet":{"background-color":"var(--ast-global-color-5)","background-image":"","background-repeat":"repeat","background-position":"center center","background-size":"auto","background-attachment":"scroll","background-type":"","background-media":"","overlay-type":"","overlay-color":"","overlay-opacity":"","overlay-gradient":""},"mobile":{"background-color":"var(--ast-global-color-5)","background-image":"","background-repeat":"repeat","background-position":"center center","background-size":"auto","background-attachment":"scroll","background-type":"","background-media":"","overlay-type":"","overlay-color":"","overlay-opacity":"","overlay-gradient":""}},"iawp_total_views":10377,"footnotes":""},"hf_cat_page":[302],"class_list":["post-3194","page","type-page","status-publish","has-post-thumbnail"],"acf":[],"_links":{"self":[{"href":"https:\/\/www.mission-21.org\/fr\/wp-json\/wp\/v2\/pages\/3194","targetHints":{"allow":["GET"]}}],"collection":[{"href":"https:\/\/www.mission-21.org\/fr\/wp-json\/wp\/v2\/pages"}],"about":[{"href":"https:\/\/www.mission-21.org\/fr\/wp-json\/wp\/v2\/types\/page"}],"author":[{"embeddable":true,"href":"https:\/\/www.mission-21.org\/fr\/wp-json\/wp\/v2\/users\/1"}],"replies":[{"embeddable":true,"href":"https:\/\/www.mission-21.org\/fr\/wp-json\/wp\/v2\/comments?post=3194"}],"version-history":[{"count":11,"href":"https:\/\/www.mission-21.org\/fr\/wp-json\/wp\/v2\/pages\/3194\/revisions"}],"predecessor-version":[{"id":20136,"href":"https:\/\/www.mission-21.org\/fr\/wp-json\/wp\/v2\/pages\/3194\/revisions\/20136"}],"up":[{"embeddable":true,"href":"https:\/\/www.mission-21.org\/fr\/wp-json\/wp\/v2\/pages\/218"}],"wp:featuredmedia":[{"embeddable":true,"href":"https:\/\/www.mission-21.org\/fr\/wp-json\/wp\/v2\/media\/3196"}],"wp:attachment":[{"href":"https:\/\/www.mission-21.org\/fr\/wp-json\/wp\/v2\/media?parent=3194"}],"wp:term":[{"taxonomy":"hf_cat_page","embeddable":true,"href":"https:\/\/www.mission-21.org\/fr\/wp-json\/wp\/v2\/hf_cat_page?post=3194"}],"curies":[{"name":"wp","href":"https:\/\/api.w.org\/{rel}","templated":true}]}}