{"id":320,"date":"2022-08-17T21:33:56","date_gmt":"2022-08-17T19:33:56","guid":{"rendered":"https:\/\/www.mission-21.org\/?page_id=320"},"modified":"2026-02-27T10:30:54","modified_gmt":"2026-02-27T09:30:54","slug":"publications","status":"publish","type":"page","link":"https:\/\/www.mission-21.org\/fr\/informieren\/publikationen\/","title":{"rendered":"Publications"},"content":{"rendered":"<img decoding=\"async\" src=\"https:\/\/www.mission-21.org\/wp-content\/uploads\/2022\/08\/csm_header_news_d521d70e38.jpeg\" alt=\"csm header news d521d70e38\" itemprop=\"image\" height=\"688\" width=\"1680\" title=\"csm_Header_News_d521d70e38\" onerror=\"this.style.display='none'\" loading='lazy' \/>\n\t<div class=\"fl-builder-content fl-builder-content-3660 fl-builder-template fl-builder-module-template fl-builder-global-templates-locked\" data-post-id=\"3660\"><div class=\"fl-module fl-module-pp-toc fl-node-xrvkwe8ihtn6 toc\" data-node=\"xrvkwe8ihtn6\">\n\t<div class=\"fl-module-content fl-node-content\">\n\t\t<div class=\"pp-toc-container\">\n\t\n\t<div class=\"pp-toc-body\">\n\t\t\t\t\t<ul class=\"pp-toc-list-wrapper pp-toc-list-icon\"><\/ul>\n\t\t\t\t<\/div>\n<\/div>\n\n\t<\/div>\n<\/div>\n<\/div><div class=\"uabb-js-breakpoint\" style=\"display: none;\"><\/div>\n\t\t\t<a href=\"\/fr\/faire-un-don\/\" title=\"Dons\" target=\"_self\"   role=\"button\" aria-label=\"Dons\">\n\t\t\t\t\t\t\tDons\n\t\t\t\t\t\t\t\t\t<img decoding=\"async\" src=\"https:\/\/www.mission-21.org\/wp-content\/uploads\/2022\/08\/csm_heat-icon_b1dbd40167.png\"\/>\n\t\t<\/a>\n<h2>\n\t\t\tCommunication responsable\t<\/h2>\n\t<h3>Manifeste pour une communication responsable de la coop\u00e9ration internationale<\/h3>\n<p>La coop\u00e9ration internationale na\u00eet de la solidarit\u00e9 avec les personnes exclues et d\u00e9favoris\u00e9es. Communiquer sur la coop\u00e9ration internationale, c'est prendre ses responsabilit\u00e9s - pour les personnes qui am\u00e9liorent leurs conditions de vie gr\u00e2ce \u00e0 la coop\u00e9ration et pour celles qui font preuve de solidarit\u00e9.<\/p>\n<p>Nous assumons cette responsabilit\u00e9 en menant une r\u00e9flexion critique sur le contenu de notre communication et de notre publicit\u00e9 pour les dons. Cette r\u00e9flexion implique un processus d'apprentissage continu dans lequel les personnes sur lesquelles nous communiquons sont impliqu\u00e9es au m\u00eame titre que celles auxquelles nous nous adressons par notre communication.<\/p>\n<p>C'est pourquoi Mission 21 a sign\u00e9 le \"Manifeste pour une communication responsable\", \u00e9labor\u00e9 par Alliance Sud, avec plus de 25 autres organisations de coop\u00e9ration internationale.<\/p>\n<p><a href=\"https:\/\/www.mission-21.org\/wp-content\/uploads\/2024\/05\/20240115_manifest_iza_kommunikation_dt.pdf\">\u25ba Manifeste pour une communication responsable (PDF)<\/a><\/p>\n<h2>\n\t\t\tbegegnen\t<\/h2>\n\t<iframe width=\"620px\" height=\"600px\" src=\"https:\/\/www.yumpu.com\/de\/embed\/view\/Tz27gN1tXqi09FUd\" frameborder=\"0\" allowfullscreen=\"true\"  allowtransparency=\"true\"><\/iframe>\n\t<h6>Num\u00e9ro actuel : rencontres 1\/2026<\/h6>\n<p><strong>Le Nigeria relie le monde - Focus sur la Journ\u00e9e mondiale de pri\u00e8re 2026<\/strong><\/p>\nLe 6 mars 2026, les chr\u00e9tiens de plus de 150 pays c\u00e9l\u00e9breront la Journ\u00e9e mondiale de pri\u00e8re - pr\u00e9par\u00e9e par des femmes du Nigeria. Le pays le plus peupl\u00e9 d'Afrique est marqu\u00e9 par la diversit\u00e9 culturelle, une grande richesse de langues et de traditions - et en m\u00eame temps par de profonds contrastes : La pauvret\u00e9, la violence, la terreur des groupes arm\u00e9s, l'augmentation du co\u00fbt de la vie et les cons\u00e9quences du changement climatique marquent le quotidien de nombreuses personnes.\nLes femmes et les enfants sont particuli\u00e8rement touch\u00e9s. Beaucoup vivent dans des camps en tant que d\u00e9plac\u00e9s internes, ont perdu des proches ou luttent pour acc\u00e9der \u00e0 l'\u00e9ducation et aux revenus. Les organisations partenaires de Mission 21 - dont l'Eglise des Fr\u00e8res et S\u0153urs (EYN) - fournissent une aide humanitaire, permettent une formation professionnelle continue, encouragent le dialogue interreligieux entre chr\u00e9tiens* et musulmans* et apportent un soutien psychosocial aux femmes victimes de violences. Des perspectives se dessinent ainsi dans un environnement fragile.\nEn outre, dans ce num\u00e9ro : en Bolivie, des serres poussent \u00e0 plus de 4000 m\u00e8tres d'altitude, favorisant la souverainet\u00e9 alimentaire et l'autod\u00e9termination. Des familles bravent le gel et la s\u00e9cheresse gr\u00e2ce \u00e0 des m\u00e9thodes agro\u00e9cologiques et renforcent notamment les femmes dans de nouveaux r\u00f4les de direction.\nPour en savoir plus, lisez le dernier num\u00e9ro de \u00abRencontrer\u00bb.\n\t<p>La revue <strong>\"rencontrer\" <\/strong>est le magazine des donateurs* de Mission 21. Il para\u00eet quatre fois par an. Il contient des informations et des histoires sur les projets de Mission 21 et les personnes qui se cachent derri\u00e8re.<\/p>\n<p>Le magazine est imprim\u00e9 en Suisse. L'imprimerie Gremper imprime de mani\u00e8re climatiquement neutre et investit dans des projets climatiques judicieux. <a href=\"https:\/\/gremper.ch\/de\/nachhaltigkeit\/klimabeitrag\" target=\"_blank\" rel=\"noopener\">\u25baPlus d'informations sur l'imprimerie Gremper<\/a><\/p>\n<h2>\n\t\t\tD\u00e9penses ant\u00e9rieures\t<\/h2>\n\t<iframe width=\"940px\" height=\"328px\" src=\"https:\/\/www.yumpu.com\/en\/embed\/view\/0QslUNpzh5STwPuH\" frameborder=\"0\" allowfullscreen=\"true\" allowtransparency=\"true\"><\/iframe>\n<h2>\n\t\t\t Coop\u00e9ration presse missionnaire \t<\/h2>\n\t\t\t\t<a href=\"https:\/\/app.missionspresse.org\/de\/profiles\/1fbeb62bce96\/editions\"  target=\"_blank\" rel=\"noopener\"  itemprop=\"url\">\n\t\t\t\t<img decoding=\"async\" src=\"https:\/\/www.mission-21.org\/wp-content\/uploads\/2022\/10\/csm_logo_missionspresse_app_b688a71e10.jpg\" alt=\"csm logo presse mission app b688a71e10\" itemprop=\"image\" height=\"150\" width=\"150\" title=\"csm_Logo_Missionspresse_App_b688a71e10\" onerror=\"this.style.display='none'\" loading='lazy' \/>\n\t\t\t\t<\/a>\n\t<p>Mission 21 collabore avec cinq autres organisations missionnaires en Allemagne et en Autriche. Ensemble, nous formons la <strong>Coop\u00e9ration presse missionnaire<\/strong>. Toutes les revues de ces \u0153uvres missionnaires - y compris \"begegnen\" - sont accessibles en ligne dans une application, un kiosque \u00e0 revues num\u00e9rique. Dans la revue \"Eine Welt\", vous trouverez des articles sur le th\u00e8me de la mission et de l'\u0153cum\u00e9nisme, qui \u00e9taient jusqu'\u00e0 pr\u00e9sent \u00e9galement publi\u00e9s dans notre revue \"Auftrag\". Mais \u00e0 l'avenir, vous trouverez \u00e9galement une s\u00e9lection d'articles de cette coop\u00e9ration en ligne sur notre site Internet dans les <a href=\"https:\/\/www.mission-21.org\/fr\/informer\/news\/\">\u25ba Nouvelles<\/a>.<\/p>\n<p>Kiosque \u00e0 journaux num\u00e9riques (en partie payant) : <a href=\"https:\/\/app.missionspresse.org\/de\/profiles\/1fbeb62bce96\/editions\" target=\"_blank\" rel=\"noopener\">App.missionspresse.org<\/a> ou via l'app, mot-cl\u00e9 presse missionnaire<\/p>\n<h2>\n\t\t\tFilms\t<\/h2>\n\t<p>Vous trouverez ici des films passionnants sur les projets et les partenaires de Mission 21.<\/p>\n<p><a href=\"https:\/\/vimeo.com\/channels\/mission21\" target=\"_blank\" rel=\"noopener\">\u25ba vers notre cha\u00eene Vimeo<\/a><\/p>\n<p><a href=\"https:\/\/www.youtube.com\/user\/mission21Basel\/videos\" target=\"_blank\" rel=\"noopener\">\u25ba vers notre cha\u00eene Youtube<\/a><\/p>\n<h4>\n\t\t\tS\u00e9lection de films actuels\t<\/h4>\n\t\t\t\t\t<a href=\"\"><img decoding=\"async\" src=\"https:\/\/i.vimeocdn.com\/portrait\/75431195_300x300?subrect=99%2C99%2C1308%2C1308&#038;r=cover&#038;sig=b1ec81f14c6c5a1eeebdf1ec93ec992c03088e46b5797e9dd4df2c12241370f6&#038;v=1&#038;region=us\"\/><\/a>\n\t\t\t\t\t\t\t<a href=\"\">Campagne 2023 - L'\u00e9ducation d\u00e9termine ce que nous r\u00e9colterons \u00e0 l'avenir<\/a>\n\t\t\t\t\t\t\tde <a href=\"\">Mission 21<\/a>\n\t\t\t\t\t<img decoding=\"async\" src=\"https:\/\/i.vimeocdn.com\/video\/1648041745-f48eef5750e6543d5788fe9182e003ce3336c4605591c1e364fa85482f32f888-d_840?region=us\" alt=\"vimeo-video-thumbnail\"\/>\n\t\t\t\t\t<a href=\"\"><img decoding=\"async\" src=\"https:\/\/i.vimeocdn.com\/portrait\/75431195_300x300?subrect=99%2C99%2C1308%2C1308&#038;r=cover&#038;sig=b1ec81f14c6c5a1eeebdf1ec93ec992c03088e46b5797e9dd4df2c12241370f6&#038;v=1&#038;region=us\"\/><\/a>\n\t\t\t\t\t\t\t<a href=\"\">Young@Mission 21<\/a>\n\t\t\t\t\t\t\tde <a href=\"\">Mission 21<\/a>\n\t\t\t\t\t<img decoding=\"async\" src=\"https:\/\/i.vimeocdn.com\/video\/756919325-91d3fb8593283cffa02d56fe68ba4fb11eeea980319f26cb70e497865e9740e3-d_840?region=us\" alt=\"vimeo-video-thumbnail\"\/>\n\t\t\t\t\t<a href=\"\"><img decoding=\"async\" src=\"https:\/\/i.vimeocdn.com\/portrait\/75431195_300x300?subrect=99%2C99%2C1308%2C1308&#038;r=cover&#038;sig=b1ec81f14c6c5a1eeebdf1ec93ec992c03088e46b5797e9dd4df2c12241370f6&#038;v=1&#038;region=us\"\/><\/a>\n\t\t\t\t\t\t\t<a href=\"\">Bref portrait de Mission 21<\/a>\n\t\t\t\t\t\t\tde <a href=\"\">Mission 21<\/a>\n\t\t\t\t\t<img decoding=\"async\" src=\"https:\/\/i.vimeocdn.com\/video\/1459492741-033fec1ae9ba8c605bfbd22af56098aebaa36b4649514d4ddfe9cf2b50dae529-d_840?region=us\" alt=\"vimeo-video-thumbnail\"\/>\n\t\t\t\t\t<a href=\"\"><img decoding=\"async\" src=\"https:\/\/i.vimeocdn.com\/portrait\/75431195_300x300?subrect=99%2C99%2C1308%2C1308&#038;r=cover&#038;sig=b1ec81f14c6c5a1eeebdf1ec93ec992c03088e46b5797e9dd4df2c12241370f6&#038;v=1&#038;region=us\"\/><\/a>\n\t\t\t\t\t\t\t<a href=\"\">Histoires entrelac\u00e9es.mp4<\/a>\n\t\t\t\t\t\t\tde <a href=\"\">Mission 21<\/a>\n\t\t\t\t\t<img decoding=\"async\" src=\"https:\/\/i.vimeocdn.com\/video\/1459505979-9d5a7045d5615571d2f78dc0912c2beb0cb0aa8a17ce07f059ddb105ff484535-d_840?region=us\" alt=\"vimeo-video-thumbnail\"\/>\n\t\t<h2>\n\t\t\tRapport annuel et rapport financier\t<\/h2>\n\t\t\t<a href=\"https:\/\/www.mission-21.org\/fr\/boutique\/produit\/rapport-annuel-2022\/\" title=\"Commander un exemplaire imprim\u00e9\" target=\"_self\"   role=\"button\" aria-label=\"Commander un exemplaire imprim\u00e9\">\n\t\t\t\t\t\t\tCommander un exemplaire imprim\u00e9\n\t\t<\/a>\n\t<!DOCTYPE html>\n<html lang=\"de\">\n<head>\n    <meta charset=\"UTF-8\"\/>\n    <meta name=\"viewport\" content=\"width=device-width, initial-scale=1.0\"\/>\n<style>\n    .download-button {\n        background-color: #ff9422;\n        color: white;\n        border: none;\n        padding: 15px 30px;\n        text-align: center;\n        text-decoration: none;\n        display: inline-block;\n        font-size: 20px;\n        border-radius: 0px;\n        cursor: pointer;\n    }\n    .download-button:hover {\n        background-color: #335198;\n        color: white;\n    }\n    .download-button:focus,\n    .download-button:active {\n        background-color: #335198; \/* Same as hover state *\/\n        color: white;\n        outline: none; \/* Remove default outline *\/\n    }\n<\/style>\n<\/head>\n<body>\n    <a id=\"download-link\" download>\n        T\u00e9l\u00e9charger en PDF\n    <\/a>\n<\/body>\n<\/html>\n\t<p>Le site <strong>Rapport annuel<\/strong> informe sur l'effet obtenu par notre travail au cours de l'ann\u00e9e \u00e9coul\u00e9e et montre, \u00e0 l'aide de projets concrets, comment les dons re\u00e7us ont \u00e9t\u00e9 utilis\u00e9s. Il contient les comptes annuels, y compris des informations sur l'origine et l'utilisation des fonds. Il contient \u00e9galement des informations sur la structure et les organes de l'\u0153uvre missionnaire ainsi qu'un bref portrait de Mission 21. Le rapport annuel para\u00eet chaque ann\u00e9e en juillet, apr\u00e8s le Synode missionnaire international de Mission 21.<\/p>\n<h4>\n\t\t\tRapports annuels pass\u00e9s\t<\/h4>\n\t<iframe   src=\"https:\/\/www.yumpu.com\/en\/embed\/view\/VNKnkpS4DwT2CJrl\" frameborder=\"0\" allowfullscreen=\"true\" allowtransparency=\"true\"><\/iframe>\n\t<h4>Rapport financier (toujours en allemand)<\/h4>\n<p><a href=\"https:\/\/www.mission-21.org\/wp-content\/uploads\/2025\/07\/finanzbericht-jahresrechnung_2024_mission-21_signiert.pdf\" target=\"_blank\" rel=\"noopener\">\u25ba Rapport financier 2024 (PDF)<\/a><\/p>\n<p><a href=\"https:\/\/www.mission-21.org\/wp-content\/uploads\/2024\/07\/jahresrechnung_2023_revidiert.pdf\">\u25ba Rapport financier 2023 (PDF)<\/a><\/p>\n<p><a href=\"https:\/\/www.mission-21.org\/wp-content\/uploads\/2023\/07\/mission-21-jahresrechnung-revision-ok_20230706.pdf\">\u25ba Rapport financier 2022 (PDF)<\/a><\/p>\n<p><a href=\"https:\/\/www.mission-21.org\/fileadmin\/Webseite_Mission_21\/Publikationen\/Finanzbericht\/Mission_21_-_Revisionsbericht_Finanzbericht_2021.pdf\">\u25ba Rapport financier 2021 (PDF)<\/a><\/p>\n<p><a href=\"https:\/\/www.mission-21.org\/fileadmin\/Webseite_Mission_21\/Publikationen\/Finanzbericht\/Finanzbericht_20210712_Revisoren_bestaetigt_2020.pdf\">\u25ba Rapport financier 2020 (PDF)<\/a><\/p>\n<p><a href=\"https:\/\/www.mission-21.org\/fileadmin\/Webseite_Mission_21\/Publikationen\/Finanzbericht\/Finanzbericht-2019_Mission_21.pdf\">\u25ba Rapport financier 2019 (PDF)<\/a><\/p>\n<p><a href=\"https:\/\/www.mission-21.org\/wp-content\/uploads\/2023\/04\/finanzbericht-2018.pdf\" target=\"_blank\" rel=\"noopener\">\u25ba Rapport financier PWC 2018 (PDF)<\/a><\/p>\n<p><a href=\"https:\/\/www.mission-21.org\/wp-content\/uploads\/2023\/04\/finanzbericht-mission-21_2017.pdf\" target=\"_blank\" rel=\"noopener\">\u25ba Rapport financier PWC 2017 (PDF)<\/a><\/p>\n<p><a href=\"https:\/\/www.mission-21.org\/fileadmin\/Mission_21\/Steuerbefreiung_2013_Mission_21.pdf\">\u25ba Attestation d'exon\u00e9ration fiscale (PDF)<\/a><\/p>\n<h2>\n\t\t\tCahier de projet\t<\/h2>\n\t<iframe width=\"620px\" height=\"600px\" src=\"https:\/\/www.yumpu.com\/de\/embed\/view\/fbTEWsKZ5mNcI0x9\" frameborder=\"0\" allowfullscreen=\"true\"  allowtransparency=\"true\"><\/iframe>\n\t<p>Le cahier de projets offre un aper\u00e7u de la coop\u00e9ration au d\u00e9veloppement de Mission 21, EPER\/Pain pour le prochain et DM-\u00e9change et mission. Dans le contexte des conditions politiques, \u00e9conomiques et sociales des pays, le cahier de projets pr\u00e9sente les programmes nationaux et les organisations partenaires sur place. Des informations sur les diff\u00e9rents projets ainsi que sur les dons compl\u00e8tent l'aper\u00e7u. Le cahier de projets est actualis\u00e9 chaque ann\u00e9e et est gratuit.<\/p>\n<p><strong>Remarque importante : si, en tant que paroisse, vous souhaitez soutenir le travail de Mission 21, en particulier des projets dans le cadre de la campagne \u0153cum\u00e9nique, les paiements doivent \u00eatre vers\u00e9s directement \u00e0 Mission 21 depuis le 1er janvier 2021 (compte de dons\/IBAN : CH58 0900 0000 4072 6233 2). Un virement via <em>EPER\/Pain pour le prochain<\/em> n'est plus possible.\u00a0<\/strong><\/p>\n<p><a href=\"https:\/\/www.mission-21.org\/wp-content\/uploads\/2025\/11\/projektheft-2026_def-interaktiv_10mb.pdf\" target=\"_blank\" rel=\"noopener\">\u25ba T\u00e9l\u00e9charger le cahier de projet 2026 au format PDF<\/a><\/p>\n<p><a href=\"https:\/\/www.mission-21.org\/wp-content\/uploads\/2024\/10\/heksm21_projektheft-2025_de_def.pdf\" target=\"_blank\" rel=\"noopener\">\u25ba T\u00e9l\u00e9charger le cahier de projet 2025 au format PDF<\/a><\/p>\n<h2>\n\t\t\t Bulletins d'information \t<\/h2>\n\t<p>A intervalles r\u00e9guliers, les collaborateurs internationaux de Mission 21 font des rapports dans les \u00e9glises et organisations partenaires en Afrique, Asie et Am\u00e9rique latine. Avec ces lettres d'information, ils donnent un aper\u00e7u personnel des projets sur place.<\/p>\n<p><a href=\"https:\/\/www.mission-21.org\/fr\/informer\/news\/?_kategorien=rundbriefe\" target=\"_self\">\u25ba toutes les lettres d'information<\/a><\/p>\n<h4>\n\t\t\tDerni\u00e8res lettres d'information\t<\/h4>\n\t\t\t\t\t\t\t\t\t\t\t\t\t\t<a href=\"https:\/\/www.mission-21.org\/fr\/gracias-y-adios-solveig-schrickel-derniere-lettre-dinformation-du-chili\/\" target=\"_self\" title=\"\u00a1Gracias y adi\u00f3s ! La derni\u00e8re lettre circulaire de Solveig Schrickel du Chili\">\n\t\t\t\t<img decoding=\"async\" src=\"https:\/\/www.mission-21.org\/wp-content\/uploads\/2024\/12\/bild-1-rundbrief-15_heilkraeuterarbeit-900x675.jpeg\" alt=\"image 1 lettre circulaire 16 travail sur les herbes m\u00e9dicinales\" \/>\n\t\t\t\t<\/a>\n\t\t\t\t\t\t<h4>\n\t\t\t\t<a href=\"https:\/\/www.mission-21.org\/fr\/gracias-y-adios-solveig-schrickel-derniere-lettre-dinformation-du-chili\/\" title=\"\u00a1Gracias y adi\u00f3s ! La derni\u00e8re lettre circulaire de Solveig Schrickel du Chili\">\u00a1Gracias y adi\u00f3s ! La derni\u00e8re lettre circulaire de Solveig Schrickel du Chili<\/a>\t\t\t<\/h4>\n\t\t\t\t\t\t\t<h5>\n\t\t\t19 d\u00e9cembre 2024\t\t\t\n\t\t\t\t\t\t\t<\/h5>\n\t\t\t\t\t\t\t\t\t\t\t\t\t\t<a href=\"https:\/\/www.mission-21.org\/fr\/des-etudes-coraniques-au-caire-et-un-cours-semestriel-sur-satan-a-sabah\/\" target=\"_self\" title=\"\u00c9tudes coraniques au Caire et cours semestriel sur le s\u00e2t\u00e2n \u00e0 Sabah\">\n\t\t\t\t<img decoding=\"async\" src=\"https:\/\/www.mission-21.org\/wp-content\/uploads\/2024\/08\/bild-6_dscn0020-scaled-e1724161187210-900x677.jpg\" alt=\"image 6 dscn0020\" \/>\n\t\t\t\t<\/a>\n\t\t\t\t\t\t<h4>\n\t\t\t\t<a href=\"https:\/\/www.mission-21.org\/fr\/des-etudes-coraniques-au-caire-et-un-cours-semestriel-sur-satan-a-sabah\/\" title=\"\u00c9tudes coraniques au Caire et cours semestriel sur le s\u00e2t\u00e2n \u00e0 Sabah\">\u00c9tudes coraniques au Caire et cours semestriel sur le s\u00e2t\u00e2n \u00e0 Sabah<\/a>\t\t\t<\/h4>\n\t\t\t\t\t\t\t<h5>\n\t\t\t20 ao\u00fbt 2024\t\t\t\n\t\t\t\t\t\t\t<\/h5>\n\t\t\t\t\t\t\t\t\t\t\t\t\t\t<a href=\"https:\/\/www.mission-21.org\/fr\/daniel-gloor-en-malaisie-noel-et-reflexions-sur-lantisemitisme-3\/\" target=\"_self\" title=\"Solveig Schrickel au Chili : chocolat et politique\">\n\t\t\t\t<img decoding=\"async\" src=\"https:\/\/www.mission-21.org\/wp-content\/uploads\/2024\/04\/bild-2-die-heilkraeuterkurse-sind-weiterhin-beliebt-scaled-e1712053759211-900x675.jpg\" alt=\"Des gens autour d&#039;une table\" \/>\n\t\t\t\t<\/a>\n\t\t\t\t\t\t<h4>\n\t\t\t\t<a href=\"https:\/\/www.mission-21.org\/fr\/daniel-gloor-en-malaisie-noel-et-reflexions-sur-lantisemitisme-3\/\" title=\"Solveig Schrickel au Chili : chocolat et politique\">Solveig Schrickel au Chili : chocolat et politique<\/a>\t\t\t<\/h4>\n\t\t\t\t\t\t\t<h5>\n\t\t\t2 avril 2024\t\t\t\n\t\t\t\t\t\t\t<\/h5>","protected":false},"excerpt":{"rendered":"<p>Spenden Verantwortungsvolle Kommunikation Manifest f\u00fcr eine verantwortungsvolle Kommunikation der internationalen Zusammenarbeit Die internationale Zusammenarbeit entspringt der Solidarit\u00e4t mit ausgegrenzten und benachteiligten Menschen. Wer \u00fcber internationale Zusammenarbeit kommuniziert, \u00fcbernimmt Verantwortung &#8211; f\u00fcr die Menschen, die dank der Zusammenarbeit ihre Lebensgrundlagen verbessern, und f\u00fcr jene, die sich solidarisch zeigen. Wir \u00fcbernehmen diese Verantwortung mit einer kritischen Reflexion [&hellip;]<\/p>\n","protected":false},"author":1,"featured_media":3534,"parent":215,"menu_order":0,"comment_status":"closed","ping_status":"closed","template":"","meta":{"_acf_changed":false,"_seopress_robots_primary_cat":"","_seopress_titles_title":"","_seopress_titles_desc":"","_seopress_robots_index":"","_searchwp_excluded":"","site-sidebar-layout":"default","site-content-layout":"","ast-site-content-layout":"default","site-content-style":"default","site-sidebar-style":"default","ast-global-header-display":"","ast-banner-title-visibility":"","ast-main-header-display":"","ast-hfb-above-header-display":"","ast-hfb-below-header-display":"","ast-hfb-mobile-header-display":"","site-post-title":"","ast-breadcrumbs-content":"","ast-featured-img":"","footer-sml-layout":"","ast-disable-related-posts":"","theme-transparent-header-meta":"","adv-header-id-meta":"","stick-header-meta":"","header-above-stick-meta":"","header-main-stick-meta":"","header-below-stick-meta":"","astra-migrate-meta-layouts":"set","ast-page-background-enabled":"default","ast-page-background-meta":{"desktop":{"background-color":"var(--ast-global-color-4)","background-image":"","background-repeat":"repeat","background-position":"center center","background-size":"auto","background-attachment":"scroll","background-type":"","background-media":"","overlay-type":"","overlay-color":"","overlay-opacity":"","overlay-gradient":""},"tablet":{"background-color":"","background-image":"","background-repeat":"repeat","background-position":"center center","background-size":"auto","background-attachment":"scroll","background-type":"","background-media":"","overlay-type":"","overlay-color":"","overlay-opacity":"","overlay-gradient":""},"mobile":{"background-color":"","background-image":"","background-repeat":"repeat","background-position":"center center","background-size":"auto","background-attachment":"scroll","background-type":"","background-media":"","overlay-type":"","overlay-color":"","overlay-opacity":"","overlay-gradient":""}},"ast-content-background-meta":{"desktop":{"background-color":"var(--ast-global-color-5)","background-image":"","background-repeat":"repeat","background-position":"center center","background-size":"auto","background-attachment":"scroll","background-type":"","background-media":"","overlay-type":"","overlay-color":"","overlay-opacity":"","overlay-gradient":""},"tablet":{"background-color":"var(--ast-global-color-5)","background-image":"","background-repeat":"repeat","background-position":"center center","background-size":"auto","background-attachment":"scroll","background-type":"","background-media":"","overlay-type":"","overlay-color":"","overlay-opacity":"","overlay-gradient":""},"mobile":{"background-color":"var(--ast-global-color-5)","background-image":"","background-repeat":"repeat","background-position":"center center","background-size":"auto","background-attachment":"scroll","background-type":"","background-media":"","overlay-type":"","overlay-color":"","overlay-opacity":"","overlay-gradient":""}},"iawp_total_views":2596,"footnotes":""},"hf_cat_page":[301],"class_list":["post-320","page","type-page","status-publish","has-post-thumbnail"],"acf":[],"_links":{"self":[{"href":"https:\/\/www.mission-21.org\/fr\/wp-json\/wp\/v2\/pages\/320","targetHints":{"allow":["GET"]}}],"collection":[{"href":"https:\/\/www.mission-21.org\/fr\/wp-json\/wp\/v2\/pages"}],"about":[{"href":"https:\/\/www.mission-21.org\/fr\/wp-json\/wp\/v2\/types\/page"}],"author":[{"embeddable":true,"href":"https:\/\/www.mission-21.org\/fr\/wp-json\/wp\/v2\/users\/1"}],"replies":[{"embeddable":true,"href":"https:\/\/www.mission-21.org\/fr\/wp-json\/wp\/v2\/comments?post=320"}],"version-history":[{"count":11,"href":"https:\/\/www.mission-21.org\/fr\/wp-json\/wp\/v2\/pages\/320\/revisions"}],"predecessor-version":[{"id":19845,"href":"https:\/\/www.mission-21.org\/fr\/wp-json\/wp\/v2\/pages\/320\/revisions\/19845"}],"up":[{"embeddable":true,"href":"https:\/\/www.mission-21.org\/fr\/wp-json\/wp\/v2\/pages\/215"}],"wp:featuredmedia":[{"embeddable":true,"href":"https:\/\/www.mission-21.org\/fr\/wp-json\/wp\/v2\/media\/3534"}],"wp:attachment":[{"href":"https:\/\/www.mission-21.org\/fr\/wp-json\/wp\/v2\/media?parent=320"}],"wp:term":[{"taxonomy":"hf_cat_page","embeddable":true,"href":"https:\/\/www.mission-21.org\/fr\/wp-json\/wp\/v2\/hf_cat_page?post=320"}],"curies":[{"name":"wp","href":"https:\/\/api.w.org\/{rel}","templated":true}]}}