{"id":323,"date":"2022-08-17T21:34:14","date_gmt":"2022-08-17T19:34:14","guid":{"rendered":"https:\/\/www.mission-21.org\/?page_id=323"},"modified":"2025-12-30T14:22:59","modified_gmt":"2025-12-30T13:22:59","slug":"medienstelle","status":"publish","type":"page","link":"https:\/\/www.mission-21.org\/fr\/informieren\/medienstelle\/","title":{"rendered":"Service de presse"},"content":{"rendered":"<img decoding=\"async\" src=\"https:\/\/www.mission-21.org\/wp-content\/uploads\/2022\/08\/csm_header_news_d521d70e38.jpeg\" alt=\"csm header news d521d70e38\" itemprop=\"image\" height=\"688\" width=\"1680\" title=\"csm_Header_News_d521d70e38\" onerror=\"this.style.display='none'\" loading='lazy' \/>\n\t<div class=\"fl-builder-content fl-builder-content-3660 fl-builder-template fl-builder-module-template fl-builder-global-templates-locked\" data-post-id=\"3660\"><div class=\"fl-module fl-module-pp-toc fl-node-xrvkwe8ihtn6 toc\" data-node=\"xrvkwe8ihtn6\">\n\t<div class=\"fl-module-content fl-node-content\">\n\t\t<div class=\"pp-toc-container\">\n\t\n\t<div class=\"pp-toc-body\">\n\t\t\t\t\t<ul class=\"pp-toc-list-wrapper pp-toc-list-icon\"><\/ul>\n\t\t\t\t<\/div>\n<\/div>\n\n\t<\/div>\n<\/div>\n<\/div><div class=\"uabb-js-breakpoint\" style=\"display: none;\"><\/div>\n\t\t\t<a href=\"\/fr\/faire-un-don\/\" title=\"Cliquez ici\" target=\"_self\"   role=\"button\" aria-label=\"Dons\">\n\t\t\t\t\t\t\tDons\n\t\t\t\t\t\t\t\t\t<img decoding=\"async\" src=\"https:\/\/www.mission-21.org\/wp-content\/uploads\/2022\/08\/csm_heat-icon_b1dbd40167.png\"\/>\n\t\t<\/a>\n<h2>\n\t\t\tContact\t<\/h2>\n\t<p>Nous vous donnons des renseignements sur notre travail, vous aidons dans vos recherches et demandes d'images et vous procurons des interviews avec des sp\u00e9cialistes et des collaborateurs internationaux en mission. C'est avec plaisir que nous vous inscrirons sur notre liste de diffusion. Il vous suffit de nous le faire savoir.<\/p>\n\t\t<a href=\"https:\/\/www.mission-21.org\/fr\/equipe\/christoph-racz\/\" title=\"Afficher le contenu du panneau d&#039;affichage\" target=\"_self\"  aria-label=\"\u00c9l\u00e9ment de courrier\"><\/a>\t\t\n\t<meta itemscope itemprop=\"mainEntityOfPage\" itemtype=\"https:\/\/schema.org\/WebPage\" itemid=\"https:\/\/www.mission-21.org\/team\/christoph-racz\/\" content=\"Christoph R\u00e1cz\" \/><meta itemprop=\"datePublished\" content=\"2022-10-06\" \/><meta itemprop=\"dateModified\" content=\"2025-12-30\" \/><meta itemprop=\"name\" content=\"Mission 21\"\/><meta itemprop=\"url\" content=\"https:\/\/www.mission-21.org\/wp-content\/uploads\/2022\/08\/de-blau.svg\"\/><meta itemprop=\"url\" content=\"https:\/\/www.mission-21.org\/author\/ms_i2r4b8vl\/\" \/><meta itemprop=\"name\" content=\"Michael Salzer\" \/><meta itemprop=\"url\" content=\"https:\/\/www.mission-21.org\/wp-content\/uploads\/2022\/10\/img_2863_christoph-racz_quadrat-fuer-web.jpg\" \/><meta itemprop=\"width\" content=\"350\" \/><meta itemprop=\"height\" content=\"350\" \/><meta itemprop=\"interactionType\" content=\"https:\/\/schema.org\/CommentAction\" \/><meta itemprop=\"userInteractionCount\" content=\"0\" \/>\n\t<img width=\"350\" height=\"350\" src=\"https:\/\/www.mission-21.org\/wp-content\/uploads\/2022\/10\/img_2863_christoph-racz_quadrat-fuer-web.jpg\" alt=\"img 2863 christoph racz carr\u00e9 pour web\" itemprop=\"image\" decoding=\"async\" srcset=\"https:\/\/www.mission-21.org\/wp-content\/uploads\/2022\/10\/img_2863_christoph-racz_quadrat-fuer-web.jpg 350w, https:\/\/www.mission-21.org\/wp-content\/uploads\/2022\/10\/img_2863_christoph-racz_quadrat-fuer-web-300x300.jpg 300w, https:\/\/www.mission-21.org\/wp-content\/uploads\/2022\/10\/img_2863_christoph-racz_quadrat-fuer-web-12x12.jpg 12w, https:\/\/www.mission-21.org\/wp-content\/uploads\/2022\/10\/img_2863_christoph-racz_quadrat-fuer-web-100x100.jpg 100w\" sizes=\"(max-width: 350px) 100vw, 350px\" \/>\n<h3>Christoph R\u00e1cz<\/h3>\n<p>Responsable de la communication et charg\u00e9 des m\u00e9dias<br \/>T\u00e9l. : +41 61 260 22 49<br \/><a href=\"mailto:christoph.racz@mission-21.org\" data-type=\"mailto\" data-id=\"mailto:christoph.racz@mission-21.org\">\u25ba Courrier \u00e9lectronique<\/a><\/p>\n<h2>\n\t\t\t Derniers communiqu\u00e9s de presse \t<\/h2>\n\t<p>Depuis 2023, les communiqu\u00e9s de presse sont publi\u00e9s dans nos actualit\u00e9s, sous la cat\u00e9gorie \"<a href=\"https:\/\/www.mission-21.org\/fr\/informer\/news\/?_kategorien=medien\" target=\"_blank\" rel=\"noopener\">M\u00e9dias<\/a>\u201e.<\/p>\n<h2>\n\t\t\tArchives des communiqu\u00e9s de presse\t<\/h2>\n\t\t\t\t\t<a href=\"#\"  id=\"fl-accordion--label-0\" tabindex=\"0\" aria-controls=\"fl-accordion--panel-0\">Communiqu\u00e9s de presse 2020-2023<\/a>\n\t\t\t\t\t\t\t\t\t\t\t<a href=\"#\" id=\"fl-accordion--icon-0\"  tabindex=\"0\"><i title=\"D\u00e9velopper\">D\u00e9velopper<\/i><\/a>\n\t\t\t\t\t<p><a href=\"https:\/\/www.mission-21.org\/wp-content\/uploads\/2023\/07\/medienmitteilung-mission-21-transparente-aufarbeitung-der-geschichte_20230706.pdf\">\u25ba Communiqu\u00e9 de presse du 6 juillet 2023 - Une approche transparente et critique de l'histoire<\/a><\/p>\n<p><a href=\"https:\/\/www.mission-21.org\/fileadmin\/Webseite_Mission_21\/Medienmitteilungen\/2021\/MM-Mission_21_20210503_Klimagerechtigkeit_und_CO2-Gesetz.pdf\">\u25ba Communiqu\u00e9 de presse du 3 mai 2021 - Mission 21 s'engage dans le monde entier pour la justice climatique<\/a><\/p>\n<p><a href=\"https:\/\/www.mission-21.org\/fileadmin\/Webseite_Mission_21\/Medienmitteilungen\/2021\/MM-20210223_Verschiebung_Synode_Davos.pdf\">\u25ba Communiqu\u00e9 de presse du 25 f\u00e9vrier 2021 - Le Synode missionnaire de Davos aura d\u00e9sormais lieu en juin 2022<\/a><\/p>\n<p><a href=\"https:\/\/www.mission-21.org\/fileadmin\/Webseite_Mission_21\/Medienmitteilungen\/2020\/MM_20200901_Auszeichnung_Frieden_und_Demokratie_Jakatarub_Mission_21.pdf\">\u25ba Communiqu\u00e9 de presse du 01 septembre 2020 - Distinction officielle pour une organisation partenaire indon\u00e9sienne<\/a><\/p>\n<p><a href=\"https:\/\/www.mission-21.org\/fileadmin\/Webseite_Mission_21\/Medienmitteilungen\/2020\/MM_20200302_Fachtagung_interrel_Friedensarbeit_2020.pdf\">\u25ba Communiqu\u00e9 de presse du 2 mars 2020 : Les religions - source de conflits ou potentiel de paix ? ANNUL\u00c9<\/a><\/p>\n\t\t\t\t\t<a href=\"#\"  id=\"fl-accordion--label-1\" tabindex=\"0\" aria-controls=\"fl-accordion--panel-1\">Communiqu\u00e9s de presse 2018-2019<\/a>\n\t\t\t\t\t\t\t\t\t\t\t<a href=\"#\" id=\"fl-accordion--icon-1\"  tabindex=\"0\"><i title=\"D\u00e9velopper\">D\u00e9velopper<\/i><\/a>\n\t\t\t\t\t<p><a href=\"https:\/\/www.mission-21.org\/fileadmin\/Webseite_Mission_21\/Medienmitteilungen\/2019\/Medienmitteilung_Mission_21_und_Martin-Stucki-Stiftung_20191210.pdf\">\u25ba Communiqu\u00e9 de presse du 10 d\u00e9cembre 2019 : Mission 21 reprend les t\u00e2ches et les moyens de la Fondation Martin-Stucki Cameroun Obang<\/a><\/p>\n<p><a href=\"https:\/\/www.mission-21.org\/fileadmin\/Webseite_Mission_21\/Medienmitteilungen\/2019\/Medienmitteilung_vom_31._Oktober_2019_Dialog_International_Neue_Mannsbilder.pdf\">\u25ba Communiqu\u00e9 de presse du 31 octobre 2019 : Nouvelles images de l'homme - au-del\u00e0 du macho et du softie<\/a><\/p>\n<p><a href=\"https:\/\/www.mission-21.org\/fileadmin\/Webseite_Mission_21\/Medienmitteilungen\/2019\/Medienmitteilung_vom_30._Oktober_2019__Erloes_Missionsbazar.pdf\">\u25ba Communiqu\u00e9 de presse du 30 octobre 2019 : Bazar d'automne : 27'845 francs pour le travail en faveur de la paix<\/a><\/p>\n<p><a href=\"https:\/\/www.mission-21.org\/fileadmin\/Webseite_Mission_21\/Medienmitteilungen\/2019\/Medienmitteilung_vom_16._Oktober_2019_Herbstbazar_Gaeste_aus_Suedsudan.pdf\">\u25ba Communiqu\u00e9 de presse du 16 octobre 2019 : Invit\u00e9s du Sud-Soudan au bazar missionnaire<\/a><\/p>\n<p><a href=\"https:\/\/www.mission-21.org\/fileadmin\/Webseite_Mission_21\/Medienmitteilungen\/2019\/Medienmitteilung_vom_06_September_2019_Jugend_fuer_den_Frieden.pdf\">\u25ba Communiqu\u00e9 de presse du 06 septembre 2019 : Jeunesse pour la paix<\/a><\/p>\n<p><a href=\"https:\/\/www.mission-21.org\/fileadmin\/Webseite_Mission_21\/Medienmitteilungen\/2018\/Medienmitteilung_vom_24._Mai_2019_zum_Youth_Summit.pdf\">\u25ba Communiqu\u00e9 de presse du 24 mai 2019 : La coop\u00e9ration au d\u00e9veloppement au banc d'essai<\/a><\/p>\n<p><a href=\"https:\/\/www.mission-21.org\/fileadmin\/Webseite_Mission_21\/Medienmitteilungen\/2018\/Medienmitteilung_vom_11._Feburar_2019_Fachtagung.pdf\">\u25ba Communiqu\u00e9 de presse du 11 f\u00e9vrier 2019 : Colloque : L'islam fait partie de la Suisse<\/a><\/p>\n<p><a href=\"https:\/\/www.mission-21.org\/fileadmin\/Webseite_Mission_21\/Medienmitteilungen\/2018\/Medienmitteilung_vom_29._Januar_2019_Wechsel_Direktion.pdf\">\u25ba Communiqu\u00e9 de presse du 29 janvier 2019 : changement \u00e0 la t\u00eate de Mission 21<\/a><\/p>\n<p><a href=\"https:\/\/www.mission-21.org\/fileadmin\/Webseite_Mission_21\/Medienmitteilungen\/2018\/Moderator_Statement_Presbyterian_Church_in_Cameroon_abductions_students.pdf\">\u25ba Communiqu\u00e9 de presse de l'\u00e9glise partenaire de Mission 21 au Cameroun du 05 novembre 2018 : 78 \u00e9l\u00e8ves enlev\u00e9s (anglais)<\/a><\/p>\n<p><a href=\"https:\/\/www.mission-21.org\/fileadmin\/Webseite_Mission_21\/Medienmitteilungen\/2018\/Medienmitteilung_vom_5._November_2018_Friedensarbeit.pdf\">\u25ba Communiqu\u00e9 de presse du 05 novembre 2018 : Travail de paix dans le monde entier<\/a><\/p>\n<p><a href=\"https:\/\/www.mission-21.org\/fileadmin\/Webseite_Mission_21\/Medienmitteilungen\/2018\/Medienmitteilung_vom_29_Oktober_2018_Erloes_Herbstbazar.pdf\">\u25ba Communiqu\u00e9 de presse du 29 octobre 2018 : Recettes du bazar d'automne<\/a><\/p>\n<p><a href=\"https:\/\/www.mission-21.org\/fileadmin\/Webseite_Mission_21\/Medienmitteilungen\/2018\/Medienmitteilung_von_22_Oktober_2018_Herbstbazar_Weberinnen_zu_Gast.pdf\">\u25ba Communiqu\u00e9 de presse du 22 octobre 2018 : Bazar missionnaire avec des invit\u00e9s de Born\u00e9o<\/a><\/p>\n<p><a href=\"https:\/\/www.mission-21.org\/fileadmin\/Webseite_Mission_21\/Medienmitteilungen\/2018\/Medienmitteilung_vom_6_Juni_2018_Missionssynode.pdf\">\u25ba Communiqu\u00e9 de presse du 06 juin 2018 : Semaine missionnaire sur le th\u00e8me de la migration, de la fuite et de la pers\u00e9cution<\/a><\/p>\n<p><a href=\"https:\/\/www.mission-21.org\/fileadmin\/Webseite_Mission_21\/Medienmitteilungen\/2018\/Medienmitteilung_20180412_gedenktag_entfuehrung_chibok.pdf\">\u25ba Communiqu\u00e9 de presse du 12 avril 2018 : En m\u00e9moire des femmes et des filles enlev\u00e9es au Nigeria<\/a><\/p>\n<p><a href=\"https:\/\/www.mission-21.org\/fileadmin\/Webseite_Mission_21\/Medienmitteilungen\/2018\/Communique__Fachtagung_2018.pdf\">\u25ba Communiqu\u00e9 de presse du 05 f\u00e9vrier 2018 : Colloque interreligieux sur le th\u00e8me des r\u00f4les de genre dans les religions<\/a><\/p>\n<h2>\n\t\t\tT\u00e9l\u00e9chargements pour les professionnels des m\u00e9dias\t<\/h2>\n<p><a href=\"https:\/\/www.mission-21.org\/fr\/informer\/publications\/\" target=\"_blank\" rel=\"noopener\">\u25ba Vous trouverez ici les rapports annuels, les rapports financiers ainsi que d'autres publications de Mission 21 \u00e0 t\u00e9l\u00e9charger\u00a0<\/a><\/p>\n<h2>\n\t\t\t Annonces de remplissage \"Lichtblick\t<\/h2>\n\t\t\t\t\t\t\t\t<a href=\"#\" id=\"fl-tabs--label-0\" data-index=\"0\" aria-selected=\"true\" aria-controls=\"fl-tabs--panel-0\" aria-expanded=\"true\" role=\"tab\" tabindex=\"0\">\t\t\t\tPDF en couleur\t\t\t\t<\/a>\n\t\t\t\t\t\tPDF en couleur\n\t\t\t\t\t\t\t\t\t\t\t<p><img decoding=\"async\" src=\"https:\/\/www.mission-21.org\/wp-content\/uploads\/2025\/11\/inserat-lichtblick-hoch-fuer-illu-9-zu-16_20251119.png\" width=\"256\" height=\"461\" \/><\/p>\n<p><a href=\"https:\/\/www.mission-21.org\/wp-content\/uploads\/2025\/11\/fuellerinserat_lichtblick_41x84.pdf\" target=\"_blank\" rel=\"noopener\">\u25ba Annonce 41\u00d784 (trois variantes)<\/a><\/p>\n<p><a href=\"https:\/\/www.mission-21.org\/wp-content\/uploads\/2025\/11\/fuellerinserat_lichtblick_50x138.pdf\" target=\"_blank\" rel=\"noopener\">\u25ba Annonce 50\u00d7138 (deux variantes)<\/a><\/p>\n<p><a href=\"https:\/\/www.mission-21.org\/wp-content\/uploads\/2025\/11\/fuellerinserat_lichtblick_84x41.pdf\" target=\"_blank\" rel=\"noopener\">\u25ba Annonce 84\u00d741<\/a><\/p>\n<p><a href=\"https:\/\/www.mission-21.org\/wp-content\/uploads\/2025\/11\/fuellerinserat_lichtblick_140x50.pdf\" target=\"_blank\" rel=\"noopener\">\u25ba Annonce 140\u00d750<\/a><\/p>\n<p>&nbsp;<\/p>\n<p>&nbsp;<\/p>\n<p>Pour toute question :<\/p>\n\t\t<a href=\"https:\/\/www.mission-21.org\/fr\/equipe\/christoph-racz\/\" title=\"Afficher le contenu du panneau d&#039;affichage\" target=\"_self\"  aria-label=\"\u00c9l\u00e9ment de courrier\"><\/a>\t\t\n\t<meta itemscope itemprop=\"mainEntityOfPage\" itemtype=\"https:\/\/schema.org\/WebPage\" itemid=\"https:\/\/www.mission-21.org\/team\/christoph-racz\/\" content=\"Christoph R\u00e1cz\" \/><meta itemprop=\"datePublished\" content=\"2022-10-06\" \/><meta itemprop=\"dateModified\" content=\"2025-12-30\" \/><meta itemprop=\"name\" content=\"Mission 21\"\/><meta itemprop=\"url\" content=\"https:\/\/www.mission-21.org\/wp-content\/uploads\/2022\/08\/de-blau.svg\"\/><meta itemprop=\"url\" content=\"https:\/\/www.mission-21.org\/author\/ms_i2r4b8vl\/\" \/><meta itemprop=\"name\" content=\"Michael Salzer\" \/><meta itemprop=\"url\" content=\"https:\/\/www.mission-21.org\/wp-content\/uploads\/2022\/10\/img_2863_christoph-racz_quadrat-fuer-web.jpg\" \/><meta itemprop=\"width\" content=\"350\" \/><meta itemprop=\"height\" content=\"350\" \/><meta itemprop=\"interactionType\" content=\"https:\/\/schema.org\/CommentAction\" \/><meta itemprop=\"userInteractionCount\" content=\"0\" \/>\n\t<img width=\"350\" height=\"350\" src=\"https:\/\/www.mission-21.org\/wp-content\/uploads\/2022\/10\/img_2863_christoph-racz_quadrat-fuer-web.jpg\" alt=\"img 2863 christoph racz carr\u00e9 pour web\" itemprop=\"image\" decoding=\"async\" srcset=\"https:\/\/www.mission-21.org\/wp-content\/uploads\/2022\/10\/img_2863_christoph-racz_quadrat-fuer-web.jpg 350w, https:\/\/www.mission-21.org\/wp-content\/uploads\/2022\/10\/img_2863_christoph-racz_quadrat-fuer-web-300x300.jpg 300w, https:\/\/www.mission-21.org\/wp-content\/uploads\/2022\/10\/img_2863_christoph-racz_quadrat-fuer-web-12x12.jpg 12w, https:\/\/www.mission-21.org\/wp-content\/uploads\/2022\/10\/img_2863_christoph-racz_quadrat-fuer-web-100x100.jpg 100w\" sizes=\"(max-width: 350px) 100vw, 350px\" \/>\n<h3>Christoph R\u00e1cz<\/h3>\n<p>Responsable de la communication et charg\u00e9 des m\u00e9dias<br \/>T\u00e9l. : +41 61 260 22 49<br \/><a href=\"mailto:christoph.racz@mission-21.org\" data-type=\"mailto\" data-id=\"mailto:christoph.racz@mission-21.org\">\u25ba Courrier \u00e9lectronique<\/a><\/p>\n<h2>\n\t\t\t Annonces de remplissage Legs\t<\/h2>\n\t\t\t\t\t\t\t\t<a href=\"#\" id=\"fl-tabs--label-0\" data-index=\"0\" aria-selected=\"true\" aria-controls=\"fl-tabs--panel-0\" aria-expanded=\"true\" role=\"tab\" tabindex=\"0\">\t\t\t\tPDF en couleur\t\t\t\t<\/a>\n\t\t\t\t\t\t\t\t<a href=\"#\" id=\"fl-tabs--label-1\" data-index=\"1\" aria-selected=\"false\" aria-controls=\"fl-tabs--panel-1\" aria-expanded=\"false\" role=\"tab\" tabindex=\"0\">\t\t\t\tPDF noir et blanc\t\t\t\t<\/a>\n\t\t\t\t\t\tPDF en couleur\n\t\t\t\t\t\t\t\t\t\t\t<p><img decoding=\"async\" src=\"https:\/\/www.mission-21.org\/wp-content\/uploads\/2022\/10\/csm_m21_ins_weitergeben_50x138_20minuten_9de2cbacb4.jpg\" alt=\"csm m21 dans transmettre 50x138 20minutes 9de2cbacb4\" width=\"300\" height=\"497\" \/><\/p>\n<p><a href=\"https:\/\/www.mission-21.org\/wp-content\/uploads\/2022\/11\/m21_ins_weitergeben_50x138_20minuten.pdf\">\u25ba Annonce 50\u00d7138<\/a><\/p>\n<p><a href=\"https:\/\/www.mission-21.org\/wp-content\/uploads\/2022\/11\/m21_ins_weitergeben_56x130.pdf\">\u25ba Annonce 56\u00d7130<\/a><\/p>\n<p><a href=\"https:\/\/www.mission-21.org\/wp-content\/uploads\/2022\/11\/m21_ins_weitergeben_114x150.pdf\">\u25ba Annonce 114\u00d7150<\/a><\/p>\n<p><a href=\"https:\/\/www.mission-21.org\/wp-content\/uploads\/2022\/11\/m21_ins_weitergeben_quer_103x65_20minuten.pdf\">\u25ba Annonce 103\u00d765<\/a><\/p>\n<p><a href=\"https:\/\/www.mission-21.org\/wp-content\/uploads\/2022\/11\/m21_ins_weitergeben_quer_112x56.pdf\">\u25ba Annonce 112\u00d756<\/a><\/p>\n<p><a href=\"https:\/\/www.mission-21.org\/wp-content\/uploads\/2022\/11\/m21_ins_weitergeben_102x33_migros.pdf\">\u25ba Annonce 102\u00d733<\/a><\/p>\n<p><a href=\"https:\/\/www.mission-21.org\/wp-content\/uploads\/2022\/11\/m21_ins_weitergeben_102x141_migros.pdf\">\u25ba Annonce 102\u00d7141<\/a><\/p>\n\t\t\t\t\t\tPDF noir et blanc\n\t\t\t\t\t\t\t\t\t\t\t<p><a href=\"https:\/\/www.mission-21.org\/wp-content\/uploads\/2022\/11\/m21_ins_weitergeben_50x138_20minuten-1.pdf\">\u25ba Annonce 50\u00d7138<img decoding=\"async\" src=\"https:\/\/www.mission-21.org\/wp-content\/uploads\/2022\/11\/fuellerinserat-bw.jpg\" alt=\"annonce de remplissage bw\" width=\"361\" height=\"593\" \/><\/a><\/p>\n<p><a href=\"https:\/\/www.mission-21.org\/wp-content\/uploads\/2022\/11\/m21_ins_weitergeben_56x130-1.pdf\">\u25ba Annonce 56\u00d7130<\/a><\/p>\n<p><a href=\"https:\/\/www.mission-21.org\/wp-content\/uploads\/2022\/11\/m21_ins_weitergeben_114x150-1.pdf\">\u25ba Annonce 114\u00d7150<\/a><\/p>\n<p><a href=\"https:\/\/www.mission-21.org\/wp-content\/uploads\/2022\/11\/m21_ins_weitergeben_quer_103x65_20minuten-1.pdf\">\u25ba Annonce 103\u00d765<\/a><\/p>\n<p><a href=\"https:\/\/www.mission-21.org\/wp-content\/uploads\/2022\/11\/m21_ins_weitergeben_quer_112x56-1.pdf\">\u25ba Annonce 112\u00d756<\/a><\/p>\n<p>Pour d'autres formats et questions :<\/p>\n\t\t<a href=\"https:\/\/www.mission-21.org\/fr\/equipe\/stefanie-schaad-2\/\" title=\"Afficher le contenu du panneau d&#039;affichage\" target=\"_self\"  aria-label=\"\u00c9l\u00e9ment de courrier\"><\/a>\t\t\n\t<meta itemscope itemprop=\"mainEntityOfPage\" itemtype=\"https:\/\/schema.org\/WebPage\" itemid=\"https:\/\/www.mission-21.org\/team\/stefanie-schaad\/\" content=\"Stefanie Schaad\" \/><meta itemprop=\"datePublished\" content=\"2024-06-20\" \/><meta itemprop=\"dateModified\" content=\"2024-06-27\" \/><meta itemprop=\"name\" content=\"Mission 21\"\/><meta itemprop=\"url\" content=\"https:\/\/www.mission-21.org\/wp-content\/uploads\/2022\/08\/de-blau.svg\"\/><meta itemprop=\"url\" content=\"https:\/\/www.mission-21.org\/author\/ms_i2r4b8vl\/\" \/><meta itemprop=\"name\" content=\"Michael Salzer\" \/><meta itemprop=\"url\" content=\"https:\/\/www.mission-21.org\/wp-content\/uploads\/2024\/06\/stefanie_schaad-1.png\" \/><meta itemprop=\"width\" content=\"654\" \/><meta itemprop=\"height\" content=\"787\" \/><meta itemprop=\"interactionType\" content=\"https:\/\/schema.org\/CommentAction\" \/><meta itemprop=\"userInteractionCount\" content=\"0\" \/>\n\t<img width=\"654\" height=\"787\" src=\"https:\/\/www.mission-21.org\/wp-content\/uploads\/2024\/06\/stefanie_schaad-1.png\" alt=\"stefanie schaad\" itemprop=\"image\" decoding=\"async\" srcset=\"https:\/\/www.mission-21.org\/wp-content\/uploads\/2024\/06\/stefanie_schaad-1.png 654w, https:\/\/www.mission-21.org\/wp-content\/uploads\/2024\/06\/stefanie_schaad-1-10x12.png 10w, https:\/\/www.mission-21.org\/wp-content\/uploads\/2024\/06\/stefanie_schaad-1-300x361.png 300w, https:\/\/www.mission-21.org\/wp-content\/uploads\/2024\/06\/stefanie_schaad-1-600x722.png 600w\" sizes=\"(max-width: 654px) 100vw, 654px\" \/>\n<h3>Stefanie Schaad<\/h3>\n<p>H\u00e9ritages et legs responsables<\/p>\n<p>41 (0)61 260 22 28<\/p>\n<p><a href=\"mailto:stefanie.schaad@mission-21.org\">\u25ba Courrier \u00e9lectronique<\/a><\/p>","protected":false},"excerpt":{"rendered":"<p>Spenden Kontakt Wir geben Ihnen Ausk\u00fcnfte zu unserer Arbeit, helfen Ihnen bei Recherchen und Bildanfragen und vermitteln Ihnen Interviews mit Fachpersonen und internationalen Mitarbeitenden im Einsatz. Sehr gerne nehmen wir Sie in unseren Medienverteiler auf, eine kurze Mitteilung gen\u00fcgt. Christoph R\u00e1cz Verantwortlicher Kommunikation und MedienbeauftragterTel.: +41 61 260 22 49\u25ba E-Mail Aktuelle Medienmitteilungen Seit 2023 [&hellip;]<\/p>\n","protected":false},"author":1,"featured_media":3509,"parent":215,"menu_order":0,"comment_status":"closed","ping_status":"closed","template":"","meta":{"_acf_changed":false,"_seopress_robots_primary_cat":"","_seopress_titles_title":"","_seopress_titles_desc":"","_seopress_robots_index":"","_searchwp_excluded":"","site-sidebar-layout":"default","site-content-layout":"","ast-site-content-layout":"default","site-content-style":"default","site-sidebar-style":"default","ast-global-header-display":"","ast-banner-title-visibility":"","ast-main-header-display":"","ast-hfb-above-header-display":"","ast-hfb-below-header-display":"","ast-hfb-mobile-header-display":"","site-post-title":"","ast-breadcrumbs-content":"","ast-featured-img":"","footer-sml-layout":"","ast-disable-related-posts":"","theme-transparent-header-meta":"","adv-header-id-meta":"","stick-header-meta":"","header-above-stick-meta":"","header-main-stick-meta":"","header-below-stick-meta":"","astra-migrate-meta-layouts":"set","ast-page-background-enabled":"default","ast-page-background-meta":{"desktop":{"background-color":"var(--ast-global-color-4)","background-image":"","background-repeat":"repeat","background-position":"center center","background-size":"auto","background-attachment":"scroll","background-type":"","background-media":"","overlay-type":"","overlay-color":"","overlay-opacity":"","overlay-gradient":""},"tablet":{"background-color":"","background-image":"","background-repeat":"repeat","background-position":"center center","background-size":"auto","background-attachment":"scroll","background-type":"","background-media":"","overlay-type":"","overlay-color":"","overlay-opacity":"","overlay-gradient":""},"mobile":{"background-color":"","background-image":"","background-repeat":"repeat","background-position":"center center","background-size":"auto","background-attachment":"scroll","background-type":"","background-media":"","overlay-type":"","overlay-color":"","overlay-opacity":"","overlay-gradient":""}},"ast-content-background-meta":{"desktop":{"background-color":"var(--ast-global-color-5)","background-image":"","background-repeat":"repeat","background-position":"center center","background-size":"auto","background-attachment":"scroll","background-type":"","background-media":"","overlay-type":"","overlay-color":"","overlay-opacity":"","overlay-gradient":""},"tablet":{"background-color":"var(--ast-global-color-5)","background-image":"","background-repeat":"repeat","background-position":"center center","background-size":"auto","background-attachment":"scroll","background-type":"","background-media":"","overlay-type":"","overlay-color":"","overlay-opacity":"","overlay-gradient":""},"mobile":{"background-color":"var(--ast-global-color-5)","background-image":"","background-repeat":"repeat","background-position":"center center","background-size":"auto","background-attachment":"scroll","background-type":"","background-media":"","overlay-type":"","overlay-color":"","overlay-opacity":"","overlay-gradient":""}},"iawp_total_views":939,"footnotes":""},"hf_cat_page":[301],"class_list":["post-323","page","type-page","status-publish","has-post-thumbnail"],"acf":[],"_links":{"self":[{"href":"https:\/\/www.mission-21.org\/fr\/wp-json\/wp\/v2\/pages\/323","targetHints":{"allow":["GET"]}}],"collection":[{"href":"https:\/\/www.mission-21.org\/fr\/wp-json\/wp\/v2\/pages"}],"about":[{"href":"https:\/\/www.mission-21.org\/fr\/wp-json\/wp\/v2\/types\/page"}],"author":[{"embeddable":true,"href":"https:\/\/www.mission-21.org\/fr\/wp-json\/wp\/v2\/users\/1"}],"replies":[{"embeddable":true,"href":"https:\/\/www.mission-21.org\/fr\/wp-json\/wp\/v2\/comments?post=323"}],"version-history":[{"count":11,"href":"https:\/\/www.mission-21.org\/fr\/wp-json\/wp\/v2\/pages\/323\/revisions"}],"predecessor-version":[{"id":19532,"href":"https:\/\/www.mission-21.org\/fr\/wp-json\/wp\/v2\/pages\/323\/revisions\/19532"}],"up":[{"embeddable":true,"href":"https:\/\/www.mission-21.org\/fr\/wp-json\/wp\/v2\/pages\/215"}],"wp:featuredmedia":[{"embeddable":true,"href":"https:\/\/www.mission-21.org\/fr\/wp-json\/wp\/v2\/media\/3509"}],"wp:attachment":[{"href":"https:\/\/www.mission-21.org\/fr\/wp-json\/wp\/v2\/media?parent=323"}],"wp:term":[{"taxonomy":"hf_cat_page","embeddable":true,"href":"https:\/\/www.mission-21.org\/fr\/wp-json\/wp\/v2\/hf_cat_page?post=323"}],"curies":[{"name":"wp","href":"https:\/\/api.w.org\/{rel}","templated":true}]}}