{"id":3892,"date":"2022-10-13T08:59:53","date_gmt":"2022-10-13T06:59:53","guid":{"rendered":"https:\/\/www.mission-21.org\/?page_id=3892"},"modified":"2025-07-09T10:38:34","modified_gmt":"2025-07-09T08:38:34","slug":"synode-missionnaire","status":"publish","type":"page","link":"https:\/\/www.mission-21.org\/fr\/wer-wir-sind\/missionssynode\/","title":{"rendered":"Synode missionnaire"},"content":{"rendered":"<img decoding=\"async\" src=\"https:\/\/www.mission-21.org\/wp-content\/uploads\/2022\/08\/csm_header_news_d521d70e38.jpeg\" alt=\"csm header news d521d70e38\" itemprop=\"image\" height=\"688\" width=\"1680\" title=\"csm_Header_News_d521d70e38\" onerror=\"this.style.display='none'\" loading='lazy' \/>\n\t<div class=\"fl-builder-content fl-builder-content-3660 fl-builder-template fl-builder-module-template fl-builder-global-templates-locked\" data-post-id=\"3660\"><div class=\"fl-module fl-module-pp-toc fl-node-xrvkwe8ihtn6 toc\" data-node=\"xrvkwe8ihtn6\">\n\t<div class=\"fl-module-content fl-node-content\">\n\t\t<div class=\"pp-toc-container\">\n\t\n\t<div class=\"pp-toc-body\">\n\t\t\t\t\t<ul class=\"pp-toc-list-wrapper pp-toc-list-icon\"><\/ul>\n\t\t\t\t<\/div>\n<\/div>\n\n\t<\/div>\n<\/div>\n<\/div><div class=\"uabb-js-breakpoint\" style=\"display: none;\"><\/div>\n\t\t\t<a href=\"\/fr\/faire-un-don\/\" title=\"Cliquez ici\" target=\"_self\"   role=\"button\" aria-label=\"Dons\">\n\t\t\t\t\t\t\tDons\n\t\t\t\t\t\t\t\t\t<img decoding=\"async\" src=\"https:\/\/www.mission-21.org\/wp-content\/uploads\/2022\/08\/csm_heat-icon_b1dbd40167.png\"\/>\n\t\t<\/a>\n\t\t\t\t<p>Le Synode missionnaire est l'organe de d\u00e9cision supr\u00eame de Mission 21. Et il est encore plus important : des membres de cultures et de d\u00e9nominations de quatre continents se rencontrent lors du Synode missionnaire. Les d\u00e9l\u00e9gu\u00e9s de nos pays partenaires se concertent, discutent et c\u00e9l\u00e8brent la communaut\u00e9 mondiale.<\/p>\n<p>Le Synode missionnaire se d\u00e9roule majoritairement en ligne et, \u00e0 des occasions particuli\u00e8res, sur place. Dans ce cas, les journ\u00e9es synodales sont accompagn\u00e9es d'\u00e9v\u00e9nements publics. C'est une excellente occasion de faire plus ample connaissance avec nous et nos invit\u00e9s internationaux et de cultiver la communaut\u00e9. Vous trouverez les indications actuelles dans notre agenda. Nous vous invitons cordialement \u00e0 participer \u00e0 ces \u00e9v\u00e9nements !<\/p>\n<p>Sur cette page, vous trouverez toutes les informations sur la composition du Synode, les organisations qui soutiennent le travail de Mission 21 ainsi que de br\u00e8ves informations sur le Synode actuel et le pr\u00e9c\u00e9dent. Vous trouverez plus d'informations sur le prochain synode et sur ceux des ann\u00e9es pr\u00e9c\u00e9dentes sur la page <strong><a href=\"https:\/\/www.mission-21.org\/fr\/qui-sommes-nous\/synode-missionnaire-actuel\/\" target=\"_blank\" rel=\"noopener\">Synode missionnaire actuel<\/a>.<\/strong><\/p>\n\t\t\t<h2>Synodes missionnaires 2025, 2024 et 2023<\/h2>\t\t\t\n\t\t\t\t<p>Le synode fixe \u00e0 chaque fois le cadre strat\u00e9gique du travail de Mission 21, mais discute \u00e9galement des situations concr\u00e8tes et des pr\u00e9occupations des personnes dans les pays partenaires. Au cours des deux derni\u00e8res ann\u00e9es, les quelque 40 d\u00e9l\u00e9gu\u00e9s de quatre continents se sont rencontr\u00e9s en ligne. L'ann\u00e9e 2024 \u00e9tait en outre plac\u00e9e sous le signe de nouvelles \u00e9lections.<\/p>\n<p>Le site<strong> Synode 2025<\/strong> a eu lieu le jeudi 3 et le vendredi 4 juillet 2025 - \u00e0 nouveau en ligne. L'accent a \u00e9t\u00e9 mis sur le th\u00e8me de la d\u00e9colonisation, avec un expos\u00e9 \u00e9clairant du professeur Karla Koll et des discussions engag\u00e9es. Vous trouverez une r\u00e9trospective d\u00e9taill\u00e9e du Synode 2025 dans les<strong><a href=\"https:\/\/www.mission-21.org\/fr\/synode-international-la-decolonisation-comme-ligne-directrice\/\" target=\"_blank\" rel=\"noopener\"> Actualit\u00e9s<\/a><\/strong>.<\/p>\n<p>Le site <strong>Synode 2024<\/strong> a eu lieu du 27 au 28 juin 2024. De plus, la manifestation \"Youth Summit meets Ehemaligentag\" a eu lieu le 29 juin et le pr\u00e9sident sortant Johannes Blum a \u00e9t\u00e9 \u00e9lu le 30 juin au <strong>Service divin de f\u00eate<\/strong>qui a cl\u00f4tur\u00e9 la semaine synodale. Plus d'informations dans les<strong> <a href=\"https:\/\/www.mission-21.org\/fr\/informer\/news\/?_tags=missionssynode-2024\" target=\"_blank\" rel=\"noopener\">Actualit\u00e9s<\/a><\/strong><\/p>\n<p>Le site<strong> Synode 2023<\/strong> a eu lieu du jeudi 29 juin au samedi 1er juillet 2023. Des rencontres personnelles ont \u00e9t\u00e9 possibles lors du culte missionnaire public de cl\u00f4ture. Vous trouverez des r\u00e9trospectives du synode 2023 et du culte de cl\u00f4ture dans les<strong> <a href=\"https:\/\/www.mission-21.org\/fr\/synode-2023-de-mission-21-quatre-continents-en-ligne-en-echange\/\">Actualit\u00e9s<\/a>.<\/strong><\/p>\n<h2>\n\t\t\tStructure\t<\/h2>\n\t<p>Le Synode missionnaire est l'organe d\u00e9cisionnel supr\u00eame de Mission 21. Il se compose de repr\u00e9sentants \u00e9lus des Assembl\u00e9es continentales et des associations responsables.<\/p>\n<p>Ses d\u00e9l\u00e9gu\u00e9s, d\u00e9sign\u00e9s paritairement et issus de quatre continents, n\u00e9gocient une fois par an l'orientation du travail international de Mission 21. Le synode est un lieu de rencontre et d'\u00e9change, qu'il soit pr\u00e9sentiel ou en ligne.<\/p>\n\t\t\t\t<img decoding=\"async\" src=\"https:\/\/www.mission-21.org\/wp-content\/uploads\/2023\/06\/synode-en.jpg\" alt=\"Structure du synode missionnaire\" itemprop=\"image\" height=\"868\" width=\"1680\" title=\"Structure du synode missionnaire\" onerror=\"this.style.display='none'\" loading='lazy' \/>\n\t<p>Le Synode missionnaire d\u00e9cide de l'orientation strat\u00e9gique, des objectifs \u00e0 long terme et de la planification financi\u00e8re de Mission 21. Il approuve \u00e9galement le rapport et les comptes annuels et d\u00e9cide du budget cadre pour l'ann\u00e9e suivante. Le synode missionnaire vise la parit\u00e9 des genres et une repr\u00e9sentation \u00e9gale des jeunes. Les d\u00e9lib\u00e9rations ont lieu en anglais.<\/p>\n\t\t\t<h2>Associations de soutien<\/h2>\t\t\t\n\t\t\t\t<p>Fond\u00e9e en 2001 par cinq \u0153uvres missionnaires, Mission 21 est aujourd'hui soutenue par trois \u0153uvres : la Mission de B\u00e2le (BM), la Herrnhuter Mission ainsi que la Mission \u00e9vang\u00e9lique du Kwango (EMIK).<\/p>\n\t\t\t<h4>Mission de B\u00e2le<\/h4>\t\t\t\n\t\t\t\t<p>La Mission de B\u00e2le est la plus grande association de soutien de Mission 21. Elle a \u00e9t\u00e9 fond\u00e9e en 1815 et a ouvert le s\u00e9minaire missionnaire \u00e0 B\u00e2le un an plus tard. En 1821, la Mission de B\u00e2le a envoy\u00e9 les premiers s\u00e9minaristes : dans le Caucase. En 1828, la mission commen\u00e7a \u00e0 travailler au Ghana, en 1834 dans le sud de l'Inde et en 1847 dans le sud de la Chine. En 1860, la grande maison de la mission a \u00e9t\u00e9 construite \u00e0 B\u00e2le, qui est toujours la propri\u00e9t\u00e9 de la mission b\u00e2loise. Aujourd'hui, c'est ici que se trouve le si\u00e8ge de Mission 21. Dans le b\u00e2timent, la Mission de B\u00e2le g\u00e8re en outre l'h\u00f4tel \"Odelya\". La construction de la maison de mission a \u00e9t\u00e9 financ\u00e9e \u00e0 l'\u00e9poque principalement par le commer\u00e7ant pi\u00e9tiste Christoph Merian-Burckhardt.<\/p>\n\t\t\t\t<img decoding=\"async\" src=\"https:\/\/www.mission-21.org\/wp-content\/uploads\/2022\/10\/csm_symbolbild_baslermission_8d0cf66f83.jpg\" alt=\"csm image symbole mission basler 8d0cf66f83\" itemprop=\"image\" height=\"806\" width=\"1680\" title=\"csm_Symbolbild_BaslerMission_8d0cf66f83\" onerror=\"this.style.display='none'\" loading='lazy' \/>\n\t<p>De par son travail en Afrique et en Asie depuis pr\u00e8s de deux si\u00e8cles et son engagement en Am\u00e9rique latine depuis les ann\u00e9es 1970, la Mission de B\u00e2le apporte de nombreuses relations \u00e0 Mission 21. La Mission de B\u00e2le soutient le travail de Mission 21. Une partie de ce soutien est destin\u00e9e au suivi scientifique et \u00e0 la mise \u00e0 jour des archives de la Mission de B\u00e2le. Mission 21 continue de g\u00e9rer les vastes archives de la Mission de B\u00e2le. Elles comprennent une multitude de sources historiques textuelles, sonores et photographiques ainsi que des cartes g\u00e9ographiques historiques.<\/p>\n<p><a href=\"https:\/\/www.odelya.ch\/\" target=\"_blank\" rel=\"noopener\">\u25ba \u00e0 l'h\u00f4tel \"Odelya\" B\u00e2le<\/a><\/p>\n<p><a href=\"http:\/\/www.bmarchives.org\/\" target=\"_blank\" rel=\"noopener\">\u25ba vers bmarchives.org<\/a><\/p>\n<p><a href=\"http:\/\/www.baselmission.org\/\" target=\"_blank\" rel=\"noopener\">\u25ba vers le site de la Mission de B\u00e2le<\/a><\/p>\n<p>La Mission de B\u00e2le \u00e9tait une institution avec une forte participation allemande. En 1954, la Basler Mission Deutscher Zweig, e.V. (BMDZ) s'est constitu\u00e9e \u00e0 Stuttgart. Depuis lors, la coop\u00e9ration s'est renouvel\u00e9e et approfondie, d\u00e9sormais entre la BMDZ et la Mission de B\u00e2le ainsi que Mission 21.<\/p>\n<p><a href=\"https:\/\/bmdz.ems-online.org\/\" target=\"_blank\" rel=\"noopener\">\u25ba vers le site web de la BMDZ<\/a><\/p>\n\t\t\t<h4>Mission de Herrnhut<\/h4>\t\t\t\n\t\t\t\t<p>En tant qu'\u0153uvre de l'Eglise des Fr\u00e8res de Herrnhut, la mission a \u00e9t\u00e9 cr\u00e9\u00e9e en 1732 sous le comte Nikolaus Ludwig von Zinzendorf. Les r\u00e9gions de mission sont devenues des r\u00e9gions eccl\u00e9siastiques ind\u00e9pendantes (provinces) de l'\"Unit\u00e9 des Fr\u00e8res\". Aujourd'hui, les \u00e9glises de l'Eglise des Fr\u00e8res s'engagent en faveur des personnes en marge de la soci\u00e9t\u00e9, en collaboration avec Mission 21. En Suisse, les \u00e9glises de Herrnhut, appel\u00e9es Soci\u00e9t\u00e9s, soutiennent cette \u0153uvre avec un grand cercle de lecteurs du Losange et d'autres amis. Par l'interm\u00e9diaire de Mission 21, la Herrnhuter Mission entretient des relations en particulier avec la Tanzanie, la Palestine et l'Afrique du Sud.<\/p>\n<p><a href=\"http:\/\/www.herrnhuter.ch\/herrnhuter.html\" target=\"_blank\" rel=\"noopener\">\u25ba vers le site web de l'\u00c9glise des Fr\u00e8res de Herrnhut en Suisse<\/a><\/p>\n\t\t\t<h4>Mission \u00e9vang\u00e9lique au Kwango<\/h4>\t\t\t\n\t\t\t\t<p>La Mission Evang\u00e9lique au Kwango (EMIK), fond\u00e9e en 1956, a commenc\u00e9 ses activit\u00e9s au \"Congo belge\" dans les ann\u00e9es 1950. Apr\u00e8s l'ind\u00e9pendance de l'ancienne colonie et la cr\u00e9ation de la R\u00e9publique d\u00e9mocratique (RDC) du Congo, l'EMIK et son \u00e9glise partenaire, la Communaut\u00e9 Evang\u00e9lique du Kwango (CEK), ont travaill\u00e9 ensemble. En 2001, Mission 21 a repris le soutien du travail de projet de la CEK. Jusqu'\u00e0 fin 2025, l'engagement de Mission 21 en RDC se concentre, dans le cadre d'un processus d'outphasing, sur le renforcement des capacit\u00e9s des responsables de projets ainsi que sur le soutien \u00e0 l'aide d'urgence par la distribution de m\u00e9dicaments, de nourriture et d'articles d'hygi\u00e8ne. Plus d'informations sur le <a href=\"https:\/\/www.mission-21.org\/fr\/pays\/afrique\/dr-kongo\/\" target=\"_blank\" rel=\"noopener\">Page de pays RD Congo<\/a>. <\/p>\n\t\t\t\t<img decoding=\"async\" src=\"https:\/\/www.mission-21.org\/wp-content\/uploads\/2022\/10\/csm_img_0976-2_e979cb4c8d.jpg\" alt=\"csm img 0976 2 e979cb4c8d\" itemprop=\"image\" height=\"1260\" width=\"1680\" title=\"csm_IMG_0976-2_e979cb4c8d\" onerror=\"this.style.display='none'\" loading='lazy' \/>\n<h2>\n\t\t\tAssembl\u00e9es continentales\t<\/h2>\n\t<p>En Afrique, en Asie, en Am\u00e9rique latine et en Europe, les partenaires de Mission 21 s'organisent en Assembl\u00e9es continentales (AC). Les quatre AC sont membres ordinaires de Mission 21 et envoient des d\u00e9l\u00e9gu\u00e9s au Synode missionnaire. Cet \u00e9change Sud-Nord est compl\u00e9t\u00e9 par des rencontres r\u00e9guli\u00e8res Sud-Sud : Les assembl\u00e9es continentales d'Afrique, d'Asie et d'Am\u00e9rique latine organisent tous les trois ans une grande conf\u00e9rence \u00e0 laquelle toutes les Eglises et organisations partenaires peuvent participer avec jusqu'\u00e0 trois d\u00e9l\u00e9gu\u00e9s. Elles peuvent y \u00e9changer des informations sur le travail de programme et de projet ainsi que sur les d\u00e9fis actuels des diff\u00e9rents partenaires. Les organisations de femmes ainsi que les repr\u00e9sentants des jeunes discutent des probl\u00e8mes communs et des solutions possibles lors d'une pr\u00e9-conf\u00e9rence.<\/p>\n  <a href=\"https:\/\/www.mission-21.org\/fr\/ce-que-nous-faisons\/projets-et-partenaires\/partenaire\/\" id=\"link-de\" target=\"_blank\" rel=\"noopener\">\u25ba vers les partenaires<\/a>\n  <a href=\"https:\/\/www.mission-21.org\/en\/what-we-do\/partner\" id=\"link-en\" target=\"_blank\" rel=\"noopener\">\u25ba aux partenaires<\/a>\n  <a href=\"https:\/\/www.mission-21.org\/fr\/ce-que-nous-faisons\/partenaire\" id=\"link-fr\" target=\"_blank\" rel=\"noopener\">\u25ba vers les partenaires<\/a>\n  <a href=\"https:\/\/www.mission-21.org\/es\/que-hacemos\/socio\" id=\"link-es\" target=\"_blank\" rel=\"noopener\">\u25ba a los socios<\/a>\n<h2>\n\t\t\tSynodes missionnaires pass\u00e9s\t<\/h2>\n\t\t\t\t\t\t\t\t\t\t<a href=\"#\" id=\"fl-accordion--icon-0\"  tabindex=\"0\"><i>D\u00e9velopper<\/i><\/a>\n\t\t\t\t\t<a href=\"#\"  id=\"fl-accordion--label-0\" tabindex=\"0\" aria-controls=\"fl-accordion--panel-0\">Synode missionnaire 2025 - en ligne<\/a>\n\t\t\t\t\t<p>Le site<strong> Synode 2025<\/strong> a eu lieu le jeudi 3 et le vendredi 4 juillet 2025 - une fois de plus en ligne. L'accent a \u00e9t\u00e9 mis sur le th\u00e8me de la d\u00e9colonisation, avec un expos\u00e9 \u00e9clairant du professeur Karla Koll et des discussions engag\u00e9es. Vous trouverez une r\u00e9trospective d\u00e9taill\u00e9e du Synode 2025 dans les<a href=\"https:\/\/www.mission-21.org\/fr\/synode-international-la-decolonisation-comme-ligne-directrice\/\" target=\"_blank\" rel=\"noopener\"> Actualit\u00e9s<\/a>.<\/p>\n\t\t\t\t\t\t\t\t\t\t<a href=\"#\" id=\"fl-accordion--icon-1\"  tabindex=\"0\"><i>D\u00e9velopper<\/i><\/a>\n\t\t\t\t\t<a href=\"#\"  id=\"fl-accordion--label-1\" tabindex=\"0\" aria-controls=\"fl-accordion--panel-1\">Synode missionnaire 2024 - en ligne<\/a>\n\t\t\t\t\t<p>Le site <strong>Synode 2024<\/strong> a eu lieu du 27 au 28 juin 2024. De plus, la manifestation \"Youth Summit meets Ehemaligentag\" a eu lieu le 29 juin et le pr\u00e9sident sortant Johannes Blum a \u00e9t\u00e9 \u00e9lu le 30 juin au <strong>Service divin de f\u00eate<\/strong>La semaine synodale a \u00e9t\u00e9 cl\u00f4tur\u00e9e par une c\u00e9r\u00e9monie d'adieux \u00e0 l'archev\u00eaque de Birmingham.<\/p>\n<p>Vous trouverez plus d'informations \u00e0 ce sujet dans les <a href=\"https:\/\/www.mission-21.org\/fr\/informer\/news\/?_tags=missionssynode-2024\" target=\"_blank\" rel=\"noopener\">Actualit\u00e9s<\/a>.<\/p>\n\t\t\t\t\t\t\t\t\t\t<a href=\"#\" id=\"fl-accordion--icon-2\"  tabindex=\"0\"><i>D\u00e9velopper<\/i><\/a>\n\t\t\t\t\t<a href=\"#\"  id=\"fl-accordion--label-2\" tabindex=\"0\" aria-controls=\"fl-accordion--panel-2\">Synode missionnaire 2023 - en ligne<\/a>\n\t\t\t\t\t<p>Cette ann\u00e9e, les quelque 40 d\u00e9l\u00e9gu\u00e9s de quatre continents se sont rencontr\u00e9s en ligne. Du jeudi 29 juin 2023 au 1er juillet 2023, ils ont pos\u00e9 les jalons de Mission 21 pour 2024 et les ann\u00e9es suivantes. Le synode fixe \u00e0 chaque fois le cadre strat\u00e9gique du travail de Mission 21, mais discute \u00e9galement des situations concr\u00e8tes et des pr\u00e9occupations des personnes dans les pays partenaires.<\/p>\n<p>Des rencontres personnelles ont \u00e9t\u00e9 possibles lors du culte missionnaire public de cl\u00f4ture le 02 juillet 2023. Vous trouverez une r\u00e9trospective du Synode 2023 et du culte de cl\u00f4ture dans les news. <a href=\"https:\/\/www.mission-21.org\/fr\/synode-2023-de-mission-21-quatre-continents-en-ligne-en-echange\/\">Actualit\u00e9s<\/a>.<\/p>\n\t\t\t\t\t\t\t\t\t\t<a href=\"#\" id=\"fl-accordion--icon-3\"  tabindex=\"0\"><i>D\u00e9velopper<\/i><\/a>\n\t\t\t\t\t<a href=\"#\"  id=\"fl-accordion--label-3\" tabindex=\"0\" aria-controls=\"fl-accordion--panel-3\">Synode missionnaire 2022 - Coire et Davos<\/a>\n\t\t\t\t\t<p>Nous avons pu tenir le synode 2022 en tant qu'invit\u00e9s de l'Eglise cantonale des Grisons. Nous nous sommes r\u00e9jouis d'une semaine inspirante avec des rencontres enrichissantes et des \u00e9changes vari\u00e9s.<\/p>\n<p><a href=\"https:\/\/www.mission-21.org\/fr\/qui-sommes-nous\/synode-missionnaire-2022\/\">\u25ba En savoir plus sur le Synode missionnaire 2022<\/a><\/p>\n\t\t\t\t\t\t\t\t\t\t<a href=\"#\" id=\"fl-accordion--icon-4\"  tabindex=\"0\"><i>D\u00e9velopper<\/i><\/a>\n\t\t\t\t\t<a href=\"#\"  id=\"fl-accordion--label-4\" tabindex=\"0\" aria-controls=\"fl-accordion--panel-4\">Synode missionnaire 2021 - en ligne<\/a>\n<p>Une quarantaine de d\u00e9l\u00e9gu\u00e9s et d'invit\u00e9s, venus de quatre continents, se sont r\u00e9unis en ligne du jeudi 10 au samedi 12 juin et ont pos\u00e9 les jalons de Mission 21 pour 2022. Les th\u00e8mes br\u00fblants tournaient autour des r\u00e9percussions de l'ann\u00e9e de pand\u00e9mie \u00e9coul\u00e9e sur les habitants des vingt pays partenaires de Mission 21. Les diff\u00e9rentes d\u00e9clarations des assembl\u00e9es continentales respectives ont expliqu\u00e9 de mani\u00e8re impressionnante comment les probl\u00e8mes existants se sont aggrav\u00e9s et \u00e0 quels nouveaux d\u00e9fis Mission 21 et les \u00c9glises et organisations partenaires doivent faire face. Que ce soit en Afrique, en Asie ou en Am\u00e9rique latine, la pand\u00e9mie a entra\u00een\u00e9 une augmentation de la pauvret\u00e9 et de la violence envers les femmes et les enfants.<\/p>\n<p>La pand\u00e9mie a une fois de plus emp\u00each\u00e9 une assembl\u00e9e en Suisse. Si l'ann\u00e9e derni\u00e8re, les points de l'ordre du jour avaient \u00e9t\u00e9 trait\u00e9s par communication \u00e9lectronique, cette ann\u00e9e, les d\u00e9l\u00e9gu\u00e9s se sont r\u00e9unis pour la premi\u00e8re fois par vid\u00e9o-chat pour le Synode missionnaire 2021. La semaine synodale s'est termin\u00e9e de mani\u00e8re festive avec un culte \u00e9galement diffus\u00e9 en ligne le dimanche 13 juin.<\/p>\n<p><a href=\"https:\/\/www.mission-21.org\/fr\/succes-de-la-premiere-mission-21-du-synode-2021-numerique\/\" target=\"_top\">\u25ba Rapport sur le Synode missionnaire 2021<\/a><\/p>\n\t\t\t\t\t\t\t\t\t\t<a href=\"#\" id=\"fl-accordion--icon-5\"  tabindex=\"0\"><i>D\u00e9velopper<\/i><\/a>\n\t\t\t\t\t<a href=\"#\"  id=\"fl-accordion--label-5\" tabindex=\"0\" aria-controls=\"fl-accordion--panel-5\">Synode missionnaire 2020 - en ligne<\/a>\n\t\t\t\t\t<p>Le synode \u00e9tait pr\u00e9vu pour les 12 et 13 juin et la f\u00eate missionnaire pour le 14 juin 2020. Tous ces \u00e9v\u00e9nements ont \u00e9t\u00e9 annul\u00e9s ou report\u00e9s au niveau num\u00e9rique en raison de la pand\u00e9mie de Corona. Pour la premi\u00e8re fois, les d\u00e9l\u00e9gu\u00e9s d'Afrique, d'Asie, d'Europe et d'Am\u00e9rique latine ont pris les d\u00e9cisions n\u00e9cessaires par voie num\u00e9rique. Les comptes et le rapport annuels ont \u00e9t\u00e9 approuv\u00e9s, la strat\u00e9gie et le budget cadre - avec les \u00e9conomies pr\u00e9vues pour l'ann\u00e9e 2021 - ont \u00e9t\u00e9 approuv\u00e9s. Le Synode a \u00e9lu un nouveau membre au comit\u00e9 directeur. Gerhard B\u00fctschi-Hassler, du canton d'Argovie, a \u00e9t\u00e9 \u00e9lu pour remplacer Kurt K\u00e4gi (AI), d\u00e9missionnaire. Le Synode 2021 a \u00e9galement \u00e9t\u00e9 planifi\u00e9 pour la mi-juin. Sa tenue devrait tenir compte d'\u00e9ventuelles restrictions dues \u00e0 la pand\u00e9mie de Corona.<\/p>\n<h3>\n\t\t\tRapports\t<\/h3>\n\t\t\t\t\t\t\t\t\t\t\t\t\t\t<a href=\"https:\/\/www.mission-21.org\/fr\/synode-international-la-decolonisation-comme-ligne-directrice\/\" target=\"_self\" title=\"Synode international : la d\u00e9colonisation comme ligne directrice\">\n\t\t\t\t<img decoding=\"async\" src=\"https:\/\/www.mission-21.org\/wp-content\/uploads\/2025\/07\/screenshot-1-fuer-web-news-900x675.png\" alt=\"Capture d&#039;\u00e9cran avec quelques d\u00e9l\u00e9gu\u00e9s du Synode 2025 de Mission 21.\" \/>\n\t\t\t\t<\/a>\n\t\t\t\t\t\t<h4>\n\t\t\t\t<a href=\"https:\/\/www.mission-21.org\/fr\/synode-international-la-decolonisation-comme-ligne-directrice\/\" title=\"Synode international : la d\u00e9colonisation comme ligne directrice\" tabindex=\"0\">Synode international : la d\u00e9colonisation comme ligne directrice<\/a>\t\t\t<\/h4>\n\t\t\t\t\t\t\t<h5>\n\t\t\t4 juillet 2025\t\t\t\n\t\t\t\t\t\t\t<\/h5>\n\t\t\t\t\t\t\t\t\t\t\t\t\t\t<a href=\"https:\/\/www.mission-21.org\/fr\/la-plus-haute-autorite-reformee-de-suisse-elue-presidente-du-conseil-dadministration-de-mission-21\/\" target=\"_self\" title=\"La plus haute autorit\u00e9 r\u00e9form\u00e9e de Suisse \u00e9lue pr\u00e9sidente du comit\u00e9 de Mission 21\">\n\t\t\t\t<img decoding=\"async\" src=\"https:\/\/www.mission-21.org\/wp-content\/uploads\/2024\/07\/4-zu-3_fuer-news_evelyn-borer_portrait_in-2024-07-29_korr-900x675.jpg\" alt=\"Portrait d&#039;Evelyn Borer, \u00e9lue nouvelle pr\u00e9sidente du comit\u00e9 directeur\" \/>\n\t\t\t\t<\/a>\n\t\t\t\t\t\t<h4>\n\t\t\t\t<a href=\"https:\/\/www.mission-21.org\/fr\/la-plus-haute-autorite-reformee-de-suisse-elue-presidente-du-conseil-dadministration-de-mission-21\/\" title=\"La plus haute autorit\u00e9 r\u00e9form\u00e9e de Suisse \u00e9lue pr\u00e9sidente du comit\u00e9 de Mission 21\" tabindex=\"0\">La plus haute autorit\u00e9 r\u00e9form\u00e9e de Suisse \u00e9lue pr\u00e9sidente du comit\u00e9 de Mission 21<\/a>\t\t\t<\/h4>\n\t\t\t\t\t\t\t<h5>\n\t\t\t29 juillet 2024\t\t\t\n\t\t\t\t\t\t\t<\/h5>\n\t\t\t\t\t\t\t\t\t\t\t\t\t\t<a href=\"https:\/\/www.mission-21.org\/fr\/les-jeunes-ambassadrices-dans-le-miroir-des-medias\/\" target=\"_self\" title=\"Les jeunes ambassadeurs* dans le miroir des m\u00e9dias\">\n\t\t\t\t<img decoding=\"async\" src=\"https:\/\/www.mission-21.org\/wp-content\/uploads\/2024\/07\/nz7_46293-nef-002_vier-zu-drei-900x675.jpg\" alt=\"Les jeunes ambassadeurs* et les deux plus hauts repr\u00e9sentants de l&#039;Eglise \u00e9vang\u00e9lique r\u00e9form\u00e9e de Suisse : la pr\u00e9sidente du Synode Evelyn Borer (deuxi\u00e8me rang\u00e9e, quatri\u00e8me \u00e0 partir de la gauche) et la pr\u00e9sidente du Conseil Rita Famos (cinqui\u00e8me \u00e0 partir de la droite).\" \/>\n\t\t\t\t<\/a>\n\t\t\t\t\t\t<h4>\n\t\t\t\t<a href=\"https:\/\/www.mission-21.org\/fr\/les-jeunes-ambassadrices-dans-le-miroir-des-medias\/\" title=\"Les jeunes ambassadeurs* dans le miroir des m\u00e9dias\" tabindex=\"0\">Les jeunes ambassadeurs* dans le miroir des m\u00e9dias<\/a>\t\t\t<\/h4>\n\t\t\t\t\t\t\t<h5>\n\t\t\t15 juillet 2024\t\t\t\n\t\t\t\t\t\t\t<\/h5>\n\t\t\t\t\t\t\t\t\t\t\t\t\t\t<a href=\"https:\/\/www.mission-21.org\/fr\/un-grand-merci-pour-votre-engagement-en-faveur-de-la-mission-21\/\" target=\"_self\" title=\"Un grand merci pour l&#039;engagement en faveur de Mission 21\">\n\t\t\t\t<img decoding=\"async\" src=\"https:\/\/www.mission-21.org\/wp-content\/uploads\/2024\/06\/uebergabe-geschenk_verkleinert_4zu3img_9708-900x675.jpg\" alt=\"remise cadeau r\u00e9duit 4zu3img 9708\" \/>\n\t\t\t\t<\/a>\n\t\t\t\t\t\t<h4>\n\t\t\t\t<a href=\"https:\/\/www.mission-21.org\/fr\/un-grand-merci-pour-votre-engagement-en-faveur-de-la-mission-21\/\" title=\"Un grand merci pour l&#039;engagement en faveur de Mission 21\" tabindex=\"0\">Un grand merci pour l'engagement en faveur de Mission 21<\/a>\t\t\t<\/h4>\n\t\t\t\t\t\t\t<h5>\n\t\t\t1er juillet 2024\t\t\t\n\t\t\t\t\t\t\t<\/h5>\n\t\t\t\t\t\t\t\t\t\t\t\t\t\t<a href=\"https:\/\/www.mission-21.org\/fr\/synode-2023-de-mission-21-quatre-continents-en-ligne-en-echange\/\" target=\"_self\" title=\"Synode 2023 de Mission 21 : Quatre continents en ligne pour \u00e9changer\">\n\t\t\t\t<img decoding=\"async\" src=\"https:\/\/www.mission-21.org\/wp-content\/uploads\/2023\/07\/jochen-kirsch_ueli-burkhalter_img_9066-900x675.jpg\" alt=\"Jochen Kirsch, directeur de Mission 21, en discussion avec Ueli Burkhalter (\u00e0 droite), pr\u00e9sident de l&#039;Assembl\u00e9e continentale europ\u00e9enne. Photo : Christoph R\u00e1cz\/Mission 21\" \/>\n\t\t\t\t<\/a>\n\t\t\t\t\t\t<h4>\n\t\t\t\t<a href=\"https:\/\/www.mission-21.org\/fr\/synode-2023-de-mission-21-quatre-continents-en-ligne-en-echange\/\" title=\"Synode 2023 de Mission 21 : Quatre continents en ligne pour \u00e9changer\" tabindex=\"0\">Synode 2023 de Mission 21 : Quatre continents en ligne pour \u00e9changer<\/a>\t\t\t<\/h4>\n\t\t\t\t\t\t\t<h5>\n\t\t\t3 juillet 2023\t\t\t\n\t\t\t\t\t\t\t<\/h5>\n\t\t\t\t\t\t\t\t\t\t\t\t\t\t<a href=\"https:\/\/www.mission-21.org\/fr\/engagement-hospitalite-plaisir-partage-une-semaine-de-mission-qui-influe-2022\/\" target=\"_self\" title=\"Engagement, hospitalit\u00e9, joie partag\u00e9e - une semaine missionnaire qui donne des ailes en 2022\">\n\t\t\t\t<img decoding=\"async\" src=\"https:\/\/www.mission-21.org\/wp-content\/uploads\/2022\/08\/csm_barbara-hirsbrunner_jugendnetzwerk_img_5745_5b76545ca6-300x225.jpg\" alt=\"\" \/>\n\t\t\t\t<\/a>\n\t\t\t\t\t\t<h4>\n\t\t\t\t<a href=\"https:\/\/www.mission-21.org\/fr\/engagement-hospitalite-plaisir-partage-une-semaine-de-mission-qui-influe-2022\/\" title=\"Engagement, hospitalit\u00e9, joie partag\u00e9e - une semaine missionnaire qui donne des ailes en 2022\" tabindex=\"0\">Engagement, hospitalit\u00e9, joie partag\u00e9e - une semaine missionnaire qui donne des ailes en 2022<\/a>\t\t\t<\/h4>\n\t\t\t\t\t\t\t<h5>\n\t\t\t14 juin 2022\t\t\t\n\t\t\t\t\t\t\t<\/h5>\n\t\t\t\t\t\t\t\t\t\t\t\t\t\t<a href=\"https:\/\/www.mission-21.org\/fr\/inspirations-au-sommet-international-youth\/\" target=\"_self\" title=\"Inspiration au Sommet international de la jeunesse\">\n\t\t\t\t<img decoding=\"async\" src=\"https:\/\/www.mission-21.org\/wp-content\/uploads\/2022\/08\/csm_int-youth-summit_synode-2022_davos_img_8671_0f4d08a286-300x225.jpg\" alt=\"\" \/>\n\t\t\t\t<\/a>\n\t\t\t\t\t\t<h4>\n\t\t\t\t<a href=\"https:\/\/www.mission-21.org\/fr\/inspirations-au-sommet-international-youth\/\" title=\"Inspiration au Sommet international de la jeunesse\" tabindex=\"0\">Inspiration au Sommet international de la jeunesse<\/a>\t\t\t<\/h4>\n\t\t\t\t\t\t\t<h5>\n\t\t\t12 juin 2022\t\t\t\n\t\t\t\t\t\t\t<\/h5>\n\t\t\t\t\t\t\t\t\t\t\t\t\t\t<a href=\"https:\/\/www.mission-21.org\/fr\/enrichissant-impulsion-et-discussion\/\" target=\"_self\" title=\"Des impulsions et des discussions enrichissantes\">\n\t\t\t\t<img decoding=\"async\" src=\"https:\/\/www.mission-21.org\/wp-content\/uploads\/2022\/08\/csm_img_5257_isabel_phiri_5b833ba146-300x225.jpeg\" alt=\"\" \/>\n\t\t\t\t<\/a>\n\t\t\t\t\t\t<h4>\n\t\t\t\t<a href=\"https:\/\/www.mission-21.org\/fr\/enrichissant-impulsion-et-discussion\/\" title=\"Des impulsions et des discussions enrichissantes\" tabindex=\"0\">Des impulsions et des discussions enrichissantes<\/a>\t\t\t<\/h4>\n\t\t\t\t\t\t\t<h5>\n\t\t\t11 juin 2022\t\t\t\n\t\t\t\t\t\t\t<\/h5>\n\t\t\t\t\t\t\t\t\t\t\t\t\t\t<a href=\"https:\/\/www.mission-21.org\/fr\/discours-ville-experiences-partagees-de-femmes-autour-du-monde\/\" target=\"_self\" title=\"Entretien avec la ville : exp\u00e9riences partag\u00e9es par des femmes du monde entier\">\n\t\t\t\t<img decoding=\"async\" src=\"https:\/\/www.mission-21.org\/wp-content\/uploads\/2022\/08\/csm__mg_9845_2394479e8d-300x225.jpg\" alt=\"\" \/>\n\t\t\t\t<\/a>\n\t\t\t\t\t\t<h4>\n\t\t\t\t<a href=\"https:\/\/www.mission-21.org\/fr\/discours-ville-experiences-partagees-de-femmes-autour-du-monde\/\" title=\"Entretien avec la ville : exp\u00e9riences partag\u00e9es par des femmes du monde entier\" tabindex=\"0\">Entretien avec la ville : exp\u00e9riences partag\u00e9es par des femmes du monde entier<\/a>\t\t\t<\/h4>\n\t\t\t\t\t\t\t<h5>\n\t\t\t9 juin 2022\t\t\t\n\t\t\t\t\t\t\t<\/h5>","protected":false},"excerpt":{"rendered":"<p>Spenden Die Missionssynode ist das oberste Entscheidungsgremium von Mission 21. Und sie ist noch mehr: An der Missionssynode treffen sich Angeh\u00f6rige von Kulturen und Denominationen aus vier Kontinenten. Delegierte aus unseren Partnerl\u00e4ndern beraten, diskutieren und feiern weltweite Gemeinschaft. Die Missionssynode findet mehrheitlich online statt und bei besonderen Gelegenheiten auch vor Ort. Dann werden die Synodentage [&hellip;]<\/p>\n","protected":false},"author":1,"featured_media":3457,"parent":218,"menu_order":0,"comment_status":"closed","ping_status":"closed","template":"","meta":{"_acf_changed":false,"_seopress_robots_primary_cat":"","_seopress_titles_title":"","_seopress_titles_desc":"","_seopress_robots_index":"","_searchwp_excluded":"","site-sidebar-layout":"default","site-content-layout":"","ast-site-content-layout":"default","site-content-style":"default","site-sidebar-style":"default","ast-global-header-display":"","ast-banner-title-visibility":"","ast-main-header-display":"","ast-hfb-above-header-display":"","ast-hfb-below-header-display":"","ast-hfb-mobile-header-display":"","site-post-title":"","ast-breadcrumbs-content":"","ast-featured-img":"","footer-sml-layout":"","ast-disable-related-posts":"","theme-transparent-header-meta":"","adv-header-id-meta":"","stick-header-meta":"","header-above-stick-meta":"","header-main-stick-meta":"","header-below-stick-meta":"","astra-migrate-meta-layouts":"set","ast-page-background-enabled":"default","ast-page-background-meta":{"desktop":{"background-color":"var(--ast-global-color-4)","background-image":"","background-repeat":"repeat","background-position":"center center","background-size":"auto","background-attachment":"scroll","background-type":"","background-media":"","overlay-type":"","overlay-color":"","overlay-opacity":"","overlay-gradient":""},"tablet":{"background-color":"","background-image":"","background-repeat":"repeat","background-position":"center center","background-size":"auto","background-attachment":"scroll","background-type":"","background-media":"","overlay-type":"","overlay-color":"","overlay-opacity":"","overlay-gradient":""},"mobile":{"background-color":"","background-image":"","background-repeat":"repeat","background-position":"center center","background-size":"auto","background-attachment":"scroll","background-type":"","background-media":"","overlay-type":"","overlay-color":"","overlay-opacity":"","overlay-gradient":""}},"ast-content-background-meta":{"desktop":{"background-color":"var(--ast-global-color-5)","background-image":"","background-repeat":"repeat","background-position":"center center","background-size":"auto","background-attachment":"scroll","background-type":"","background-media":"","overlay-type":"","overlay-color":"","overlay-opacity":"","overlay-gradient":""},"tablet":{"background-color":"var(--ast-global-color-5)","background-image":"","background-repeat":"repeat","background-position":"center center","background-size":"auto","background-attachment":"scroll","background-type":"","background-media":"","overlay-type":"","overlay-color":"","overlay-opacity":"","overlay-gradient":""},"mobile":{"background-color":"var(--ast-global-color-5)","background-image":"","background-repeat":"repeat","background-position":"center center","background-size":"auto","background-attachment":"scroll","background-type":"","background-media":"","overlay-type":"","overlay-color":"","overlay-opacity":"","overlay-gradient":""}},"iawp_total_views":1652,"footnotes":""},"hf_cat_page":[302],"class_list":["post-3892","page","type-page","status-publish","has-post-thumbnail"],"acf":[],"_links":{"self":[{"href":"https:\/\/www.mission-21.org\/fr\/wp-json\/wp\/v2\/pages\/3892","targetHints":{"allow":["GET"]}}],"collection":[{"href":"https:\/\/www.mission-21.org\/fr\/wp-json\/wp\/v2\/pages"}],"about":[{"href":"https:\/\/www.mission-21.org\/fr\/wp-json\/wp\/v2\/types\/page"}],"author":[{"embeddable":true,"href":"https:\/\/www.mission-21.org\/fr\/wp-json\/wp\/v2\/users\/1"}],"replies":[{"embeddable":true,"href":"https:\/\/www.mission-21.org\/fr\/wp-json\/wp\/v2\/comments?post=3892"}],"version-history":[{"count":11,"href":"https:\/\/www.mission-21.org\/fr\/wp-json\/wp\/v2\/pages\/3892\/revisions"}],"predecessor-version":[{"id":17757,"href":"https:\/\/www.mission-21.org\/fr\/wp-json\/wp\/v2\/pages\/3892\/revisions\/17757"}],"up":[{"embeddable":true,"href":"https:\/\/www.mission-21.org\/fr\/wp-json\/wp\/v2\/pages\/218"}],"wp:featuredmedia":[{"embeddable":true,"href":"https:\/\/www.mission-21.org\/fr\/wp-json\/wp\/v2\/media\/3457"}],"wp:attachment":[{"href":"https:\/\/www.mission-21.org\/fr\/wp-json\/wp\/v2\/media?parent=3892"}],"wp:term":[{"taxonomy":"hf_cat_page","embeddable":true,"href":"https:\/\/www.mission-21.org\/fr\/wp-json\/wp\/v2\/hf_cat_page?post=3892"}],"curies":[{"name":"wp","href":"https:\/\/api.w.org\/{rel}","templated":true}]}}