{"id":990,"date":"2022-09-07T21:03:16","date_gmt":"2022-09-07T19:03:16","guid":{"rendered":"https:\/\/www.mission-21.org\/projekte\/die-menschheit-hat-noch-nie-so-viele-nahrungsmittel-produziert-wie-heute-und-doch-leiden-weltweit-immer-noch-822-millionen-menschen-an-akutem-und-chronischem-hunger-weitere-2-milliarden-sind-von-naeh\/"},"modified":"2026-03-05T19:26:46","modified_gmt":"2026-03-05T18:26:46","slug":"souverainete-alimentaire-dans-lespace-andin","status":"publish","type":"projekte","link":"https:\/\/www.mission-21.org\/fr\/projekte\/ernaehrungssouveraenitaet-im-andinen-raum\/","title":{"rendered":"Souverainet\u00e9 alimentaire dans les Andes"},"content":{"rendered":"<h2 class=\"wp-block-heading\" id=\"hintergrundinformationen\">Informations de fond<\/h2>\n\n\n\n<p>Dans le domaine d'action strat\u00e9gique de la souverainet\u00e9 alimentaire, nous travaillons avec de nombreux petits paysans indig\u00e8nes. Les projets sont d\u00e9velopp\u00e9s dans la grande r\u00e9gion de Cusco (P\u00e9rou), ainsi que dans le bassin du lac Titicaca, (Bolivie et P\u00e9rou). Dans ces r\u00e9gions, la population manque d'une alimentation vari\u00e9e, \u00e9quilibr\u00e9e et saine. Mais les ph\u00e9nom\u00e8nes m\u00e9t\u00e9orologiques extr\u00eames, tels que la s\u00e9cheresse et le froid extr\u00eame persistant entra\u00eenant le gel, augmentent \u00e9galement en intensit\u00e9 et en fr\u00e9quence en raison du changement climatique. Le droit \u00e0 l'alimentation et \u00e0 la sant\u00e9 s'en trouve r\u00e9duit pour de nombreuses familles de petits paysans indig\u00e8nes.<\/p>\n\n\n\n<p>La recherche de strat\u00e9gies d'adaptation au changement climatique et la tentative de couvrir les besoins alimentaires conduisent souvent \u00e0 une surexploitation des ressources naturelles - d'une part par la culture agro-industrielle de pommes de terre et de quinoa encourag\u00e9e par l'\u00c9tat, d'autre part par les familles de petits paysans elles-m\u00eames, qui souhaitent des solutions rapides et ont \u00e9galement recours aux pesticides, aux semences g\u00e9n\u00e9tiquement modifi\u00e9es ou aux engrais artificiels. Cela entra\u00eene un surcro\u00eet de d\u00e9penses pour les m\u00e9nages, une d\u00e9pendance croissante vis-\u00e0-vis de l'agro-industrie et une perte consid\u00e9rable de biodiversit\u00e9 et de fertilit\u00e9 des sols.<\/p>\n\n\n\n<h3 class=\"wp-block-heading\">R\u00f4le cl\u00e9 et vuln\u00e9rabilit\u00e9 : les femmes dans l'agriculture<\/h3>\n\n\n\n<p>La pauvret\u00e9 dans les r\u00e9gions o\u00f9 se d\u00e9roulent les projets pousse souvent les hommes \u00e0 migrer temporairement vers les villes ou les zones d'exploitation mini\u00e8re afin d'am\u00e9liorer les revenus du m\u00e9nage, soit pendant la semaine, soit pendant plusieurs mois d'affil\u00e9e. Dans les foyers, ce sont g\u00e9n\u00e9ralement les femmes qui restent pour s'occuper de la ferme et des enfants. Mais si l'eau vient \u00e0 manquer ou si l'eau et les sols sont pollu\u00e9s et que le b\u00e9tail et les enfants ne peuvent pas boire suffisamment ou que le champ n'est pas suffisamment irrigu\u00e9, les m\u00e8res doivent alors trouver un moyen de g\u00e9rer leur foyer pour obtenir suffisamment d'eau et de nourriture.<\/p>\n\n\n\n<p>L'ins\u00e9curit\u00e9 alimentaire renforce \u00e9galement les facteurs de risque de violences sexuelles, qui sont tr\u00e8s r\u00e9pandues. Malgr\u00e9 leurs grandes r\u00e9alisations, les femmes sont d\u00e9savantag\u00e9es en termes de propri\u00e9t\u00e9 fonci\u00e8re et de droit de parole dans les communaut\u00e9s villageoises ou au niveau communal, et elles sont \u00e9galement fortement touch\u00e9es par la violence sexualis\u00e9e. Nos projets utilisent des approches transformatrices qui renforcent particuli\u00e8rement les femmes et leur permettent de s'opposer r\u00e9solument \u00e0 la violence.<\/p>\n\n\n\n<h2 class=\"wp-block-heading\" id=\"projektziele\">Objectifs du projet<\/h2>\n\n\n\n<p>Nous soutenons les familles afin qu'elles puissent cr\u00e9er de nouveaux syst\u00e8mes alimentaires durables \u00e0 l'aide de semences locales, d'engrais bio produits sur place et de petites serres. La combinaison de connaissances traditionnelles et d'approches agro-\u00e9cologiques modernes garantit le droit \u00e0 l'alimentation des participants au projet* et leur cr\u00e9e de nouvelles possibilit\u00e9s de revenus.<\/p>\n\n\n\n<p>Dans le cadre de la promotion de l'\u00e9galit\u00e9 des chances, nous soutenons en particulier les femmes et les associations de femmes. Nous encourageons les formations inter-projets qui abordent de mani\u00e8re cibl\u00e9e les liens entre le changement climatique et l'\u00e9galit\u00e9 des sexes et qui donnent une place \u00e0 la pr\u00e9vention de la violence sexualis\u00e9e.<\/p>\n\n\n\n<h2 class=\"wp-block-heading\" id=\"zielgruppe\">Groupes cibles<\/h2>\n\n\n\n<p>La population cible directe comprend environ 6'000 personnes. Il s'agit principalement de familles de petits paysans des r\u00e9gions de Cusco et de Puno au P\u00e9rou, ainsi que de la r\u00e9gion de La Paz en Bolivie, \u00e9tablies dans les environs du lac Titicaca.<\/p>\n\n\n\n<p>Les projets s'adressent \u00e9galement aux personnes d\u00e9favoris\u00e9es des quartiers p\u00e9riph\u00e9riques urbains d'El Alto (Bolivie) ainsi que de Cusco (P\u00e9rou). Les femmes \u00e9tant toujours socialement et \u00e9conomiquement d\u00e9favoris\u00e9es dans la r\u00e9gion, nos projets encouragent particuli\u00e8rement le travail avec les femmes et les associations de femmes, qui repr\u00e9sentent plus de 60% de la population cible.<\/p>\n\n\n\n<h2 class=\"wp-block-heading\" id=\"aktivitTen\">Activit\u00e9s<\/h2>\n\n\n\n<ul class=\"wp-block-list\">\n<li>Cours de formation aux m\u00e9thodes de culture \u00e9cologique pour favoriser la fertilit\u00e9 des sols et la gestion de l'eau dans le but d'\u00e9conomiser les ressources.<\/li>\n\n\n\n<li>Formation \u00e0 une alimentation saine<\/li>\n\n\n\n<li>Promotion des revenus : par exemple, participation \u00e0 des foires agricoles pour commercialiser des produits et sensibiliser la population et le secteur de la restauration \u00e0 l'agro\u00e9cologie et aux produits biologiques locaux.<\/li>\n\n\n\n<li>Promotion de la participation politique des femmes dans les communaut\u00e9s indig\u00e8nes et de petits paysans et devant les autorit\u00e9s locales<\/li>\n\n\n\n<li>Travail de mise en r\u00e9seau et de lobbying : promotion du dialogue entre l'exploitation traditionnelle indig\u00e8ne et la recherche scientifique dans le domaine de l'agro\u00e9cologie, et cr\u00e9ation d'alliances avec d'autres organisations \u00e0 but non lucratif et gouvernementales dans le domaine de l'agro\u00e9cologie.<\/li>\n\n\n\n<li>Formation inter-projets sur les liens entre le changement climatique et l'\u00e9galit\u00e9 des sexes et sur la pr\u00e9vention de la violence sexuelle<\/li>\n\n\n\n<li>Formation aux m\u00e9thodes de culture agro-\u00e9cologiques (utilisation de semences locales, d'engrais organiques, lutte biologique contre les parasites, cultures mixtes et autres) et \u00e0 la gestion durable de l'eau. Promotion d'une alimentation saine et augmentation des revenus gr\u00e2ce \u00e0 l'acc\u00e8s au march\u00e9 et aux exc\u00e9dents&nbsp;<\/li>\n<\/ul>\n\n\n\n<h2 class=\"wp-block-heading\" id=\"projektfortschritt\">Avancement du projet en 2025<\/h2>\n\n\n\n<p>Nos sept organisations partenaires dans ce projet ont men\u00e9 en 2025 diff\u00e9rentes activit\u00e9s et mesures pour atteindre les objectifs du projet. Elles sont pr\u00e9sent\u00e9es par organisation partenaire.<\/p>\n\n\n\n<h4 class=\"wp-block-heading\"><strong>Fundaci\u00f3n Machaqa Amawta - FMA<\/strong><\/h4>\n\n\n\n<p>La fondation Machaqa Amawta a encourag\u00e9 le renforcement des capacit\u00e9s techniques, productives et organisationnelles dans les communaut\u00e9s. Les jeunes, les femmes et les autorit\u00e9s communales ont \u00e9t\u00e9 impliqu\u00e9s dans le but d'\u00e9tablir un programme commun de production et d'environnement. De nombreuses familles ont appris des m\u00e9thodes pratiques pour une meilleure production agro-\u00e9cologique. Elles ont obtenu des rendements agricoles plus \u00e9lev\u00e9s et de meilleure qualit\u00e9 et ont am\u00e9lior\u00e9 leur alimentation ainsi que les possibilit\u00e9s de revenus de leurs m\u00e9nages.<\/p>\n\n\n\n<p>Les femmes et les jeunes ont \u00e9t\u00e9 impliqu\u00e9s au m\u00eame titre que les hommes et ont \u00e9t\u00e9 renforc\u00e9s dans des r\u00f4les de leadership. Les communaut\u00e9s ont appris l'importance de l'\u00e9galit\u00e9 des sexes pour le bon fonctionnement de la vie communautaire et la justice sociale. L'accompagnement et le soutien de la FMA ont \u00e9galement permis de surmonter les tensions li\u00e9es aux nouveaut\u00e9s.<\/p>\n\n\n\n<h4 class=\"wp-block-heading\"><strong>Prodiasur<\/strong><\/h4>\n\n\n\n<p>La fondation Prodiasur a \u00e9labor\u00e9 un plan d'action dans une commune sur la base de la m\u00e9thodologie \u201eReconna\u00eetre l'abondance et la p\u00e9nurie\u201c. Sur la base de ce plan, une source d'eau a \u00e9t\u00e9 restaur\u00e9e par l'\u00e9limination de 60 eucalyptus qui ass\u00e9chaient la source. Une \u00e9quipe de femmes effectue d\u00e9sormais des mesures r\u00e9guli\u00e8res de la qualit\u00e9 de l'eau des sources.<\/p>\n\n\n\n<p>Prodiasur a r\u00e9ussi \u00e0 sensibiliser et \u00e0 changer les choses gr\u00e2ce \u00e0 une formation continue par le biais d'entretiens et d'ateliers : pour les familles, sur la productivit\u00e9, la g\u00e9n\u00e9ration de revenus et l'\u00e9galit\u00e9 des droits ; dans des groupes s\u00e9par\u00e9s de femmes, d'hommes et de jeunes, pour explorer les r\u00f4les de genre ; pour les jeunes, pour clarifier leurs besoins.<\/p>\n\n\n\n<h4 class=\"wp-block-heading\"><strong>Focapaci<\/strong><\/h4>\n\n\n\n<p>Dans son projet, Focapaci associe formation th\u00e9orique et pratique ainsi que conseils techniques sur la gestion de l'eau, la production agro-\u00e9cologique et le reboisement.<\/p>\n\n\n\n<p>Une approche participative renforce les coalitions de voisinage, les comit\u00e9s et consolide les processus organisationnels en mati\u00e8re de souverainet\u00e9 alimentaire, de gestion de l'eau, de g\u00e9n\u00e9ration de revenus et d'adaptation au changement climatique.<\/p>\n\n\n\n<h4 class=\"wp-block-heading\"><strong>Plataforma Nacional de Suelos - PNS<\/strong><\/h4>\n\n\n\n<p>Le r\u00e9seau PNS a organis\u00e9 avec succ\u00e8s des formations et des \u00e9changes entre petits agriculteurs et agricultrices. Les producteurs* ont ainsi appris l'importance strat\u00e9gique d'une gestion int\u00e9gr\u00e9e de l'eau, d'une gestion durable des sols, d'une alimentation diversifi\u00e9e, de la conservation des vari\u00e9t\u00e9s de semences indig\u00e8nes et d'une gestion \u00e9cologique des d\u00e9chets.<\/p>\n\n\n\n<p>En outre, plusieurs acteurs ont pu participer de mani\u00e8re coordonn\u00e9e \u00e0 l'\u00e9laboration de la Strat\u00e9gie nationale pour l'agro\u00e9cologie, un instrument public qui permet aux administrations de concevoir des politiques, des programmes et des projets agro\u00e9cologiques et de les mettre en \u0153uvre en les finan\u00e7ant par des fonds publics.<\/p>\n\n\n\n<h4 class=\"wp-block-heading\"><strong>Cedepas<\/strong><\/h4>\n\n\n\n<p>Les activit\u00e9s du projet ont renforc\u00e9 les capacit\u00e9s des communaut\u00e9s indig\u00e8nes en mati\u00e8re de gestion de l'eau et d'am\u00e9nagement du territoire. Les communes ont \u00e9labor\u00e9 des crit\u00e8res de protection des sources d'eau, d\u00e9fini des utilisations productives du territoire et impliqu\u00e9 davantage de femmes et de jeunes dans les processus de d\u00e9cision. Les communes ont pu \u00eatre sensibilis\u00e9es \u00e0 une gestion de l'eau responsable et minutieuse. Les comit\u00e9s d'irrigation ont \u00e9t\u00e9 renforc\u00e9s afin qu'ils puissent exercer une plus grande influence sur la politique.<\/p>\n\n\n\n<p>D'autres familles ont \u00e9t\u00e9 form\u00e9es aux m\u00e9thodes agro\u00e9cologiques et aux syst\u00e8mes alimentaires sains - ce qui permet \u00e9galement d'accro\u00eetre la r\u00e9silience g\u00e9n\u00e9rale des communaut\u00e9s. La nouvelle banque de semences, \u00e0 laquelle participent de nombreuses familles, est d\u00e9sormais un symbole de souverainet\u00e9 alimentaire et de r\u00e9silience climatique. Le forum agricole r\u00e9gional a permis de transmettre des innovations et de renforcer la certitude que la production agro\u00e9cologique est la cl\u00e9 d'une agriculture durable. Diverses formations continues sur le th\u00e8me de la promotion des revenus ont augment\u00e9 les options de diversification pour les familles.<\/p>\n\n\n\n<h4 class=\"wp-block-heading\"><strong>CBC Puno<\/strong><\/h4>\n\n\n\n<p>Le Centro Bartolom\u00e9 de las Casas a form\u00e9 des activistes de l'environnement et a appliqu\u00e9 avec succ\u00e8s des mesures pour l'\u00e9galit\u00e9 des droits, par exemple des espaces d'apprentissage pour les filles et les gar\u00e7ons.<\/p>\n\n\n\n<p>Au sein du r\u00e9seau de femmes leaders, les femmes aymaras et quechuas ont consolid\u00e9 leur r\u00f4le de leader. En 2025, elles ont largement contribu\u00e9 \u00e0 l'obtention du statut de sujet de droit pour le lac Titicaca dans un r\u00e8glement \u00e9tatique et elles ont \u00e9galement jou\u00e9 un r\u00f4le important dans la promotion de ce r\u00e8glement. En effet, la prochaine \u00e9tape est l'\u00e9laboration du r\u00e8glement et pour obtenir les informations n\u00e9cessaires \u00e0 l'\u00e9laboration de ce r\u00e8glement, les femmes du r\u00e9seau ont visit\u00e9 14 communaut\u00e9s villageoises et ont atteint environ 680 personnes.<\/p>\n\n\n\n<h4 class=\"wp-block-heading\"><strong>Centre de la femme p\u00e9ruvienne Flora Trist\u00e1n - CMP<\/strong><\/h4>\n\n\n\n<p>Des ateliers de l'\u00e9cole d'agro\u00e9cologie ont \u00e9t\u00e9 organis\u00e9s avec des productrices, avec pour th\u00e8mes principaux l'ind\u00e9pendance \u00e9conomique, la s\u00e9curit\u00e9 alimentaire et la souverainet\u00e9 alimentaire. Les productrices ont ensuite assur\u00e9 une formation continue en tant que multiplicatrices dans leurs communaut\u00e9s. 30 productrices de Huasao, Patabamba et Mu\u00f1apata ont \u00e9t\u00e9 renforc\u00e9es par de bonnes techniques de culture. 30 serres ainsi que des modules d'irrigation goutte \u00e0 goutte ont \u00e9t\u00e9 entretenus. Les processus de formation ont associ\u00e9 la th\u00e9orie (ateliers, journ\u00e9es de r\u00e9vision) \u00e0 la pratique (conseils sur place) et ont conduit \u00e0 un apprentissage plus durable de la gestion des champs et des serres, des revenus et de l'alimentation - et ont favoris\u00e9 une r\u00e9partition plus \u00e9quitable des r\u00f4les au sein des familles.<\/p>\n\n\n\n<p>L'association des femmes et Flora Trist\u00e1n ont \u00e9t\u00e9 int\u00e9gr\u00e9es \u00e0 la coordination locale pour le d\u00e9veloppement. Des campagnes de sensibilisation au droit \u00e0 une production et \u00e0 une alimentation saines ont \u00e9t\u00e9 organis\u00e9es sur les march\u00e9s et les foires de Cusco, et 920 personnes en ont b\u00e9n\u00e9fici\u00e9. Sur le plan organisationnel, l'association des femmes a \u00e9t\u00e9 renforc\u00e9e et ancr\u00e9e au niveau de la commune, de la ville et de la r\u00e9gion.<\/p>\n\n\n\n<p><strong>Captage d'eau pour la protection civile : depuis 2025, en tant que projet avec num\u00e9ro propre<\/strong><\/p>\n\n\n\n<p>Les foss\u00e9s d'infiltration, les bassins de r\u00e9tention d'eau et une strat\u00e9gie \u00e0 long terme de reboisement sont des mesures qui permettent de r\u00e9duire les risques li\u00e9s aux p\u00e9riodes de s\u00e9cheresse.  Le reboisement, en particulier, contribue \u00e0 l'humidification des sols et \u00e0 la revitalisation d'\u00e9cosyst\u00e8mes importants. Depuis le 1er janvier 2025, ces activit\u00e9s sont rendues possibles gr\u00e2ce \u00e0 un fonds sp\u00e9cial portant le num\u00e9ro de projet 400.1022. Les dons et les contributions de soutien sont utilis\u00e9s en permanence et de mani\u00e8re cibl\u00e9e dans le domaine de la collecte d'eau pour l'adaptation au changement climatique dans les Andes.<\/p>\n\n\n\n<p><strong>Voir ici notre <a href=\"https:\/\/vimeo.com\/showcase\/11052058\">Documentaire en 5 parties<\/a> sur nos projets de souverainet\u00e9 alimentaire dans les Andes.<\/strong><\/p>\n\n\n\n<figure class=\"wp-block-image size-full is-resized\"><img decoding=\"async\" width=\"900\" height=\"900\" src=\"https:\/\/www.mission-21.org\/wp-content\/uploads\/2022\/09\/m-21-9.png\" alt=\"m 21\" class=\"wp-image-16263\" style=\"object-fit:cover;width:50px;height:50px\" srcset=\"https:\/\/www.mission-21.org\/wp-content\/uploads\/2022\/09\/m-21-9.png 900w, https:\/\/www.mission-21.org\/wp-content\/uploads\/2022\/09\/m-21-9-300x300.png 300w, https:\/\/www.mission-21.org\/wp-content\/uploads\/2022\/09\/m-21-9-768x768.png 768w, https:\/\/www.mission-21.org\/wp-content\/uploads\/2022\/09\/m-21-9-12x12.png 12w, https:\/\/www.mission-21.org\/wp-content\/uploads\/2022\/09\/m-21-9-800x800.png 800w, https:\/\/www.mission-21.org\/wp-content\/uploads\/2022\/09\/m-21-9-600x600.png 600w, https:\/\/www.mission-21.org\/wp-content\/uploads\/2022\/09\/m-21-9-100x100.png 100w\" sizes=\"(max-width: 900px) 100vw, 900px\" \/><\/figure>\n\n\n\n<figure class=\"wp-block-embed is-type-video is-provider-vimeo wp-block-embed-vimeo wp-embed-aspect-16-9 wp-has-aspect-ratio\"><div class=\"wp-block-embed__wrapper\">\n<iframe hcb-fetch-image-from=\"https:\/\/vimeo.com\/showcase\/11052058\" title=\"S\u00e9rie de documentaires Campagne 2024 - Souverainet\u00e9 alimentaire en Am\u00e9rique latine\" src=\"https:\/\/vimeo.com\/showcase\/11052058\/embed2\" width=\"500\" height=\"281\" allowfullscreen frameborder=\"0\"><\/iframe>\n<\/div><\/figure>\n\n\n\n<p><strong>\u00c9coutez ici le <a href=\"https:\/\/open.spotify.com\/show\/10Z2ddLjyarXJZHyL0xI7D\">Podcast \"Voix de l'espoir<\/a>:<\/strong><\/p>\n\n\n\n<p><strong><a href=\"https:\/\/open.spotify.com\/episode\/6Z33vDhrmNQ7E0qdLy1HIH\" target=\"_blank\" rel=\"noreferrer noopener\">\u00c9pisode 4 \"Les jardiniers urbains* d'El Alto <\/a><\/strong><\/p>\n\n\n\n<figure class=\"wp-block-image size-full is-resized\"><img decoding=\"async\" width=\"820\" height=\"820\" src=\"https:\/\/www.mission-21.org\/wp-content\/uploads\/2022\/09\/podcast_stadtgaertnerinnen.png\" alt=\"podcast jardiniers urbains\" class=\"wp-image-16247\" style=\"object-fit:cover;width:50px;height:50px\" srcset=\"https:\/\/www.mission-21.org\/wp-content\/uploads\/2022\/09\/podcast_stadtgaertnerinnen.png 820w, https:\/\/www.mission-21.org\/wp-content\/uploads\/2022\/09\/podcast_stadtgaertnerinnen-300x300.png 300w, https:\/\/www.mission-21.org\/wp-content\/uploads\/2022\/09\/podcast_stadtgaertnerinnen-768x768.png 768w, https:\/\/www.mission-21.org\/wp-content\/uploads\/2022\/09\/podcast_stadtgaertnerinnen-12x12.png 12w, https:\/\/www.mission-21.org\/wp-content\/uploads\/2022\/09\/podcast_stadtgaertnerinnen-800x800.png 800w, https:\/\/www.mission-21.org\/wp-content\/uploads\/2022\/09\/podcast_stadtgaertnerinnen-600x600.png 600w, https:\/\/www.mission-21.org\/wp-content\/uploads\/2022\/09\/podcast_stadtgaertnerinnen-100x100.png 100w\" sizes=\"(max-width: 820px) 100vw, 820px\" \/><\/figure>\n\n\n\n<p><strong><a href=\"https:\/\/open.spotify.com\/episode\/1bsVwhtzXnjaN5RGVAz8YL\" target=\"_blank\" rel=\"noreferrer noopener\">\u00c9pisode 5 \"Les petites paysannes face au changement climatique<\/a><\/strong><\/p>\n\n\n\n<figure class=\"wp-block-image size-full is-resized\"><img decoding=\"async\" width=\"820\" height=\"820\" src=\"https:\/\/www.mission-21.org\/wp-content\/uploads\/2022\/09\/podcast_kleinbaeuerinnen.png\" alt=\"podcast petites paysannes\" class=\"wp-image-16250\" style=\"object-fit:cover;width:50px;height:50px\" srcset=\"https:\/\/www.mission-21.org\/wp-content\/uploads\/2022\/09\/podcast_kleinbaeuerinnen.png 820w, https:\/\/www.mission-21.org\/wp-content\/uploads\/2022\/09\/podcast_kleinbaeuerinnen-300x300.png 300w, https:\/\/www.mission-21.org\/wp-content\/uploads\/2022\/09\/podcast_kleinbaeuerinnen-768x768.png 768w, https:\/\/www.mission-21.org\/wp-content\/uploads\/2022\/09\/podcast_kleinbaeuerinnen-12x12.png 12w, https:\/\/www.mission-21.org\/wp-content\/uploads\/2022\/09\/podcast_kleinbaeuerinnen-800x800.png 800w, https:\/\/www.mission-21.org\/wp-content\/uploads\/2022\/09\/podcast_kleinbaeuerinnen-600x600.png 600w, https:\/\/www.mission-21.org\/wp-content\/uploads\/2022\/09\/podcast_kleinbaeuerinnen-100x100.png 100w\" sizes=\"(max-width: 820px) 100vw, 820px\" \/><\/figure>","protected":false},"featured_media":15857,"template":"","meta":{"_acf_changed":false,"_seopress_robots_primary_cat":"","_seopress_titles_title":"","_seopress_titles_desc":"","_seopress_robots_index":"","_searchwp_excluded":"","site-sidebar-layout":"default","site-content-layout":"","ast-site-content-layout":"default","site-content-style":"default","site-sidebar-style":"default","ast-global-header-display":"","ast-banner-title-visibility":"","ast-main-header-display":"","ast-hfb-above-header-display":"","ast-hfb-below-header-display":"","ast-hfb-mobile-header-display":"","site-post-title":"","ast-breadcrumbs-content":"","ast-featured-img":"","footer-sml-layout":"","ast-disable-related-posts":"","theme-transparent-header-meta":"","adv-header-id-meta":"","stick-header-meta":"","header-above-stick-meta":"","header-main-stick-meta":"","header-below-stick-meta":"","astra-migrate-meta-layouts":"set","ast-page-background-enabled":"default","ast-page-background-meta":{"desktop":{"background-color":"var(--ast-global-color-4)","background-image":"","background-repeat":"repeat","background-position":"center center","background-size":"auto","background-attachment":"scroll","background-type":"","background-media":"","overlay-type":"","overlay-color":"","overlay-opacity":"","overlay-gradient":""},"tablet":{"background-color":"","background-image":"","background-repeat":"repeat","background-position":"center center","background-size":"auto","background-attachment":"scroll","background-type":"","background-media":"","overlay-type":"","overlay-color":"","overlay-opacity":"","overlay-gradient":""},"mobile":{"background-color":"","background-image":"","background-repeat":"repeat","background-position":"center center","background-size":"auto","background-attachment":"scroll","background-type":"","background-media":"","overlay-type":"","overlay-color":"","overlay-opacity":"","overlay-gradient":""}},"ast-content-background-meta":{"desktop":{"background-color":"var(--ast-global-color-5)","background-image":"","background-repeat":"repeat","background-position":"center center","background-size":"auto","background-attachment":"scroll","background-type":"","background-media":"","overlay-type":"","overlay-color":"","overlay-opacity":"","overlay-gradient":""},"tablet":{"background-color":"var(--ast-global-color-5)","background-image":"","background-repeat":"repeat","background-position":"center center","background-size":"auto","background-attachment":"scroll","background-type":"","background-media":"","overlay-type":"","overlay-color":"","overlay-opacity":"","overlay-gradient":""},"mobile":{"background-color":"var(--ast-global-color-5)","background-image":"","background-repeat":"repeat","background-position":"center center","background-size":"auto","background-attachment":"scroll","background-type":"","background-media":"","overlay-type":"","overlay-color":"","overlay-opacity":"","overlay-gradient":""}},"footnotes":""},"land":[48,65,28],"wirkungsbereich":[18,407],"class_list":{"0":"post-990","1":"projekte","2":"type-projekte","3":"status-publish","4":"has-post-thumbnail","6":"land-bolivien","7":"land-lateinamerika","8":"land-peru","9":"wirkungsbereich-ernaehrungssouveraenitaet","10":"wirkungsbereich-gendergerechtigkeit"},"acf":[],"_links":{"self":[{"href":"https:\/\/www.mission-21.org\/fr\/wp-json\/wp\/v2\/projekte\/990","targetHints":{"allow":["GET"]}}],"collection":[{"href":"https:\/\/www.mission-21.org\/fr\/wp-json\/wp\/v2\/projekte"}],"about":[{"href":"https:\/\/www.mission-21.org\/fr\/wp-json\/wp\/v2\/types\/projekte"}],"version-history":[{"count":9,"href":"https:\/\/www.mission-21.org\/fr\/wp-json\/wp\/v2\/projekte\/990\/revisions"}],"predecessor-version":[{"id":19944,"href":"https:\/\/www.mission-21.org\/fr\/wp-json\/wp\/v2\/projekte\/990\/revisions\/19944"}],"wp:featuredmedia":[{"embeddable":true,"href":"https:\/\/www.mission-21.org\/fr\/wp-json\/wp\/v2\/media\/15857"}],"wp:attachment":[{"href":"https:\/\/www.mission-21.org\/fr\/wp-json\/wp\/v2\/media?parent=990"}],"wp:term":[{"taxonomy":"land","embeddable":true,"href":"https:\/\/www.mission-21.org\/fr\/wp-json\/wp\/v2\/land?post=990"},{"taxonomy":"wirkungsbereich","embeddable":true,"href":"https:\/\/www.mission-21.org\/fr\/wp-json\/wp\/v2\/wirkungsbereich?post=990"}],"curies":[{"name":"wp","href":"https:\/\/api.w.org\/{rel}","templated":true}]}}