{"id":17239,"date":"2025-04-24T13:32:31","date_gmt":"2025-04-24T11:32:31","guid":{"rendered":"https:\/\/www.mission-21.org\/?post_type=veranstaltung&#038;p=17239"},"modified":"2025-09-25T09:56:37","modified_gmt":"2025-09-25T07:56:37","slug":"forum-international-sur-la-promotion-de-la-paix-interreligieuse-et-transculturelle-2","status":"publish","type":"veranstaltung","link":"https:\/\/www.mission-21.org\/fr\/veranstaltung\/internationales-forum-zu-interreligioeser-und-transkultureller-friedensfoerderung-2\/","title":{"rendered":"Forum international 2025 - Paix sur la terre, paix avec la terre"},"content":{"rendered":"<p><strong>Spiritualit\u00e9s et cultures sur la justice environnementale et la promotion de la paix<\/strong><\/p>\n\n\n\n<p>La paix est une plante fragile. Les personnes et les communaut\u00e9s du monde entier sont conscientes de la n\u00e9cessit\u00e9 de la prot\u00e9ger et de la cultiver. C'est le cas de la paix \u00e0 laquelle on aspire au sein des soci\u00e9t\u00e9s et entre les nations - mais qui est trop souvent bafou\u00e9e. <\/p>\n\n\n\n<p>Mais cela s'applique \u00e9galement \u00e0 la Terre et aux \u00e9l\u00e9ments naturels qui sont consomm\u00e9s, endommag\u00e9s et exploit\u00e9s sans tenir compte de leur int\u00e9grit\u00e9 et des cons\u00e9quences de cette exploitation sur les g\u00e9n\u00e9rations actuelles et futures. Lentement, l'humanit\u00e9 en vient \u00e0 comprendre que la paix sur terre est \u00e9troitement li\u00e9e \u00e0 la paix avec la terre.<\/p>\n\n\n\n<p><strong>Encourager de nouvelles voies vers une paix globale<\/strong><\/p>\n\n\n\n<p>Les mythes, les traditions religieuses, les visions du monde, les spiritualit\u00e9s, les connaissances et les modes de vie respectueux de l'environnement qui se transmettent de g\u00e9n\u00e9ration en g\u00e9n\u00e9ration contiennent de puissants contre-r\u00e9cits \u00e0 une vision anthropocentrique de la nature : la Terre, ses \u00e9l\u00e9ments naturels, les \u00eatres humains et tous les \u00eatres vivants forment un \u00e9cosyst\u00e8me interd\u00e9pendant. Construire la paix avec justice repr\u00e9sente donc une responsabilit\u00e9 holistique, \u00e9cologique au sens propre du terme.<\/p>\n\n\n\n<p>L'\u00e9dition 2025 du Forum international pour la promotion de la paix interreligieuse et transculturelle invite les participants \u00e0 s'engager dans un voyage fascinant. Un voyage pour d\u00e9couvrir la paix et la justice environnementale \u00e0 travers le prisme de diff\u00e9rentes religions et cultures. Des voix indig\u00e8nes, qui ne sont souvent pas entendues, enrichiront la discussion par leur pens\u00e9e et leurs approches de l'action. Le forum offrira de nombreuses suggestions \u00e0 tous ceux qui sont int\u00e9ress\u00e9s \u00e0 emprunter de nouveaux chemins de paix - avec tous les \u00eatres vivants et la Terre.<\/p>\n\n\n\n<p>Soutenez-nous dans cet effort et rejoignez notre communaut\u00e9 d'apprentissage internationale lors de cet \u00e9v\u00e9nement en ligne unique qui se tiendra les 23 et 24 octobre 2025.<\/p>\n\n\n\n<p class=\"has-ast-global-color-7-color has-text-color has-link-color has-medium-font-size wp-elements-9b1992ccc6276e35fcae771ee03df6cd\">Vous trouverez ci-dessous l'actuel <strong>Programme<\/strong>. Un programme d\u00e9taill\u00e9 et d'autres d\u00e9tails suivront.<\/p>\n\n\n\n<figure class=\"wp-block-image size-large is-resized\"><img decoding=\"async\" width=\"960\" height=\"1200\" src=\"https:\/\/www.mission-21.org\/wp-content\/uploads\/2025\/04\/simple-program-internationales-forum-960x1200.png\" alt=\"Le programme est divis\u00e9 en quatre sessions : deux le jeudi apr\u00e8s-midi et soir et deux le vendredi. \" class=\"wp-image-17936\" style=\"width:714px;height:auto\" srcset=\"https:\/\/www.mission-21.org\/wp-content\/uploads\/2025\/04\/simple-program-internationales-forum-960x1200.png 960w, https:\/\/www.mission-21.org\/wp-content\/uploads\/2025\/04\/simple-program-internationales-forum-720x900.png 720w, https:\/\/www.mission-21.org\/wp-content\/uploads\/2025\/04\/simple-program-internationales-forum-768x960.png 768w, https:\/\/www.mission-21.org\/wp-content\/uploads\/2025\/04\/simple-program-internationales-forum-10x12.png 10w, https:\/\/www.mission-21.org\/wp-content\/uploads\/2025\/04\/simple-program-internationales-forum-300x375.png 300w, https:\/\/www.mission-21.org\/wp-content\/uploads\/2025\/04\/simple-program-internationales-forum-600x750.png 600w, https:\/\/www.mission-21.org\/wp-content\/uploads\/2025\/04\/simple-program-internationales-forum.png 1080w\" sizes=\"(max-width: 960px) 100vw, 960px\" \/><\/figure>\n\n\n\n<div style=\"height:40px\" aria-hidden=\"true\" class=\"wp-block-spacer\"><\/div>\n\n\n\n<details class=\"wp-block-details has-medium-font-size is-layout-flow wp-block-details-is-layout-flow\"><summary>Communaut\u00e9 WhatsApp<\/summary>\n<p>En participant au Forum international sur la construction interconfessionnelle et transculturelle de la paix et\/ou en rejoignant la communaut\u00e9 WhatsApp correspondante, vous confirmez avoir lu et respect\u00e9 nos lignes directrices en mati\u00e8re de s\u00e9curit\u00e9 et de code de conduite ainsi que les termes et conditions, tous deux pr\u00e9sent\u00e9s ci-dessous. Vous confirmez \u00e9galement que vous avez atteint l'\u00e2ge de 18 ans et que vous avez donc l'\u00e2ge l\u00e9gal pour participer \u00e0 nos activit\u00e9s.<a href=\"https:\/\/www.mission-21.org\/en\/data-protection\/#:~:text=In%20principle%2C%20we%20only%20collect,personal%20data%20is%20being%20processed.\"> Politique de confidentialit\u00e9.&nbsp;&nbsp;<\/a><\/p>\n\n\n\n<p>Si vous rejoignez la communaut\u00e9 WhatsApp, vous confirmez \u00e9galement que vous avez lu et respect\u00e9 les conditions d'utilisation de WhatsApp : <a href=\"https:\/\/www.whatsapp.com\/legal?lang=en\" target=\"_blank\" rel=\"noreferrer noopener\">https:\/\/www.whatsapp.com\/legal?lang=en<\/a>&nbsp;<\/p>\n\n\n\n<p>Veuillez noter que si vous interagissez dans la communaut\u00e9, les autres participants peuvent voir des parties de votre num\u00e9ro de t\u00e9l\u00e9phone (et donc conna\u00eetre le pays d'o\u00f9 vous venez) ainsi que votre nom WhatsApp.&nbsp;&nbsp;<\/p>\n\n\n\n<p>Pour rejoindre la communaut\u00e9 WhatsApp et recevoir toutes les derni\u00e8res mises \u00e0 jour sur le forum international, veuillez suivre ce lien : <a href=\"https:\/\/chat.whatsapp.com\/CH3rX0B7rtqL93XqZXwL9y?mode=ems_copy_c\">https:\/\/chat.whatsapp.com\/HqVKvT84YhBIZ2UX2rw5SV<\/a><\/p>\n<\/details>\n\n\n\n<div style=\"height:25px\" aria-hidden=\"true\" class=\"wp-block-spacer\"><\/div>\n\n\n\n<details class=\"wp-block-details is-layout-flow wp-block-details-is-layout-flow\"><summary>S\u00e9curit\u00e9 et code de conduite<\/summary>\n<p>Le Forum international sur la construction de la paix interconfessionnelle et transculturelle est un \u00e9v\u00e9nement en ligne auquel participent des personnes du monde entier. Cela signifie que nous venons d'horizons diff\u00e9rents et de compr\u00e9hensions culturelles diverses. Nous vous demandons de prendre conscience de cette diversit\u00e9, d'accepter les diff\u00e9rents points de vue et de vous engager de mani\u00e8re respectueuse. Les propos haineux et toute forme de discrimination ne sont pas des opinions \/ points de vue et doivent \u00eatre imm\u00e9diatement signal\u00e9s aux organisateurs de l'\u00e9v\u00e9nement.&nbsp;<\/p>\n\n\n\n<p>L'objectif du Forum international sur la construction interconfessionnelle et transculturelle de la paix est d'apprendre, de discuter et d'\u00e9changer sur les sujets \u00e0 l'ordre du jour au sein d'un groupe large et diversifi\u00e9 de participants. L'\u00e9v\u00e9nement est ouvert \u00e0 un public international. Par cons\u00e9quent, Mission 21 ne conna\u00eet pas n\u00e9cessairement chaque participant individuel. C'est pourquoi nous vous demandons de partager vos coordonn\u00e9es avec prudence. Si vous ne vous sentez pas \u00e0 l'aise ou s'il y a un incident avec un autre participant, veuillez nous le signaler. Vous pouvez \u00e9teindre le son et la vid\u00e9o \u00e0 tout moment.&nbsp;<\/p>\n<\/details>\n\n\n\n<div style=\"height:25px\" aria-hidden=\"true\" class=\"wp-block-spacer\"><\/div>\n\n\n\n<details class=\"wp-block-details is-layout-flow wp-block-details-is-layout-flow\"><summary>Termes et conditions<\/summary>\n<p>Le Forum international sur la construction interconfessionnelle et transculturelle de la paix a pour objectif l'\u00e9change et la mise en r\u00e9seau. En y participant, vous confirmez que vous vous comporterez de mani\u00e8re respectueuse et tol\u00e9rante envers les autres participants, les administrateurs et les intervenants. Les attaques verbales, la discrimination, le sexisme ou le racisme ne seront pas tol\u00e9r\u00e9s et peuvent entra\u00eener l'exclusion de l'\u00e9v\u00e9nement et des cons\u00e9quences juridiques. Il en va de m\u00eame pour la publication de publicit\u00e9s ou de contenus offensifs (pornographie, violence, etc.).&nbsp;<\/p>\n\n\n\n<p>A des fins de publication, des parties du Forum peuvent \u00eatre captur\u00e9es en images et en vid\u00e9o. Les personnes qui souhaitent que leurs images ne soient pas publi\u00e9es sont pri\u00e9es d'en informer les organisateurs \u00e0 l'avance. En vous inscrivant, vous acceptez les conditions de Mission 21. <a href=\"https:\/\/www.mission-21.org\/en\/data-protection\/\" target=\"_blank\" rel=\"noreferrer noopener\">Politique de confidentialit\u00e9<\/a>.&nbsp;<\/p>\n\n\n\n<p>Comme tout le monde ne peut pas voir la liste des personnes qui souhaitent que leurs images soient exclues, nous vous demandons de veiller \u00e0 obtenir un consentement pr\u00e9alable lorsque vous prenez vous-m\u00eame une photo ou une capture d'\u00e9cran. Ceci s'applique \u00e9galement \u00e0 toute autre forme d'enregistrement \u00e0 quelque fin que ce soit.&nbsp;<\/p>\n<\/details>\n\n\n\n<p><\/p>","protected":false},"excerpt":{"rendered":"<p>L'\u00e9dition 2025 du Forum international pour la promotion de la paix interreligieuse et transculturelle invite les participants \u00e0 s'engager en ligne (sur \"Zoom\") dans un voyage fascinant sur le th\u00e8me \"Paix sur terre, paix avec la terre\". Un voyage pour d\u00e9couvrir la paix et la justice environnementale \u00e0 travers le prisme de diff\u00e9rentes religions et cultures. Un voyage qui offre des suggestions pour emprunter de nouveaux chemins de paix.<\/p>","protected":false},"featured_media":17901,"template":"","meta":{"_acf_changed":true,"_seopress_robots_primary_cat":"","_seopress_titles_title":"","_seopress_titles_desc":"","_seopress_robots_index":"","_searchwp_excluded":"","site-sidebar-layout":"default","site-content-layout":"","ast-site-content-layout":"default","site-content-style":"default","site-sidebar-style":"default","ast-global-header-display":"","ast-banner-title-visibility":"","ast-main-header-display":"","ast-hfb-above-header-display":"","ast-hfb-below-header-display":"","ast-hfb-mobile-header-display":"","site-post-title":"","ast-breadcrumbs-content":"","ast-featured-img":"","footer-sml-layout":"","ast-disable-related-posts":"","theme-transparent-header-meta":"","adv-header-id-meta":"","stick-header-meta":"","header-above-stick-meta":"","header-main-stick-meta":"","header-below-stick-meta":"","astra-migrate-meta-layouts":"set","ast-page-background-enabled":"default","ast-page-background-meta":{"desktop":{"background-color":"var(--ast-global-color-4)","background-image":"","background-repeat":"repeat","background-position":"center center","background-size":"auto","background-attachment":"scroll","background-type":"","background-media":"","overlay-type":"","overlay-color":"","overlay-opacity":"","overlay-gradient":""},"tablet":{"background-color":"","background-image":"","background-repeat":"repeat","background-position":"center center","background-size":"auto","background-attachment":"scroll","background-type":"","background-media":"","overlay-type":"","overlay-color":"","overlay-opacity":"","overlay-gradient":""},"mobile":{"background-color":"","background-image":"","background-repeat":"repeat","background-position":"center center","background-size":"auto","background-attachment":"scroll","background-type":"","background-media":"","overlay-type":"","overlay-color":"","overlay-opacity":"","overlay-gradient":""}},"ast-content-background-meta":{"desktop":{"background-color":"var(--ast-global-color-5)","background-image":"","background-repeat":"repeat","background-position":"center center","background-size":"auto","background-attachment":"scroll","background-type":"","background-media":"","overlay-type":"","overlay-color":"","overlay-opacity":"","overlay-gradient":""},"tablet":{"background-color":"var(--ast-global-color-5)","background-image":"","background-repeat":"repeat","background-position":"center center","background-size":"auto","background-attachment":"scroll","background-type":"","background-media":"","overlay-type":"","overlay-color":"","overlay-opacity":"","overlay-gradient":""},"mobile":{"background-color":"var(--ast-global-color-5)","background-image":"","background-repeat":"repeat","background-position":"center center","background-size":"auto","background-attachment":"scroll","background-type":"","background-media":"","overlay-type":"","overlay-color":"","overlay-opacity":"","overlay-gradient":""}}},"land":[50],"veranstaltungskategorie":[458],"class_list":{"0":"post-17239","1":"veranstaltung","2":"type-veranstaltung","3":"status-publish","4":"has-post-thumbnail","6":"land-weltweit","7":"veranstaltungskategorie-int-forum-interreligioese-und-transkulturelle-friedensfoerderung"},"acf":{"bildbeschriftung":"","datum":"20251023","end_datum":"20251024","start_uhrzeit":"","ende_uhrzeit":"","ort":"Online","weiterleitung":""},"_links":{"self":[{"href":"https:\/\/www.mission-21.org\/fr\/wp-json\/wp\/v2\/veranstaltung\/17239","targetHints":{"allow":["GET"]}}],"collection":[{"href":"https:\/\/www.mission-21.org\/fr\/wp-json\/wp\/v2\/veranstaltung"}],"about":[{"href":"https:\/\/www.mission-21.org\/fr\/wp-json\/wp\/v2\/types\/veranstaltung"}],"wp:featuredmedia":[{"embeddable":true,"href":"https:\/\/www.mission-21.org\/fr\/wp-json\/wp\/v2\/media\/17901"}],"wp:attachment":[{"href":"https:\/\/www.mission-21.org\/fr\/wp-json\/wp\/v2\/media?parent=17239"}],"wp:term":[{"taxonomy":"land","embeddable":true,"href":"https:\/\/www.mission-21.org\/fr\/wp-json\/wp\/v2\/land?post=17239"},{"taxonomy":"veranstaltungskategorie","embeddable":true,"href":"https:\/\/www.mission-21.org\/fr\/wp-json\/wp\/v2\/veranstaltungskategorie?post=17239"}],"curies":[{"name":"wp","href":"https:\/\/api.w.org\/{rel}","templated":true}]}}